{"id":956,"date":"2015-07-13T21:00:38","date_gmt":"2015-07-14T00:00:38","guid":{"rendered":"http:\/\/acervapaulista.com.br\/?post_type=tribe_events&#038;p=956"},"modified":"2015-07-13T21:22:58","modified_gmt":"2015-07-14T00:22:58","slug":"jornada-cervejeira-aracatuba-palestras","status":"publish","type":"tribe_events","link":"https:\/\/acervapaulista.com.br\/wordpress\/evento\/jornada-cervejeira-aracatuba-palestras\/","title":{"rendered":"Jornada Cervejeira &#8211; Ara\u00e7atuba: Palestras"},"content":{"rendered":"<p>De 14 a 16 de agosto, em Ara\u00e7atuba, ocorrer\u00e1 a Jornada Cervejeira ACerva Paulista.<\/p>\n<p>Um evento que reunir\u00e1, palestras, sabatinada, curso e encontro durante 3 dias de muito conhecimento e cerveja.<\/p>\n<p>O evento \u00e9 aberto para s\u00f3cios e n\u00e3o-s\u00f3cios da ACervA Paulista.<\/p>\n<p>Para participar, inscreva-se para o evento de seu interesse, que voc\u00ea receber\u00e1 o boleto de pagamento referente e a confirma\u00e7\u00e3o de participa\u00e7\u00e3o ap\u00f3s o pagamento do mesmo.<\/p>\n<p>N\u00e3o perca!<\/p>\n<p>Confira a programa\u00e7\u00e3o:<\/p>\n<p><strong>10h \u00e0s 12h \u2013 Maltes e Mostura\u00e7\u00e3o com Matheus Aredes<br \/>\n<\/strong>Aprenda sobre os tipos de maltes, sua utiliza\u00e7\u00e3o e os tipos existentes de mostura\u00e7\u00e3o, suas fun\u00e7\u00f5es e o que acontece em cada tipo de rampa.<strong><br \/>\n<\/strong><\/p>\n<p><strong>12h \u00e0s 13h30 \u2013 Pausa para almo\u00e7o (n\u00e3o incluso)<\/strong><\/p>\n<p><strong>13h30 \u00e0s 15h30 \u2013 \u00c1gua como Insumo Cervejeiro com Igor Puorro<br \/>\n<\/strong>Aprenda sobre ajuste para reprodu\u00e7\u00e3o de estilos, ganho de qualidade e consist\u00eancia na produ\u00e7\u00e3o e as melhores pr\u00e1ticas no processo de produ\u00e7\u00e3o do mosto.<strong><br \/>\n<\/strong><\/p>\n<p><strong>15h45 \u00e0s 17h45 \u2013 Hidromel\u00a0com\u00a0Luis Moraes<br \/>\n<\/strong>Luis Moraes, da Pompeia Hidromeis \/ Morada Et\u00edlica, ministrar\u00e1 sobre Hidromel:\u00a0da hist\u00f3ria \u00e0 produ\u00e7\u00e3o.<strong><br \/>\n<\/strong><\/p>\n<p><strong>18h \u00e0s 20h \u2013 Bioqu\u00edmica da Brassagem\u00a0com Fernanda Ueno<br \/>\n<\/strong>Fernanda Ueno, da Cervejaria Colorado\/Japas Cervejaria, falar\u00e1 sobre rea\u00e7\u00f5es bioqu\u00edmicas da mostura \u00e0 fervura e par\u00e2metros importantes que afetam a qualidade do mosto.<br \/>\nEntre os t\u00f3picos tratados na palestra est\u00e3o: principais enzimas e substratos da mostura, temperaturas, composi\u00e7\u00e3o do mosto, impacto na fermenta\u00e7\u00e3o e no produto final, mitos da brassagem e rea\u00e7\u00f5es que ocorrem durante a fervura.<\/p>\n<p><strong>Investimento:<\/strong>\u00a0O custo para todas as palestras ser\u00e1 de R$ 60 s\u00f3cios ACervA Paulista \/ R$ 90 n\u00e3o-s\u00f3cios<\/p>\n","protected":false},"excerpt":{"rendered":"<p>De 14 a 16 de agosto, em Ara\u00e7atuba, ocorrer\u00e1 a Jornada Cervejeira ACerva Paulista. Um evento que reunir\u00e1, palestras, sabatinada, curso e encontro durante 3 dias de muito conhecimento e cerveja. O evento \u00e9 aberto para s\u00f3cios e n\u00e3o-s\u00f3cios da ACervA Paulista. Para participar, inscreva-se para o evento de seu interesse, que voc\u00ea receber\u00e1 o boleto de pagamento referente e a confirma\u00e7\u00e3o de participa\u00e7\u00e3o ap\u00f3s o pagamento do mesmo. N\u00e3o perca! Confira a programa\u00e7\u00e3o: 10h \u00e0s 12h \u2013 Maltes e Mostura\u00e7\u00e3o com Matheus Aredes Aprenda sobre os tipos de maltes, sua utiliza\u00e7\u00e3o e os tipos existentes de mostura\u00e7\u00e3o, suas fun\u00e7\u00f5es e o que acontece em cada tipo de rampa. 12h \u00e0s 13h30 \u2013 Pausa para almo\u00e7o (n\u00e3o incluso) 13h30 \u00e0s 15h30 \u2013 \u00c1gua como Insumo Cervejeiro com Igor Puorro Aprenda sobre ajuste para reprodu\u00e7\u00e3o de estilos, ganho de qualidade e consist\u00eancia na produ\u00e7\u00e3o e as melhores pr\u00e1ticas no processo de produ\u00e7\u00e3o do mosto. 15h45 \u00e0s 17h45 \u2013 Hidromel\u00a0com\u00a0Luis Moraes Luis Moraes, da Pompeia Hidromeis \/ Morada Et\u00edlica, ministrar\u00e1 sobre Hidromel:\u00a0da hist\u00f3ria \u00e0 produ\u00e7\u00e3o. 18h \u00e0s 20h \u2013 Bioqu\u00edmica da Brassagem\u00a0com Fernanda Ueno Fernanda Ueno, da Cervejaria Colorado\/Japas Cervejaria, falar\u00e1 sobre rea\u00e7\u00f5es bioqu\u00edmicas da mostura \u00e0 fervura e par\u00e2metros importantes que &#8230; <a href=\"https:\/\/acervapaulista.com.br\/wordpress\/evento\/jornada-cervejeira-aracatuba-palestras\/\" class=\"more-link\">Read More<\/a><\/p>\n","protected":false},"author":1,"featured_media":943,"template":"","meta":{"pmpro_default_level":"","_price":"","_stock":"","_tribe_ticket_header":"955","_tribe_default_ticket_provider":"","_tribe_ticket_capacity":"0","_ticket_start_date":"","_ticket_end_date":"","_tribe_ticket_show_description":"","_tribe_ticket_show_not_going":false,"_tribe_ticket_use_global_stock":"","_tribe_ticket_global_stock_level":"","_global_stock_mode":"","_global_stock_cap":"","_tribe_rsvp_for_event":"","_tribe_ticket_going_count":"","_tribe_ticket_not_going_count":"","_tribe_tickets_list":"[]","_tribe_ticket_has_attendee_info_fields":false,"_tribe_events_status":"","_tribe_events_status_reason":"","footnotes":"","_tec_slr_enabled":"","_tec_slr_layout":""},"tags":[76,34,36],"tribe_events_cat":[75,33,38],"class_list":["post-956","tribe_events","type-tribe_events","status-publish","has-post-thumbnail","hentry","tag-aracatuba","tag-jornada-cervejeira","tag-palestras","tribe_events_cat-oeste","tribe_events_cat-palestras","tribe_events_cat-regional","pmpro-has-access","cat_oeste","cat_palestras","cat_regional"],"aioseo_notices":[],"aioseo_head":"\n\t\t<!-- All in One SEO 4.9.10 - aioseo.com -->\n\t<meta name=\"description\" content=\"De 14 a 16 de agosto, em Ara\u00e7atuba, ocorrer\u00e1 a Jornada Cervejeira ACerva Paulista. Um evento que reunir\u00e1, palestras, sabatinada, curso e encontro durante 3 dias de muito conhecimento e cerveja. O evento \u00e9 aberto para s\u00f3cios e n\u00e3o-s\u00f3cios da ACervA Paulista. Para participar, inscreva-se para o evento de seu interesse, que voc\u00ea receber\u00e1 o\" \/>\n\t<meta name=\"robots\" content=\"max-image-preview:large\" \/>\n\t<meta name=\"author\" content=\"ACervA Paulista\"\/>\n\t<link rel=\"canonical\" href=\"https:\/\/acervapaulista.com.br\/wordpress\/evento\/jornada-cervejeira-aracatuba-palestras\/\" \/>\n\t<meta name=\"generator\" content=\"All in One SEO (AIOSEO) 4.9.10\" \/>\n\t\t<meta property=\"og:locale\" content=\"pt_BR\" \/>\n\t\t<meta property=\"og:site_name\" content=\"ACervA Paulista - Associa\u00e7\u00e3o dos Cervejeiros Artesanais Paulistas\" \/>\n\t\t<meta property=\"og:type\" content=\"article\" \/>\n\t\t<meta property=\"og:title\" content=\"Jornada Cervejeira \u2013 Ara\u00e7atuba: Palestras - ACervA Paulista\" \/>\n\t\t<meta property=\"og:description\" content=\"De 14 a 16 de agosto, em Ara\u00e7atuba, ocorrer\u00e1 a Jornada Cervejeira ACerva Paulista. Um evento que reunir\u00e1, palestras, sabatinada, curso e encontro durante 3 dias de muito conhecimento e cerveja. O evento \u00e9 aberto para s\u00f3cios e n\u00e3o-s\u00f3cios da ACervA Paulista. Para participar, inscreva-se para o evento de seu interesse, que voc\u00ea receber\u00e1 o\" \/>\n\t\t<meta property=\"og:url\" content=\"https:\/\/acervapaulista.com.br\/wordpress\/evento\/jornada-cervejeira-aracatuba-palestras\/\" \/>\n\t\t<meta property=\"article:published_time\" content=\"2015-07-14T00:00:38+00:00\" \/>\n\t\t<meta property=\"article:modified_time\" content=\"2015-07-14T00:22:58+00:00\" \/>\n\t\t<meta name=\"twitter:card\" content=\"summary_large_image\" \/>\n\t\t<meta name=\"twitter:title\" content=\"Jornada Cervejeira \u2013 Ara\u00e7atuba: Palestras - ACervA Paulista\" \/>\n\t\t<meta name=\"twitter:description\" content=\"De 14 a 16 de agosto, em Ara\u00e7atuba, ocorrer\u00e1 a Jornada Cervejeira ACerva Paulista. Um evento que reunir\u00e1, palestras, sabatinada, curso e encontro durante 3 dias de muito conhecimento e cerveja. O evento \u00e9 aberto para s\u00f3cios e n\u00e3o-s\u00f3cios da ACervA Paulista. Para participar, inscreva-se para o evento de seu interesse, que voc\u00ea receber\u00e1 o\" \/>\n\t\t<script type=\"application\/ld+json\" class=\"aioseo-schema\">\n\t\t\t{\"@context\":\"https:\\\/\\\/schema.org\",\"@graph\":[{\"@type\":\"BreadcrumbList\",\"@id\":\"https:\\\/\\\/acervapaulista.com.br\\\/wordpress\\\/evento\\\/jornada-cervejeira-aracatuba-palestras\\\/#breadcrumblist\",\"itemListElement\":[{\"@type\":\"ListItem\",\"@id\":\"https:\\\/\\\/acervapaulista.com.br\\\/wordpress#listItem\",\"position\":1,\"name\":\"Home\",\"item\":\"https:\\\/\\\/acervapaulista.com.br\\\/wordpress\",\"nextItem\":{\"@type\":\"ListItem\",\"@id\":\"https:\\\/\\\/acervapaulista.com.br\\\/wordpress\\\/eventos\\\/#listItem\",\"name\":\"Eventos\"}},{\"@type\":\"ListItem\",\"@id\":\"https:\\\/\\\/acervapaulista.com.br\\\/wordpress\\\/eventos\\\/#listItem\",\"position\":2,\"name\":\"Eventos\",\"item\":\"https:\\\/\\\/acervapaulista.com.br\\\/wordpress\\\/eventos\\\/\",\"nextItem\":{\"@type\":\"ListItem\",\"@id\":\"https:\\\/\\\/acervapaulista.com.br\\\/wordpress\\\/tag\\\/jornada-cervejeira\\\/#listItem\",\"name\":\"Jornada Cervejeira\"},\"previousItem\":{\"@type\":\"ListItem\",\"@id\":\"https:\\\/\\\/acervapaulista.com.br\\\/wordpress#listItem\",\"name\":\"Home\"}},{\"@type\":\"ListItem\",\"@id\":\"https:\\\/\\\/acervapaulista.com.br\\\/wordpress\\\/tag\\\/jornada-cervejeira\\\/#listItem\",\"position\":3,\"name\":\"Jornada Cervejeira\",\"item\":\"https:\\\/\\\/acervapaulista.com.br\\\/wordpress\\\/tag\\\/jornada-cervejeira\\\/\",\"nextItem\":{\"@type\":\"ListItem\",\"@id\":\"https:\\\/\\\/acervapaulista.com.br\\\/wordpress\\\/evento\\\/jornada-cervejeira-aracatuba-palestras\\\/#listItem\",\"name\":\"Jornada Cervejeira &#8211; Ara\\u00e7atuba: Palestras\"},\"previousItem\":{\"@type\":\"ListItem\",\"@id\":\"https:\\\/\\\/acervapaulista.com.br\\\/wordpress\\\/eventos\\\/#listItem\",\"name\":\"Eventos\"}},{\"@type\":\"ListItem\",\"@id\":\"https:\\\/\\\/acervapaulista.com.br\\\/wordpress\\\/evento\\\/jornada-cervejeira-aracatuba-palestras\\\/#listItem\",\"position\":4,\"name\":\"Jornada Cervejeira &#8211; Ara\\u00e7atuba: Palestras\",\"previousItem\":{\"@type\":\"ListItem\",\"@id\":\"https:\\\/\\\/acervapaulista.com.br\\\/wordpress\\\/tag\\\/jornada-cervejeira\\\/#listItem\",\"name\":\"Jornada Cervejeira\"}}]},{\"@type\":\"Organization\",\"@id\":\"https:\\\/\\\/acervapaulista.com.br\\\/wordpress\\\/#organization\",\"name\":\"ACervA Paulista\",\"description\":\"Associa\\u00e7\\u00e3o dos Cervejeiros Artesanais Paulistas\",\"url\":\"https:\\\/\\\/acervapaulista.com.br\\\/wordpress\\\/\"},{\"@type\":\"Person\",\"@id\":\"https:\\\/\\\/acervapaulista.com.br\\\/wordpress\\\/author\\\/acerva-paulista\\\/#author\",\"url\":\"https:\\\/\\\/acervapaulista.com.br\\\/wordpress\\\/author\\\/acerva-paulista\\\/\",\"name\":\"ACervA Paulista\",\"image\":{\"@type\":\"ImageObject\",\"@id\":\"https:\\\/\\\/acervapaulista.com.br\\\/wordpress\\\/evento\\\/jornada-cervejeira-aracatuba-palestras\\\/#authorImage\",\"url\":\"https:\\\/\\\/secure.gravatar.com\\\/avatar\\\/82a53c3dc8c0f95f206cd4b997ac42614436afd1786d7a017ce41c9d259b8309?s=96&d=mm&r=g\",\"width\":96,\"height\":96,\"caption\":\"ACervA Paulista\"}},{\"@type\":\"WebPage\",\"@id\":\"https:\\\/\\\/acervapaulista.com.br\\\/wordpress\\\/evento\\\/jornada-cervejeira-aracatuba-palestras\\\/#webpage\",\"url\":\"https:\\\/\\\/acervapaulista.com.br\\\/wordpress\\\/evento\\\/jornada-cervejeira-aracatuba-palestras\\\/\",\"name\":\"Jornada Cervejeira \\u2013 Ara\\u00e7atuba: Palestras - ACervA Paulista\",\"description\":\"De 14 a 16 de agosto, em Ara\\u00e7atuba, ocorrer\\u00e1 a Jornada Cervejeira ACerva Paulista. Um evento que reunir\\u00e1, palestras, sabatinada, curso e encontro durante 3 dias de muito conhecimento e cerveja. O evento \\u00e9 aberto para s\\u00f3cios e n\\u00e3o-s\\u00f3cios da ACervA Paulista. Para participar, inscreva-se para o evento de seu interesse, que voc\\u00ea receber\\u00e1 o\",\"inLanguage\":\"pt-BR\",\"isPartOf\":{\"@id\":\"https:\\\/\\\/acervapaulista.com.br\\\/wordpress\\\/#website\"},\"breadcrumb\":{\"@id\":\"https:\\\/\\\/acervapaulista.com.br\\\/wordpress\\\/evento\\\/jornada-cervejeira-aracatuba-palestras\\\/#breadcrumblist\"},\"author\":{\"@id\":\"https:\\\/\\\/acervapaulista.com.br\\\/wordpress\\\/author\\\/acerva-paulista\\\/#author\"},\"creator\":{\"@id\":\"https:\\\/\\\/acervapaulista.com.br\\\/wordpress\\\/author\\\/acerva-paulista\\\/#author\"},\"image\":{\"@type\":\"ImageObject\",\"url\":\"https:\\\/\\\/acervapaulista.com.br\\\/wordpress\\\/wp-content\\\/uploads\\\/2015\\\/07\\\/aracatuba.png\",\"@id\":\"https:\\\/\\\/acervapaulista.com.br\\\/wordpress\\\/evento\\\/jornada-cervejeira-aracatuba-palestras\\\/#mainImage\",\"width\":900,\"height\":300},\"primaryImageOfPage\":{\"@id\":\"https:\\\/\\\/acervapaulista.com.br\\\/wordpress\\\/evento\\\/jornada-cervejeira-aracatuba-palestras\\\/#mainImage\"},\"datePublished\":\"2015-07-13T21:00:38-03:00\",\"dateModified\":\"2015-07-13T21:22:58-03:00\"},{\"@type\":\"WebSite\",\"@id\":\"https:\\\/\\\/acervapaulista.com.br\\\/wordpress\\\/#website\",\"url\":\"https:\\\/\\\/acervapaulista.com.br\\\/wordpress\\\/\",\"name\":\"ACervA Paulista\",\"description\":\"Associa\\u00e7\\u00e3o dos Cervejeiros Artesanais Paulistas\",\"inLanguage\":\"pt-BR\",\"publisher\":{\"@id\":\"https:\\\/\\\/acervapaulista.com.br\\\/wordpress\\\/#organization\"}}]}\n\t\t<\/script>\n\t\t<!-- All in One SEO -->\n\n","aioseo_head_json":{"title":"Jornada Cervejeira \u2013 Ara\u00e7atuba: Palestras - ACervA Paulista","description":"De 14 a 16 de agosto, em Ara\u00e7atuba, ocorrer\u00e1 a Jornada Cervejeira ACerva Paulista. Um evento que reunir\u00e1, palestras, sabatinada, curso e encontro durante 3 dias de muito conhecimento e cerveja. O evento \u00e9 aberto para s\u00f3cios e n\u00e3o-s\u00f3cios da ACervA Paulista. Para participar, inscreva-se para o evento de seu interesse, que voc\u00ea receber\u00e1 o","canonical_url":"https:\/\/acervapaulista.com.br\/wordpress\/evento\/jornada-cervejeira-aracatuba-palestras\/","robots":"max-image-preview:large","keywords":"","webmasterTools":{"miscellaneous":""},"schema":{"@context":"https:\/\/schema.org","@graph":[{"@type":"BreadcrumbList","@id":"https:\/\/acervapaulista.com.br\/wordpress\/evento\/jornada-cervejeira-aracatuba-palestras\/#breadcrumblist","itemListElement":[{"@type":"ListItem","@id":"https:\/\/acervapaulista.com.br\/wordpress#listItem","position":1,"name":"Home","item":"https:\/\/acervapaulista.com.br\/wordpress","nextItem":{"@type":"ListItem","@id":"https:\/\/acervapaulista.com.br\/wordpress\/eventos\/#listItem","name":"Eventos"}},{"@type":"ListItem","@id":"https:\/\/acervapaulista.com.br\/wordpress\/eventos\/#listItem","position":2,"name":"Eventos","item":"https:\/\/acervapaulista.com.br\/wordpress\/eventos\/","nextItem":{"@type":"ListItem","@id":"https:\/\/acervapaulista.com.br\/wordpress\/tag\/jornada-cervejeira\/#listItem","name":"Jornada Cervejeira"},"previousItem":{"@type":"ListItem","@id":"https:\/\/acervapaulista.com.br\/wordpress#listItem","name":"Home"}},{"@type":"ListItem","@id":"https:\/\/acervapaulista.com.br\/wordpress\/tag\/jornada-cervejeira\/#listItem","position":3,"name":"Jornada Cervejeira","item":"https:\/\/acervapaulista.com.br\/wordpress\/tag\/jornada-cervejeira\/","nextItem":{"@type":"ListItem","@id":"https:\/\/acervapaulista.com.br\/wordpress\/evento\/jornada-cervejeira-aracatuba-palestras\/#listItem","name":"Jornada Cervejeira &#8211; Ara\u00e7atuba: Palestras"},"previousItem":{"@type":"ListItem","@id":"https:\/\/acervapaulista.com.br\/wordpress\/eventos\/#listItem","name":"Eventos"}},{"@type":"ListItem","@id":"https:\/\/acervapaulista.com.br\/wordpress\/evento\/jornada-cervejeira-aracatuba-palestras\/#listItem","position":4,"name":"Jornada Cervejeira &#8211; Ara\u00e7atuba: Palestras","previousItem":{"@type":"ListItem","@id":"https:\/\/acervapaulista.com.br\/wordpress\/tag\/jornada-cervejeira\/#listItem","name":"Jornada Cervejeira"}}]},{"@type":"Organization","@id":"https:\/\/acervapaulista.com.br\/wordpress\/#organization","name":"ACervA Paulista","description":"Associa\u00e7\u00e3o dos Cervejeiros Artesanais Paulistas","url":"https:\/\/acervapaulista.com.br\/wordpress\/"},{"@type":"Person","@id":"https:\/\/acervapaulista.com.br\/wordpress\/author\/acerva-paulista\/#author","url":"https:\/\/acervapaulista.com.br\/wordpress\/author\/acerva-paulista\/","name":"ACervA Paulista","image":{"@type":"ImageObject","@id":"https:\/\/acervapaulista.com.br\/wordpress\/evento\/jornada-cervejeira-aracatuba-palestras\/#authorImage","url":"https:\/\/secure.gravatar.com\/avatar\/82a53c3dc8c0f95f206cd4b997ac42614436afd1786d7a017ce41c9d259b8309?s=96&d=mm&r=g","width":96,"height":96,"caption":"ACervA Paulista"}},{"@type":"WebPage","@id":"https:\/\/acervapaulista.com.br\/wordpress\/evento\/jornada-cervejeira-aracatuba-palestras\/#webpage","url":"https:\/\/acervapaulista.com.br\/wordpress\/evento\/jornada-cervejeira-aracatuba-palestras\/","name":"Jornada Cervejeira \u2013 Ara\u00e7atuba: Palestras - ACervA Paulista","description":"De 14 a 16 de agosto, em Ara\u00e7atuba, ocorrer\u00e1 a Jornada Cervejeira ACerva Paulista. Um evento que reunir\u00e1, palestras, sabatinada, curso e encontro durante 3 dias de muito conhecimento e cerveja. O evento \u00e9 aberto para s\u00f3cios e n\u00e3o-s\u00f3cios da ACervA Paulista. Para participar, inscreva-se para o evento de seu interesse, que voc\u00ea receber\u00e1 o","inLanguage":"pt-BR","isPartOf":{"@id":"https:\/\/acervapaulista.com.br\/wordpress\/#website"},"breadcrumb":{"@id":"https:\/\/acervapaulista.com.br\/wordpress\/evento\/jornada-cervejeira-aracatuba-palestras\/#breadcrumblist"},"author":{"@id":"https:\/\/acervapaulista.com.br\/wordpress\/author\/acerva-paulista\/#author"},"creator":{"@id":"https:\/\/acervapaulista.com.br\/wordpress\/author\/acerva-paulista\/#author"},"image":{"@type":"ImageObject","url":"https:\/\/acervapaulista.com.br\/wordpress\/wp-content\/uploads\/2015\/07\/aracatuba.png","@id":"https:\/\/acervapaulista.com.br\/wordpress\/evento\/jornada-cervejeira-aracatuba-palestras\/#mainImage","width":900,"height":300},"primaryImageOfPage":{"@id":"https:\/\/acervapaulista.com.br\/wordpress\/evento\/jornada-cervejeira-aracatuba-palestras\/#mainImage"},"datePublished":"2015-07-13T21:00:38-03:00","dateModified":"2015-07-13T21:22:58-03:00"},{"@type":"WebSite","@id":"https:\/\/acervapaulista.com.br\/wordpress\/#website","url":"https:\/\/acervapaulista.com.br\/wordpress\/","name":"ACervA Paulista","description":"Associa\u00e7\u00e3o dos Cervejeiros Artesanais Paulistas","inLanguage":"pt-BR","publisher":{"@id":"https:\/\/acervapaulista.com.br\/wordpress\/#organization"}}]},"og:locale":"pt_BR","og:site_name":"ACervA Paulista - Associa\u00e7\u00e3o dos Cervejeiros Artesanais Paulistas","og:type":"article","og:title":"Jornada Cervejeira \u2013 Ara\u00e7atuba: Palestras - ACervA Paulista","og:description":"De 14 a 16 de agosto, em Ara\u00e7atuba, ocorrer\u00e1 a Jornada Cervejeira ACerva Paulista. Um evento que reunir\u00e1, palestras, sabatinada, curso e encontro durante 3 dias de muito conhecimento e cerveja. O evento \u00e9 aberto para s\u00f3cios e n\u00e3o-s\u00f3cios da ACervA Paulista. Para participar, inscreva-se para o evento de seu interesse, que voc\u00ea receber\u00e1 o","og:url":"https:\/\/acervapaulista.com.br\/wordpress\/evento\/jornada-cervejeira-aracatuba-palestras\/","article:published_time":"2015-07-14T00:00:38+00:00","article:modified_time":"2015-07-14T00:22:58+00:00","twitter:card":"summary_large_image","twitter:title":"Jornada Cervejeira \u2013 Ara\u00e7atuba: Palestras - ACervA Paulista","twitter:description":"De 14 a 16 de agosto, em Ara\u00e7atuba, ocorrer\u00e1 a Jornada Cervejeira ACerva Paulista. Um evento que reunir\u00e1, palestras, sabatinada, curso e encontro durante 3 dias de muito conhecimento e cerveja. O evento \u00e9 aberto para s\u00f3cios e n\u00e3o-s\u00f3cios da ACervA Paulista. Para participar, inscreva-se para o evento de seu interesse, que voc\u00ea receber\u00e1 o"},"aioseo_meta_data":{"post_id":"956","title":null,"description":null,"keywords":null,"keyphrases":null,"primary_term":null,"canonical_url":null,"og_title":null,"og_description":null,"og_object_type":"default","og_image_type":"default","og_image_url":null,"og_image_width":null,"og_image_height":null,"og_image_custom_url":null,"og_image_custom_fields":null,"og_video":null,"og_custom_url":null,"og_article_section":null,"og_article_tags":null,"twitter_use_og":false,"twitter_card":"default","twitter_image_type":"default","twitter_image_url":null,"twitter_image_custom_url":null,"twitter_image_custom_fields":null,"twitter_title":null,"twitter_description":null,"schema":{"blockGraphs":[],"customGraphs":[],"default":{"data":{"Article":[],"Course":[],"Dataset":[],"FAQPage":[],"Movie":[],"Person":[],"Product":[],"ProductReview":[],"Car":[],"Recipe":[],"Service":[],"SoftwareApplication":[],"WebPage":[]},"graphName":"","isEnabled":true},"graphs":[]},"schema_type":"default","schema_type_options":null,"pillar_content":false,"robots_default":true,"robots_noindex":false,"robots_noarchive":false,"robots_nosnippet":false,"robots_nofollow":false,"robots_noimageindex":false,"robots_noodp":false,"robots_notranslate":false,"robots_max_snippet":null,"robots_max_videopreview":null,"robots_max_imagepreview":"large","priority":null,"frequency":null,"local_seo":null,"breadcrumb_settings":null,"limit_modified_date":false,"ai":null,"created":"2023-10-20 05:15:36","updated":"2025-09-06 13:12:54","seo_analyzer_scan_date":null},"aioseo_breadcrumb":"<div class=\"aioseo-breadcrumbs\"><span class=\"aioseo-breadcrumb\">\n\t\t\t<a href=\"https:\/\/acervapaulista.com.br\/wordpress\" title=\"Home\">Home<\/a>\n\t\t<\/span><span class=\"aioseo-breadcrumb-separator\">&raquo;<\/span><span class=\"aioseo-breadcrumb\">\n\t\t\t<a href=\"https:\/\/acervapaulista.com.br\/wordpress\/eventos\/\" title=\"Eventos\">Eventos<\/a>\n\t\t<\/span><span class=\"aioseo-breadcrumb-separator\">&raquo;<\/span><span class=\"aioseo-breadcrumb\">\n\t\t\t<a href=\"https:\/\/acervapaulista.com.br\/wordpress\/tag\/jornada-cervejeira\/\" title=\"Jornada Cervejeira\">Jornada Cervejeira<\/a>\n\t\t<\/span><span class=\"aioseo-breadcrumb-separator\">&raquo;<\/span><span class=\"aioseo-breadcrumb\">\n\t\t\tJornada Cervejeira \u2013 Ara\u00e7atuba: Palestras\n\t\t<\/span><\/div>","aioseo_breadcrumb_json":[{"label":"Home","link":"https:\/\/acervapaulista.com.br\/wordpress"},{"label":"Eventos","link":"https:\/\/acervapaulista.com.br\/wordpress\/eventos\/"},{"label":"Jornada Cervejeira","link":"https:\/\/acervapaulista.com.br\/wordpress\/tag\/jornada-cervejeira\/"},{"label":"Jornada Cervejeira &#8211; Ara\u00e7atuba: Palestras","link":"https:\/\/acervapaulista.com.br\/wordpress\/evento\/jornada-cervejeira-aracatuba-palestras\/"}],"ticketed":false,"_links":{"self":[{"href":"https:\/\/acervapaulista.com.br\/wordpress\/wp-json\/wp\/v2\/tribe_events\/956","targetHints":{"allow":["GET"]}}],"collection":[{"href":"https:\/\/acervapaulista.com.br\/wordpress\/wp-json\/wp\/v2\/tribe_events"}],"about":[{"href":"https:\/\/acervapaulista.com.br\/wordpress\/wp-json\/wp\/v2\/types\/tribe_events"}],"author":[{"embeddable":true,"href":"https:\/\/acervapaulista.com.br\/wordpress\/wp-json\/wp\/v2\/users\/1"}],"version-history":[{"count":0,"href":"https:\/\/acervapaulista.com.br\/wordpress\/wp-json\/wp\/v2\/tribe_events\/956\/revisions"}],"wp:featuredmedia":[{"embeddable":true,"href":"https:\/\/acervapaulista.com.br\/wordpress\/wp-json\/wp\/v2\/media\/943"}],"wp:attachment":[{"href":"https:\/\/acervapaulista.com.br\/wordpress\/wp-json\/wp\/v2\/media?parent=956"}],"wp:term":[{"taxonomy":"post_tag","embeddable":true,"href":"https:\/\/acervapaulista.com.br\/wordpress\/wp-json\/wp\/v2\/tags?post=956"},{"taxonomy":"tribe_events_cat","embeddable":true,"href":"https:\/\/acervapaulista.com.br\/wordpress\/wp-json\/wp\/v2\/tribe_events_cat?post=956"}],"curies":[{"name":"wp","href":"https:\/\/api.w.org\/{rel}","templated":true}]}}