{"id":8227,"date":"2025-04-18T10:11:09","date_gmt":"2025-04-18T13:11:09","guid":{"rendered":"https:\/\/acervapaulista.com.br\/wordpress\/?post_type=tribe_events&#038;p=8227"},"modified":"2025-04-18T10:11:09","modified_gmt":"2025-04-18T13:11:09","slug":"brew-day-xviii-encontro-nacional-das-acervas-2025","status":"publish","type":"tribe_events","link":"https:\/\/acervapaulista.com.br\/wordpress\/evento\/brew-day-xviii-encontro-nacional-das-acervas-2025\/","title":{"rendered":"Brew Day &#8211; XVIII Encontro Nacional das ACervAs 2025"},"content":{"rendered":"<p>A ACervA Paulista e o Blackpool Pub convidam para o <strong>Brew Day das ACervAs<\/strong>, data oficial onde v\u00e1rias ACervAs v\u00e3o produzir as cervejas que ser\u00e3o engatadas na festa de confraterniza\u00e7\u00e3o que acontece em S\u00e3o Paulo no dia 21\/06\/25.<\/p>\n<p>Os cervejeiros Douglas e Adal v\u00e3o brassar uma Dry Stout \ud83c\udf7b<\/p>\n<p>Leve sua cerveja para compartilhar \ud83c\udf7b<\/p>\n<p>Data: 26\/04\/2025<br \/>\nLocal: Blackpool Pub<br \/>\nEndere\u00e7o: Rua Tuiuti, 2705 &#8211; Tatuap\u00e9<br \/>\nIn\u00edcio: 12h<\/p>\n<p>Apoio:\u00a0<a class=\"x1i10hfl xjbqb8w x1ejq31n xd10rxx x1sy0etr x17r0tee x972fbf xcfux6l x1qhh985 xm0m39n x9f619 x1ypdohk xt0psk2 xe8uvvx xdj266r x11i5rnm xat24cr x1mh8g0r xexx8yu x4uap5 x18d9i69 xkhd6sd x16tdsg8 x1hl2dhg xggy1nq x1a2a7pz notranslate _a6hd\" tabindex=\"0\" role=\"link\" href=\"https:\/\/www.instagram.com\/brejabox\/\">@brejabox<\/a>\u00a0e\u00a0<a class=\"x1i10hfl xjbqb8w x1ejq31n xd10rxx x1sy0etr x17r0tee x972fbf xcfux6l x1qhh985 xm0m39n x9f619 x1ypdohk xt0psk2 xe8uvvx xdj266r x11i5rnm xat24cr x1mh8g0r xexx8yu x4uap5 x18d9i69 xkhd6sd x16tdsg8 x1hl2dhg xggy1nq x1a2a7pz notranslate _a6hd\" tabindex=\"0\" role=\"link\" href=\"https:\/\/www.instagram.com\/blackpoolpub\/\">@blackpoolpub<\/a><\/p>\n<p>Breja Box &#8211; Tudo para fazer cerveja caseira.<br \/>\nMaltes, l\u00fapulos, fermentos, kit receitas e equipamentos cervejeiros.<\/p>\n<p>Saiba mais sobre a programa\u00e7\u00e3o do <strong>XVIII Encontro Nacional das ACervAs<\/strong>, <a href=\"https:\/\/linktr.ee\/ACervA_Paulista\">acesse aqui<\/a> \ud83d\udd17<\/p>\n<p>De 19 a 22\/06, garanta seus ingressos e n\u00e3o fique de fora \ud83c\udfab<\/p>\n<p>Se j\u00e1 for cervejeiro e tiver amostras dispon\u00edveis, pode trazer para degustar com o pessoal e ter feedback da sua produ\u00e7\u00e3o!<\/p>\n","protected":false},"excerpt":{"rendered":"<p>A ACervA Paulista e o Blackpool Pub convidam para o Brew Day das ACervAs, data oficial onde v\u00e1rias ACervAs v\u00e3o produzir as cervejas que ser\u00e3o engatadas na festa de confraterniza\u00e7\u00e3o que acontece em S\u00e3o Paulo no dia 21\/06\/25. Os cervejeiros Douglas e Adal v\u00e3o brassar uma Dry Stout \ud83c\udf7b Leve sua cerveja para compartilhar \ud83c\udf7b Data: 26\/04\/2025 Local: Blackpool Pub Endere\u00e7o: Rua Tuiuti, 2705 &#8211; Tatuap\u00e9 In\u00edcio: 12h Apoio:\u00a0@brejabox\u00a0e\u00a0@blackpoolpub Breja Box &#8211; Tudo para fazer cerveja caseira. Maltes, l\u00fapulos, fermentos, kit receitas e equipamentos cervejeiros. Saiba mais sobre a programa\u00e7\u00e3o do XVIII Encontro Nacional das ACervAs, acesse aqui \ud83d\udd17 De 19 a 22\/06, garanta seus ingressos e n\u00e3o fique de fora \ud83c\udfab Se j\u00e1 for cervejeiro e tiver amostras dispon\u00edveis, pode trazer para degustar com o pessoal e ter feedback da sua produ\u00e7\u00e3o!<\/p>\n","protected":false},"author":84,"featured_media":8219,"template":"","meta":{"pmpro_default_level":"","_price":"","_stock":"","_tribe_ticket_header":"","_tribe_default_ticket_provider":"","_tribe_ticket_capacity":"0","_ticket_start_date":"","_ticket_end_date":"","_tribe_ticket_show_description":"","_tribe_ticket_show_not_going":false,"_tribe_ticket_use_global_stock":"","_tribe_ticket_global_stock_level":"","_global_stock_mode":"","_global_stock_cap":"","_tribe_rsvp_for_event":"","_tribe_ticket_going_count":"","_tribe_ticket_not_going_count":"","_tribe_tickets_list":"[]","_tribe_ticket_has_attendee_info_fields":false,"_tribe_events_status":"","_tribe_events_status_reason":"","footnotes":"","_tec_slr_enabled":"","_tec_slr_layout":""},"tags":[],"tribe_events_cat":[],"class_list":["post-8227","tribe_events","type-tribe_events","status-publish","has-post-thumbnail","hentry","pmpro-has-access"],"aioseo_notices":[],"aioseo_head":"\n\t\t<!-- All in One SEO 4.9.10 - aioseo.com -->\n\t<meta name=\"description\" content=\"A ACervA Paulista e o Blackpool Pub convidam para o Brew Day das ACervAs, data oficial onde v\u00e1rias ACervAs v\u00e3o produzir as cervejas que ser\u00e3o engatadas na festa de confraterniza\u00e7\u00e3o que acontece em S\u00e3o Paulo no dia 21\/06\/25. Os cervejeiros Douglas e Adal v\u00e3o brassar uma Dry Stout \ud83c\udf7b Leve sua cerveja para compartilhar \ud83c\udf7b\" \/>\n\t<meta name=\"robots\" content=\"max-image-preview:large\" \/>\n\t<meta name=\"author\" content=\"Carlos Santana\"\/>\n\t<link rel=\"canonical\" href=\"https:\/\/acervapaulista.com.br\/wordpress\/evento\/brew-day-xviii-encontro-nacional-das-acervas-2025\/\" \/>\n\t<meta name=\"generator\" content=\"All in One SEO (AIOSEO) 4.9.10\" \/>\n\t\t<meta property=\"og:locale\" content=\"pt_BR\" \/>\n\t\t<meta property=\"og:site_name\" content=\"ACervA Paulista - Associa\u00e7\u00e3o dos Cervejeiros Artesanais Paulistas\" \/>\n\t\t<meta property=\"og:type\" content=\"article\" \/>\n\t\t<meta property=\"og:title\" content=\"Brew Day \u2013 XVIII Encontro Nacional das ACervAs 2025 - ACervA Paulista\" \/>\n\t\t<meta property=\"og:description\" content=\"A ACervA Paulista e o Blackpool Pub convidam para o Brew Day das ACervAs, data oficial onde v\u00e1rias ACervAs v\u00e3o produzir as cervejas que ser\u00e3o engatadas na festa de confraterniza\u00e7\u00e3o que acontece em S\u00e3o Paulo no dia 21\/06\/25. Os cervejeiros Douglas e Adal v\u00e3o brassar uma Dry Stout \ud83c\udf7b Leve sua cerveja para compartilhar \ud83c\udf7b\" \/>\n\t\t<meta property=\"og:url\" content=\"https:\/\/acervapaulista.com.br\/wordpress\/evento\/brew-day-xviii-encontro-nacional-das-acervas-2025\/\" \/>\n\t\t<meta property=\"article:published_time\" content=\"2025-04-18T13:11:09+00:00\" \/>\n\t\t<meta property=\"article:modified_time\" content=\"2025-04-18T13:11:09+00:00\" \/>\n\t\t<meta name=\"twitter:card\" content=\"summary_large_image\" \/>\n\t\t<meta name=\"twitter:title\" content=\"Brew Day \u2013 XVIII Encontro Nacional das ACervAs 2025 - ACervA Paulista\" \/>\n\t\t<meta name=\"twitter:description\" content=\"A ACervA Paulista e o Blackpool Pub convidam para o Brew Day das ACervAs, data oficial onde v\u00e1rias ACervAs v\u00e3o produzir as cervejas que ser\u00e3o engatadas na festa de confraterniza\u00e7\u00e3o que acontece em S\u00e3o Paulo no dia 21\/06\/25. Os cervejeiros Douglas e Adal v\u00e3o brassar uma Dry Stout \ud83c\udf7b Leve sua cerveja para compartilhar \ud83c\udf7b\" \/>\n\t\t<script type=\"application\/ld+json\" class=\"aioseo-schema\">\n\t\t\t{\"@context\":\"https:\\\/\\\/schema.org\",\"@graph\":[{\"@type\":\"BreadcrumbList\",\"@id\":\"https:\\\/\\\/acervapaulista.com.br\\\/wordpress\\\/evento\\\/brew-day-xviii-encontro-nacional-das-acervas-2025\\\/#breadcrumblist\",\"itemListElement\":[{\"@type\":\"ListItem\",\"@id\":\"https:\\\/\\\/acervapaulista.com.br\\\/wordpress#listItem\",\"position\":1,\"name\":\"Home\",\"item\":\"https:\\\/\\\/acervapaulista.com.br\\\/wordpress\",\"nextItem\":{\"@type\":\"ListItem\",\"@id\":\"https:\\\/\\\/acervapaulista.com.br\\\/wordpress\\\/eventos\\\/#listItem\",\"name\":\"Eventos\"}},{\"@type\":\"ListItem\",\"@id\":\"https:\\\/\\\/acervapaulista.com.br\\\/wordpress\\\/eventos\\\/#listItem\",\"position\":2,\"name\":\"Eventos\",\"item\":\"https:\\\/\\\/acervapaulista.com.br\\\/wordpress\\\/eventos\\\/\",\"nextItem\":{\"@type\":\"ListItem\",\"@id\":\"https:\\\/\\\/acervapaulista.com.br\\\/wordpress\\\/evento\\\/brew-day-xviii-encontro-nacional-das-acervas-2025\\\/#listItem\",\"name\":\"Brew Day &#8211; XVIII Encontro Nacional das ACervAs 2025\"},\"previousItem\":{\"@type\":\"ListItem\",\"@id\":\"https:\\\/\\\/acervapaulista.com.br\\\/wordpress#listItem\",\"name\":\"Home\"}},{\"@type\":\"ListItem\",\"@id\":\"https:\\\/\\\/acervapaulista.com.br\\\/wordpress\\\/evento\\\/brew-day-xviii-encontro-nacional-das-acervas-2025\\\/#listItem\",\"position\":3,\"name\":\"Brew Day &#8211; XVIII Encontro Nacional das ACervAs 2025\",\"previousItem\":{\"@type\":\"ListItem\",\"@id\":\"https:\\\/\\\/acervapaulista.com.br\\\/wordpress\\\/eventos\\\/#listItem\",\"name\":\"Eventos\"}}]},{\"@type\":\"Organization\",\"@id\":\"https:\\\/\\\/acervapaulista.com.br\\\/wordpress\\\/#organization\",\"name\":\"ACervA Paulista\",\"description\":\"Associa\\u00e7\\u00e3o dos Cervejeiros Artesanais Paulistas\",\"url\":\"https:\\\/\\\/acervapaulista.com.br\\\/wordpress\\\/\"},{\"@type\":\"Person\",\"@id\":\"https:\\\/\\\/acervapaulista.com.br\\\/wordpress\\\/author\\\/educhp\\\/#author\",\"url\":\"https:\\\/\\\/acervapaulista.com.br\\\/wordpress\\\/author\\\/educhp\\\/\",\"name\":\"Carlos Santana\",\"image\":{\"@type\":\"ImageObject\",\"@id\":\"https:\\\/\\\/acervapaulista.com.br\\\/wordpress\\\/evento\\\/brew-day-xviii-encontro-nacional-das-acervas-2025\\\/#authorImage\",\"url\":\"https:\\\/\\\/secure.gravatar.com\\\/avatar\\\/9bb9fc5ee33332780165f5a66181a659bda39f9fb30b1defd1d1cb01335ebd65?s=96&d=mm&r=g\",\"width\":96,\"height\":96,\"caption\":\"Carlos Santana\"}},{\"@type\":\"WebPage\",\"@id\":\"https:\\\/\\\/acervapaulista.com.br\\\/wordpress\\\/evento\\\/brew-day-xviii-encontro-nacional-das-acervas-2025\\\/#webpage\",\"url\":\"https:\\\/\\\/acervapaulista.com.br\\\/wordpress\\\/evento\\\/brew-day-xviii-encontro-nacional-das-acervas-2025\\\/\",\"name\":\"Brew Day \\u2013 XVIII Encontro Nacional das ACervAs 2025 - ACervA Paulista\",\"description\":\"A ACervA Paulista e o Blackpool Pub convidam para o Brew Day das ACervAs, data oficial onde v\\u00e1rias ACervAs v\\u00e3o produzir as cervejas que ser\\u00e3o engatadas na festa de confraterniza\\u00e7\\u00e3o que acontece em S\\u00e3o Paulo no dia 21\\\/06\\\/25. Os cervejeiros Douglas e Adal v\\u00e3o brassar uma Dry Stout \\ud83c\\udf7b Leve sua cerveja para compartilhar \\ud83c\\udf7b\",\"inLanguage\":\"pt-BR\",\"isPartOf\":{\"@id\":\"https:\\\/\\\/acervapaulista.com.br\\\/wordpress\\\/#website\"},\"breadcrumb\":{\"@id\":\"https:\\\/\\\/acervapaulista.com.br\\\/wordpress\\\/evento\\\/brew-day-xviii-encontro-nacional-das-acervas-2025\\\/#breadcrumblist\"},\"author\":{\"@id\":\"https:\\\/\\\/acervapaulista.com.br\\\/wordpress\\\/author\\\/educhp\\\/#author\"},\"creator\":{\"@id\":\"https:\\\/\\\/acervapaulista.com.br\\\/wordpress\\\/author\\\/educhp\\\/#author\"},\"image\":{\"@type\":\"ImageObject\",\"url\":\"https:\\\/\\\/acervapaulista.com.br\\\/wordpress\\\/wp-content\\\/uploads\\\/2025\\\/04\\\/IMG-20250411-WA0084.jpg\",\"@id\":\"https:\\\/\\\/acervapaulista.com.br\\\/wordpress\\\/evento\\\/brew-day-xviii-encontro-nacional-das-acervas-2025\\\/#mainImage\",\"width\":900,\"height\":1600},\"primaryImageOfPage\":{\"@id\":\"https:\\\/\\\/acervapaulista.com.br\\\/wordpress\\\/evento\\\/brew-day-xviii-encontro-nacional-das-acervas-2025\\\/#mainImage\"},\"datePublished\":\"2025-04-18T10:11:09-03:00\",\"dateModified\":\"2025-04-18T10:11:09-03:00\"},{\"@type\":\"WebSite\",\"@id\":\"https:\\\/\\\/acervapaulista.com.br\\\/wordpress\\\/#website\",\"url\":\"https:\\\/\\\/acervapaulista.com.br\\\/wordpress\\\/\",\"name\":\"ACervA Paulista\",\"description\":\"Associa\\u00e7\\u00e3o dos Cervejeiros Artesanais Paulistas\",\"inLanguage\":\"pt-BR\",\"publisher\":{\"@id\":\"https:\\\/\\\/acervapaulista.com.br\\\/wordpress\\\/#organization\"}}]}\n\t\t<\/script>\n\t\t<!-- All in One SEO -->\n\n","aioseo_head_json":{"title":"Brew Day \u2013 XVIII Encontro Nacional das ACervAs 2025 - ACervA Paulista","description":"A ACervA Paulista e o Blackpool Pub convidam para o Brew Day das ACervAs, data oficial onde v\u00e1rias ACervAs v\u00e3o produzir as cervejas que ser\u00e3o engatadas na festa de confraterniza\u00e7\u00e3o que acontece em S\u00e3o Paulo no dia 21\/06\/25. Os cervejeiros Douglas e Adal v\u00e3o brassar uma Dry Stout \ud83c\udf7b Leve sua cerveja para compartilhar \ud83c\udf7b","canonical_url":"https:\/\/acervapaulista.com.br\/wordpress\/evento\/brew-day-xviii-encontro-nacional-das-acervas-2025\/","robots":"max-image-preview:large","keywords":"","webmasterTools":{"miscellaneous":""},"schema":{"@context":"https:\/\/schema.org","@graph":[{"@type":"BreadcrumbList","@id":"https:\/\/acervapaulista.com.br\/wordpress\/evento\/brew-day-xviii-encontro-nacional-das-acervas-2025\/#breadcrumblist","itemListElement":[{"@type":"ListItem","@id":"https:\/\/acervapaulista.com.br\/wordpress#listItem","position":1,"name":"Home","item":"https:\/\/acervapaulista.com.br\/wordpress","nextItem":{"@type":"ListItem","@id":"https:\/\/acervapaulista.com.br\/wordpress\/eventos\/#listItem","name":"Eventos"}},{"@type":"ListItem","@id":"https:\/\/acervapaulista.com.br\/wordpress\/eventos\/#listItem","position":2,"name":"Eventos","item":"https:\/\/acervapaulista.com.br\/wordpress\/eventos\/","nextItem":{"@type":"ListItem","@id":"https:\/\/acervapaulista.com.br\/wordpress\/evento\/brew-day-xviii-encontro-nacional-das-acervas-2025\/#listItem","name":"Brew Day &#8211; XVIII Encontro Nacional das ACervAs 2025"},"previousItem":{"@type":"ListItem","@id":"https:\/\/acervapaulista.com.br\/wordpress#listItem","name":"Home"}},{"@type":"ListItem","@id":"https:\/\/acervapaulista.com.br\/wordpress\/evento\/brew-day-xviii-encontro-nacional-das-acervas-2025\/#listItem","position":3,"name":"Brew Day &#8211; XVIII Encontro Nacional das ACervAs 2025","previousItem":{"@type":"ListItem","@id":"https:\/\/acervapaulista.com.br\/wordpress\/eventos\/#listItem","name":"Eventos"}}]},{"@type":"Organization","@id":"https:\/\/acervapaulista.com.br\/wordpress\/#organization","name":"ACervA Paulista","description":"Associa\u00e7\u00e3o dos Cervejeiros Artesanais Paulistas","url":"https:\/\/acervapaulista.com.br\/wordpress\/"},{"@type":"Person","@id":"https:\/\/acervapaulista.com.br\/wordpress\/author\/educhp\/#author","url":"https:\/\/acervapaulista.com.br\/wordpress\/author\/educhp\/","name":"Carlos Santana","image":{"@type":"ImageObject","@id":"https:\/\/acervapaulista.com.br\/wordpress\/evento\/brew-day-xviii-encontro-nacional-das-acervas-2025\/#authorImage","url":"https:\/\/secure.gravatar.com\/avatar\/9bb9fc5ee33332780165f5a66181a659bda39f9fb30b1defd1d1cb01335ebd65?s=96&d=mm&r=g","width":96,"height":96,"caption":"Carlos Santana"}},{"@type":"WebPage","@id":"https:\/\/acervapaulista.com.br\/wordpress\/evento\/brew-day-xviii-encontro-nacional-das-acervas-2025\/#webpage","url":"https:\/\/acervapaulista.com.br\/wordpress\/evento\/brew-day-xviii-encontro-nacional-das-acervas-2025\/","name":"Brew Day \u2013 XVIII Encontro Nacional das ACervAs 2025 - ACervA Paulista","description":"A ACervA Paulista e o Blackpool Pub convidam para o Brew Day das ACervAs, data oficial onde v\u00e1rias ACervAs v\u00e3o produzir as cervejas que ser\u00e3o engatadas na festa de confraterniza\u00e7\u00e3o que acontece em S\u00e3o Paulo no dia 21\/06\/25. Os cervejeiros Douglas e Adal v\u00e3o brassar uma Dry Stout \ud83c\udf7b Leve sua cerveja para compartilhar \ud83c\udf7b","inLanguage":"pt-BR","isPartOf":{"@id":"https:\/\/acervapaulista.com.br\/wordpress\/#website"},"breadcrumb":{"@id":"https:\/\/acervapaulista.com.br\/wordpress\/evento\/brew-day-xviii-encontro-nacional-das-acervas-2025\/#breadcrumblist"},"author":{"@id":"https:\/\/acervapaulista.com.br\/wordpress\/author\/educhp\/#author"},"creator":{"@id":"https:\/\/acervapaulista.com.br\/wordpress\/author\/educhp\/#author"},"image":{"@type":"ImageObject","url":"https:\/\/acervapaulista.com.br\/wordpress\/wp-content\/uploads\/2025\/04\/IMG-20250411-WA0084.jpg","@id":"https:\/\/acervapaulista.com.br\/wordpress\/evento\/brew-day-xviii-encontro-nacional-das-acervas-2025\/#mainImage","width":900,"height":1600},"primaryImageOfPage":{"@id":"https:\/\/acervapaulista.com.br\/wordpress\/evento\/brew-day-xviii-encontro-nacional-das-acervas-2025\/#mainImage"},"datePublished":"2025-04-18T10:11:09-03:00","dateModified":"2025-04-18T10:11:09-03:00"},{"@type":"WebSite","@id":"https:\/\/acervapaulista.com.br\/wordpress\/#website","url":"https:\/\/acervapaulista.com.br\/wordpress\/","name":"ACervA Paulista","description":"Associa\u00e7\u00e3o dos Cervejeiros Artesanais Paulistas","inLanguage":"pt-BR","publisher":{"@id":"https:\/\/acervapaulista.com.br\/wordpress\/#organization"}}]},"og:locale":"pt_BR","og:site_name":"ACervA Paulista - Associa\u00e7\u00e3o dos Cervejeiros Artesanais Paulistas","og:type":"article","og:title":"Brew Day \u2013 XVIII Encontro Nacional das ACervAs 2025 - ACervA Paulista","og:description":"A ACervA Paulista e o Blackpool Pub convidam para o Brew Day das ACervAs, data oficial onde v\u00e1rias ACervAs v\u00e3o produzir as cervejas que ser\u00e3o engatadas na festa de confraterniza\u00e7\u00e3o que acontece em S\u00e3o Paulo no dia 21\/06\/25. Os cervejeiros Douglas e Adal v\u00e3o brassar uma Dry Stout \ud83c\udf7b Leve sua cerveja para compartilhar \ud83c\udf7b","og:url":"https:\/\/acervapaulista.com.br\/wordpress\/evento\/brew-day-xviii-encontro-nacional-das-acervas-2025\/","article:published_time":"2025-04-18T13:11:09+00:00","article:modified_time":"2025-04-18T13:11:09+00:00","twitter:card":"summary_large_image","twitter:title":"Brew Day \u2013 XVIII Encontro Nacional das ACervAs 2025 - ACervA Paulista","twitter:description":"A ACervA Paulista e o Blackpool Pub convidam para o Brew Day das ACervAs, data oficial onde v\u00e1rias ACervAs v\u00e3o produzir as cervejas que ser\u00e3o engatadas na festa de confraterniza\u00e7\u00e3o que acontece em S\u00e3o Paulo no dia 21\/06\/25. Os cervejeiros Douglas e Adal v\u00e3o brassar uma Dry Stout \ud83c\udf7b Leve sua cerveja para compartilhar \ud83c\udf7b"},"aioseo_meta_data":{"post_id":"8227","title":null,"description":null,"keywords":null,"keyphrases":{"focus":{"keyphrase":"","score":0,"analysis":{"keyphraseInTitle":{"score":0,"maxScore":9,"error":1}}},"additional":[]},"primary_term":null,"canonical_url":null,"og_title":null,"og_description":null,"og_object_type":"default","og_image_type":"default","og_image_url":null,"og_image_width":null,"og_image_height":null,"og_image_custom_url":null,"og_image_custom_fields":null,"og_video":"","og_custom_url":null,"og_article_section":null,"og_article_tags":null,"twitter_use_og":false,"twitter_card":"default","twitter_image_type":"default","twitter_image_url":null,"twitter_image_custom_url":null,"twitter_image_custom_fields":null,"twitter_title":null,"twitter_description":null,"schema":{"blockGraphs":[],"customGraphs":[],"default":{"data":{"Article":[],"Course":[],"Dataset":[],"FAQPage":[],"Movie":[],"Person":[],"Product":[],"ProductReview":[],"Car":[],"Recipe":[],"Service":[],"SoftwareApplication":[],"WebPage":[]},"graphName":"WebPage","isEnabled":true},"graphs":[]},"schema_type":"default","schema_type_options":null,"pillar_content":false,"robots_default":true,"robots_noindex":false,"robots_noarchive":false,"robots_nosnippet":false,"robots_nofollow":false,"robots_noimageindex":false,"robots_noodp":false,"robots_notranslate":false,"robots_max_snippet":"-1","robots_max_videopreview":"-1","robots_max_imagepreview":"large","priority":null,"frequency":"default","local_seo":null,"breadcrumb_settings":null,"limit_modified_date":false,"ai":null,"created":"2025-04-18 13:11:10","updated":"2025-09-06 13:36:22","seo_analyzer_scan_date":null},"aioseo_breadcrumb":"<div class=\"aioseo-breadcrumbs\"><span class=\"aioseo-breadcrumb\">\n\t\t\t<a href=\"https:\/\/acervapaulista.com.br\/wordpress\" title=\"Home\">Home<\/a>\n\t\t<\/span><span class=\"aioseo-breadcrumb-separator\">&raquo;<\/span><span class=\"aioseo-breadcrumb\">\n\t\t\t<a href=\"https:\/\/acervapaulista.com.br\/wordpress\/eventos\/\" title=\"Eventos\">Eventos<\/a>\n\t\t<\/span><span class=\"aioseo-breadcrumb-separator\">&raquo;<\/span><span class=\"aioseo-breadcrumb\">\n\t\t\tBrew Day \u2013 XVIII Encontro Nacional das ACervAs 2025\n\t\t<\/span><\/div>","aioseo_breadcrumb_json":[{"label":"Home","link":"https:\/\/acervapaulista.com.br\/wordpress"},{"label":"Eventos","link":"https:\/\/acervapaulista.com.br\/wordpress\/eventos\/"},{"label":"Brew Day &#8211; XVIII Encontro Nacional das ACervAs 2025","link":"https:\/\/acervapaulista.com.br\/wordpress\/evento\/brew-day-xviii-encontro-nacional-das-acervas-2025\/"}],"ticketed":false,"_links":{"self":[{"href":"https:\/\/acervapaulista.com.br\/wordpress\/wp-json\/wp\/v2\/tribe_events\/8227","targetHints":{"allow":["GET"]}}],"collection":[{"href":"https:\/\/acervapaulista.com.br\/wordpress\/wp-json\/wp\/v2\/tribe_events"}],"about":[{"href":"https:\/\/acervapaulista.com.br\/wordpress\/wp-json\/wp\/v2\/types\/tribe_events"}],"author":[{"embeddable":true,"href":"https:\/\/acervapaulista.com.br\/wordpress\/wp-json\/wp\/v2\/users\/84"}],"version-history":[{"count":1,"href":"https:\/\/acervapaulista.com.br\/wordpress\/wp-json\/wp\/v2\/tribe_events\/8227\/revisions"}],"predecessor-version":[{"id":8228,"href":"https:\/\/acervapaulista.com.br\/wordpress\/wp-json\/wp\/v2\/tribe_events\/8227\/revisions\/8228"}],"wp:attachment":[{"href":"https:\/\/acervapaulista.com.br\/wordpress\/wp-json\/wp\/v2\/media?parent=8227"}],"wp:term":[{"taxonomy":"post_tag","embeddable":true,"href":"https:\/\/acervapaulista.com.br\/wordpress\/wp-json\/wp\/v2\/tags?post=8227"},{"taxonomy":"tribe_events_cat","embeddable":true,"href":"https:\/\/acervapaulista.com.br\/wordpress\/wp-json\/wp\/v2\/tribe_events_cat?post=8227"}],"curies":[{"name":"wp","href":"https:\/\/api.w.org\/{rel}","templated":true}]}}