{"id":8213,"date":"2025-04-09T09:47:29","date_gmt":"2025-04-09T12:47:29","guid":{"rendered":"https:\/\/acervapaulista.com.br\/wordpress\/?post_type=tribe_events&#038;p=8213"},"modified":"2025-04-09T09:47:29","modified_gmt":"2025-04-09T12:47:29","slug":"festa-de-confraternizacao-21-06-2025-xviii-encontro-nacional-das-acervas-2025","status":"publish","type":"tribe_events","link":"https:\/\/acervapaulista.com.br\/wordpress\/evento\/festa-de-confraternizacao-21-06-2025-xviii-encontro-nacional-das-acervas-2025\/","title":{"rendered":"FESTA DE CONFRATERNIZA\u00c7\u00c3O &#8211; 21\/06\/2025 &#8211; XVIII ENCONTRO NACIONAL DAS ACERVAS 2025"},"content":{"rendered":"<h3 class=\"sc-62dfc0da-0 eGwEpB\">Descri\u00e7\u00e3o do evento<\/h3>\n<div class=\"sc-537fdfcb-0 bdUbUp\">\n<div>Festa de Confraterniza\u00e7\u00e3o &#8211; XVIII Encontro Nacional das ACervAs &#8211; S\u00e3o Paulo 2025<\/div>\n<div><\/div>\n<div>No dia 21 de Junho, a partir das 15h, junte-se a n\u00f3s para a t\u00e3o aguardada festa do confraterniza\u00e7\u00e3o. Com uma atmosfera animada e descontra\u00edda, a festa ser\u00e1 o ponto alto do encontro, reunindo cervejeiros e entusiastas de todo o Brasil para celebrar a paix\u00e3o pela cerveja artesanal.<\/div>\n<div><\/div>\n<ul>\n<li>M\u00fasica ao vivo<\/li>\n<li>Open Beer<\/li>\n<li>Copo Personalizado<\/li>\n<\/ul>\n<p>Haver\u00e1 tamb\u00e9m a entrega dos pr\u00eamios do XVIII Concurso Nacional das ACervAs.<\/p>\n<p>Food Truck dispon\u00edvel com diversas op\u00e7\u00f5es &#8211; Alimenta\u00e7\u00e3o n\u00e3o inclusa no pacote<\/p>\n<\/div>\n<p><a href=\"https:\/\/www.sympla.com.br\/evento\/festa-de-confraternizacao-21-06-2025-xviii-encontro-nacional-das-acervas-2025\/2893060\" target=\"_blank\" rel=\"noopener\">Garanta j\u00e1 o seu ingresso \ud83d\udd17<\/a><\/p>\n","protected":false},"excerpt":{"rendered":"<p>Descri\u00e7\u00e3o do evento Festa de Confraterniza\u00e7\u00e3o &#8211; XVIII Encontro Nacional das ACervAs &#8211; S\u00e3o Paulo 2025 No dia 21 de Junho, a partir das 15h, junte-se a n\u00f3s para a t\u00e3o aguardada festa do confraterniza\u00e7\u00e3o. Com uma atmosfera animada e descontra\u00edda, a festa ser\u00e1 o ponto alto do encontro, reunindo cervejeiros e entusiastas de todo o Brasil para celebrar a paix\u00e3o pela cerveja artesanal. M\u00fasica ao vivo Open Beer Copo Personalizado Haver\u00e1 tamb\u00e9m a entrega dos pr\u00eamios do XVIII Concurso Nacional das ACervAs. Food Truck dispon\u00edvel com diversas op\u00e7\u00f5es &#8211; Alimenta\u00e7\u00e3o n\u00e3o inclusa no pacote Garanta j\u00e1 o seu ingresso \ud83d\udd17<\/p>\n","protected":false},"author":84,"featured_media":8201,"template":"","meta":{"pmpro_default_level":"","_price":"","_stock":"","_tribe_ticket_header":"","_tribe_default_ticket_provider":"","_tribe_ticket_capacity":"0","_ticket_start_date":"","_ticket_end_date":"","_tribe_ticket_show_description":"","_tribe_ticket_show_not_going":false,"_tribe_ticket_use_global_stock":"","_tribe_ticket_global_stock_level":"","_global_stock_mode":"","_global_stock_cap":"","_tribe_rsvp_for_event":"","_tribe_ticket_going_count":"","_tribe_ticket_not_going_count":"","_tribe_tickets_list":"[]","_tribe_ticket_has_attendee_info_fields":false,"_tribe_events_status":"","_tribe_events_status_reason":"","footnotes":"","_tec_slr_enabled":"","_tec_slr_layout":""},"tags":[],"tribe_events_cat":[],"class_list":["post-8213","tribe_events","type-tribe_events","status-publish","has-post-thumbnail","hentry","pmpro-has-access"],"aioseo_notices":[],"aioseo_head":"\n\t\t<!-- All in One SEO 4.9.10 - aioseo.com -->\n\t<meta name=\"description\" content=\"Descri\u00e7\u00e3o do evento Festa de Confraterniza\u00e7\u00e3o - XVIII Encontro Nacional das ACervAs - S\u00e3o Paulo 2025 No dia 21 de Junho, a partir das 15h, junte-se a n\u00f3s para a t\u00e3o aguardada festa do confraterniza\u00e7\u00e3o. Com uma atmosfera animada e descontra\u00edda, a festa ser\u00e1 o ponto alto do encontro, reunindo cervejeiros e entusiastas de todo\" \/>\n\t<meta name=\"robots\" content=\"max-image-preview:large\" \/>\n\t<meta name=\"author\" content=\"Carlos Santana\"\/>\n\t<link rel=\"canonical\" href=\"https:\/\/acervapaulista.com.br\/wordpress\/evento\/festa-de-confraternizacao-21-06-2025-xviii-encontro-nacional-das-acervas-2025\/\" \/>\n\t<meta name=\"generator\" content=\"All in One SEO (AIOSEO) 4.9.10\" \/>\n\t\t<meta property=\"og:locale\" content=\"pt_BR\" \/>\n\t\t<meta property=\"og:site_name\" content=\"ACervA Paulista - Associa\u00e7\u00e3o dos Cervejeiros Artesanais Paulistas\" \/>\n\t\t<meta property=\"og:type\" content=\"article\" \/>\n\t\t<meta property=\"og:title\" content=\"FESTA DE CONFRATERNIZA\u00c7\u00c3O \u2013 21\/06\/2025 \u2013 XVIII ENCONTRO NACIONAL DAS ACERVAS 2025 - ACervA Paulista\" \/>\n\t\t<meta property=\"og:description\" content=\"Descri\u00e7\u00e3o do evento Festa de Confraterniza\u00e7\u00e3o - XVIII Encontro Nacional das ACervAs - S\u00e3o Paulo 2025 No dia 21 de Junho, a partir das 15h, junte-se a n\u00f3s para a t\u00e3o aguardada festa do confraterniza\u00e7\u00e3o. Com uma atmosfera animada e descontra\u00edda, a festa ser\u00e1 o ponto alto do encontro, reunindo cervejeiros e entusiastas de todo\" \/>\n\t\t<meta property=\"og:url\" content=\"https:\/\/acervapaulista.com.br\/wordpress\/evento\/festa-de-confraternizacao-21-06-2025-xviii-encontro-nacional-das-acervas-2025\/\" \/>\n\t\t<meta property=\"article:published_time\" content=\"2025-04-09T12:47:29+00:00\" \/>\n\t\t<meta property=\"article:modified_time\" content=\"2025-04-09T12:47:29+00:00\" \/>\n\t\t<meta name=\"twitter:card\" content=\"summary_large_image\" \/>\n\t\t<meta name=\"twitter:title\" content=\"FESTA DE CONFRATERNIZA\u00c7\u00c3O \u2013 21\/06\/2025 \u2013 XVIII ENCONTRO NACIONAL DAS ACERVAS 2025 - ACervA Paulista\" \/>\n\t\t<meta name=\"twitter:description\" content=\"Descri\u00e7\u00e3o do evento Festa de Confraterniza\u00e7\u00e3o - XVIII Encontro Nacional das ACervAs - S\u00e3o Paulo 2025 No dia 21 de Junho, a partir das 15h, junte-se a n\u00f3s para a t\u00e3o aguardada festa do confraterniza\u00e7\u00e3o. Com uma atmosfera animada e descontra\u00edda, a festa ser\u00e1 o ponto alto do encontro, reunindo cervejeiros e entusiastas de todo\" \/>\n\t\t<script type=\"application\/ld+json\" class=\"aioseo-schema\">\n\t\t\t{\"@context\":\"https:\\\/\\\/schema.org\",\"@graph\":[{\"@type\":\"BreadcrumbList\",\"@id\":\"https:\\\/\\\/acervapaulista.com.br\\\/wordpress\\\/evento\\\/festa-de-confraternizacao-21-06-2025-xviii-encontro-nacional-das-acervas-2025\\\/#breadcrumblist\",\"itemListElement\":[{\"@type\":\"ListItem\",\"@id\":\"https:\\\/\\\/acervapaulista.com.br\\\/wordpress#listItem\",\"position\":1,\"name\":\"Home\",\"item\":\"https:\\\/\\\/acervapaulista.com.br\\\/wordpress\",\"nextItem\":{\"@type\":\"ListItem\",\"@id\":\"https:\\\/\\\/acervapaulista.com.br\\\/wordpress\\\/eventos\\\/#listItem\",\"name\":\"Eventos\"}},{\"@type\":\"ListItem\",\"@id\":\"https:\\\/\\\/acervapaulista.com.br\\\/wordpress\\\/eventos\\\/#listItem\",\"position\":2,\"name\":\"Eventos\",\"item\":\"https:\\\/\\\/acervapaulista.com.br\\\/wordpress\\\/eventos\\\/\",\"nextItem\":{\"@type\":\"ListItem\",\"@id\":\"https:\\\/\\\/acervapaulista.com.br\\\/wordpress\\\/evento\\\/festa-de-confraternizacao-21-06-2025-xviii-encontro-nacional-das-acervas-2025\\\/#listItem\",\"name\":\"FESTA DE CONFRATERNIZA\\u00c7\\u00c3O &#8211; 21\\\/06\\\/2025 &#8211; XVIII ENCONTRO NACIONAL DAS ACERVAS 2025\"},\"previousItem\":{\"@type\":\"ListItem\",\"@id\":\"https:\\\/\\\/acervapaulista.com.br\\\/wordpress#listItem\",\"name\":\"Home\"}},{\"@type\":\"ListItem\",\"@id\":\"https:\\\/\\\/acervapaulista.com.br\\\/wordpress\\\/evento\\\/festa-de-confraternizacao-21-06-2025-xviii-encontro-nacional-das-acervas-2025\\\/#listItem\",\"position\":3,\"name\":\"FESTA DE CONFRATERNIZA\\u00c7\\u00c3O &#8211; 21\\\/06\\\/2025 &#8211; XVIII ENCONTRO NACIONAL DAS ACERVAS 2025\",\"previousItem\":{\"@type\":\"ListItem\",\"@id\":\"https:\\\/\\\/acervapaulista.com.br\\\/wordpress\\\/eventos\\\/#listItem\",\"name\":\"Eventos\"}}]},{\"@type\":\"Organization\",\"@id\":\"https:\\\/\\\/acervapaulista.com.br\\\/wordpress\\\/#organization\",\"name\":\"ACervA Paulista\",\"description\":\"Associa\\u00e7\\u00e3o dos Cervejeiros Artesanais Paulistas\",\"url\":\"https:\\\/\\\/acervapaulista.com.br\\\/wordpress\\\/\"},{\"@type\":\"Person\",\"@id\":\"https:\\\/\\\/acervapaulista.com.br\\\/wordpress\\\/author\\\/educhp\\\/#author\",\"url\":\"https:\\\/\\\/acervapaulista.com.br\\\/wordpress\\\/author\\\/educhp\\\/\",\"name\":\"Carlos Santana\",\"image\":{\"@type\":\"ImageObject\",\"@id\":\"https:\\\/\\\/acervapaulista.com.br\\\/wordpress\\\/evento\\\/festa-de-confraternizacao-21-06-2025-xviii-encontro-nacional-das-acervas-2025\\\/#authorImage\",\"url\":\"https:\\\/\\\/secure.gravatar.com\\\/avatar\\\/9bb9fc5ee33332780165f5a66181a659bda39f9fb30b1defd1d1cb01335ebd65?s=96&d=mm&r=g\",\"width\":96,\"height\":96,\"caption\":\"Carlos Santana\"}},{\"@type\":\"WebPage\",\"@id\":\"https:\\\/\\\/acervapaulista.com.br\\\/wordpress\\\/evento\\\/festa-de-confraternizacao-21-06-2025-xviii-encontro-nacional-das-acervas-2025\\\/#webpage\",\"url\":\"https:\\\/\\\/acervapaulista.com.br\\\/wordpress\\\/evento\\\/festa-de-confraternizacao-21-06-2025-xviii-encontro-nacional-das-acervas-2025\\\/\",\"name\":\"FESTA DE CONFRATERNIZA\\u00c7\\u00c3O \\u2013 21\\\/06\\\/2025 \\u2013 XVIII ENCONTRO NACIONAL DAS ACERVAS 2025 - ACervA Paulista\",\"description\":\"Descri\\u00e7\\u00e3o do evento Festa de Confraterniza\\u00e7\\u00e3o - XVIII Encontro Nacional das ACervAs - S\\u00e3o Paulo 2025 No dia 21 de Junho, a partir das 15h, junte-se a n\\u00f3s para a t\\u00e3o aguardada festa do confraterniza\\u00e7\\u00e3o. Com uma atmosfera animada e descontra\\u00edda, a festa ser\\u00e1 o ponto alto do encontro, reunindo cervejeiros e entusiastas de todo\",\"inLanguage\":\"pt-BR\",\"isPartOf\":{\"@id\":\"https:\\\/\\\/acervapaulista.com.br\\\/wordpress\\\/#website\"},\"breadcrumb\":{\"@id\":\"https:\\\/\\\/acervapaulista.com.br\\\/wordpress\\\/evento\\\/festa-de-confraternizacao-21-06-2025-xviii-encontro-nacional-das-acervas-2025\\\/#breadcrumblist\"},\"author\":{\"@id\":\"https:\\\/\\\/acervapaulista.com.br\\\/wordpress\\\/author\\\/educhp\\\/#author\"},\"creator\":{\"@id\":\"https:\\\/\\\/acervapaulista.com.br\\\/wordpress\\\/author\\\/educhp\\\/#author\"},\"image\":{\"@type\":\"ImageObject\",\"url\":\"https:\\\/\\\/acervapaulista.com.br\\\/wordpress\\\/wp-content\\\/uploads\\\/2025\\\/04\\\/Banner-Certo-Sympla-1600-x-838-9.png\",\"@id\":\"https:\\\/\\\/acervapaulista.com.br\\\/wordpress\\\/evento\\\/festa-de-confraternizacao-21-06-2025-xviii-encontro-nacional-das-acervas-2025\\\/#mainImage\",\"width\":1600,\"height\":838},\"primaryImageOfPage\":{\"@id\":\"https:\\\/\\\/acervapaulista.com.br\\\/wordpress\\\/evento\\\/festa-de-confraternizacao-21-06-2025-xviii-encontro-nacional-das-acervas-2025\\\/#mainImage\"},\"datePublished\":\"2025-04-09T09:47:29-03:00\",\"dateModified\":\"2025-04-09T09:47:29-03:00\"},{\"@type\":\"WebSite\",\"@id\":\"https:\\\/\\\/acervapaulista.com.br\\\/wordpress\\\/#website\",\"url\":\"https:\\\/\\\/acervapaulista.com.br\\\/wordpress\\\/\",\"name\":\"ACervA Paulista\",\"description\":\"Associa\\u00e7\\u00e3o dos Cervejeiros Artesanais Paulistas\",\"inLanguage\":\"pt-BR\",\"publisher\":{\"@id\":\"https:\\\/\\\/acervapaulista.com.br\\\/wordpress\\\/#organization\"}}]}\n\t\t<\/script>\n\t\t<!-- All in One SEO -->\n\n","aioseo_head_json":{"title":"FESTA DE CONFRATERNIZA\u00c7\u00c3O \u2013 21\/06\/2025 \u2013 XVIII ENCONTRO NACIONAL DAS ACERVAS 2025 - ACervA Paulista","description":"Descri\u00e7\u00e3o do evento Festa de Confraterniza\u00e7\u00e3o - XVIII Encontro Nacional das ACervAs - S\u00e3o Paulo 2025 No dia 21 de Junho, a partir das 15h, junte-se a n\u00f3s para a t\u00e3o aguardada festa do confraterniza\u00e7\u00e3o. Com uma atmosfera animada e descontra\u00edda, a festa ser\u00e1 o ponto alto do encontro, reunindo cervejeiros e entusiastas de todo","canonical_url":"https:\/\/acervapaulista.com.br\/wordpress\/evento\/festa-de-confraternizacao-21-06-2025-xviii-encontro-nacional-das-acervas-2025\/","robots":"max-image-preview:large","keywords":"","webmasterTools":{"miscellaneous":""},"schema":{"@context":"https:\/\/schema.org","@graph":[{"@type":"BreadcrumbList","@id":"https:\/\/acervapaulista.com.br\/wordpress\/evento\/festa-de-confraternizacao-21-06-2025-xviii-encontro-nacional-das-acervas-2025\/#breadcrumblist","itemListElement":[{"@type":"ListItem","@id":"https:\/\/acervapaulista.com.br\/wordpress#listItem","position":1,"name":"Home","item":"https:\/\/acervapaulista.com.br\/wordpress","nextItem":{"@type":"ListItem","@id":"https:\/\/acervapaulista.com.br\/wordpress\/eventos\/#listItem","name":"Eventos"}},{"@type":"ListItem","@id":"https:\/\/acervapaulista.com.br\/wordpress\/eventos\/#listItem","position":2,"name":"Eventos","item":"https:\/\/acervapaulista.com.br\/wordpress\/eventos\/","nextItem":{"@type":"ListItem","@id":"https:\/\/acervapaulista.com.br\/wordpress\/evento\/festa-de-confraternizacao-21-06-2025-xviii-encontro-nacional-das-acervas-2025\/#listItem","name":"FESTA DE CONFRATERNIZA\u00c7\u00c3O &#8211; 21\/06\/2025 &#8211; XVIII ENCONTRO NACIONAL DAS ACERVAS 2025"},"previousItem":{"@type":"ListItem","@id":"https:\/\/acervapaulista.com.br\/wordpress#listItem","name":"Home"}},{"@type":"ListItem","@id":"https:\/\/acervapaulista.com.br\/wordpress\/evento\/festa-de-confraternizacao-21-06-2025-xviii-encontro-nacional-das-acervas-2025\/#listItem","position":3,"name":"FESTA DE CONFRATERNIZA\u00c7\u00c3O &#8211; 21\/06\/2025 &#8211; XVIII ENCONTRO NACIONAL DAS ACERVAS 2025","previousItem":{"@type":"ListItem","@id":"https:\/\/acervapaulista.com.br\/wordpress\/eventos\/#listItem","name":"Eventos"}}]},{"@type":"Organization","@id":"https:\/\/acervapaulista.com.br\/wordpress\/#organization","name":"ACervA Paulista","description":"Associa\u00e7\u00e3o dos Cervejeiros Artesanais Paulistas","url":"https:\/\/acervapaulista.com.br\/wordpress\/"},{"@type":"Person","@id":"https:\/\/acervapaulista.com.br\/wordpress\/author\/educhp\/#author","url":"https:\/\/acervapaulista.com.br\/wordpress\/author\/educhp\/","name":"Carlos Santana","image":{"@type":"ImageObject","@id":"https:\/\/acervapaulista.com.br\/wordpress\/evento\/festa-de-confraternizacao-21-06-2025-xviii-encontro-nacional-das-acervas-2025\/#authorImage","url":"https:\/\/secure.gravatar.com\/avatar\/9bb9fc5ee33332780165f5a66181a659bda39f9fb30b1defd1d1cb01335ebd65?s=96&d=mm&r=g","width":96,"height":96,"caption":"Carlos Santana"}},{"@type":"WebPage","@id":"https:\/\/acervapaulista.com.br\/wordpress\/evento\/festa-de-confraternizacao-21-06-2025-xviii-encontro-nacional-das-acervas-2025\/#webpage","url":"https:\/\/acervapaulista.com.br\/wordpress\/evento\/festa-de-confraternizacao-21-06-2025-xviii-encontro-nacional-das-acervas-2025\/","name":"FESTA DE CONFRATERNIZA\u00c7\u00c3O \u2013 21\/06\/2025 \u2013 XVIII ENCONTRO NACIONAL DAS ACERVAS 2025 - ACervA Paulista","description":"Descri\u00e7\u00e3o do evento Festa de Confraterniza\u00e7\u00e3o - XVIII Encontro Nacional das ACervAs - S\u00e3o Paulo 2025 No dia 21 de Junho, a partir das 15h, junte-se a n\u00f3s para a t\u00e3o aguardada festa do confraterniza\u00e7\u00e3o. Com uma atmosfera animada e descontra\u00edda, a festa ser\u00e1 o ponto alto do encontro, reunindo cervejeiros e entusiastas de todo","inLanguage":"pt-BR","isPartOf":{"@id":"https:\/\/acervapaulista.com.br\/wordpress\/#website"},"breadcrumb":{"@id":"https:\/\/acervapaulista.com.br\/wordpress\/evento\/festa-de-confraternizacao-21-06-2025-xviii-encontro-nacional-das-acervas-2025\/#breadcrumblist"},"author":{"@id":"https:\/\/acervapaulista.com.br\/wordpress\/author\/educhp\/#author"},"creator":{"@id":"https:\/\/acervapaulista.com.br\/wordpress\/author\/educhp\/#author"},"image":{"@type":"ImageObject","url":"https:\/\/acervapaulista.com.br\/wordpress\/wp-content\/uploads\/2025\/04\/Banner-Certo-Sympla-1600-x-838-9.png","@id":"https:\/\/acervapaulista.com.br\/wordpress\/evento\/festa-de-confraternizacao-21-06-2025-xviii-encontro-nacional-das-acervas-2025\/#mainImage","width":1600,"height":838},"primaryImageOfPage":{"@id":"https:\/\/acervapaulista.com.br\/wordpress\/evento\/festa-de-confraternizacao-21-06-2025-xviii-encontro-nacional-das-acervas-2025\/#mainImage"},"datePublished":"2025-04-09T09:47:29-03:00","dateModified":"2025-04-09T09:47:29-03:00"},{"@type":"WebSite","@id":"https:\/\/acervapaulista.com.br\/wordpress\/#website","url":"https:\/\/acervapaulista.com.br\/wordpress\/","name":"ACervA Paulista","description":"Associa\u00e7\u00e3o dos Cervejeiros Artesanais Paulistas","inLanguage":"pt-BR","publisher":{"@id":"https:\/\/acervapaulista.com.br\/wordpress\/#organization"}}]},"og:locale":"pt_BR","og:site_name":"ACervA Paulista - Associa\u00e7\u00e3o dos Cervejeiros Artesanais Paulistas","og:type":"article","og:title":"FESTA DE CONFRATERNIZA\u00c7\u00c3O \u2013 21\/06\/2025 \u2013 XVIII ENCONTRO NACIONAL DAS ACERVAS 2025 - ACervA Paulista","og:description":"Descri\u00e7\u00e3o do evento Festa de Confraterniza\u00e7\u00e3o - XVIII Encontro Nacional das ACervAs - S\u00e3o Paulo 2025 No dia 21 de Junho, a partir das 15h, junte-se a n\u00f3s para a t\u00e3o aguardada festa do confraterniza\u00e7\u00e3o. Com uma atmosfera animada e descontra\u00edda, a festa ser\u00e1 o ponto alto do encontro, reunindo cervejeiros e entusiastas de todo","og:url":"https:\/\/acervapaulista.com.br\/wordpress\/evento\/festa-de-confraternizacao-21-06-2025-xviii-encontro-nacional-das-acervas-2025\/","article:published_time":"2025-04-09T12:47:29+00:00","article:modified_time":"2025-04-09T12:47:29+00:00","twitter:card":"summary_large_image","twitter:title":"FESTA DE CONFRATERNIZA\u00c7\u00c3O \u2013 21\/06\/2025 \u2013 XVIII ENCONTRO NACIONAL DAS ACERVAS 2025 - ACervA Paulista","twitter:description":"Descri\u00e7\u00e3o do evento Festa de Confraterniza\u00e7\u00e3o - XVIII Encontro Nacional das ACervAs - S\u00e3o Paulo 2025 No dia 21 de Junho, a partir das 15h, junte-se a n\u00f3s para a t\u00e3o aguardada festa do confraterniza\u00e7\u00e3o. Com uma atmosfera animada e descontra\u00edda, a festa ser\u00e1 o ponto alto do encontro, reunindo cervejeiros e entusiastas de todo"},"aioseo_meta_data":{"post_id":"8213","title":null,"description":null,"keywords":null,"keyphrases":{"focus":{"keyphrase":"","score":0,"analysis":{"keyphraseInTitle":{"score":0,"maxScore":9,"error":1}}},"additional":[]},"primary_term":null,"canonical_url":null,"og_title":null,"og_description":null,"og_object_type":"default","og_image_type":"default","og_image_url":null,"og_image_width":null,"og_image_height":null,"og_image_custom_url":null,"og_image_custom_fields":null,"og_video":"","og_custom_url":null,"og_article_section":null,"og_article_tags":null,"twitter_use_og":false,"twitter_card":"default","twitter_image_type":"default","twitter_image_url":null,"twitter_image_custom_url":null,"twitter_image_custom_fields":null,"twitter_title":null,"twitter_description":null,"schema":{"blockGraphs":[],"customGraphs":[],"default":{"data":{"Article":[],"Course":[],"Dataset":[],"FAQPage":[],"Movie":[],"Person":[],"Product":[],"ProductReview":[],"Car":[],"Recipe":[],"Service":[],"SoftwareApplication":[],"WebPage":[]},"graphName":"WebPage","isEnabled":true},"graphs":[]},"schema_type":"default","schema_type_options":null,"pillar_content":false,"robots_default":true,"robots_noindex":false,"robots_noarchive":false,"robots_nosnippet":false,"robots_nofollow":false,"robots_noimageindex":false,"robots_noodp":false,"robots_notranslate":false,"robots_max_snippet":"-1","robots_max_videopreview":"-1","robots_max_imagepreview":"large","priority":null,"frequency":"default","local_seo":null,"breadcrumb_settings":null,"limit_modified_date":false,"ai":null,"created":"2025-04-09 12:47:29","updated":"2025-09-06 13:36:22","seo_analyzer_scan_date":null},"aioseo_breadcrumb":"<div class=\"aioseo-breadcrumbs\"><span class=\"aioseo-breadcrumb\">\n\t\t\t<a href=\"https:\/\/acervapaulista.com.br\/wordpress\" title=\"Home\">Home<\/a>\n\t\t<\/span><span class=\"aioseo-breadcrumb-separator\">&raquo;<\/span><span class=\"aioseo-breadcrumb\">\n\t\t\t<a href=\"https:\/\/acervapaulista.com.br\/wordpress\/eventos\/\" title=\"Eventos\">Eventos<\/a>\n\t\t<\/span><span class=\"aioseo-breadcrumb-separator\">&raquo;<\/span><span class=\"aioseo-breadcrumb\">\n\t\t\tFESTA DE CONFRATERNIZA\u00c7\u00c3O \u2013 21\/06\/2025 \u2013 XVIII ENCONTRO NACIONAL DAS ACERVAS 2025\n\t\t<\/span><\/div>","aioseo_breadcrumb_json":[{"label":"Home","link":"https:\/\/acervapaulista.com.br\/wordpress"},{"label":"Eventos","link":"https:\/\/acervapaulista.com.br\/wordpress\/eventos\/"},{"label":"FESTA DE CONFRATERNIZA\u00c7\u00c3O &#8211; 21\/06\/2025 &#8211; XVIII ENCONTRO NACIONAL DAS ACERVAS 2025","link":"https:\/\/acervapaulista.com.br\/wordpress\/evento\/festa-de-confraternizacao-21-06-2025-xviii-encontro-nacional-das-acervas-2025\/"}],"ticketed":false,"_links":{"self":[{"href":"https:\/\/acervapaulista.com.br\/wordpress\/wp-json\/wp\/v2\/tribe_events\/8213","targetHints":{"allow":["GET"]}}],"collection":[{"href":"https:\/\/acervapaulista.com.br\/wordpress\/wp-json\/wp\/v2\/tribe_events"}],"about":[{"href":"https:\/\/acervapaulista.com.br\/wordpress\/wp-json\/wp\/v2\/types\/tribe_events"}],"author":[{"embeddable":true,"href":"https:\/\/acervapaulista.com.br\/wordpress\/wp-json\/wp\/v2\/users\/84"}],"version-history":[{"count":1,"href":"https:\/\/acervapaulista.com.br\/wordpress\/wp-json\/wp\/v2\/tribe_events\/8213\/revisions"}],"predecessor-version":[{"id":8214,"href":"https:\/\/acervapaulista.com.br\/wordpress\/wp-json\/wp\/v2\/tribe_events\/8213\/revisions\/8214"}],"wp:featuredmedia":[{"embeddable":true,"href":"https:\/\/acervapaulista.com.br\/wordpress\/wp-json\/wp\/v2\/media\/8201"}],"wp:attachment":[{"href":"https:\/\/acervapaulista.com.br\/wordpress\/wp-json\/wp\/v2\/media?parent=8213"}],"wp:term":[{"taxonomy":"post_tag","embeddable":true,"href":"https:\/\/acervapaulista.com.br\/wordpress\/wp-json\/wp\/v2\/tags?post=8213"},{"taxonomy":"tribe_events_cat","embeddable":true,"href":"https:\/\/acervapaulista.com.br\/wordpress\/wp-json\/wp\/v2\/tribe_events_cat?post=8213"}],"curies":[{"name":"wp","href":"https:\/\/api.w.org\/{rel}","templated":true}]}}