{"id":7796,"date":"2024-09-27T21:28:50","date_gmt":"2024-09-28T00:28:50","guid":{"rendered":"https:\/\/acervapaulista.com.br\/wordpress\/?post_type=tribe_events&#038;p=7796"},"modified":"2024-09-27T21:28:50","modified_gmt":"2024-09-28T00:28:50","slug":"brassagem-de-boas-vindas-na-grifo-beer-em-valinhos","status":"publish","type":"tribe_events","link":"https:\/\/acervapaulista.com.br\/wordpress\/evento\/brassagem-de-boas-vindas-na-grifo-beer-em-valinhos\/","title":{"rendered":"Brassagem de Boas-Vindas na Grifo Beer em Valinhos"},"content":{"rendered":"<p>Vamos continuar a expans\u00e3o e presen\u00e7a da associa\u00e7\u00e3o no interior!<\/p>\n<p>O nosso Coordenador regional @Antonio Henrique ACervA Antonio &#8220;Cerva Bruxo&#8221;, vai brassar uma Belgian Dubbel com os novos associados Jo\u00e3o Lu\u00eds e Welton @Jo\u00e3o Lu\u00eds ACervA Valinhos @Welton ACervA Campinas \ud83c\udf7b\ud83d\udd25<\/p>\n<p>Informa\u00e7\u00f5es<br \/>\nData: 05\/10\/2024<br \/>\nIn\u00edcio: 11h<br \/>\nLocal: Grifo Beer Cervejaria Artesanal<br \/>\nEndere\u00e7o: Av. Joaquim Alves Corr\u00eaa, 4617 &#8211; Jardim Santo Antonio, Valinhos &#8211; SP, 13277-055<br \/>\nInsta: <a href=\"https:\/\/www.instagram.com\/grifobeer\/\">@grifobeer<\/a><\/p>\n<p>#issoeacervapaulista<\/p>\n","protected":false},"excerpt":{"rendered":"<p>Vamos continuar a expans\u00e3o e presen\u00e7a da associa\u00e7\u00e3o no interior! O nosso Coordenador regional @Antonio Henrique ACervA Antonio &#8220;Cerva Bruxo&#8221;, vai brassar uma Belgian Dubbel com os novos associados Jo\u00e3o Lu\u00eds e Welton @Jo\u00e3o Lu\u00eds ACervA Valinhos @Welton ACervA Campinas \ud83c\udf7b\ud83d\udd25 Informa\u00e7\u00f5es Data: 05\/10\/2024 In\u00edcio: 11h Local: Grifo Beer Cervejaria Artesanal Endere\u00e7o: Av. Joaquim Alves Corr\u00eaa, 4617 &#8211; Jardim Santo Antonio, Valinhos &#8211; SP, 13277-055 Insta: @grifobeer #issoeacervapaulista<\/p>\n","protected":false},"author":84,"featured_media":7781,"template":"","meta":{"pmpro_default_level":"","_price":"","_stock":"","_tribe_ticket_header":"","_tribe_default_ticket_provider":"","_tribe_ticket_capacity":"0","_ticket_start_date":"","_ticket_end_date":"","_tribe_ticket_show_description":"","_tribe_ticket_show_not_going":false,"_tribe_ticket_use_global_stock":"","_tribe_ticket_global_stock_level":"","_global_stock_mode":"","_global_stock_cap":"","_tribe_rsvp_for_event":"","_tribe_ticket_going_count":"","_tribe_ticket_not_going_count":"","_tribe_tickets_list":"[]","_tribe_ticket_has_attendee_info_fields":false,"_tribe_events_status":"","_tribe_events_status_reason":"","footnotes":"","_tec_slr_enabled":"","_tec_slr_layout":""},"tags":[],"tribe_events_cat":[42],"class_list":["post-7796","tribe_events","type-tribe_events","status-publish","has-post-thumbnail","hentry","tribe_events_cat-encontro","pmpro-has-access","cat_encontro"],"aioseo_notices":[],"aioseo_head":"\n\t\t<!-- All in One SEO 4.9.10 - aioseo.com -->\n\t<meta name=\"description\" content=\"Vamos continuar a expans\u00e3o e presen\u00e7a da associa\u00e7\u00e3o no interior! O nosso Coordenador regional @Antonio Henrique ACervA Antonio &quot;Cerva Bruxo&quot;, vai brassar uma Belgian Dubbel com os novos associados Jo\u00e3o Lu\u00eds e Welton @Jo\u00e3o Lu\u00eds ACervA Valinhos @Welton ACervA Campinas \ud83c\udf7b\ud83d\udd25 Informa\u00e7\u00f5es Data: 05\/10\/2024 In\u00edcio: 11h Local: Grifo Beer Cervejaria Artesanal Endere\u00e7o: Av. Joaquim Alves\" \/>\n\t<meta name=\"robots\" content=\"max-image-preview:large\" \/>\n\t<meta name=\"author\" content=\"Carlos Santana\"\/>\n\t<link rel=\"canonical\" href=\"https:\/\/acervapaulista.com.br\/wordpress\/evento\/brassagem-de-boas-vindas-na-grifo-beer-em-valinhos\/\" \/>\n\t<meta name=\"generator\" content=\"All in One SEO (AIOSEO) 4.9.10\" \/>\n\t\t<meta property=\"og:locale\" content=\"pt_BR\" \/>\n\t\t<meta property=\"og:site_name\" content=\"ACervA Paulista - Associa\u00e7\u00e3o dos Cervejeiros Artesanais Paulistas\" \/>\n\t\t<meta property=\"og:type\" content=\"article\" \/>\n\t\t<meta property=\"og:title\" content=\"Brassagem de Boas-Vindas na Grifo Beer em Valinhos - ACervA Paulista\" \/>\n\t\t<meta property=\"og:description\" content=\"Vamos continuar a expans\u00e3o e presen\u00e7a da associa\u00e7\u00e3o no interior! O nosso Coordenador regional @Antonio Henrique ACervA Antonio &quot;Cerva Bruxo&quot;, vai brassar uma Belgian Dubbel com os novos associados Jo\u00e3o Lu\u00eds e Welton @Jo\u00e3o Lu\u00eds ACervA Valinhos @Welton ACervA Campinas \ud83c\udf7b\ud83d\udd25 Informa\u00e7\u00f5es Data: 05\/10\/2024 In\u00edcio: 11h Local: Grifo Beer Cervejaria Artesanal Endere\u00e7o: Av. Joaquim Alves\" \/>\n\t\t<meta property=\"og:url\" content=\"https:\/\/acervapaulista.com.br\/wordpress\/evento\/brassagem-de-boas-vindas-na-grifo-beer-em-valinhos\/\" \/>\n\t\t<meta property=\"article:published_time\" content=\"2024-09-28T00:28:50+00:00\" \/>\n\t\t<meta property=\"article:modified_time\" content=\"2024-09-28T00:28:50+00:00\" \/>\n\t\t<meta name=\"twitter:card\" content=\"summary_large_image\" \/>\n\t\t<meta name=\"twitter:title\" content=\"Brassagem de Boas-Vindas na Grifo Beer em Valinhos - ACervA Paulista\" \/>\n\t\t<meta name=\"twitter:description\" content=\"Vamos continuar a expans\u00e3o e presen\u00e7a da associa\u00e7\u00e3o no interior! O nosso Coordenador regional @Antonio Henrique ACervA Antonio &quot;Cerva Bruxo&quot;, vai brassar uma Belgian Dubbel com os novos associados Jo\u00e3o Lu\u00eds e Welton @Jo\u00e3o Lu\u00eds ACervA Valinhos @Welton ACervA Campinas \ud83c\udf7b\ud83d\udd25 Informa\u00e7\u00f5es Data: 05\/10\/2024 In\u00edcio: 11h Local: Grifo Beer Cervejaria Artesanal Endere\u00e7o: Av. Joaquim Alves\" \/>\n\t\t<script type=\"application\/ld+json\" class=\"aioseo-schema\">\n\t\t\t{\"@context\":\"https:\\\/\\\/schema.org\",\"@graph\":[{\"@type\":\"BreadcrumbList\",\"@id\":\"https:\\\/\\\/acervapaulista.com.br\\\/wordpress\\\/evento\\\/brassagem-de-boas-vindas-na-grifo-beer-em-valinhos\\\/#breadcrumblist\",\"itemListElement\":[{\"@type\":\"ListItem\",\"@id\":\"https:\\\/\\\/acervapaulista.com.br\\\/wordpress#listItem\",\"position\":1,\"name\":\"Home\",\"item\":\"https:\\\/\\\/acervapaulista.com.br\\\/wordpress\",\"nextItem\":{\"@type\":\"ListItem\",\"@id\":\"https:\\\/\\\/acervapaulista.com.br\\\/wordpress\\\/eventos\\\/#listItem\",\"name\":\"Eventos\"}},{\"@type\":\"ListItem\",\"@id\":\"https:\\\/\\\/acervapaulista.com.br\\\/wordpress\\\/eventos\\\/#listItem\",\"position\":2,\"name\":\"Eventos\",\"item\":\"https:\\\/\\\/acervapaulista.com.br\\\/wordpress\\\/eventos\\\/\",\"nextItem\":{\"@type\":\"ListItem\",\"@id\":\"https:\\\/\\\/acervapaulista.com.br\\\/wordpress\\\/eventos\\\/categoria\\\/encontro\\\/#listItem\",\"name\":\"Encontro\"},\"previousItem\":{\"@type\":\"ListItem\",\"@id\":\"https:\\\/\\\/acervapaulista.com.br\\\/wordpress#listItem\",\"name\":\"Home\"}},{\"@type\":\"ListItem\",\"@id\":\"https:\\\/\\\/acervapaulista.com.br\\\/wordpress\\\/eventos\\\/categoria\\\/encontro\\\/#listItem\",\"position\":3,\"name\":\"Encontro\",\"item\":\"https:\\\/\\\/acervapaulista.com.br\\\/wordpress\\\/eventos\\\/categoria\\\/encontro\\\/\",\"nextItem\":{\"@type\":\"ListItem\",\"@id\":\"https:\\\/\\\/acervapaulista.com.br\\\/wordpress\\\/evento\\\/brassagem-de-boas-vindas-na-grifo-beer-em-valinhos\\\/#listItem\",\"name\":\"Brassagem de Boas-Vindas na Grifo Beer em Valinhos\"},\"previousItem\":{\"@type\":\"ListItem\",\"@id\":\"https:\\\/\\\/acervapaulista.com.br\\\/wordpress\\\/eventos\\\/#listItem\",\"name\":\"Eventos\"}},{\"@type\":\"ListItem\",\"@id\":\"https:\\\/\\\/acervapaulista.com.br\\\/wordpress\\\/evento\\\/brassagem-de-boas-vindas-na-grifo-beer-em-valinhos\\\/#listItem\",\"position\":4,\"name\":\"Brassagem de Boas-Vindas na Grifo Beer em Valinhos\",\"previousItem\":{\"@type\":\"ListItem\",\"@id\":\"https:\\\/\\\/acervapaulista.com.br\\\/wordpress\\\/eventos\\\/categoria\\\/encontro\\\/#listItem\",\"name\":\"Encontro\"}}]},{\"@type\":\"Organization\",\"@id\":\"https:\\\/\\\/acervapaulista.com.br\\\/wordpress\\\/#organization\",\"name\":\"ACervA Paulista\",\"description\":\"Associa\\u00e7\\u00e3o dos Cervejeiros Artesanais Paulistas\",\"url\":\"https:\\\/\\\/acervapaulista.com.br\\\/wordpress\\\/\"},{\"@type\":\"Person\",\"@id\":\"https:\\\/\\\/acervapaulista.com.br\\\/wordpress\\\/author\\\/educhp\\\/#author\",\"url\":\"https:\\\/\\\/acervapaulista.com.br\\\/wordpress\\\/author\\\/educhp\\\/\",\"name\":\"Carlos Santana\",\"image\":{\"@type\":\"ImageObject\",\"@id\":\"https:\\\/\\\/acervapaulista.com.br\\\/wordpress\\\/evento\\\/brassagem-de-boas-vindas-na-grifo-beer-em-valinhos\\\/#authorImage\",\"url\":\"https:\\\/\\\/secure.gravatar.com\\\/avatar\\\/9bb9fc5ee33332780165f5a66181a659bda39f9fb30b1defd1d1cb01335ebd65?s=96&d=mm&r=g\",\"width\":96,\"height\":96,\"caption\":\"Carlos Santana\"}},{\"@type\":\"WebPage\",\"@id\":\"https:\\\/\\\/acervapaulista.com.br\\\/wordpress\\\/evento\\\/brassagem-de-boas-vindas-na-grifo-beer-em-valinhos\\\/#webpage\",\"url\":\"https:\\\/\\\/acervapaulista.com.br\\\/wordpress\\\/evento\\\/brassagem-de-boas-vindas-na-grifo-beer-em-valinhos\\\/\",\"name\":\"Brassagem de Boas-Vindas na Grifo Beer em Valinhos - ACervA Paulista\",\"description\":\"Vamos continuar a expans\\u00e3o e presen\\u00e7a da associa\\u00e7\\u00e3o no interior! O nosso Coordenador regional @Antonio Henrique ACervA Antonio \\\"Cerva Bruxo\\\", vai brassar uma Belgian Dubbel com os novos associados Jo\\u00e3o Lu\\u00eds e Welton @Jo\\u00e3o Lu\\u00eds ACervA Valinhos @Welton ACervA Campinas \\ud83c\\udf7b\\ud83d\\udd25 Informa\\u00e7\\u00f5es Data: 05\\\/10\\\/2024 In\\u00edcio: 11h Local: Grifo Beer Cervejaria Artesanal Endere\\u00e7o: Av. Joaquim Alves\",\"inLanguage\":\"pt-BR\",\"isPartOf\":{\"@id\":\"https:\\\/\\\/acervapaulista.com.br\\\/wordpress\\\/#website\"},\"breadcrumb\":{\"@id\":\"https:\\\/\\\/acervapaulista.com.br\\\/wordpress\\\/evento\\\/brassagem-de-boas-vindas-na-grifo-beer-em-valinhos\\\/#breadcrumblist\"},\"author\":{\"@id\":\"https:\\\/\\\/acervapaulista.com.br\\\/wordpress\\\/author\\\/educhp\\\/#author\"},\"creator\":{\"@id\":\"https:\\\/\\\/acervapaulista.com.br\\\/wordpress\\\/author\\\/educhp\\\/#author\"},\"image\":{\"@type\":\"ImageObject\",\"url\":\"https:\\\/\\\/acervapaulista.com.br\\\/wordpress\\\/wp-content\\\/uploads\\\/2024\\\/09\\\/Regionais-10.png\",\"@id\":\"https:\\\/\\\/acervapaulista.com.br\\\/wordpress\\\/evento\\\/brassagem-de-boas-vindas-na-grifo-beer-em-valinhos\\\/#mainImage\",\"width\":1080,\"height\":1080},\"primaryImageOfPage\":{\"@id\":\"https:\\\/\\\/acervapaulista.com.br\\\/wordpress\\\/evento\\\/brassagem-de-boas-vindas-na-grifo-beer-em-valinhos\\\/#mainImage\"},\"datePublished\":\"2024-09-27T21:28:50-03:00\",\"dateModified\":\"2024-09-27T21:28:50-03:00\"},{\"@type\":\"WebSite\",\"@id\":\"https:\\\/\\\/acervapaulista.com.br\\\/wordpress\\\/#website\",\"url\":\"https:\\\/\\\/acervapaulista.com.br\\\/wordpress\\\/\",\"name\":\"ACervA Paulista\",\"description\":\"Associa\\u00e7\\u00e3o dos Cervejeiros Artesanais Paulistas\",\"inLanguage\":\"pt-BR\",\"publisher\":{\"@id\":\"https:\\\/\\\/acervapaulista.com.br\\\/wordpress\\\/#organization\"}}]}\n\t\t<\/script>\n\t\t<!-- All in One SEO -->\n\n","aioseo_head_json":{"title":"Brassagem de Boas-Vindas na Grifo Beer em Valinhos - ACervA Paulista","description":"Vamos continuar a expans\u00e3o e presen\u00e7a da associa\u00e7\u00e3o no interior! O nosso Coordenador regional @Antonio Henrique ACervA Antonio \"Cerva Bruxo\", vai brassar uma Belgian Dubbel com os novos associados Jo\u00e3o Lu\u00eds e Welton @Jo\u00e3o Lu\u00eds ACervA Valinhos @Welton ACervA Campinas \ud83c\udf7b\ud83d\udd25 Informa\u00e7\u00f5es Data: 05\/10\/2024 In\u00edcio: 11h Local: Grifo Beer Cervejaria Artesanal Endere\u00e7o: Av. Joaquim Alves","canonical_url":"https:\/\/acervapaulista.com.br\/wordpress\/evento\/brassagem-de-boas-vindas-na-grifo-beer-em-valinhos\/","robots":"max-image-preview:large","keywords":"","webmasterTools":{"miscellaneous":""},"schema":{"@context":"https:\/\/schema.org","@graph":[{"@type":"BreadcrumbList","@id":"https:\/\/acervapaulista.com.br\/wordpress\/evento\/brassagem-de-boas-vindas-na-grifo-beer-em-valinhos\/#breadcrumblist","itemListElement":[{"@type":"ListItem","@id":"https:\/\/acervapaulista.com.br\/wordpress#listItem","position":1,"name":"Home","item":"https:\/\/acervapaulista.com.br\/wordpress","nextItem":{"@type":"ListItem","@id":"https:\/\/acervapaulista.com.br\/wordpress\/eventos\/#listItem","name":"Eventos"}},{"@type":"ListItem","@id":"https:\/\/acervapaulista.com.br\/wordpress\/eventos\/#listItem","position":2,"name":"Eventos","item":"https:\/\/acervapaulista.com.br\/wordpress\/eventos\/","nextItem":{"@type":"ListItem","@id":"https:\/\/acervapaulista.com.br\/wordpress\/eventos\/categoria\/encontro\/#listItem","name":"Encontro"},"previousItem":{"@type":"ListItem","@id":"https:\/\/acervapaulista.com.br\/wordpress#listItem","name":"Home"}},{"@type":"ListItem","@id":"https:\/\/acervapaulista.com.br\/wordpress\/eventos\/categoria\/encontro\/#listItem","position":3,"name":"Encontro","item":"https:\/\/acervapaulista.com.br\/wordpress\/eventos\/categoria\/encontro\/","nextItem":{"@type":"ListItem","@id":"https:\/\/acervapaulista.com.br\/wordpress\/evento\/brassagem-de-boas-vindas-na-grifo-beer-em-valinhos\/#listItem","name":"Brassagem de Boas-Vindas na Grifo Beer em Valinhos"},"previousItem":{"@type":"ListItem","@id":"https:\/\/acervapaulista.com.br\/wordpress\/eventos\/#listItem","name":"Eventos"}},{"@type":"ListItem","@id":"https:\/\/acervapaulista.com.br\/wordpress\/evento\/brassagem-de-boas-vindas-na-grifo-beer-em-valinhos\/#listItem","position":4,"name":"Brassagem de Boas-Vindas na Grifo Beer em Valinhos","previousItem":{"@type":"ListItem","@id":"https:\/\/acervapaulista.com.br\/wordpress\/eventos\/categoria\/encontro\/#listItem","name":"Encontro"}}]},{"@type":"Organization","@id":"https:\/\/acervapaulista.com.br\/wordpress\/#organization","name":"ACervA Paulista","description":"Associa\u00e7\u00e3o dos Cervejeiros Artesanais Paulistas","url":"https:\/\/acervapaulista.com.br\/wordpress\/"},{"@type":"Person","@id":"https:\/\/acervapaulista.com.br\/wordpress\/author\/educhp\/#author","url":"https:\/\/acervapaulista.com.br\/wordpress\/author\/educhp\/","name":"Carlos Santana","image":{"@type":"ImageObject","@id":"https:\/\/acervapaulista.com.br\/wordpress\/evento\/brassagem-de-boas-vindas-na-grifo-beer-em-valinhos\/#authorImage","url":"https:\/\/secure.gravatar.com\/avatar\/9bb9fc5ee33332780165f5a66181a659bda39f9fb30b1defd1d1cb01335ebd65?s=96&d=mm&r=g","width":96,"height":96,"caption":"Carlos Santana"}},{"@type":"WebPage","@id":"https:\/\/acervapaulista.com.br\/wordpress\/evento\/brassagem-de-boas-vindas-na-grifo-beer-em-valinhos\/#webpage","url":"https:\/\/acervapaulista.com.br\/wordpress\/evento\/brassagem-de-boas-vindas-na-grifo-beer-em-valinhos\/","name":"Brassagem de Boas-Vindas na Grifo Beer em Valinhos - ACervA Paulista","description":"Vamos continuar a expans\u00e3o e presen\u00e7a da associa\u00e7\u00e3o no interior! O nosso Coordenador regional @Antonio Henrique ACervA Antonio \"Cerva Bruxo\", vai brassar uma Belgian Dubbel com os novos associados Jo\u00e3o Lu\u00eds e Welton @Jo\u00e3o Lu\u00eds ACervA Valinhos @Welton ACervA Campinas \ud83c\udf7b\ud83d\udd25 Informa\u00e7\u00f5es Data: 05\/10\/2024 In\u00edcio: 11h Local: Grifo Beer Cervejaria Artesanal Endere\u00e7o: Av. Joaquim Alves","inLanguage":"pt-BR","isPartOf":{"@id":"https:\/\/acervapaulista.com.br\/wordpress\/#website"},"breadcrumb":{"@id":"https:\/\/acervapaulista.com.br\/wordpress\/evento\/brassagem-de-boas-vindas-na-grifo-beer-em-valinhos\/#breadcrumblist"},"author":{"@id":"https:\/\/acervapaulista.com.br\/wordpress\/author\/educhp\/#author"},"creator":{"@id":"https:\/\/acervapaulista.com.br\/wordpress\/author\/educhp\/#author"},"image":{"@type":"ImageObject","url":"https:\/\/acervapaulista.com.br\/wordpress\/wp-content\/uploads\/2024\/09\/Regionais-10.png","@id":"https:\/\/acervapaulista.com.br\/wordpress\/evento\/brassagem-de-boas-vindas-na-grifo-beer-em-valinhos\/#mainImage","width":1080,"height":1080},"primaryImageOfPage":{"@id":"https:\/\/acervapaulista.com.br\/wordpress\/evento\/brassagem-de-boas-vindas-na-grifo-beer-em-valinhos\/#mainImage"},"datePublished":"2024-09-27T21:28:50-03:00","dateModified":"2024-09-27T21:28:50-03:00"},{"@type":"WebSite","@id":"https:\/\/acervapaulista.com.br\/wordpress\/#website","url":"https:\/\/acervapaulista.com.br\/wordpress\/","name":"ACervA Paulista","description":"Associa\u00e7\u00e3o dos Cervejeiros Artesanais Paulistas","inLanguage":"pt-BR","publisher":{"@id":"https:\/\/acervapaulista.com.br\/wordpress\/#organization"}}]},"og:locale":"pt_BR","og:site_name":"ACervA Paulista - Associa\u00e7\u00e3o dos Cervejeiros Artesanais Paulistas","og:type":"article","og:title":"Brassagem de Boas-Vindas na Grifo Beer em Valinhos - ACervA Paulista","og:description":"Vamos continuar a expans\u00e3o e presen\u00e7a da associa\u00e7\u00e3o no interior! O nosso Coordenador regional @Antonio Henrique ACervA Antonio &quot;Cerva Bruxo&quot;, vai brassar uma Belgian Dubbel com os novos associados Jo\u00e3o Lu\u00eds e Welton @Jo\u00e3o Lu\u00eds ACervA Valinhos @Welton ACervA Campinas \ud83c\udf7b\ud83d\udd25 Informa\u00e7\u00f5es Data: 05\/10\/2024 In\u00edcio: 11h Local: Grifo Beer Cervejaria Artesanal Endere\u00e7o: Av. Joaquim Alves","og:url":"https:\/\/acervapaulista.com.br\/wordpress\/evento\/brassagem-de-boas-vindas-na-grifo-beer-em-valinhos\/","article:published_time":"2024-09-28T00:28:50+00:00","article:modified_time":"2024-09-28T00:28:50+00:00","twitter:card":"summary_large_image","twitter:title":"Brassagem de Boas-Vindas na Grifo Beer em Valinhos - ACervA Paulista","twitter:description":"Vamos continuar a expans\u00e3o e presen\u00e7a da associa\u00e7\u00e3o no interior! O nosso Coordenador regional @Antonio Henrique ACervA Antonio &quot;Cerva Bruxo&quot;, vai brassar uma Belgian Dubbel com os novos associados Jo\u00e3o Lu\u00eds e Welton @Jo\u00e3o Lu\u00eds ACervA Valinhos @Welton ACervA Campinas \ud83c\udf7b\ud83d\udd25 Informa\u00e7\u00f5es Data: 05\/10\/2024 In\u00edcio: 11h Local: Grifo Beer Cervejaria Artesanal Endere\u00e7o: Av. Joaquim Alves"},"aioseo_meta_data":{"post_id":"7796","title":null,"description":null,"keywords":null,"keyphrases":{"focus":{"keyphrase":"","score":0,"analysis":{"keyphraseInTitle":{"score":0,"maxScore":9,"error":1}}},"additional":[]},"primary_term":null,"canonical_url":null,"og_title":null,"og_description":null,"og_object_type":"default","og_image_type":"default","og_image_url":null,"og_image_width":null,"og_image_height":null,"og_image_custom_url":null,"og_image_custom_fields":null,"og_video":"","og_custom_url":null,"og_article_section":null,"og_article_tags":null,"twitter_use_og":false,"twitter_card":"default","twitter_image_type":"default","twitter_image_url":null,"twitter_image_custom_url":null,"twitter_image_custom_fields":null,"twitter_title":null,"twitter_description":null,"schema":{"blockGraphs":[],"customGraphs":[],"default":{"data":{"Article":[],"Course":[],"Dataset":[],"FAQPage":[],"Movie":[],"Person":[],"Product":[],"ProductReview":[],"Car":[],"Recipe":[],"Service":[],"SoftwareApplication":[],"WebPage":[]},"graphName":"WebPage","isEnabled":true},"graphs":[]},"schema_type":"default","schema_type_options":null,"pillar_content":false,"robots_default":true,"robots_noindex":false,"robots_noarchive":false,"robots_nosnippet":false,"robots_nofollow":false,"robots_noimageindex":false,"robots_noodp":false,"robots_notranslate":false,"robots_max_snippet":"-1","robots_max_videopreview":"-1","robots_max_imagepreview":"large","priority":null,"frequency":"default","local_seo":null,"breadcrumb_settings":null,"limit_modified_date":false,"ai":null,"created":"2024-09-28 00:28:33","updated":"2025-09-06 13:34:17","seo_analyzer_scan_date":null},"aioseo_breadcrumb":"<div class=\"aioseo-breadcrumbs\"><span class=\"aioseo-breadcrumb\">\n\t\t\t<a href=\"https:\/\/acervapaulista.com.br\/wordpress\" title=\"Home\">Home<\/a>\n\t\t<\/span><span class=\"aioseo-breadcrumb-separator\">&raquo;<\/span><span class=\"aioseo-breadcrumb\">\n\t\t\t<a href=\"https:\/\/acervapaulista.com.br\/wordpress\/eventos\/\" title=\"Eventos\">Eventos<\/a>\n\t\t<\/span><span class=\"aioseo-breadcrumb-separator\">&raquo;<\/span><span class=\"aioseo-breadcrumb\">\n\t\t\t<a href=\"https:\/\/acervapaulista.com.br\/wordpress\/eventos\/categoria\/encontro\/\" title=\"Encontro\">Encontro<\/a>\n\t\t<\/span><span class=\"aioseo-breadcrumb-separator\">&raquo;<\/span><span class=\"aioseo-breadcrumb\">\n\t\t\tBrassagem de Boas-Vindas na Grifo Beer em Valinhos\n\t\t<\/span><\/div>","aioseo_breadcrumb_json":[{"label":"Home","link":"https:\/\/acervapaulista.com.br\/wordpress"},{"label":"Eventos","link":"https:\/\/acervapaulista.com.br\/wordpress\/eventos\/"},{"label":"Encontro","link":"https:\/\/acervapaulista.com.br\/wordpress\/eventos\/categoria\/encontro\/"},{"label":"Brassagem de Boas-Vindas na Grifo Beer em Valinhos","link":"https:\/\/acervapaulista.com.br\/wordpress\/evento\/brassagem-de-boas-vindas-na-grifo-beer-em-valinhos\/"}],"ticketed":false,"_links":{"self":[{"href":"https:\/\/acervapaulista.com.br\/wordpress\/wp-json\/wp\/v2\/tribe_events\/7796","targetHints":{"allow":["GET"]}}],"collection":[{"href":"https:\/\/acervapaulista.com.br\/wordpress\/wp-json\/wp\/v2\/tribe_events"}],"about":[{"href":"https:\/\/acervapaulista.com.br\/wordpress\/wp-json\/wp\/v2\/types\/tribe_events"}],"author":[{"embeddable":true,"href":"https:\/\/acervapaulista.com.br\/wordpress\/wp-json\/wp\/v2\/users\/84"}],"version-history":[{"count":1,"href":"https:\/\/acervapaulista.com.br\/wordpress\/wp-json\/wp\/v2\/tribe_events\/7796\/revisions"}],"predecessor-version":[{"id":7798,"href":"https:\/\/acervapaulista.com.br\/wordpress\/wp-json\/wp\/v2\/tribe_events\/7796\/revisions\/7798"}],"wp:featuredmedia":[{"embeddable":true,"href":"https:\/\/acervapaulista.com.br\/wordpress\/wp-json\/wp\/v2\/media\/7781"}],"wp:attachment":[{"href":"https:\/\/acervapaulista.com.br\/wordpress\/wp-json\/wp\/v2\/media?parent=7796"}],"wp:term":[{"taxonomy":"post_tag","embeddable":true,"href":"https:\/\/acervapaulista.com.br\/wordpress\/wp-json\/wp\/v2\/tags?post=7796"},{"taxonomy":"tribe_events_cat","embeddable":true,"href":"https:\/\/acervapaulista.com.br\/wordpress\/wp-json\/wp\/v2\/tribe_events_cat?post=7796"}],"curies":[{"name":"wp","href":"https:\/\/api.w.org\/{rel}","templated":true}]}}