{"id":7662,"date":"2024-05-15T22:16:35","date_gmt":"2024-05-16T01:16:35","guid":{"rendered":"https:\/\/acervapaulista.com.br\/wordpress\/?post_type=tribe_events&#038;p=7662"},"modified":"2024-05-15T22:16:35","modified_gmt":"2024-05-16T01:16:35","slug":"brejada-12-edicao-2024","status":"publish","type":"tribe_events","link":"https:\/\/acervapaulista.com.br\/wordpress\/evento\/brejada-12-edicao-2024\/","title":{"rendered":"BREJADA 12 &#8211; EDI\u00c7\u00c3O 2024"},"content":{"rendered":"<p>O BREJADA12 \u00e9 um festival de m\u00fasica com programa\u00e7\u00e3o diversa capaz de unir p\u00fablicos de diferentes grupos e gera\u00e7\u00f5es. Tamb\u00e9m um evento de cerveja artesanal open bar, ser\u00e3o 3 atra\u00e7\u00f5es musicais e + de 40 cervejarias participantes.<\/p>\n<p>&nbsp;<\/p>\n<p>Compre seu ingresso aqui \u2705<\/p>\n<p><a href=\"https:\/\/brejada.com\/festival\/?add-to-cart=68962&amp;aplicar_cupom=ACERVAPAULISTA\">https:\/\/brejada.com\/festival\/?add-to-cart=68962&amp;aplicar_cupom=ACERVAPAULISTA<\/a><\/p>\n","protected":false},"excerpt":{"rendered":"<p>BREJADA 12 &#8211; EDI\u00c7\u00c3O 2024<\/p>\n","protected":false},"author":84,"featured_media":7663,"template":"","meta":{"pmpro_default_level":"","_price":"","_stock":"","_tribe_ticket_header":"","_tribe_default_ticket_provider":"","_tribe_ticket_capacity":"0","_ticket_start_date":"","_ticket_end_date":"","_tribe_ticket_show_description":"","_tribe_ticket_show_not_going":false,"_tribe_ticket_use_global_stock":"","_tribe_ticket_global_stock_level":"","_global_stock_mode":"","_global_stock_cap":"","_tribe_rsvp_for_event":"","_tribe_ticket_going_count":"","_tribe_ticket_not_going_count":"","_tribe_tickets_list":"[]","_tribe_ticket_has_attendee_info_fields":false,"_tribe_events_status":"","_tribe_events_status_reason":"","footnotes":"","_tec_slr_enabled":"","_tec_slr_layout":""},"tags":[],"tribe_events_cat":[42,44],"class_list":["post-7662","tribe_events","type-tribe_events","status-publish","has-post-thumbnail","hentry","tribe_events_cat-encontro","tribe_events_cat-sao-paulo","pmpro-has-access","cat_encontro","cat_sao-paulo"],"aioseo_notices":[],"aioseo_head":"\n\t\t<!-- All in One SEO 4.9.10 - aioseo.com -->\n\t<meta name=\"description\" content=\"BREJADA 12 - EDI\u00c7\u00c3O 2024\" \/>\n\t<meta name=\"robots\" content=\"max-image-preview:large\" \/>\n\t<meta name=\"author\" content=\"Carlos Santana\"\/>\n\t<link rel=\"canonical\" href=\"https:\/\/acervapaulista.com.br\/wordpress\/evento\/brejada-12-edicao-2024\/\" \/>\n\t<meta name=\"generator\" content=\"All in One SEO (AIOSEO) 4.9.10\" \/>\n\t\t<meta property=\"og:locale\" content=\"pt_BR\" \/>\n\t\t<meta property=\"og:site_name\" content=\"ACervA Paulista - Associa\u00e7\u00e3o dos Cervejeiros Artesanais Paulistas\" \/>\n\t\t<meta property=\"og:type\" content=\"article\" \/>\n\t\t<meta property=\"og:title\" content=\"BREJADA 12 \u2013 EDI\u00c7\u00c3O 2024 - ACervA Paulista\" \/>\n\t\t<meta property=\"og:description\" content=\"BREJADA 12 - EDI\u00c7\u00c3O 2024\" \/>\n\t\t<meta property=\"og:url\" content=\"https:\/\/acervapaulista.com.br\/wordpress\/evento\/brejada-12-edicao-2024\/\" \/>\n\t\t<meta property=\"article:published_time\" content=\"2024-05-16T01:16:35+00:00\" \/>\n\t\t<meta property=\"article:modified_time\" content=\"2024-05-16T01:16:35+00:00\" \/>\n\t\t<meta name=\"twitter:card\" content=\"summary_large_image\" \/>\n\t\t<meta name=\"twitter:title\" content=\"BREJADA 12 \u2013 EDI\u00c7\u00c3O 2024 - ACervA Paulista\" \/>\n\t\t<meta name=\"twitter:description\" content=\"BREJADA 12 - EDI\u00c7\u00c3O 2024\" \/>\n\t\t<script type=\"application\/ld+json\" class=\"aioseo-schema\">\n\t\t\t{\"@context\":\"https:\\\/\\\/schema.org\",\"@graph\":[{\"@type\":\"BreadcrumbList\",\"@id\":\"https:\\\/\\\/acervapaulista.com.br\\\/wordpress\\\/evento\\\/brejada-12-edicao-2024\\\/#breadcrumblist\",\"itemListElement\":[{\"@type\":\"ListItem\",\"@id\":\"https:\\\/\\\/acervapaulista.com.br\\\/wordpress#listItem\",\"position\":1,\"name\":\"Home\",\"item\":\"https:\\\/\\\/acervapaulista.com.br\\\/wordpress\",\"nextItem\":{\"@type\":\"ListItem\",\"@id\":\"https:\\\/\\\/acervapaulista.com.br\\\/wordpress\\\/eventos\\\/#listItem\",\"name\":\"Eventos\"}},{\"@type\":\"ListItem\",\"@id\":\"https:\\\/\\\/acervapaulista.com.br\\\/wordpress\\\/eventos\\\/#listItem\",\"position\":2,\"name\":\"Eventos\",\"item\":\"https:\\\/\\\/acervapaulista.com.br\\\/wordpress\\\/eventos\\\/\",\"nextItem\":{\"@type\":\"ListItem\",\"@id\":\"https:\\\/\\\/acervapaulista.com.br\\\/wordpress\\\/eventos\\\/categoria\\\/regional\\\/#listItem\",\"name\":\"Regional\"},\"previousItem\":{\"@type\":\"ListItem\",\"@id\":\"https:\\\/\\\/acervapaulista.com.br\\\/wordpress#listItem\",\"name\":\"Home\"}},{\"@type\":\"ListItem\",\"@id\":\"https:\\\/\\\/acervapaulista.com.br\\\/wordpress\\\/eventos\\\/categoria\\\/regional\\\/#listItem\",\"position\":3,\"name\":\"Regional\",\"item\":\"https:\\\/\\\/acervapaulista.com.br\\\/wordpress\\\/eventos\\\/categoria\\\/regional\\\/\",\"nextItem\":{\"@type\":\"ListItem\",\"@id\":\"https:\\\/\\\/acervapaulista.com.br\\\/wordpress\\\/eventos\\\/categoria\\\/regional\\\/sao-paulo\\\/#listItem\",\"name\":\"S\\u00e3o Paulo\"},\"previousItem\":{\"@type\":\"ListItem\",\"@id\":\"https:\\\/\\\/acervapaulista.com.br\\\/wordpress\\\/eventos\\\/#listItem\",\"name\":\"Eventos\"}},{\"@type\":\"ListItem\",\"@id\":\"https:\\\/\\\/acervapaulista.com.br\\\/wordpress\\\/eventos\\\/categoria\\\/regional\\\/sao-paulo\\\/#listItem\",\"position\":4,\"name\":\"S\\u00e3o Paulo\",\"item\":\"https:\\\/\\\/acervapaulista.com.br\\\/wordpress\\\/eventos\\\/categoria\\\/regional\\\/sao-paulo\\\/\",\"nextItem\":{\"@type\":\"ListItem\",\"@id\":\"https:\\\/\\\/acervapaulista.com.br\\\/wordpress\\\/evento\\\/brejada-12-edicao-2024\\\/#listItem\",\"name\":\"BREJADA 12 &#8211; EDI\\u00c7\\u00c3O 2024\"},\"previousItem\":{\"@type\":\"ListItem\",\"@id\":\"https:\\\/\\\/acervapaulista.com.br\\\/wordpress\\\/eventos\\\/categoria\\\/regional\\\/#listItem\",\"name\":\"Regional\"}},{\"@type\":\"ListItem\",\"@id\":\"https:\\\/\\\/acervapaulista.com.br\\\/wordpress\\\/evento\\\/brejada-12-edicao-2024\\\/#listItem\",\"position\":5,\"name\":\"BREJADA 12 &#8211; EDI\\u00c7\\u00c3O 2024\",\"previousItem\":{\"@type\":\"ListItem\",\"@id\":\"https:\\\/\\\/acervapaulista.com.br\\\/wordpress\\\/eventos\\\/categoria\\\/regional\\\/sao-paulo\\\/#listItem\",\"name\":\"S\\u00e3o Paulo\"}}]},{\"@type\":\"Organization\",\"@id\":\"https:\\\/\\\/acervapaulista.com.br\\\/wordpress\\\/#organization\",\"name\":\"ACervA Paulista\",\"description\":\"Associa\\u00e7\\u00e3o dos Cervejeiros Artesanais Paulistas\",\"url\":\"https:\\\/\\\/acervapaulista.com.br\\\/wordpress\\\/\"},{\"@type\":\"Person\",\"@id\":\"https:\\\/\\\/acervapaulista.com.br\\\/wordpress\\\/author\\\/educhp\\\/#author\",\"url\":\"https:\\\/\\\/acervapaulista.com.br\\\/wordpress\\\/author\\\/educhp\\\/\",\"name\":\"Carlos Santana\",\"image\":{\"@type\":\"ImageObject\",\"@id\":\"https:\\\/\\\/acervapaulista.com.br\\\/wordpress\\\/evento\\\/brejada-12-edicao-2024\\\/#authorImage\",\"url\":\"https:\\\/\\\/secure.gravatar.com\\\/avatar\\\/9bb9fc5ee33332780165f5a66181a659bda39f9fb30b1defd1d1cb01335ebd65?s=96&d=mm&r=g\",\"width\":96,\"height\":96,\"caption\":\"Carlos Santana\"}},{\"@type\":\"WebPage\",\"@id\":\"https:\\\/\\\/acervapaulista.com.br\\\/wordpress\\\/evento\\\/brejada-12-edicao-2024\\\/#webpage\",\"url\":\"https:\\\/\\\/acervapaulista.com.br\\\/wordpress\\\/evento\\\/brejada-12-edicao-2024\\\/\",\"name\":\"BREJADA 12 \\u2013 EDI\\u00c7\\u00c3O 2024 - ACervA Paulista\",\"description\":\"BREJADA 12 - EDI\\u00c7\\u00c3O 2024\",\"inLanguage\":\"pt-BR\",\"isPartOf\":{\"@id\":\"https:\\\/\\\/acervapaulista.com.br\\\/wordpress\\\/#website\"},\"breadcrumb\":{\"@id\":\"https:\\\/\\\/acervapaulista.com.br\\\/wordpress\\\/evento\\\/brejada-12-edicao-2024\\\/#breadcrumblist\"},\"author\":{\"@id\":\"https:\\\/\\\/acervapaulista.com.br\\\/wordpress\\\/author\\\/educhp\\\/#author\"},\"creator\":{\"@id\":\"https:\\\/\\\/acervapaulista.com.br\\\/wordpress\\\/author\\\/educhp\\\/#author\"},\"image\":{\"@type\":\"ImageObject\",\"url\":\"https:\\\/\\\/acervapaulista.com.br\\\/wordpress\\\/wp-content\\\/uploads\\\/2024\\\/05\\\/brejada-12.png\",\"@id\":\"https:\\\/\\\/acervapaulista.com.br\\\/wordpress\\\/evento\\\/brejada-12-edicao-2024\\\/#mainImage\",\"width\":699,\"height\":387},\"primaryImageOfPage\":{\"@id\":\"https:\\\/\\\/acervapaulista.com.br\\\/wordpress\\\/evento\\\/brejada-12-edicao-2024\\\/#mainImage\"},\"datePublished\":\"2024-05-15T22:16:35-03:00\",\"dateModified\":\"2024-05-15T22:16:35-03:00\"},{\"@type\":\"WebSite\",\"@id\":\"https:\\\/\\\/acervapaulista.com.br\\\/wordpress\\\/#website\",\"url\":\"https:\\\/\\\/acervapaulista.com.br\\\/wordpress\\\/\",\"name\":\"ACervA Paulista\",\"description\":\"Associa\\u00e7\\u00e3o dos Cervejeiros Artesanais Paulistas\",\"inLanguage\":\"pt-BR\",\"publisher\":{\"@id\":\"https:\\\/\\\/acervapaulista.com.br\\\/wordpress\\\/#organization\"}}]}\n\t\t<\/script>\n\t\t<!-- All in One SEO -->\n\n","aioseo_head_json":{"title":"BREJADA 12 \u2013 EDI\u00c7\u00c3O 2024 - ACervA Paulista","description":"BREJADA 12 - EDI\u00c7\u00c3O 2024","canonical_url":"https:\/\/acervapaulista.com.br\/wordpress\/evento\/brejada-12-edicao-2024\/","robots":"max-image-preview:large","keywords":"","webmasterTools":{"miscellaneous":""},"schema":{"@context":"https:\/\/schema.org","@graph":[{"@type":"BreadcrumbList","@id":"https:\/\/acervapaulista.com.br\/wordpress\/evento\/brejada-12-edicao-2024\/#breadcrumblist","itemListElement":[{"@type":"ListItem","@id":"https:\/\/acervapaulista.com.br\/wordpress#listItem","position":1,"name":"Home","item":"https:\/\/acervapaulista.com.br\/wordpress","nextItem":{"@type":"ListItem","@id":"https:\/\/acervapaulista.com.br\/wordpress\/eventos\/#listItem","name":"Eventos"}},{"@type":"ListItem","@id":"https:\/\/acervapaulista.com.br\/wordpress\/eventos\/#listItem","position":2,"name":"Eventos","item":"https:\/\/acervapaulista.com.br\/wordpress\/eventos\/","nextItem":{"@type":"ListItem","@id":"https:\/\/acervapaulista.com.br\/wordpress\/eventos\/categoria\/regional\/#listItem","name":"Regional"},"previousItem":{"@type":"ListItem","@id":"https:\/\/acervapaulista.com.br\/wordpress#listItem","name":"Home"}},{"@type":"ListItem","@id":"https:\/\/acervapaulista.com.br\/wordpress\/eventos\/categoria\/regional\/#listItem","position":3,"name":"Regional","item":"https:\/\/acervapaulista.com.br\/wordpress\/eventos\/categoria\/regional\/","nextItem":{"@type":"ListItem","@id":"https:\/\/acervapaulista.com.br\/wordpress\/eventos\/categoria\/regional\/sao-paulo\/#listItem","name":"S\u00e3o Paulo"},"previousItem":{"@type":"ListItem","@id":"https:\/\/acervapaulista.com.br\/wordpress\/eventos\/#listItem","name":"Eventos"}},{"@type":"ListItem","@id":"https:\/\/acervapaulista.com.br\/wordpress\/eventos\/categoria\/regional\/sao-paulo\/#listItem","position":4,"name":"S\u00e3o Paulo","item":"https:\/\/acervapaulista.com.br\/wordpress\/eventos\/categoria\/regional\/sao-paulo\/","nextItem":{"@type":"ListItem","@id":"https:\/\/acervapaulista.com.br\/wordpress\/evento\/brejada-12-edicao-2024\/#listItem","name":"BREJADA 12 &#8211; EDI\u00c7\u00c3O 2024"},"previousItem":{"@type":"ListItem","@id":"https:\/\/acervapaulista.com.br\/wordpress\/eventos\/categoria\/regional\/#listItem","name":"Regional"}},{"@type":"ListItem","@id":"https:\/\/acervapaulista.com.br\/wordpress\/evento\/brejada-12-edicao-2024\/#listItem","position":5,"name":"BREJADA 12 &#8211; EDI\u00c7\u00c3O 2024","previousItem":{"@type":"ListItem","@id":"https:\/\/acervapaulista.com.br\/wordpress\/eventos\/categoria\/regional\/sao-paulo\/#listItem","name":"S\u00e3o Paulo"}}]},{"@type":"Organization","@id":"https:\/\/acervapaulista.com.br\/wordpress\/#organization","name":"ACervA Paulista","description":"Associa\u00e7\u00e3o dos Cervejeiros Artesanais Paulistas","url":"https:\/\/acervapaulista.com.br\/wordpress\/"},{"@type":"Person","@id":"https:\/\/acervapaulista.com.br\/wordpress\/author\/educhp\/#author","url":"https:\/\/acervapaulista.com.br\/wordpress\/author\/educhp\/","name":"Carlos Santana","image":{"@type":"ImageObject","@id":"https:\/\/acervapaulista.com.br\/wordpress\/evento\/brejada-12-edicao-2024\/#authorImage","url":"https:\/\/secure.gravatar.com\/avatar\/9bb9fc5ee33332780165f5a66181a659bda39f9fb30b1defd1d1cb01335ebd65?s=96&d=mm&r=g","width":96,"height":96,"caption":"Carlos Santana"}},{"@type":"WebPage","@id":"https:\/\/acervapaulista.com.br\/wordpress\/evento\/brejada-12-edicao-2024\/#webpage","url":"https:\/\/acervapaulista.com.br\/wordpress\/evento\/brejada-12-edicao-2024\/","name":"BREJADA 12 \u2013 EDI\u00c7\u00c3O 2024 - ACervA Paulista","description":"BREJADA 12 - EDI\u00c7\u00c3O 2024","inLanguage":"pt-BR","isPartOf":{"@id":"https:\/\/acervapaulista.com.br\/wordpress\/#website"},"breadcrumb":{"@id":"https:\/\/acervapaulista.com.br\/wordpress\/evento\/brejada-12-edicao-2024\/#breadcrumblist"},"author":{"@id":"https:\/\/acervapaulista.com.br\/wordpress\/author\/educhp\/#author"},"creator":{"@id":"https:\/\/acervapaulista.com.br\/wordpress\/author\/educhp\/#author"},"image":{"@type":"ImageObject","url":"https:\/\/acervapaulista.com.br\/wordpress\/wp-content\/uploads\/2024\/05\/brejada-12.png","@id":"https:\/\/acervapaulista.com.br\/wordpress\/evento\/brejada-12-edicao-2024\/#mainImage","width":699,"height":387},"primaryImageOfPage":{"@id":"https:\/\/acervapaulista.com.br\/wordpress\/evento\/brejada-12-edicao-2024\/#mainImage"},"datePublished":"2024-05-15T22:16:35-03:00","dateModified":"2024-05-15T22:16:35-03:00"},{"@type":"WebSite","@id":"https:\/\/acervapaulista.com.br\/wordpress\/#website","url":"https:\/\/acervapaulista.com.br\/wordpress\/","name":"ACervA Paulista","description":"Associa\u00e7\u00e3o dos Cervejeiros Artesanais Paulistas","inLanguage":"pt-BR","publisher":{"@id":"https:\/\/acervapaulista.com.br\/wordpress\/#organization"}}]},"og:locale":"pt_BR","og:site_name":"ACervA Paulista - Associa\u00e7\u00e3o dos Cervejeiros Artesanais Paulistas","og:type":"article","og:title":"BREJADA 12 \u2013 EDI\u00c7\u00c3O 2024 - ACervA Paulista","og:description":"BREJADA 12 - EDI\u00c7\u00c3O 2024","og:url":"https:\/\/acervapaulista.com.br\/wordpress\/evento\/brejada-12-edicao-2024\/","article:published_time":"2024-05-16T01:16:35+00:00","article:modified_time":"2024-05-16T01:16:35+00:00","twitter:card":"summary_large_image","twitter:title":"BREJADA 12 \u2013 EDI\u00c7\u00c3O 2024 - ACervA Paulista","twitter:description":"BREJADA 12 - EDI\u00c7\u00c3O 2024"},"aioseo_meta_data":{"post_id":"7662","title":null,"description":null,"keywords":null,"keyphrases":{"focus":{"keyphrase":"","score":0,"analysis":{"keyphraseInTitle":{"score":0,"maxScore":9,"error":1}}},"additional":[]},"primary_term":null,"canonical_url":null,"og_title":null,"og_description":null,"og_object_type":"default","og_image_type":"default","og_image_url":null,"og_image_width":null,"og_image_height":null,"og_image_custom_url":null,"og_image_custom_fields":null,"og_video":"","og_custom_url":null,"og_article_section":null,"og_article_tags":null,"twitter_use_og":false,"twitter_card":"default","twitter_image_type":"default","twitter_image_url":null,"twitter_image_custom_url":null,"twitter_image_custom_fields":null,"twitter_title":null,"twitter_description":null,"schema":{"blockGraphs":[],"customGraphs":[],"default":{"data":{"Article":[],"Course":[],"Dataset":[],"FAQPage":[],"Movie":[],"Person":[],"Product":[],"ProductReview":[],"Car":[],"Recipe":[],"Service":[],"SoftwareApplication":[],"WebPage":[]},"graphName":"WebPage","isEnabled":true},"graphs":[]},"schema_type":"default","schema_type_options":null,"pillar_content":false,"robots_default":true,"robots_noindex":false,"robots_noarchive":false,"robots_nosnippet":false,"robots_nofollow":false,"robots_noimageindex":false,"robots_noodp":false,"robots_notranslate":false,"robots_max_snippet":"-1","robots_max_videopreview":"-1","robots_max_imagepreview":"large","priority":null,"frequency":"default","local_seo":null,"breadcrumb_settings":null,"limit_modified_date":false,"ai":null,"created":"2024-05-16 01:14:47","updated":"2025-09-06 13:34:17","seo_analyzer_scan_date":null},"aioseo_breadcrumb":"<div class=\"aioseo-breadcrumbs\"><span class=\"aioseo-breadcrumb\">\n\t\t\t<a href=\"https:\/\/acervapaulista.com.br\/wordpress\" title=\"Home\">Home<\/a>\n\t\t<\/span><span class=\"aioseo-breadcrumb-separator\">&raquo;<\/span><span class=\"aioseo-breadcrumb\">\n\t\t\t<a href=\"https:\/\/acervapaulista.com.br\/wordpress\/eventos\/\" title=\"Eventos\">Eventos<\/a>\n\t\t<\/span><span class=\"aioseo-breadcrumb-separator\">&raquo;<\/span><span class=\"aioseo-breadcrumb\">\n\t\t\t<a href=\"https:\/\/acervapaulista.com.br\/wordpress\/eventos\/categoria\/regional\/\" title=\"Regional\">Regional<\/a>\n\t\t<\/span><span class=\"aioseo-breadcrumb-separator\">&raquo;<\/span><span class=\"aioseo-breadcrumb\">\n\t\t\t<a href=\"https:\/\/acervapaulista.com.br\/wordpress\/eventos\/categoria\/regional\/sao-paulo\/\" title=\"S\u00e3o Paulo\">S\u00e3o Paulo<\/a>\n\t\t<\/span><span class=\"aioseo-breadcrumb-separator\">&raquo;<\/span><span class=\"aioseo-breadcrumb\">\n\t\t\tBREJADA 12 \u2013 EDI\u00c7\u00c3O 2024\n\t\t<\/span><\/div>","aioseo_breadcrumb_json":[{"label":"Home","link":"https:\/\/acervapaulista.com.br\/wordpress"},{"label":"Eventos","link":"https:\/\/acervapaulista.com.br\/wordpress\/eventos\/"},{"label":"Regional","link":"https:\/\/acervapaulista.com.br\/wordpress\/eventos\/categoria\/regional\/"},{"label":"S\u00e3o Paulo","link":"https:\/\/acervapaulista.com.br\/wordpress\/eventos\/categoria\/regional\/sao-paulo\/"},{"label":"BREJADA 12 &#8211; EDI\u00c7\u00c3O 2024","link":"https:\/\/acervapaulista.com.br\/wordpress\/evento\/brejada-12-edicao-2024\/"}],"ticketed":false,"_links":{"self":[{"href":"https:\/\/acervapaulista.com.br\/wordpress\/wp-json\/wp\/v2\/tribe_events\/7662","targetHints":{"allow":["GET"]}}],"collection":[{"href":"https:\/\/acervapaulista.com.br\/wordpress\/wp-json\/wp\/v2\/tribe_events"}],"about":[{"href":"https:\/\/acervapaulista.com.br\/wordpress\/wp-json\/wp\/v2\/types\/tribe_events"}],"author":[{"embeddable":true,"href":"https:\/\/acervapaulista.com.br\/wordpress\/wp-json\/wp\/v2\/users\/84"}],"version-history":[{"count":2,"href":"https:\/\/acervapaulista.com.br\/wordpress\/wp-json\/wp\/v2\/tribe_events\/7662\/revisions"}],"predecessor-version":[{"id":7668,"href":"https:\/\/acervapaulista.com.br\/wordpress\/wp-json\/wp\/v2\/tribe_events\/7662\/revisions\/7668"}],"wp:featuredmedia":[{"embeddable":true,"href":"https:\/\/acervapaulista.com.br\/wordpress\/wp-json\/wp\/v2\/media\/7663"}],"wp:attachment":[{"href":"https:\/\/acervapaulista.com.br\/wordpress\/wp-json\/wp\/v2\/media?parent=7662"}],"wp:term":[{"taxonomy":"post_tag","embeddable":true,"href":"https:\/\/acervapaulista.com.br\/wordpress\/wp-json\/wp\/v2\/tags?post=7662"},{"taxonomy":"tribe_events_cat","embeddable":true,"href":"https:\/\/acervapaulista.com.br\/wordpress\/wp-json\/wp\/v2\/tribe_events_cat?post=7662"}],"curies":[{"name":"wp","href":"https:\/\/api.w.org\/{rel}","templated":true}]}}