{"id":7600,"date":"2024-02-26T22:33:21","date_gmt":"2024-02-27T01:33:21","guid":{"rendered":"https:\/\/acervapaulista.com.br\/wordpress\/?post_type=tribe_events&#038;p=7600"},"modified":"2024-02-26T22:33:21","modified_gmt":"2024-02-27T01:33:21","slug":"brassagem-com-elas","status":"publish","type":"tribe_events","link":"https:\/\/acervapaulista.com.br\/wordpress\/evento\/brassagem-com-elas\/","title":{"rendered":"Brassagem Com Elas"},"content":{"rendered":"<p>A ACervA Paulista ir\u00e1 reunir suas associadas em um evento para comemorar o dia internacional da mulher! Contamos tamb\u00e9m como convidadas a Confra Damas, uma confraria de mulheres cervejeiras.<\/p>\n<p>Se voc\u00ea \u00e9 mulher cervejeira ou apaixonada por cerveja artesanal, venha comemorar conosco! Participe do nosso evento e fa\u00e7a parte desta iniciativa que parabeniza a mulher e o seu protagonismo na hist\u00f3ria da cerveja!!!<\/p>\n<p>Traga a sua cerveja para compartilhar!!!<\/p>\n<p>Data: dia 16\/03\/2024<br \/>\nCaf\u00e9 da manh\u00e3: 09h<br \/>\nTour pela f\u00e1brica: 10h<br \/>\nIn\u00edcio Brassagem: 11h<\/p>\n<p>Local:\u00a0<a class=\"x1i10hfl xjbqb8w x1ejq31n xd10rxx x1sy0etr x17r0tee x972fbf xcfux6l x1qhh985 xm0m39n x9f619 x1ypdohk xt0psk2 xe8uvvx xdj266r x11i5rnm xat24cr x1mh8g0r xexx8yu x4uap5 x18d9i69 xkhd6sd x16tdsg8 x1hl2dhg xggy1nq x1a2a7pz notranslate _a6hd\" tabindex=\"0\" role=\"link\" href=\"https:\/\/www.instagram.com\/demokratafabricabar\/\">@demokratafabricabar<\/a><br \/>\nRua Guilherme Marconi, 211 &#8211; Santo Andr\u00e9 SP<\/p>\n","protected":false},"excerpt":{"rendered":"<p>A ACervA Paulista ir\u00e1 reunir suas associadas em um evento para comemorar o dia internacional da mulher! Contamos tamb\u00e9m como convidadas a Confra Damas, uma confraria de mulheres cervejeiras. Se voc\u00ea \u00e9 mulher cervejeira ou apaixonada por cerveja artesanal, venha comemorar conosco! Participe do nosso evento e fa\u00e7a parte desta iniciativa que parabeniza a mulher e o seu protagonismo na hist\u00f3ria da cerveja!!! Traga a sua cerveja para compartilhar!!! Data: dia 16\/03\/2024 Caf\u00e9 da manh\u00e3: 09h Tour pela f\u00e1brica: 10h In\u00edcio Brassagem: 11h Local:\u00a0@demokratafabricabar Rua Guilherme Marconi, 211 &#8211; Santo Andr\u00e9 SP<\/p>\n","protected":false},"author":84,"featured_media":7598,"template":"","meta":{"pmpro_default_level":"","_price":"","_stock":"","_tribe_ticket_header":"","_tribe_default_ticket_provider":"","_tribe_ticket_capacity":"0","_ticket_start_date":"","_ticket_end_date":"","_tribe_ticket_show_description":"","_tribe_ticket_show_not_going":false,"_tribe_ticket_use_global_stock":"","_tribe_ticket_global_stock_level":"","_global_stock_mode":"","_global_stock_cap":"","_tribe_rsvp_for_event":"","_tribe_ticket_going_count":"","_tribe_ticket_not_going_count":"","_tribe_tickets_list":"[]","_tribe_ticket_has_attendee_info_fields":false,"_tribe_events_status":"","_tribe_events_status_reason":"","footnotes":"","_tec_slr_enabled":"","_tec_slr_layout":""},"tags":[],"tribe_events_cat":[],"class_list":["post-7600","tribe_events","type-tribe_events","status-publish","has-post-thumbnail","hentry","pmpro-has-access"],"aioseo_notices":[],"aioseo_head":"\n\t\t<!-- All in One SEO 4.9.10 - aioseo.com -->\n\t<meta name=\"description\" content=\"A ACervA Paulista ir\u00e1 reunir suas associadas em um evento para comemorar o dia internacional da mulher! Contamos tamb\u00e9m como convidadas a Confra Damas, uma confraria de mulheres cervejeiras. Se voc\u00ea \u00e9 mulher cervejeira ou apaixonada por cerveja artesanal, venha comemorar conosco! Participe do nosso evento e fa\u00e7a parte desta iniciativa que parabeniza a mulher\" \/>\n\t<meta name=\"robots\" content=\"max-image-preview:large\" \/>\n\t<meta name=\"author\" content=\"Carlos Santana\"\/>\n\t<link rel=\"canonical\" href=\"https:\/\/acervapaulista.com.br\/wordpress\/evento\/brassagem-com-elas\/\" \/>\n\t<meta name=\"generator\" content=\"All in One SEO (AIOSEO) 4.9.10\" \/>\n\t\t<meta property=\"og:locale\" content=\"pt_BR\" \/>\n\t\t<meta property=\"og:site_name\" content=\"ACervA Paulista - Associa\u00e7\u00e3o dos Cervejeiros Artesanais Paulistas\" \/>\n\t\t<meta property=\"og:type\" content=\"article\" \/>\n\t\t<meta property=\"og:title\" content=\"Brassagem Com Elas - ACervA Paulista\" \/>\n\t\t<meta property=\"og:description\" content=\"A ACervA Paulista ir\u00e1 reunir suas associadas em um evento para comemorar o dia internacional da mulher! Contamos tamb\u00e9m como convidadas a Confra Damas, uma confraria de mulheres cervejeiras. Se voc\u00ea \u00e9 mulher cervejeira ou apaixonada por cerveja artesanal, venha comemorar conosco! Participe do nosso evento e fa\u00e7a parte desta iniciativa que parabeniza a mulher\" \/>\n\t\t<meta property=\"og:url\" content=\"https:\/\/acervapaulista.com.br\/wordpress\/evento\/brassagem-com-elas\/\" \/>\n\t\t<meta property=\"article:published_time\" content=\"2024-02-27T01:33:21+00:00\" \/>\n\t\t<meta property=\"article:modified_time\" content=\"2024-02-27T01:33:21+00:00\" \/>\n\t\t<meta name=\"twitter:card\" content=\"summary_large_image\" \/>\n\t\t<meta name=\"twitter:title\" content=\"Brassagem Com Elas - ACervA Paulista\" \/>\n\t\t<meta name=\"twitter:description\" content=\"A ACervA Paulista ir\u00e1 reunir suas associadas em um evento para comemorar o dia internacional da mulher! Contamos tamb\u00e9m como convidadas a Confra Damas, uma confraria de mulheres cervejeiras. Se voc\u00ea \u00e9 mulher cervejeira ou apaixonada por cerveja artesanal, venha comemorar conosco! Participe do nosso evento e fa\u00e7a parte desta iniciativa que parabeniza a mulher\" \/>\n\t\t<script type=\"application\/ld+json\" class=\"aioseo-schema\">\n\t\t\t{\"@context\":\"https:\\\/\\\/schema.org\",\"@graph\":[{\"@type\":\"BreadcrumbList\",\"@id\":\"https:\\\/\\\/acervapaulista.com.br\\\/wordpress\\\/evento\\\/brassagem-com-elas\\\/#breadcrumblist\",\"itemListElement\":[{\"@type\":\"ListItem\",\"@id\":\"https:\\\/\\\/acervapaulista.com.br\\\/wordpress#listItem\",\"position\":1,\"name\":\"Home\",\"item\":\"https:\\\/\\\/acervapaulista.com.br\\\/wordpress\",\"nextItem\":{\"@type\":\"ListItem\",\"@id\":\"https:\\\/\\\/acervapaulista.com.br\\\/wordpress\\\/eventos\\\/#listItem\",\"name\":\"Eventos\"}},{\"@type\":\"ListItem\",\"@id\":\"https:\\\/\\\/acervapaulista.com.br\\\/wordpress\\\/eventos\\\/#listItem\",\"position\":2,\"name\":\"Eventos\",\"item\":\"https:\\\/\\\/acervapaulista.com.br\\\/wordpress\\\/eventos\\\/\",\"nextItem\":{\"@type\":\"ListItem\",\"@id\":\"https:\\\/\\\/acervapaulista.com.br\\\/wordpress\\\/evento\\\/brassagem-com-elas\\\/#listItem\",\"name\":\"Brassagem Com Elas\"},\"previousItem\":{\"@type\":\"ListItem\",\"@id\":\"https:\\\/\\\/acervapaulista.com.br\\\/wordpress#listItem\",\"name\":\"Home\"}},{\"@type\":\"ListItem\",\"@id\":\"https:\\\/\\\/acervapaulista.com.br\\\/wordpress\\\/evento\\\/brassagem-com-elas\\\/#listItem\",\"position\":3,\"name\":\"Brassagem Com Elas\",\"previousItem\":{\"@type\":\"ListItem\",\"@id\":\"https:\\\/\\\/acervapaulista.com.br\\\/wordpress\\\/eventos\\\/#listItem\",\"name\":\"Eventos\"}}]},{\"@type\":\"Organization\",\"@id\":\"https:\\\/\\\/acervapaulista.com.br\\\/wordpress\\\/#organization\",\"name\":\"ACervA Paulista\",\"description\":\"Associa\\u00e7\\u00e3o dos Cervejeiros Artesanais Paulistas\",\"url\":\"https:\\\/\\\/acervapaulista.com.br\\\/wordpress\\\/\"},{\"@type\":\"Person\",\"@id\":\"https:\\\/\\\/acervapaulista.com.br\\\/wordpress\\\/author\\\/educhp\\\/#author\",\"url\":\"https:\\\/\\\/acervapaulista.com.br\\\/wordpress\\\/author\\\/educhp\\\/\",\"name\":\"Carlos Santana\",\"image\":{\"@type\":\"ImageObject\",\"@id\":\"https:\\\/\\\/acervapaulista.com.br\\\/wordpress\\\/evento\\\/brassagem-com-elas\\\/#authorImage\",\"url\":\"https:\\\/\\\/secure.gravatar.com\\\/avatar\\\/9bb9fc5ee33332780165f5a66181a659bda39f9fb30b1defd1d1cb01335ebd65?s=96&d=mm&r=g\",\"width\":96,\"height\":96,\"caption\":\"Carlos Santana\"}},{\"@type\":\"WebPage\",\"@id\":\"https:\\\/\\\/acervapaulista.com.br\\\/wordpress\\\/evento\\\/brassagem-com-elas\\\/#webpage\",\"url\":\"https:\\\/\\\/acervapaulista.com.br\\\/wordpress\\\/evento\\\/brassagem-com-elas\\\/\",\"name\":\"Brassagem Com Elas - ACervA Paulista\",\"description\":\"A ACervA Paulista ir\\u00e1 reunir suas associadas em um evento para comemorar o dia internacional da mulher! Contamos tamb\\u00e9m como convidadas a Confra Damas, uma confraria de mulheres cervejeiras. Se voc\\u00ea \\u00e9 mulher cervejeira ou apaixonada por cerveja artesanal, venha comemorar conosco! Participe do nosso evento e fa\\u00e7a parte desta iniciativa que parabeniza a mulher\",\"inLanguage\":\"pt-BR\",\"isPartOf\":{\"@id\":\"https:\\\/\\\/acervapaulista.com.br\\\/wordpress\\\/#website\"},\"breadcrumb\":{\"@id\":\"https:\\\/\\\/acervapaulista.com.br\\\/wordpress\\\/evento\\\/brassagem-com-elas\\\/#breadcrumblist\"},\"author\":{\"@id\":\"https:\\\/\\\/acervapaulista.com.br\\\/wordpress\\\/author\\\/educhp\\\/#author\"},\"creator\":{\"@id\":\"https:\\\/\\\/acervapaulista.com.br\\\/wordpress\\\/author\\\/educhp\\\/#author\"},\"image\":{\"@type\":\"ImageObject\",\"url\":\"https:\\\/\\\/acervapaulista.com.br\\\/wordpress\\\/wp-content\\\/uploads\\\/2024\\\/02\\\/29072023-20.png\",\"@id\":\"https:\\\/\\\/acervapaulista.com.br\\\/wordpress\\\/evento\\\/brassagem-com-elas\\\/#mainImage\",\"width\":1080,\"height\":1080},\"primaryImageOfPage\":{\"@id\":\"https:\\\/\\\/acervapaulista.com.br\\\/wordpress\\\/evento\\\/brassagem-com-elas\\\/#mainImage\"},\"datePublished\":\"2024-02-26T22:33:21-03:00\",\"dateModified\":\"2024-02-26T22:33:21-03:00\"},{\"@type\":\"WebSite\",\"@id\":\"https:\\\/\\\/acervapaulista.com.br\\\/wordpress\\\/#website\",\"url\":\"https:\\\/\\\/acervapaulista.com.br\\\/wordpress\\\/\",\"name\":\"ACervA Paulista\",\"description\":\"Associa\\u00e7\\u00e3o dos Cervejeiros Artesanais Paulistas\",\"inLanguage\":\"pt-BR\",\"publisher\":{\"@id\":\"https:\\\/\\\/acervapaulista.com.br\\\/wordpress\\\/#organization\"}}]}\n\t\t<\/script>\n\t\t<!-- All in One SEO -->\n\n","aioseo_head_json":{"title":"Brassagem Com Elas - ACervA Paulista","description":"A ACervA Paulista ir\u00e1 reunir suas associadas em um evento para comemorar o dia internacional da mulher! Contamos tamb\u00e9m como convidadas a Confra Damas, uma confraria de mulheres cervejeiras. Se voc\u00ea \u00e9 mulher cervejeira ou apaixonada por cerveja artesanal, venha comemorar conosco! Participe do nosso evento e fa\u00e7a parte desta iniciativa que parabeniza a mulher","canonical_url":"https:\/\/acervapaulista.com.br\/wordpress\/evento\/brassagem-com-elas\/","robots":"max-image-preview:large","keywords":"","webmasterTools":{"miscellaneous":""},"schema":{"@context":"https:\/\/schema.org","@graph":[{"@type":"BreadcrumbList","@id":"https:\/\/acervapaulista.com.br\/wordpress\/evento\/brassagem-com-elas\/#breadcrumblist","itemListElement":[{"@type":"ListItem","@id":"https:\/\/acervapaulista.com.br\/wordpress#listItem","position":1,"name":"Home","item":"https:\/\/acervapaulista.com.br\/wordpress","nextItem":{"@type":"ListItem","@id":"https:\/\/acervapaulista.com.br\/wordpress\/eventos\/#listItem","name":"Eventos"}},{"@type":"ListItem","@id":"https:\/\/acervapaulista.com.br\/wordpress\/eventos\/#listItem","position":2,"name":"Eventos","item":"https:\/\/acervapaulista.com.br\/wordpress\/eventos\/","nextItem":{"@type":"ListItem","@id":"https:\/\/acervapaulista.com.br\/wordpress\/evento\/brassagem-com-elas\/#listItem","name":"Brassagem Com Elas"},"previousItem":{"@type":"ListItem","@id":"https:\/\/acervapaulista.com.br\/wordpress#listItem","name":"Home"}},{"@type":"ListItem","@id":"https:\/\/acervapaulista.com.br\/wordpress\/evento\/brassagem-com-elas\/#listItem","position":3,"name":"Brassagem Com Elas","previousItem":{"@type":"ListItem","@id":"https:\/\/acervapaulista.com.br\/wordpress\/eventos\/#listItem","name":"Eventos"}}]},{"@type":"Organization","@id":"https:\/\/acervapaulista.com.br\/wordpress\/#organization","name":"ACervA Paulista","description":"Associa\u00e7\u00e3o dos Cervejeiros Artesanais Paulistas","url":"https:\/\/acervapaulista.com.br\/wordpress\/"},{"@type":"Person","@id":"https:\/\/acervapaulista.com.br\/wordpress\/author\/educhp\/#author","url":"https:\/\/acervapaulista.com.br\/wordpress\/author\/educhp\/","name":"Carlos Santana","image":{"@type":"ImageObject","@id":"https:\/\/acervapaulista.com.br\/wordpress\/evento\/brassagem-com-elas\/#authorImage","url":"https:\/\/secure.gravatar.com\/avatar\/9bb9fc5ee33332780165f5a66181a659bda39f9fb30b1defd1d1cb01335ebd65?s=96&d=mm&r=g","width":96,"height":96,"caption":"Carlos Santana"}},{"@type":"WebPage","@id":"https:\/\/acervapaulista.com.br\/wordpress\/evento\/brassagem-com-elas\/#webpage","url":"https:\/\/acervapaulista.com.br\/wordpress\/evento\/brassagem-com-elas\/","name":"Brassagem Com Elas - ACervA Paulista","description":"A ACervA Paulista ir\u00e1 reunir suas associadas em um evento para comemorar o dia internacional da mulher! Contamos tamb\u00e9m como convidadas a Confra Damas, uma confraria de mulheres cervejeiras. Se voc\u00ea \u00e9 mulher cervejeira ou apaixonada por cerveja artesanal, venha comemorar conosco! Participe do nosso evento e fa\u00e7a parte desta iniciativa que parabeniza a mulher","inLanguage":"pt-BR","isPartOf":{"@id":"https:\/\/acervapaulista.com.br\/wordpress\/#website"},"breadcrumb":{"@id":"https:\/\/acervapaulista.com.br\/wordpress\/evento\/brassagem-com-elas\/#breadcrumblist"},"author":{"@id":"https:\/\/acervapaulista.com.br\/wordpress\/author\/educhp\/#author"},"creator":{"@id":"https:\/\/acervapaulista.com.br\/wordpress\/author\/educhp\/#author"},"image":{"@type":"ImageObject","url":"https:\/\/acervapaulista.com.br\/wordpress\/wp-content\/uploads\/2024\/02\/29072023-20.png","@id":"https:\/\/acervapaulista.com.br\/wordpress\/evento\/brassagem-com-elas\/#mainImage","width":1080,"height":1080},"primaryImageOfPage":{"@id":"https:\/\/acervapaulista.com.br\/wordpress\/evento\/brassagem-com-elas\/#mainImage"},"datePublished":"2024-02-26T22:33:21-03:00","dateModified":"2024-02-26T22:33:21-03:00"},{"@type":"WebSite","@id":"https:\/\/acervapaulista.com.br\/wordpress\/#website","url":"https:\/\/acervapaulista.com.br\/wordpress\/","name":"ACervA Paulista","description":"Associa\u00e7\u00e3o dos Cervejeiros Artesanais Paulistas","inLanguage":"pt-BR","publisher":{"@id":"https:\/\/acervapaulista.com.br\/wordpress\/#organization"}}]},"og:locale":"pt_BR","og:site_name":"ACervA Paulista - Associa\u00e7\u00e3o dos Cervejeiros Artesanais Paulistas","og:type":"article","og:title":"Brassagem Com Elas - ACervA Paulista","og:description":"A ACervA Paulista ir\u00e1 reunir suas associadas em um evento para comemorar o dia internacional da mulher! Contamos tamb\u00e9m como convidadas a Confra Damas, uma confraria de mulheres cervejeiras. Se voc\u00ea \u00e9 mulher cervejeira ou apaixonada por cerveja artesanal, venha comemorar conosco! Participe do nosso evento e fa\u00e7a parte desta iniciativa que parabeniza a mulher","og:url":"https:\/\/acervapaulista.com.br\/wordpress\/evento\/brassagem-com-elas\/","article:published_time":"2024-02-27T01:33:21+00:00","article:modified_time":"2024-02-27T01:33:21+00:00","twitter:card":"summary_large_image","twitter:title":"Brassagem Com Elas - ACervA Paulista","twitter:description":"A ACervA Paulista ir\u00e1 reunir suas associadas em um evento para comemorar o dia internacional da mulher! Contamos tamb\u00e9m como convidadas a Confra Damas, uma confraria de mulheres cervejeiras. Se voc\u00ea \u00e9 mulher cervejeira ou apaixonada por cerveja artesanal, venha comemorar conosco! Participe do nosso evento e fa\u00e7a parte desta iniciativa que parabeniza a mulher"},"aioseo_meta_data":{"post_id":"7600","title":null,"description":null,"keywords":[],"keyphrases":{"focus":{"keyphrase":"","score":0,"analysis":{"keyphraseInTitle":{"score":0,"maxScore":9,"error":1}}},"additional":[]},"primary_term":null,"canonical_url":null,"og_title":null,"og_description":null,"og_object_type":"default","og_image_type":"default","og_image_url":null,"og_image_width":null,"og_image_height":null,"og_image_custom_url":null,"og_image_custom_fields":null,"og_video":"","og_custom_url":null,"og_article_section":null,"og_article_tags":[],"twitter_use_og":false,"twitter_card":"default","twitter_image_type":"default","twitter_image_url":null,"twitter_image_custom_url":null,"twitter_image_custom_fields":null,"twitter_title":null,"twitter_description":null,"schema":{"blockGraphs":[],"customGraphs":[],"default":{"data":{"Article":[],"Course":[],"Dataset":[],"FAQPage":[],"Movie":[],"Person":[],"Product":[],"ProductReview":[],"Car":[],"Recipe":[],"Service":[],"SoftwareApplication":[],"WebPage":[]},"graphName":"WebPage","isEnabled":true},"graphs":[]},"schema_type":"default","schema_type_options":null,"pillar_content":false,"robots_default":true,"robots_noindex":false,"robots_noarchive":false,"robots_nosnippet":false,"robots_nofollow":false,"robots_noimageindex":false,"robots_noodp":false,"robots_notranslate":false,"robots_max_snippet":"-1","robots_max_videopreview":"-1","robots_max_imagepreview":"large","priority":null,"frequency":"default","local_seo":null,"breadcrumb_settings":null,"limit_modified_date":false,"ai":null,"created":"2024-02-27 01:32:27","updated":"2025-09-06 13:33:00","seo_analyzer_scan_date":null},"aioseo_breadcrumb":"<div class=\"aioseo-breadcrumbs\"><span class=\"aioseo-breadcrumb\">\n\t\t\t<a href=\"https:\/\/acervapaulista.com.br\/wordpress\" title=\"Home\">Home<\/a>\n\t\t<\/span><span class=\"aioseo-breadcrumb-separator\">&raquo;<\/span><span class=\"aioseo-breadcrumb\">\n\t\t\t<a href=\"https:\/\/acervapaulista.com.br\/wordpress\/eventos\/\" title=\"Eventos\">Eventos<\/a>\n\t\t<\/span><span class=\"aioseo-breadcrumb-separator\">&raquo;<\/span><span class=\"aioseo-breadcrumb\">\n\t\t\tBrassagem Com Elas\n\t\t<\/span><\/div>","aioseo_breadcrumb_json":[{"label":"Home","link":"https:\/\/acervapaulista.com.br\/wordpress"},{"label":"Eventos","link":"https:\/\/acervapaulista.com.br\/wordpress\/eventos\/"},{"label":"Brassagem Com Elas","link":"https:\/\/acervapaulista.com.br\/wordpress\/evento\/brassagem-com-elas\/"}],"ticketed":false,"_links":{"self":[{"href":"https:\/\/acervapaulista.com.br\/wordpress\/wp-json\/wp\/v2\/tribe_events\/7600","targetHints":{"allow":["GET"]}}],"collection":[{"href":"https:\/\/acervapaulista.com.br\/wordpress\/wp-json\/wp\/v2\/tribe_events"}],"about":[{"href":"https:\/\/acervapaulista.com.br\/wordpress\/wp-json\/wp\/v2\/types\/tribe_events"}],"author":[{"embeddable":true,"href":"https:\/\/acervapaulista.com.br\/wordpress\/wp-json\/wp\/v2\/users\/84"}],"version-history":[{"count":1,"href":"https:\/\/acervapaulista.com.br\/wordpress\/wp-json\/wp\/v2\/tribe_events\/7600\/revisions"}],"predecessor-version":[{"id":7601,"href":"https:\/\/acervapaulista.com.br\/wordpress\/wp-json\/wp\/v2\/tribe_events\/7600\/revisions\/7601"}],"wp:featuredmedia":[{"embeddable":true,"href":"https:\/\/acervapaulista.com.br\/wordpress\/wp-json\/wp\/v2\/media\/7598"}],"wp:attachment":[{"href":"https:\/\/acervapaulista.com.br\/wordpress\/wp-json\/wp\/v2\/media?parent=7600"}],"wp:term":[{"taxonomy":"post_tag","embeddable":true,"href":"https:\/\/acervapaulista.com.br\/wordpress\/wp-json\/wp\/v2\/tags?post=7600"},{"taxonomy":"tribe_events_cat","embeddable":true,"href":"https:\/\/acervapaulista.com.br\/wordpress\/wp-json\/wp\/v2\/tribe_events_cat?post=7600"}],"curies":[{"name":"wp","href":"https:\/\/api.w.org\/{rel}","templated":true}]}}