{"id":7127,"date":"2023-07-28T18:51:11","date_gmt":"2023-07-28T21:51:11","guid":{"rendered":"https:\/\/acervapaulista.com.br\/?post_type=tribe_events&#038;p=7127"},"modified":"2023-08-17T15:45:34","modified_gmt":"2023-08-17T18:45:34","slug":"brassagem-aberta-em-dupla-no-eap-agosto-2023","status":"publish","type":"tribe_events","link":"https:\/\/acervapaulista.com.br\/wordpress\/evento\/brassagem-aberta-em-dupla-no-eap-agosto-2023\/","title":{"rendered":"Vem ai&#8230; 2\u00b0 BRASSAGEM EM DUPLA do ano!! No EAP-Emp\u00f3rio Alto dos Pinheiros"},"content":{"rendered":"<p><strong>Venha para mais um evento da ACervA Paulista no EAP-Emp\u00f3rio Alto dos Pinheiros!<\/strong><\/p>\n<p>Onde, um cervejeiro caseiro e um cervejeiro profissional se unir\u00e3o para criar uma Belgian Saison, em uma brassagem aberta. Voc\u00ea poder\u00e1 ver de perto o processo de fabrica\u00e7\u00e3o desta cerveja, al\u00e9m de conhecer os artistas por tr\u00e1s desta cria\u00e7\u00e3o e celebrar a boa amizade. N\u00e3o perca a oportunidade de participar de mais um evento incr\u00edvel!<\/p>\n<p><strong>Marcelo Preto<\/strong> \u00e9 um verdadeiro mestre em automa\u00e7\u00e3o, autocard, pilotagem de drones e cervejeiro. Desde 2017 ele se dedica ao hobby, criando cervejas cristalinas e \u00fanicas. \u201cMestre das cervejas sem alma&#8221;!! Em 2019, tornou-se s\u00f3cio da ACerva Paulista.<\/p>\n<p><strong>Victor Pereira Marinho<\/strong> \u00e9 um cervejeiro aficionado por inova\u00e7\u00e3o desde 2009. Sua paix\u00e3o pela cerveja o levou a se tornar um cervejeiro profissional em 2013, e, desde ent\u00e3o, tem se dedicado a criar grandes cervejas, desde as mais claras e leves at\u00e9 as mais intensas e complexas. Ele \u00e9 o s\u00f3cio fundador e cervejeiro respons\u00e1vel da Cervejaria D\u00e1diva.<\/p>\n<p>Victor faz parte da hist\u00f3ria da <strong>ACervA Paulista<\/strong> e foi um dos criadores e s\u00f3cio fundador em 2010!<\/p>\n<p>Importante! Lembre-se de levar sua cerveja para compartilhar!<\/p>\n<p><strong>Associe-se j\u00e1<\/strong>:\u00a0<a href=\"https:\/\/acervapaulista.com.br\/categoria-produto\/associacao\/\">https:\/\/acervapaulista.com.br\/categoria-produto\/associacao\/<\/a><\/p>\n<p>Data: 27\/8\/2023<br \/>\nHor\u00e1rio: 11h<br \/>\nLocal: R. Vupabussu, 305 &#8211; Pinheiros, S\u00e3o Paulo &#8211; SP, 05429-040<br \/>\nInstagram:\u00a0<a href=\"https:\/\/www.instagram.com\/eapsp\/\">https:\/\/www.instagram.com\/eapsp\/<\/a><\/p>\n<p>Cheers!!<\/p>\n","protected":false},"excerpt":{"rendered":"<p>Venha para mais um evento da ACervA Paulista no EAP-Emp\u00f3rio Alto dos Pinheiros! Onde, um cervejeiro caseiro e um cervejeiro profissional se unir\u00e3o para criar uma Belgian Saison, em uma brassagem aberta. Voc\u00ea poder\u00e1 ver de perto o processo de fabrica\u00e7\u00e3o desta cerveja, al\u00e9m de conhecer os artistas por tr\u00e1s desta cria\u00e7\u00e3o e celebrar a boa amizade. N\u00e3o perca a oportunidade de participar de mais um evento incr\u00edvel! Marcelo Preto \u00e9 um verdadeiro mestre em automa\u00e7\u00e3o, autocard, pilotagem de drones e cervejeiro. Desde 2017 ele se dedica ao hobby, criando cervejas cristalinas e \u00fanicas. \u201cMestre das cervejas sem alma&#8221;!! Em 2019, tornou-se s\u00f3cio da ACerva Paulista. Victor Pereira Marinho \u00e9 um cervejeiro aficionado por inova\u00e7\u00e3o desde 2009. Sua paix\u00e3o pela cerveja o levou a se tornar um cervejeiro profissional em 2013, e, desde ent\u00e3o, tem se dedicado a criar grandes cervejas, desde as mais claras e leves at\u00e9 as mais intensas e complexas. Ele \u00e9 o s\u00f3cio fundador e cervejeiro respons\u00e1vel da Cervejaria D\u00e1diva. Victor faz parte da hist\u00f3ria da ACervA Paulista e foi um dos criadores e s\u00f3cio fundador em 2010! Importante! Lembre-se de levar sua cerveja para compartilhar! Associe-se j\u00e1:\u00a0https:\/\/acervapaulista.com.br\/categoria-produto\/associacao\/ Data: 27\/8\/2023 Hor\u00e1rio: 11h Local: R. Vupabussu, 305 &#8230; <a href=\"https:\/\/acervapaulista.com.br\/wordpress\/evento\/brassagem-aberta-em-dupla-no-eap-agosto-2023\/\" class=\"more-link\">Read More<\/a><\/p>\n","protected":false},"author":121,"featured_media":7151,"template":"","meta":{"pmpro_default_level":"","_price":"","_stock":"","_tribe_ticket_header":"","_tribe_default_ticket_provider":"","_tribe_ticket_capacity":"0","_ticket_start_date":"","_ticket_end_date":"","_tribe_ticket_show_description":"","_tribe_ticket_show_not_going":false,"_tribe_ticket_use_global_stock":"","_tribe_ticket_global_stock_level":"","_global_stock_mode":"","_global_stock_cap":"","_tribe_rsvp_for_event":"","_tribe_ticket_going_count":"","_tribe_ticket_not_going_count":"","_tribe_tickets_list":"[]","_tribe_ticket_has_attendee_info_fields":false,"_tribe_events_status":"","_tribe_events_status_reason":"","footnotes":"","_tec_slr_enabled":"","_tec_slr_layout":""},"tags":[184,267,266,268,269,204,276,261,277,279,251,262,278,280,265,270,104,272,273,212,275,252,271,253,263,264,171,274,218],"tribe_events_cat":[42,44],"class_list":["post-7127","tribe_events","type-tribe_events","status-publish","has-post-thumbnail","hentry","tag-acervapaulista","tag-beergeek","tag-beerlovers","tag-beertasting","tag-brewday","tag-cervejaartesanal","tag-cervejaartesanalsp","tag-cervejafeitaemcasa","tag-cervejapaulista","tag-cervejasp","tag-cervejeirocaseiro","tag-cervejeiroscaseiros","tag-cervejeirosdesp","tag-cervejeirospaulistas","tag-craftbeer","tag-craftbeercommunity","tag-eap","tag-euapoioocomerciolocal","tag-euapoiooprodutobrasileiro","tag-eufacoaminhacerveja","tag-feitonobrasil","tag-homebrew","tag-homebrewclub","tag-homebrewer","tag-homebrewing","tag-homebrewlife","tag-parcerias","tag-valorizeoprodutonacional","tag-vempraacervapaulista","tribe_events_cat-encontro","tribe_events_cat-sao-paulo","pmpro-has-access","cat_encontro","cat_sao-paulo"],"aioseo_notices":[],"aioseo_head":"\n\t\t<!-- All in One SEO 4.9.10 - aioseo.com -->\n\t<meta name=\"description\" content=\"Venha para mais um evento da ACervA Paulista no EAP-Emp\u00f3rio Alto dos Pinheiros! Onde, um cervejeiro caseiro e um cervejeiro profissional se unir\u00e3o para criar uma Belgian Saison, em uma brassagem aberta. Voc\u00ea poder\u00e1 ver de perto o processo de fabrica\u00e7\u00e3o desta cerveja, al\u00e9m de conhecer os artistas por tr\u00e1s desta cria\u00e7\u00e3o e celebrar a\" \/>\n\t<meta name=\"robots\" content=\"max-image-preview:large\" \/>\n\t<meta name=\"author\" content=\"Cleberton Pereira\"\/>\n\t<link rel=\"canonical\" href=\"https:\/\/acervapaulista.com.br\/wordpress\/evento\/brassagem-aberta-em-dupla-no-eap-agosto-2023\/\" \/>\n\t<meta name=\"generator\" content=\"All in One SEO (AIOSEO) 4.9.10\" \/>\n\t\t<meta property=\"og:locale\" content=\"pt_BR\" \/>\n\t\t<meta property=\"og:site_name\" content=\"ACervA Paulista - Associa\u00e7\u00e3o dos Cervejeiros Artesanais Paulistas\" \/>\n\t\t<meta property=\"og:type\" content=\"article\" \/>\n\t\t<meta property=\"og:title\" content=\"Vem ai\u2026 2\u00b0 BRASSAGEM EM DUPLA do ano!! No EAP-Emp\u00f3rio Alto dos Pinheiros - ACervA Paulista\" \/>\n\t\t<meta property=\"og:description\" content=\"Venha para mais um evento da ACervA Paulista no EAP-Emp\u00f3rio Alto dos Pinheiros! Onde, um cervejeiro caseiro e um cervejeiro profissional se unir\u00e3o para criar uma Belgian Saison, em uma brassagem aberta. Voc\u00ea poder\u00e1 ver de perto o processo de fabrica\u00e7\u00e3o desta cerveja, al\u00e9m de conhecer os artistas por tr\u00e1s desta cria\u00e7\u00e3o e celebrar a\" \/>\n\t\t<meta property=\"og:url\" content=\"https:\/\/acervapaulista.com.br\/wordpress\/evento\/brassagem-aberta-em-dupla-no-eap-agosto-2023\/\" \/>\n\t\t<meta property=\"article:published_time\" content=\"2023-07-28T21:51:11+00:00\" \/>\n\t\t<meta property=\"article:modified_time\" content=\"2023-08-17T18:45:34+00:00\" \/>\n\t\t<meta name=\"twitter:card\" content=\"summary_large_image\" \/>\n\t\t<meta name=\"twitter:title\" content=\"Vem ai\u2026 2\u00b0 BRASSAGEM EM DUPLA do ano!! No EAP-Emp\u00f3rio Alto dos Pinheiros - ACervA Paulista\" \/>\n\t\t<meta name=\"twitter:description\" content=\"Venha para mais um evento da ACervA Paulista no EAP-Emp\u00f3rio Alto dos Pinheiros! Onde, um cervejeiro caseiro e um cervejeiro profissional se unir\u00e3o para criar uma Belgian Saison, em uma brassagem aberta. Voc\u00ea poder\u00e1 ver de perto o processo de fabrica\u00e7\u00e3o desta cerveja, al\u00e9m de conhecer os artistas por tr\u00e1s desta cria\u00e7\u00e3o e celebrar a\" \/>\n\t\t<script type=\"application\/ld+json\" class=\"aioseo-schema\">\n\t\t\t{\"@context\":\"https:\\\/\\\/schema.org\",\"@graph\":[{\"@type\":\"BreadcrumbList\",\"@id\":\"https:\\\/\\\/acervapaulista.com.br\\\/wordpress\\\/evento\\\/brassagem-aberta-em-dupla-no-eap-agosto-2023\\\/#breadcrumblist\",\"itemListElement\":[{\"@type\":\"ListItem\",\"@id\":\"https:\\\/\\\/acervapaulista.com.br\\\/wordpress#listItem\",\"position\":1,\"name\":\"Home\",\"item\":\"https:\\\/\\\/acervapaulista.com.br\\\/wordpress\",\"nextItem\":{\"@type\":\"ListItem\",\"@id\":\"https:\\\/\\\/acervapaulista.com.br\\\/wordpress\\\/eventos\\\/#listItem\",\"name\":\"Eventos\"}},{\"@type\":\"ListItem\",\"@id\":\"https:\\\/\\\/acervapaulista.com.br\\\/wordpress\\\/eventos\\\/#listItem\",\"position\":2,\"name\":\"Eventos\",\"item\":\"https:\\\/\\\/acervapaulista.com.br\\\/wordpress\\\/eventos\\\/\",\"nextItem\":{\"@type\":\"ListItem\",\"@id\":\"https:\\\/\\\/acervapaulista.com.br\\\/wordpress\\\/tag\\\/eap\\\/#listItem\",\"name\":\"EAP\"},\"previousItem\":{\"@type\":\"ListItem\",\"@id\":\"https:\\\/\\\/acervapaulista.com.br\\\/wordpress#listItem\",\"name\":\"Home\"}},{\"@type\":\"ListItem\",\"@id\":\"https:\\\/\\\/acervapaulista.com.br\\\/wordpress\\\/tag\\\/eap\\\/#listItem\",\"position\":3,\"name\":\"EAP\",\"item\":\"https:\\\/\\\/acervapaulista.com.br\\\/wordpress\\\/tag\\\/eap\\\/\",\"nextItem\":{\"@type\":\"ListItem\",\"@id\":\"https:\\\/\\\/acervapaulista.com.br\\\/wordpress\\\/evento\\\/brassagem-aberta-em-dupla-no-eap-agosto-2023\\\/#listItem\",\"name\":\"Vem ai&#8230; 2\\u00b0 BRASSAGEM EM DUPLA do ano!! No EAP-Emp\\u00f3rio Alto dos Pinheiros\"},\"previousItem\":{\"@type\":\"ListItem\",\"@id\":\"https:\\\/\\\/acervapaulista.com.br\\\/wordpress\\\/eventos\\\/#listItem\",\"name\":\"Eventos\"}},{\"@type\":\"ListItem\",\"@id\":\"https:\\\/\\\/acervapaulista.com.br\\\/wordpress\\\/evento\\\/brassagem-aberta-em-dupla-no-eap-agosto-2023\\\/#listItem\",\"position\":4,\"name\":\"Vem ai&#8230; 2\\u00b0 BRASSAGEM EM DUPLA do ano!! No EAP-Emp\\u00f3rio Alto dos Pinheiros\",\"previousItem\":{\"@type\":\"ListItem\",\"@id\":\"https:\\\/\\\/acervapaulista.com.br\\\/wordpress\\\/tag\\\/eap\\\/#listItem\",\"name\":\"EAP\"}}]},{\"@type\":\"Organization\",\"@id\":\"https:\\\/\\\/acervapaulista.com.br\\\/wordpress\\\/#organization\",\"name\":\"ACervA Paulista\",\"description\":\"Associa\\u00e7\\u00e3o dos Cervejeiros Artesanais Paulistas\",\"url\":\"https:\\\/\\\/acervapaulista.com.br\\\/wordpress\\\/\"},{\"@type\":\"Person\",\"@id\":\"https:\\\/\\\/acervapaulista.com.br\\\/wordpress\\\/author\\\/tondipereira\\\/#author\",\"url\":\"https:\\\/\\\/acervapaulista.com.br\\\/wordpress\\\/author\\\/tondipereira\\\/\",\"name\":\"Cleberton Pereira\",\"image\":{\"@type\":\"ImageObject\",\"@id\":\"https:\\\/\\\/acervapaulista.com.br\\\/wordpress\\\/evento\\\/brassagem-aberta-em-dupla-no-eap-agosto-2023\\\/#authorImage\",\"url\":\"https:\\\/\\\/secure.gravatar.com\\\/avatar\\\/4f05a1db828954b66cd53f6de1e19b87fd18b8b8c8dad2e9176473c2fbcfb6f5?s=96&d=mm&r=g\",\"width\":96,\"height\":96,\"caption\":\"Cleberton Pereira\"}},{\"@type\":\"WebPage\",\"@id\":\"https:\\\/\\\/acervapaulista.com.br\\\/wordpress\\\/evento\\\/brassagem-aberta-em-dupla-no-eap-agosto-2023\\\/#webpage\",\"url\":\"https:\\\/\\\/acervapaulista.com.br\\\/wordpress\\\/evento\\\/brassagem-aberta-em-dupla-no-eap-agosto-2023\\\/\",\"name\":\"Vem ai\\u2026 2\\u00b0 BRASSAGEM EM DUPLA do ano!! No EAP-Emp\\u00f3rio Alto dos Pinheiros - ACervA Paulista\",\"description\":\"Venha para mais um evento da ACervA Paulista no EAP-Emp\\u00f3rio Alto dos Pinheiros! Onde, um cervejeiro caseiro e um cervejeiro profissional se unir\\u00e3o para criar uma Belgian Saison, em uma brassagem aberta. Voc\\u00ea poder\\u00e1 ver de perto o processo de fabrica\\u00e7\\u00e3o desta cerveja, al\\u00e9m de conhecer os artistas por tr\\u00e1s desta cria\\u00e7\\u00e3o e celebrar a\",\"inLanguage\":\"pt-BR\",\"isPartOf\":{\"@id\":\"https:\\\/\\\/acervapaulista.com.br\\\/wordpress\\\/#website\"},\"breadcrumb\":{\"@id\":\"https:\\\/\\\/acervapaulista.com.br\\\/wordpress\\\/evento\\\/brassagem-aberta-em-dupla-no-eap-agosto-2023\\\/#breadcrumblist\"},\"author\":{\"@id\":\"https:\\\/\\\/acervapaulista.com.br\\\/wordpress\\\/author\\\/tondipereira\\\/#author\"},\"creator\":{\"@id\":\"https:\\\/\\\/acervapaulista.com.br\\\/wordpress\\\/author\\\/tondipereira\\\/#author\"},\"image\":{\"@type\":\"ImageObject\",\"url\":\"https:\\\/\\\/acervapaulista.com.br\\\/wordpress\\\/wp-content\\\/uploads\\\/2023\\\/07\\\/EAP-27-08.png\",\"@id\":\"https:\\\/\\\/acervapaulista.com.br\\\/wordpress\\\/evento\\\/brassagem-aberta-em-dupla-no-eap-agosto-2023\\\/#mainImage\",\"width\":3456,\"height\":6144},\"primaryImageOfPage\":{\"@id\":\"https:\\\/\\\/acervapaulista.com.br\\\/wordpress\\\/evento\\\/brassagem-aberta-em-dupla-no-eap-agosto-2023\\\/#mainImage\"},\"datePublished\":\"2023-07-28T18:51:11-03:00\",\"dateModified\":\"2023-08-17T15:45:34-03:00\"},{\"@type\":\"WebSite\",\"@id\":\"https:\\\/\\\/acervapaulista.com.br\\\/wordpress\\\/#website\",\"url\":\"https:\\\/\\\/acervapaulista.com.br\\\/wordpress\\\/\",\"name\":\"ACervA Paulista\",\"description\":\"Associa\\u00e7\\u00e3o dos Cervejeiros Artesanais Paulistas\",\"inLanguage\":\"pt-BR\",\"publisher\":{\"@id\":\"https:\\\/\\\/acervapaulista.com.br\\\/wordpress\\\/#organization\"}}]}\n\t\t<\/script>\n\t\t<!-- All in One SEO -->\n\n","aioseo_head_json":{"title":"Vem ai\u2026 2\u00b0 BRASSAGEM EM DUPLA do ano!! No EAP-Emp\u00f3rio Alto dos Pinheiros - ACervA Paulista","description":"Venha para mais um evento da ACervA Paulista no EAP-Emp\u00f3rio Alto dos Pinheiros! Onde, um cervejeiro caseiro e um cervejeiro profissional se unir\u00e3o para criar uma Belgian Saison, em uma brassagem aberta. Voc\u00ea poder\u00e1 ver de perto o processo de fabrica\u00e7\u00e3o desta cerveja, al\u00e9m de conhecer os artistas por tr\u00e1s desta cria\u00e7\u00e3o e celebrar a","canonical_url":"https:\/\/acervapaulista.com.br\/wordpress\/evento\/brassagem-aberta-em-dupla-no-eap-agosto-2023\/","robots":"max-image-preview:large","keywords":"","webmasterTools":{"miscellaneous":""},"schema":{"@context":"https:\/\/schema.org","@graph":[{"@type":"BreadcrumbList","@id":"https:\/\/acervapaulista.com.br\/wordpress\/evento\/brassagem-aberta-em-dupla-no-eap-agosto-2023\/#breadcrumblist","itemListElement":[{"@type":"ListItem","@id":"https:\/\/acervapaulista.com.br\/wordpress#listItem","position":1,"name":"Home","item":"https:\/\/acervapaulista.com.br\/wordpress","nextItem":{"@type":"ListItem","@id":"https:\/\/acervapaulista.com.br\/wordpress\/eventos\/#listItem","name":"Eventos"}},{"@type":"ListItem","@id":"https:\/\/acervapaulista.com.br\/wordpress\/eventos\/#listItem","position":2,"name":"Eventos","item":"https:\/\/acervapaulista.com.br\/wordpress\/eventos\/","nextItem":{"@type":"ListItem","@id":"https:\/\/acervapaulista.com.br\/wordpress\/tag\/eap\/#listItem","name":"EAP"},"previousItem":{"@type":"ListItem","@id":"https:\/\/acervapaulista.com.br\/wordpress#listItem","name":"Home"}},{"@type":"ListItem","@id":"https:\/\/acervapaulista.com.br\/wordpress\/tag\/eap\/#listItem","position":3,"name":"EAP","item":"https:\/\/acervapaulista.com.br\/wordpress\/tag\/eap\/","nextItem":{"@type":"ListItem","@id":"https:\/\/acervapaulista.com.br\/wordpress\/evento\/brassagem-aberta-em-dupla-no-eap-agosto-2023\/#listItem","name":"Vem ai&#8230; 2\u00b0 BRASSAGEM EM DUPLA do ano!! No EAP-Emp\u00f3rio Alto dos Pinheiros"},"previousItem":{"@type":"ListItem","@id":"https:\/\/acervapaulista.com.br\/wordpress\/eventos\/#listItem","name":"Eventos"}},{"@type":"ListItem","@id":"https:\/\/acervapaulista.com.br\/wordpress\/evento\/brassagem-aberta-em-dupla-no-eap-agosto-2023\/#listItem","position":4,"name":"Vem ai&#8230; 2\u00b0 BRASSAGEM EM DUPLA do ano!! No EAP-Emp\u00f3rio Alto dos Pinheiros","previousItem":{"@type":"ListItem","@id":"https:\/\/acervapaulista.com.br\/wordpress\/tag\/eap\/#listItem","name":"EAP"}}]},{"@type":"Organization","@id":"https:\/\/acervapaulista.com.br\/wordpress\/#organization","name":"ACervA Paulista","description":"Associa\u00e7\u00e3o dos Cervejeiros Artesanais Paulistas","url":"https:\/\/acervapaulista.com.br\/wordpress\/"},{"@type":"Person","@id":"https:\/\/acervapaulista.com.br\/wordpress\/author\/tondipereira\/#author","url":"https:\/\/acervapaulista.com.br\/wordpress\/author\/tondipereira\/","name":"Cleberton Pereira","image":{"@type":"ImageObject","@id":"https:\/\/acervapaulista.com.br\/wordpress\/evento\/brassagem-aberta-em-dupla-no-eap-agosto-2023\/#authorImage","url":"https:\/\/secure.gravatar.com\/avatar\/4f05a1db828954b66cd53f6de1e19b87fd18b8b8c8dad2e9176473c2fbcfb6f5?s=96&d=mm&r=g","width":96,"height":96,"caption":"Cleberton Pereira"}},{"@type":"WebPage","@id":"https:\/\/acervapaulista.com.br\/wordpress\/evento\/brassagem-aberta-em-dupla-no-eap-agosto-2023\/#webpage","url":"https:\/\/acervapaulista.com.br\/wordpress\/evento\/brassagem-aberta-em-dupla-no-eap-agosto-2023\/","name":"Vem ai\u2026 2\u00b0 BRASSAGEM EM DUPLA do ano!! No EAP-Emp\u00f3rio Alto dos Pinheiros - ACervA Paulista","description":"Venha para mais um evento da ACervA Paulista no EAP-Emp\u00f3rio Alto dos Pinheiros! Onde, um cervejeiro caseiro e um cervejeiro profissional se unir\u00e3o para criar uma Belgian Saison, em uma brassagem aberta. Voc\u00ea poder\u00e1 ver de perto o processo de fabrica\u00e7\u00e3o desta cerveja, al\u00e9m de conhecer os artistas por tr\u00e1s desta cria\u00e7\u00e3o e celebrar a","inLanguage":"pt-BR","isPartOf":{"@id":"https:\/\/acervapaulista.com.br\/wordpress\/#website"},"breadcrumb":{"@id":"https:\/\/acervapaulista.com.br\/wordpress\/evento\/brassagem-aberta-em-dupla-no-eap-agosto-2023\/#breadcrumblist"},"author":{"@id":"https:\/\/acervapaulista.com.br\/wordpress\/author\/tondipereira\/#author"},"creator":{"@id":"https:\/\/acervapaulista.com.br\/wordpress\/author\/tondipereira\/#author"},"image":{"@type":"ImageObject","url":"https:\/\/acervapaulista.com.br\/wordpress\/wp-content\/uploads\/2023\/07\/EAP-27-08.png","@id":"https:\/\/acervapaulista.com.br\/wordpress\/evento\/brassagem-aberta-em-dupla-no-eap-agosto-2023\/#mainImage","width":3456,"height":6144},"primaryImageOfPage":{"@id":"https:\/\/acervapaulista.com.br\/wordpress\/evento\/brassagem-aberta-em-dupla-no-eap-agosto-2023\/#mainImage"},"datePublished":"2023-07-28T18:51:11-03:00","dateModified":"2023-08-17T15:45:34-03:00"},{"@type":"WebSite","@id":"https:\/\/acervapaulista.com.br\/wordpress\/#website","url":"https:\/\/acervapaulista.com.br\/wordpress\/","name":"ACervA Paulista","description":"Associa\u00e7\u00e3o dos Cervejeiros Artesanais Paulistas","inLanguage":"pt-BR","publisher":{"@id":"https:\/\/acervapaulista.com.br\/wordpress\/#organization"}}]},"og:locale":"pt_BR","og:site_name":"ACervA Paulista - Associa\u00e7\u00e3o dos Cervejeiros Artesanais Paulistas","og:type":"article","og:title":"Vem ai\u2026 2\u00b0 BRASSAGEM EM DUPLA do ano!! No EAP-Emp\u00f3rio Alto dos Pinheiros - ACervA Paulista","og:description":"Venha para mais um evento da ACervA Paulista no EAP-Emp\u00f3rio Alto dos Pinheiros! Onde, um cervejeiro caseiro e um cervejeiro profissional se unir\u00e3o para criar uma Belgian Saison, em uma brassagem aberta. Voc\u00ea poder\u00e1 ver de perto o processo de fabrica\u00e7\u00e3o desta cerveja, al\u00e9m de conhecer os artistas por tr\u00e1s desta cria\u00e7\u00e3o e celebrar a","og:url":"https:\/\/acervapaulista.com.br\/wordpress\/evento\/brassagem-aberta-em-dupla-no-eap-agosto-2023\/","article:published_time":"2023-07-28T21:51:11+00:00","article:modified_time":"2023-08-17T18:45:34+00:00","twitter:card":"summary_large_image","twitter:title":"Vem ai\u2026 2\u00b0 BRASSAGEM EM DUPLA do ano!! No EAP-Emp\u00f3rio Alto dos Pinheiros - ACervA Paulista","twitter:description":"Venha para mais um evento da ACervA Paulista no EAP-Emp\u00f3rio Alto dos Pinheiros! Onde, um cervejeiro caseiro e um cervejeiro profissional se unir\u00e3o para criar uma Belgian Saison, em uma brassagem aberta. Voc\u00ea poder\u00e1 ver de perto o processo de fabrica\u00e7\u00e3o desta cerveja, al\u00e9m de conhecer os artistas por tr\u00e1s desta cria\u00e7\u00e3o e celebrar a"},"aioseo_meta_data":{"post_id":"7127","title":null,"description":null,"keywords":null,"keyphrases":null,"primary_term":null,"canonical_url":null,"og_title":null,"og_description":null,"og_object_type":"default","og_image_type":"default","og_image_url":null,"og_image_width":null,"og_image_height":null,"og_image_custom_url":null,"og_image_custom_fields":null,"og_video":null,"og_custom_url":null,"og_article_section":null,"og_article_tags":null,"twitter_use_og":false,"twitter_card":"default","twitter_image_type":"default","twitter_image_url":null,"twitter_image_custom_url":null,"twitter_image_custom_fields":null,"twitter_title":null,"twitter_description":null,"schema":{"blockGraphs":[],"customGraphs":[],"default":{"data":{"Article":[],"Course":[],"Dataset":[],"FAQPage":[],"Movie":[],"Person":[],"Product":[],"ProductReview":[],"Car":[],"Recipe":[],"Service":[],"SoftwareApplication":[],"WebPage":[]},"graphName":"","isEnabled":true},"graphs":[]},"schema_type":"default","schema_type_options":null,"pillar_content":false,"robots_default":true,"robots_noindex":false,"robots_noarchive":false,"robots_nosnippet":false,"robots_nofollow":false,"robots_noimageindex":false,"robots_noodp":false,"robots_notranslate":false,"robots_max_snippet":null,"robots_max_videopreview":null,"robots_max_imagepreview":"large","priority":null,"frequency":null,"local_seo":null,"breadcrumb_settings":null,"limit_modified_date":false,"ai":null,"created":"2023-10-20 05:28:06","updated":"2025-09-06 13:33:00","seo_analyzer_scan_date":null},"aioseo_breadcrumb":"<div class=\"aioseo-breadcrumbs\"><span class=\"aioseo-breadcrumb\">\n\t\t\t<a href=\"https:\/\/acervapaulista.com.br\/wordpress\" title=\"Home\">Home<\/a>\n\t\t<\/span><span class=\"aioseo-breadcrumb-separator\">&raquo;<\/span><span class=\"aioseo-breadcrumb\">\n\t\t\t<a href=\"https:\/\/acervapaulista.com.br\/wordpress\/eventos\/\" title=\"Eventos\">Eventos<\/a>\n\t\t<\/span><span class=\"aioseo-breadcrumb-separator\">&raquo;<\/span><span class=\"aioseo-breadcrumb\">\n\t\t\t<a href=\"https:\/\/acervapaulista.com.br\/wordpress\/tag\/eap\/\" title=\"EAP\">EAP<\/a>\n\t\t<\/span><span class=\"aioseo-breadcrumb-separator\">&raquo;<\/span><span class=\"aioseo-breadcrumb\">\n\t\t\tVem ai\u2026 2\u00b0 BRASSAGEM EM DUPLA do ano!! No EAP-Emp\u00f3rio Alto dos Pinheiros\n\t\t<\/span><\/div>","aioseo_breadcrumb_json":[{"label":"Home","link":"https:\/\/acervapaulista.com.br\/wordpress"},{"label":"Eventos","link":"https:\/\/acervapaulista.com.br\/wordpress\/eventos\/"},{"label":"EAP","link":"https:\/\/acervapaulista.com.br\/wordpress\/tag\/eap\/"},{"label":"Vem ai&#8230; 2\u00b0 BRASSAGEM EM DUPLA do ano!! No EAP-Emp\u00f3rio Alto dos Pinheiros","link":"https:\/\/acervapaulista.com.br\/wordpress\/evento\/brassagem-aberta-em-dupla-no-eap-agosto-2023\/"}],"ticketed":["rsvp"],"_links":{"self":[{"href":"https:\/\/acervapaulista.com.br\/wordpress\/wp-json\/wp\/v2\/tribe_events\/7127","targetHints":{"allow":["GET"]}}],"collection":[{"href":"https:\/\/acervapaulista.com.br\/wordpress\/wp-json\/wp\/v2\/tribe_events"}],"about":[{"href":"https:\/\/acervapaulista.com.br\/wordpress\/wp-json\/wp\/v2\/types\/tribe_events"}],"author":[{"embeddable":true,"href":"https:\/\/acervapaulista.com.br\/wordpress\/wp-json\/wp\/v2\/users\/121"}],"version-history":[{"count":12,"href":"https:\/\/acervapaulista.com.br\/wordpress\/wp-json\/wp\/v2\/tribe_events\/7127\/revisions"}],"predecessor-version":[{"id":7162,"href":"https:\/\/acervapaulista.com.br\/wordpress\/wp-json\/wp\/v2\/tribe_events\/7127\/revisions\/7162"}],"wp:featuredmedia":[{"embeddable":true,"href":"https:\/\/acervapaulista.com.br\/wordpress\/wp-json\/wp\/v2\/media\/7151"}],"wp:attachment":[{"href":"https:\/\/acervapaulista.com.br\/wordpress\/wp-json\/wp\/v2\/media?parent=7127"}],"wp:term":[{"taxonomy":"post_tag","embeddable":true,"href":"https:\/\/acervapaulista.com.br\/wordpress\/wp-json\/wp\/v2\/tags?post=7127"},{"taxonomy":"tribe_events_cat","embeddable":true,"href":"https:\/\/acervapaulista.com.br\/wordpress\/wp-json\/wp\/v2\/tribe_events_cat?post=7127"}],"curies":[{"name":"wp","href":"https:\/\/api.w.org\/{rel}","templated":true}]}}