{"id":6878,"date":"2023-04-25T18:19:05","date_gmt":"2023-04-25T21:19:05","guid":{"rendered":"https:\/\/acervapaulista.com.br\/?post_type=tribe_events&#038;p=6878"},"modified":"2023-04-26T15:43:11","modified_gmt":"2023-04-26T18:43:11","slug":"palestras-tecnicas-i-concurso-das-acervas-do-sudoeste-2023","status":"publish","type":"tribe_events","link":"https:\/\/acervapaulista.com.br\/wordpress\/evento\/palestras-tecnicas-i-concurso-das-acervas-do-sudoeste-2023\/","title":{"rendered":"Palestras T\u00e9cnicas &#8211; I Concurso das ACervAs do Sudoeste 2023"},"content":{"rendered":"<p>A ACervA Paulista, Associa\u00e7\u00e3o dos Cervejeiros Artesanais Paulistas convida os nossos associados, ju\u00edzes e equipe de apoio que contribu\u00edram para a realiza\u00e7\u00e3o do I Concurso das ACervAs do Sudoeste, para assistir as palestras t\u00e9cnicas com Carola Carvalho, Gabriela Lando e Thomaz Pupo.<\/p>\n<p>&nbsp;<\/p>\n<p>Palestrante: Carola Carvalho<br \/>\nMestrado e doutorado em biotecnologia-USP e p\u00f3s-doc\u00a0 &#8211; EACH &#8211; USP<br \/>\nTema: Leveduras, do b\u00e1sico a explora\u00e7\u00e3o do nosso terroir<\/p>\n<p>Palestrante: Gabriela Lando<br \/>\nMestre em ci\u00eancia dos materiais e bacharel em qu\u00edmica &#8211; UFRGS<br \/>\nTema: A origem de estilos cl\u00e1ssicos de cerveja<\/p>\n<p>Palestrante: Thomaz Pupo<br \/>\nJuiz BJCP Grand Master I, Mead &amp; Cider<br \/>\nTema: Fundamentos para an\u00e1lise e avalia\u00e7\u00e3o de cervejas<\/p>\n<p><strong>Evento Gratuito &#8211; Vagas Limitadas<\/strong><\/p>\n<p>*A partir das 17h faremos a cerim\u00f4nia de premia\u00e7\u00e3o do concurso e na sequ\u00eancia a festa de confraterniza\u00e7\u00e3o!<\/p>\n<p>&nbsp;<\/p>\n<p>#acervapaulista #vempraacervapaulista #eufa\u00e7ominhacerveja #cervejarianacional #acervabrasil #cervejacaseira<\/p>\n","protected":false},"excerpt":{"rendered":"<p>A ACervA Paulista, Associa\u00e7\u00e3o dos Cervejeiros Artesanais Paulistas convida os nossos associados, ju\u00edzes e equipe de apoio que contribu\u00edram para a realiza\u00e7\u00e3o do I Concurso das ACervAs do Sudoeste, para assistir as palestras t\u00e9cnicas com Carola Carvalho, Gabriela Lando e Thomaz Pupo. &nbsp; Palestrante: Carola Carvalho Mestrado e doutorado em biotecnologia-USP e p\u00f3s-doc\u00a0 &#8211; EACH &#8211; USP Tema: Leveduras, do b\u00e1sico a explora\u00e7\u00e3o do nosso terroir Palestrante: Gabriela Lando Mestre em ci\u00eancia dos materiais e bacharel em qu\u00edmica &#8211; UFRGS Tema: A origem de estilos cl\u00e1ssicos de cerveja Palestrante: Thomaz Pupo Juiz BJCP Grand Master I, Mead &amp; Cider Tema: Fundamentos para an\u00e1lise e avalia\u00e7\u00e3o de cervejas Evento Gratuito &#8211; Vagas Limitadas *A partir das 17h faremos a cerim\u00f4nia de premia\u00e7\u00e3o do concurso e na sequ\u00eancia a festa de confraterniza\u00e7\u00e3o! &nbsp; #acervapaulista #vempraacervapaulista #eufa\u00e7ominhacerveja #cervejarianacional #acervabrasil #cervejacaseira<\/p>\n","protected":false},"author":84,"featured_media":6894,"template":"","meta":{"pmpro_default_level":"","_price":"","_stock":"","_tribe_ticket_header":"6894","_tribe_default_ticket_provider":"","_tribe_ticket_capacity":"0","_ticket_start_date":"","_ticket_end_date":"","_tribe_ticket_show_description":"","_tribe_ticket_show_not_going":false,"_tribe_ticket_use_global_stock":"","_tribe_ticket_global_stock_level":"","_global_stock_mode":"","_global_stock_cap":"","_tribe_rsvp_for_event":"","_tribe_ticket_going_count":"","_tribe_ticket_not_going_count":"","_tribe_tickets_list":"[]","_tribe_ticket_has_attendee_info_fields":false,"_tribe_events_status":"","_tribe_events_status_reason":"","footnotes":"","_tec_slr_enabled":"","_tec_slr_layout":""},"tags":[],"tribe_events_cat":[99,33,44],"class_list":["post-6878","tribe_events","type-tribe_events","status-publish","has-post-thumbnail","hentry","tribe_events_cat-concurso","tribe_events_cat-palestras","tribe_events_cat-sao-paulo","pmpro-has-access","cat_concurso","cat_palestras","cat_sao-paulo"],"aioseo_notices":[],"aioseo_head":"\n\t\t<!-- All in One SEO 4.9.10 - aioseo.com -->\n\t<meta name=\"description\" content=\"A ACervA Paulista, Associa\u00e7\u00e3o dos Cervejeiros Artesanais Paulistas convida os nossos associados, ju\u00edzes e equipe de apoio que contribu\u00edram para a realiza\u00e7\u00e3o do I Concurso das ACervAs do Sudoeste, para assistir as palestras t\u00e9cnicas com Carola Carvalho, Gabriela Lando e Thomaz Pupo. Palestrante: Carola Carvalho Mestrado e doutorado em biotecnologia-USP e p\u00f3s-doc - EACH\" \/>\n\t<meta name=\"robots\" content=\"max-image-preview:large\" \/>\n\t<meta name=\"author\" content=\"Carlos Santana\"\/>\n\t<link rel=\"canonical\" href=\"https:\/\/acervapaulista.com.br\/wordpress\/evento\/palestras-tecnicas-i-concurso-das-acervas-do-sudoeste-2023\/\" \/>\n\t<meta name=\"generator\" content=\"All in One SEO (AIOSEO) 4.9.10\" \/>\n\t\t<meta property=\"og:locale\" content=\"pt_BR\" \/>\n\t\t<meta property=\"og:site_name\" content=\"ACervA Paulista - Associa\u00e7\u00e3o dos Cervejeiros Artesanais Paulistas\" \/>\n\t\t<meta property=\"og:type\" content=\"article\" \/>\n\t\t<meta property=\"og:title\" content=\"Palestras T\u00e9cnicas \u2013 I Concurso das ACervAs do Sudoeste 2023 - ACervA Paulista\" \/>\n\t\t<meta property=\"og:description\" content=\"A ACervA Paulista, Associa\u00e7\u00e3o dos Cervejeiros Artesanais Paulistas convida os nossos associados, ju\u00edzes e equipe de apoio que contribu\u00edram para a realiza\u00e7\u00e3o do I Concurso das ACervAs do Sudoeste, para assistir as palestras t\u00e9cnicas com Carola Carvalho, Gabriela Lando e Thomaz Pupo. Palestrante: Carola Carvalho Mestrado e doutorado em biotecnologia-USP e p\u00f3s-doc - EACH\" \/>\n\t\t<meta property=\"og:url\" content=\"https:\/\/acervapaulista.com.br\/wordpress\/evento\/palestras-tecnicas-i-concurso-das-acervas-do-sudoeste-2023\/\" \/>\n\t\t<meta property=\"article:published_time\" content=\"2023-04-25T21:19:05+00:00\" \/>\n\t\t<meta property=\"article:modified_time\" content=\"2023-04-26T18:43:11+00:00\" \/>\n\t\t<meta name=\"twitter:card\" content=\"summary_large_image\" \/>\n\t\t<meta name=\"twitter:title\" content=\"Palestras T\u00e9cnicas \u2013 I Concurso das ACervAs do Sudoeste 2023 - ACervA Paulista\" \/>\n\t\t<meta name=\"twitter:description\" content=\"A ACervA Paulista, Associa\u00e7\u00e3o dos Cervejeiros Artesanais Paulistas convida os nossos associados, ju\u00edzes e equipe de apoio que contribu\u00edram para a realiza\u00e7\u00e3o do I Concurso das ACervAs do Sudoeste, para assistir as palestras t\u00e9cnicas com Carola Carvalho, Gabriela Lando e Thomaz Pupo. Palestrante: Carola Carvalho Mestrado e doutorado em biotecnologia-USP e p\u00f3s-doc - EACH\" \/>\n\t\t<script type=\"application\/ld+json\" class=\"aioseo-schema\">\n\t\t\t{\"@context\":\"https:\\\/\\\/schema.org\",\"@graph\":[{\"@type\":\"BreadcrumbList\",\"@id\":\"https:\\\/\\\/acervapaulista.com.br\\\/wordpress\\\/evento\\\/palestras-tecnicas-i-concurso-das-acervas-do-sudoeste-2023\\\/#breadcrumblist\",\"itemListElement\":[{\"@type\":\"ListItem\",\"@id\":\"https:\\\/\\\/acervapaulista.com.br\\\/wordpress#listItem\",\"position\":1,\"name\":\"Home\",\"item\":\"https:\\\/\\\/acervapaulista.com.br\\\/wordpress\",\"nextItem\":{\"@type\":\"ListItem\",\"@id\":\"https:\\\/\\\/acervapaulista.com.br\\\/wordpress\\\/eventos\\\/#listItem\",\"name\":\"Eventos\"}},{\"@type\":\"ListItem\",\"@id\":\"https:\\\/\\\/acervapaulista.com.br\\\/wordpress\\\/eventos\\\/#listItem\",\"position\":2,\"name\":\"Eventos\",\"item\":\"https:\\\/\\\/acervapaulista.com.br\\\/wordpress\\\/eventos\\\/\",\"nextItem\":{\"@type\":\"ListItem\",\"@id\":\"https:\\\/\\\/acervapaulista.com.br\\\/wordpress\\\/eventos\\\/categoria\\\/regional\\\/#listItem\",\"name\":\"Regional\"},\"previousItem\":{\"@type\":\"ListItem\",\"@id\":\"https:\\\/\\\/acervapaulista.com.br\\\/wordpress#listItem\",\"name\":\"Home\"}},{\"@type\":\"ListItem\",\"@id\":\"https:\\\/\\\/acervapaulista.com.br\\\/wordpress\\\/eventos\\\/categoria\\\/regional\\\/#listItem\",\"position\":3,\"name\":\"Regional\",\"item\":\"https:\\\/\\\/acervapaulista.com.br\\\/wordpress\\\/eventos\\\/categoria\\\/regional\\\/\",\"nextItem\":{\"@type\":\"ListItem\",\"@id\":\"https:\\\/\\\/acervapaulista.com.br\\\/wordpress\\\/eventos\\\/categoria\\\/regional\\\/sao-paulo\\\/#listItem\",\"name\":\"S\\u00e3o Paulo\"},\"previousItem\":{\"@type\":\"ListItem\",\"@id\":\"https:\\\/\\\/acervapaulista.com.br\\\/wordpress\\\/eventos\\\/#listItem\",\"name\":\"Eventos\"}},{\"@type\":\"ListItem\",\"@id\":\"https:\\\/\\\/acervapaulista.com.br\\\/wordpress\\\/eventos\\\/categoria\\\/regional\\\/sao-paulo\\\/#listItem\",\"position\":4,\"name\":\"S\\u00e3o Paulo\",\"item\":\"https:\\\/\\\/acervapaulista.com.br\\\/wordpress\\\/eventos\\\/categoria\\\/regional\\\/sao-paulo\\\/\",\"nextItem\":{\"@type\":\"ListItem\",\"@id\":\"https:\\\/\\\/acervapaulista.com.br\\\/wordpress\\\/evento\\\/palestras-tecnicas-i-concurso-das-acervas-do-sudoeste-2023\\\/#listItem\",\"name\":\"Palestras T\\u00e9cnicas &#8211; I Concurso das ACervAs do Sudoeste 2023\"},\"previousItem\":{\"@type\":\"ListItem\",\"@id\":\"https:\\\/\\\/acervapaulista.com.br\\\/wordpress\\\/eventos\\\/categoria\\\/regional\\\/#listItem\",\"name\":\"Regional\"}},{\"@type\":\"ListItem\",\"@id\":\"https:\\\/\\\/acervapaulista.com.br\\\/wordpress\\\/evento\\\/palestras-tecnicas-i-concurso-das-acervas-do-sudoeste-2023\\\/#listItem\",\"position\":5,\"name\":\"Palestras T\\u00e9cnicas &#8211; I Concurso das ACervAs do Sudoeste 2023\",\"previousItem\":{\"@type\":\"ListItem\",\"@id\":\"https:\\\/\\\/acervapaulista.com.br\\\/wordpress\\\/eventos\\\/categoria\\\/regional\\\/sao-paulo\\\/#listItem\",\"name\":\"S\\u00e3o Paulo\"}}]},{\"@type\":\"Organization\",\"@id\":\"https:\\\/\\\/acervapaulista.com.br\\\/wordpress\\\/#organization\",\"name\":\"ACervA Paulista\",\"description\":\"Associa\\u00e7\\u00e3o dos Cervejeiros Artesanais Paulistas\",\"url\":\"https:\\\/\\\/acervapaulista.com.br\\\/wordpress\\\/\"},{\"@type\":\"Person\",\"@id\":\"https:\\\/\\\/acervapaulista.com.br\\\/wordpress\\\/author\\\/educhp\\\/#author\",\"url\":\"https:\\\/\\\/acervapaulista.com.br\\\/wordpress\\\/author\\\/educhp\\\/\",\"name\":\"Carlos Santana\",\"image\":{\"@type\":\"ImageObject\",\"@id\":\"https:\\\/\\\/acervapaulista.com.br\\\/wordpress\\\/evento\\\/palestras-tecnicas-i-concurso-das-acervas-do-sudoeste-2023\\\/#authorImage\",\"url\":\"https:\\\/\\\/secure.gravatar.com\\\/avatar\\\/9bb9fc5ee33332780165f5a66181a659bda39f9fb30b1defd1d1cb01335ebd65?s=96&d=mm&r=g\",\"width\":96,\"height\":96,\"caption\":\"Carlos Santana\"}},{\"@type\":\"WebPage\",\"@id\":\"https:\\\/\\\/acervapaulista.com.br\\\/wordpress\\\/evento\\\/palestras-tecnicas-i-concurso-das-acervas-do-sudoeste-2023\\\/#webpage\",\"url\":\"https:\\\/\\\/acervapaulista.com.br\\\/wordpress\\\/evento\\\/palestras-tecnicas-i-concurso-das-acervas-do-sudoeste-2023\\\/\",\"name\":\"Palestras T\\u00e9cnicas \\u2013 I Concurso das ACervAs do Sudoeste 2023 - ACervA Paulista\",\"description\":\"A ACervA Paulista, Associa\\u00e7\\u00e3o dos Cervejeiros Artesanais Paulistas convida os nossos associados, ju\\u00edzes e equipe de apoio que contribu\\u00edram para a realiza\\u00e7\\u00e3o do I Concurso das ACervAs do Sudoeste, para assistir as palestras t\\u00e9cnicas com Carola Carvalho, Gabriela Lando e Thomaz Pupo. Palestrante: Carola Carvalho Mestrado e doutorado em biotecnologia-USP e p\\u00f3s-doc - EACH\",\"inLanguage\":\"pt-BR\",\"isPartOf\":{\"@id\":\"https:\\\/\\\/acervapaulista.com.br\\\/wordpress\\\/#website\"},\"breadcrumb\":{\"@id\":\"https:\\\/\\\/acervapaulista.com.br\\\/wordpress\\\/evento\\\/palestras-tecnicas-i-concurso-das-acervas-do-sudoeste-2023\\\/#breadcrumblist\"},\"author\":{\"@id\":\"https:\\\/\\\/acervapaulista.com.br\\\/wordpress\\\/author\\\/educhp\\\/#author\"},\"creator\":{\"@id\":\"https:\\\/\\\/acervapaulista.com.br\\\/wordpress\\\/author\\\/educhp\\\/#author\"},\"image\":{\"@type\":\"ImageObject\",\"url\":\"https:\\\/\\\/acervapaulista.com.br\\\/wordpress\\\/wp-content\\\/uploads\\\/2023\\\/04\\\/WhatsApp-Image-2023-04-26-at-12.08.47.jpeg\",\"@id\":\"https:\\\/\\\/acervapaulista.com.br\\\/wordpress\\\/evento\\\/palestras-tecnicas-i-concurso-das-acervas-do-sudoeste-2023\\\/#mainImage\",\"width\":1600,\"height\":838},\"primaryImageOfPage\":{\"@id\":\"https:\\\/\\\/acervapaulista.com.br\\\/wordpress\\\/evento\\\/palestras-tecnicas-i-concurso-das-acervas-do-sudoeste-2023\\\/#mainImage\"},\"datePublished\":\"2023-04-25T18:19:05-03:00\",\"dateModified\":\"2023-04-26T15:43:11-03:00\"},{\"@type\":\"WebSite\",\"@id\":\"https:\\\/\\\/acervapaulista.com.br\\\/wordpress\\\/#website\",\"url\":\"https:\\\/\\\/acervapaulista.com.br\\\/wordpress\\\/\",\"name\":\"ACervA Paulista\",\"description\":\"Associa\\u00e7\\u00e3o dos Cervejeiros Artesanais Paulistas\",\"inLanguage\":\"pt-BR\",\"publisher\":{\"@id\":\"https:\\\/\\\/acervapaulista.com.br\\\/wordpress\\\/#organization\"}}]}\n\t\t<\/script>\n\t\t<!-- All in One SEO -->\n\n","aioseo_head_json":{"title":"Palestras T\u00e9cnicas \u2013 I Concurso das ACervAs do Sudoeste 2023 - ACervA Paulista","description":"A ACervA Paulista, Associa\u00e7\u00e3o dos Cervejeiros Artesanais Paulistas convida os nossos associados, ju\u00edzes e equipe de apoio que contribu\u00edram para a realiza\u00e7\u00e3o do I Concurso das ACervAs do Sudoeste, para assistir as palestras t\u00e9cnicas com Carola Carvalho, Gabriela Lando e Thomaz Pupo. Palestrante: Carola Carvalho Mestrado e doutorado em biotecnologia-USP e p\u00f3s-doc - EACH","canonical_url":"https:\/\/acervapaulista.com.br\/wordpress\/evento\/palestras-tecnicas-i-concurso-das-acervas-do-sudoeste-2023\/","robots":"max-image-preview:large","keywords":"","webmasterTools":{"miscellaneous":""},"schema":{"@context":"https:\/\/schema.org","@graph":[{"@type":"BreadcrumbList","@id":"https:\/\/acervapaulista.com.br\/wordpress\/evento\/palestras-tecnicas-i-concurso-das-acervas-do-sudoeste-2023\/#breadcrumblist","itemListElement":[{"@type":"ListItem","@id":"https:\/\/acervapaulista.com.br\/wordpress#listItem","position":1,"name":"Home","item":"https:\/\/acervapaulista.com.br\/wordpress","nextItem":{"@type":"ListItem","@id":"https:\/\/acervapaulista.com.br\/wordpress\/eventos\/#listItem","name":"Eventos"}},{"@type":"ListItem","@id":"https:\/\/acervapaulista.com.br\/wordpress\/eventos\/#listItem","position":2,"name":"Eventos","item":"https:\/\/acervapaulista.com.br\/wordpress\/eventos\/","nextItem":{"@type":"ListItem","@id":"https:\/\/acervapaulista.com.br\/wordpress\/eventos\/categoria\/regional\/#listItem","name":"Regional"},"previousItem":{"@type":"ListItem","@id":"https:\/\/acervapaulista.com.br\/wordpress#listItem","name":"Home"}},{"@type":"ListItem","@id":"https:\/\/acervapaulista.com.br\/wordpress\/eventos\/categoria\/regional\/#listItem","position":3,"name":"Regional","item":"https:\/\/acervapaulista.com.br\/wordpress\/eventos\/categoria\/regional\/","nextItem":{"@type":"ListItem","@id":"https:\/\/acervapaulista.com.br\/wordpress\/eventos\/categoria\/regional\/sao-paulo\/#listItem","name":"S\u00e3o Paulo"},"previousItem":{"@type":"ListItem","@id":"https:\/\/acervapaulista.com.br\/wordpress\/eventos\/#listItem","name":"Eventos"}},{"@type":"ListItem","@id":"https:\/\/acervapaulista.com.br\/wordpress\/eventos\/categoria\/regional\/sao-paulo\/#listItem","position":4,"name":"S\u00e3o Paulo","item":"https:\/\/acervapaulista.com.br\/wordpress\/eventos\/categoria\/regional\/sao-paulo\/","nextItem":{"@type":"ListItem","@id":"https:\/\/acervapaulista.com.br\/wordpress\/evento\/palestras-tecnicas-i-concurso-das-acervas-do-sudoeste-2023\/#listItem","name":"Palestras T\u00e9cnicas &#8211; I Concurso das ACervAs do Sudoeste 2023"},"previousItem":{"@type":"ListItem","@id":"https:\/\/acervapaulista.com.br\/wordpress\/eventos\/categoria\/regional\/#listItem","name":"Regional"}},{"@type":"ListItem","@id":"https:\/\/acervapaulista.com.br\/wordpress\/evento\/palestras-tecnicas-i-concurso-das-acervas-do-sudoeste-2023\/#listItem","position":5,"name":"Palestras T\u00e9cnicas &#8211; I Concurso das ACervAs do Sudoeste 2023","previousItem":{"@type":"ListItem","@id":"https:\/\/acervapaulista.com.br\/wordpress\/eventos\/categoria\/regional\/sao-paulo\/#listItem","name":"S\u00e3o Paulo"}}]},{"@type":"Organization","@id":"https:\/\/acervapaulista.com.br\/wordpress\/#organization","name":"ACervA Paulista","description":"Associa\u00e7\u00e3o dos Cervejeiros Artesanais Paulistas","url":"https:\/\/acervapaulista.com.br\/wordpress\/"},{"@type":"Person","@id":"https:\/\/acervapaulista.com.br\/wordpress\/author\/educhp\/#author","url":"https:\/\/acervapaulista.com.br\/wordpress\/author\/educhp\/","name":"Carlos Santana","image":{"@type":"ImageObject","@id":"https:\/\/acervapaulista.com.br\/wordpress\/evento\/palestras-tecnicas-i-concurso-das-acervas-do-sudoeste-2023\/#authorImage","url":"https:\/\/secure.gravatar.com\/avatar\/9bb9fc5ee33332780165f5a66181a659bda39f9fb30b1defd1d1cb01335ebd65?s=96&d=mm&r=g","width":96,"height":96,"caption":"Carlos Santana"}},{"@type":"WebPage","@id":"https:\/\/acervapaulista.com.br\/wordpress\/evento\/palestras-tecnicas-i-concurso-das-acervas-do-sudoeste-2023\/#webpage","url":"https:\/\/acervapaulista.com.br\/wordpress\/evento\/palestras-tecnicas-i-concurso-das-acervas-do-sudoeste-2023\/","name":"Palestras T\u00e9cnicas \u2013 I Concurso das ACervAs do Sudoeste 2023 - ACervA Paulista","description":"A ACervA Paulista, Associa\u00e7\u00e3o dos Cervejeiros Artesanais Paulistas convida os nossos associados, ju\u00edzes e equipe de apoio que contribu\u00edram para a realiza\u00e7\u00e3o do I Concurso das ACervAs do Sudoeste, para assistir as palestras t\u00e9cnicas com Carola Carvalho, Gabriela Lando e Thomaz Pupo. Palestrante: Carola Carvalho Mestrado e doutorado em biotecnologia-USP e p\u00f3s-doc - EACH","inLanguage":"pt-BR","isPartOf":{"@id":"https:\/\/acervapaulista.com.br\/wordpress\/#website"},"breadcrumb":{"@id":"https:\/\/acervapaulista.com.br\/wordpress\/evento\/palestras-tecnicas-i-concurso-das-acervas-do-sudoeste-2023\/#breadcrumblist"},"author":{"@id":"https:\/\/acervapaulista.com.br\/wordpress\/author\/educhp\/#author"},"creator":{"@id":"https:\/\/acervapaulista.com.br\/wordpress\/author\/educhp\/#author"},"image":{"@type":"ImageObject","url":"https:\/\/acervapaulista.com.br\/wordpress\/wp-content\/uploads\/2023\/04\/WhatsApp-Image-2023-04-26-at-12.08.47.jpeg","@id":"https:\/\/acervapaulista.com.br\/wordpress\/evento\/palestras-tecnicas-i-concurso-das-acervas-do-sudoeste-2023\/#mainImage","width":1600,"height":838},"primaryImageOfPage":{"@id":"https:\/\/acervapaulista.com.br\/wordpress\/evento\/palestras-tecnicas-i-concurso-das-acervas-do-sudoeste-2023\/#mainImage"},"datePublished":"2023-04-25T18:19:05-03:00","dateModified":"2023-04-26T15:43:11-03:00"},{"@type":"WebSite","@id":"https:\/\/acervapaulista.com.br\/wordpress\/#website","url":"https:\/\/acervapaulista.com.br\/wordpress\/","name":"ACervA Paulista","description":"Associa\u00e7\u00e3o dos Cervejeiros Artesanais Paulistas","inLanguage":"pt-BR","publisher":{"@id":"https:\/\/acervapaulista.com.br\/wordpress\/#organization"}}]},"og:locale":"pt_BR","og:site_name":"ACervA Paulista - Associa\u00e7\u00e3o dos Cervejeiros Artesanais Paulistas","og:type":"article","og:title":"Palestras T\u00e9cnicas \u2013 I Concurso das ACervAs do Sudoeste 2023 - ACervA Paulista","og:description":"A ACervA Paulista, Associa\u00e7\u00e3o dos Cervejeiros Artesanais Paulistas convida os nossos associados, ju\u00edzes e equipe de apoio que contribu\u00edram para a realiza\u00e7\u00e3o do I Concurso das ACervAs do Sudoeste, para assistir as palestras t\u00e9cnicas com Carola Carvalho, Gabriela Lando e Thomaz Pupo. Palestrante: Carola Carvalho Mestrado e doutorado em biotecnologia-USP e p\u00f3s-doc - EACH","og:url":"https:\/\/acervapaulista.com.br\/wordpress\/evento\/palestras-tecnicas-i-concurso-das-acervas-do-sudoeste-2023\/","article:published_time":"2023-04-25T21:19:05+00:00","article:modified_time":"2023-04-26T18:43:11+00:00","twitter:card":"summary_large_image","twitter:title":"Palestras T\u00e9cnicas \u2013 I Concurso das ACervAs do Sudoeste 2023 - ACervA Paulista","twitter:description":"A ACervA Paulista, Associa\u00e7\u00e3o dos Cervejeiros Artesanais Paulistas convida os nossos associados, ju\u00edzes e equipe de apoio que contribu\u00edram para a realiza\u00e7\u00e3o do I Concurso das ACervAs do Sudoeste, para assistir as palestras t\u00e9cnicas com Carola Carvalho, Gabriela Lando e Thomaz Pupo. Palestrante: Carola Carvalho Mestrado e doutorado em biotecnologia-USP e p\u00f3s-doc - EACH"},"aioseo_meta_data":{"post_id":"6878","title":null,"description":null,"keywords":null,"keyphrases":null,"primary_term":null,"canonical_url":null,"og_title":null,"og_description":null,"og_object_type":"default","og_image_type":"default","og_image_url":null,"og_image_width":null,"og_image_height":null,"og_image_custom_url":null,"og_image_custom_fields":null,"og_video":null,"og_custom_url":null,"og_article_section":null,"og_article_tags":null,"twitter_use_og":false,"twitter_card":"default","twitter_image_type":"default","twitter_image_url":null,"twitter_image_custom_url":null,"twitter_image_custom_fields":null,"twitter_title":null,"twitter_description":null,"schema":{"blockGraphs":[],"customGraphs":[],"default":{"data":{"Article":[],"Course":[],"Dataset":[],"FAQPage":[],"Movie":[],"Person":[],"Product":[],"ProductReview":[],"Car":[],"Recipe":[],"Service":[],"SoftwareApplication":[],"WebPage":[]},"graphName":"","isEnabled":true},"graphs":[]},"schema_type":"default","schema_type_options":null,"pillar_content":false,"robots_default":true,"robots_noindex":false,"robots_noarchive":false,"robots_nosnippet":false,"robots_nofollow":false,"robots_noimageindex":false,"robots_noodp":false,"robots_notranslate":false,"robots_max_snippet":null,"robots_max_videopreview":null,"robots_max_imagepreview":"large","priority":null,"frequency":null,"local_seo":null,"breadcrumb_settings":null,"limit_modified_date":false,"ai":null,"created":"2023-10-20 05:28:06","updated":"2025-09-06 13:33:00","seo_analyzer_scan_date":null},"aioseo_breadcrumb":"<div class=\"aioseo-breadcrumbs\"><span class=\"aioseo-breadcrumb\">\n\t\t\t<a href=\"https:\/\/acervapaulista.com.br\/wordpress\" title=\"Home\">Home<\/a>\n\t\t<\/span><span class=\"aioseo-breadcrumb-separator\">&raquo;<\/span><span class=\"aioseo-breadcrumb\">\n\t\t\t<a href=\"https:\/\/acervapaulista.com.br\/wordpress\/eventos\/\" title=\"Eventos\">Eventos<\/a>\n\t\t<\/span><span class=\"aioseo-breadcrumb-separator\">&raquo;<\/span><span class=\"aioseo-breadcrumb\">\n\t\t\t<a href=\"https:\/\/acervapaulista.com.br\/wordpress\/eventos\/categoria\/regional\/\" title=\"Regional\">Regional<\/a>\n\t\t<\/span><span class=\"aioseo-breadcrumb-separator\">&raquo;<\/span><span class=\"aioseo-breadcrumb\">\n\t\t\t<a href=\"https:\/\/acervapaulista.com.br\/wordpress\/eventos\/categoria\/regional\/sao-paulo\/\" title=\"S\u00e3o Paulo\">S\u00e3o Paulo<\/a>\n\t\t<\/span><span class=\"aioseo-breadcrumb-separator\">&raquo;<\/span><span class=\"aioseo-breadcrumb\">\n\t\t\tPalestras T\u00e9cnicas \u2013 I Concurso das ACervAs do Sudoeste 2023\n\t\t<\/span><\/div>","aioseo_breadcrumb_json":[{"label":"Home","link":"https:\/\/acervapaulista.com.br\/wordpress"},{"label":"Eventos","link":"https:\/\/acervapaulista.com.br\/wordpress\/eventos\/"},{"label":"Regional","link":"https:\/\/acervapaulista.com.br\/wordpress\/eventos\/categoria\/regional\/"},{"label":"S\u00e3o Paulo","link":"https:\/\/acervapaulista.com.br\/wordpress\/eventos\/categoria\/regional\/sao-paulo\/"},{"label":"Palestras T\u00e9cnicas &#8211; I Concurso das ACervAs do Sudoeste 2023","link":"https:\/\/acervapaulista.com.br\/wordpress\/evento\/palestras-tecnicas-i-concurso-das-acervas-do-sudoeste-2023\/"}],"ticketed":["rsvp"],"_links":{"self":[{"href":"https:\/\/acervapaulista.com.br\/wordpress\/wp-json\/wp\/v2\/tribe_events\/6878","targetHints":{"allow":["GET"]}}],"collection":[{"href":"https:\/\/acervapaulista.com.br\/wordpress\/wp-json\/wp\/v2\/tribe_events"}],"about":[{"href":"https:\/\/acervapaulista.com.br\/wordpress\/wp-json\/wp\/v2\/types\/tribe_events"}],"author":[{"embeddable":true,"href":"https:\/\/acervapaulista.com.br\/wordpress\/wp-json\/wp\/v2\/users\/84"}],"version-history":[{"count":6,"href":"https:\/\/acervapaulista.com.br\/wordpress\/wp-json\/wp\/v2\/tribe_events\/6878\/revisions"}],"predecessor-version":[{"id":6892,"href":"https:\/\/acervapaulista.com.br\/wordpress\/wp-json\/wp\/v2\/tribe_events\/6878\/revisions\/6892"}],"wp:featuredmedia":[{"embeddable":true,"href":"https:\/\/acervapaulista.com.br\/wordpress\/wp-json\/wp\/v2\/media\/6894"}],"wp:attachment":[{"href":"https:\/\/acervapaulista.com.br\/wordpress\/wp-json\/wp\/v2\/media?parent=6878"}],"wp:term":[{"taxonomy":"post_tag","embeddable":true,"href":"https:\/\/acervapaulista.com.br\/wordpress\/wp-json\/wp\/v2\/tags?post=6878"},{"taxonomy":"tribe_events_cat","embeddable":true,"href":"https:\/\/acervapaulista.com.br\/wordpress\/wp-json\/wp\/v2\/tribe_events_cat?post=6878"}],"curies":[{"name":"wp","href":"https:\/\/api.w.org\/{rel}","templated":true}]}}