{"id":6544,"date":"2023-02-14T19:47:11","date_gmt":"2023-02-14T22:47:11","guid":{"rendered":"https:\/\/acervapaulista.com.br\/?post_type=tribe_events&#038;p=6544"},"modified":"2023-02-14T19:47:58","modified_gmt":"2023-02-14T22:47:58","slug":"viva-la-breja-festival","status":"publish","type":"tribe_events","link":"https:\/\/acervapaulista.com.br\/wordpress\/evento\/viva-la-breja-festival\/","title":{"rendered":"Viva La Breja Festival"},"content":{"rendered":"<h4 class=\"EventDescriptionstyle__Title-sc-1hmlyb8-1 kjkdBS\">O Mais Novo Evento de Cervejas Artesanais do Brasil!<\/h4>\n<p>Ser\u00e3o 6 horas de Open Beer, em um espa\u00e7o de mais de 580m\u00b2, com m\u00fasica ao vivo, DJ, comida de primeira e outras atra\u00e7\u00f5es que tornar\u00e3o este evento muito especial.<\/p>\n<p>Vendedor Oficial \u2013 Breja box<br \/>\nClique aqui para comprar: <a href=\"https:\/\/www.brejabox.com.br\/vivalabreja\">https:\/\/www.brejabox.com.br\/vivalabreja<\/a><\/p>\n<h5>Programa\u00e7\u00e3o:<\/h5>\n<p>Acompanhe as principais datas do nosso festival e n\u00e3o perca nada!<\/p>\n<p>14\/02\/2023 00:00h In\u00edcio das vendas do 1\u00b0 lote<br \/>\n09\/03\/2023 00:00h In\u00edcio das vendas do 2\u00b0 lote<br \/>\n25\/03\/2023 13:00h Abertura do Evento<br \/>\n25\/03\/2023 19:00h Encerramento do Evento<\/p>\n<p>Saiba mais acessando: <a href=\"https:\/\/vivalabreja.com.br\/\">https:\/\/vivalabreja.com.br\/<\/a><br \/>\nInstagram:<a class=\"x1i10hfl xjbqb8w x6umtig x1b1mbwd xaqea5y xav7gou x9f619 x1ypdohk xt0psk2 xe8uvvx xdj266r x11i5rnm xat24cr x1mh8g0r xexx8yu x4uap5 x18d9i69 xkhd6sd x16tdsg8 x1hl2dhg xggy1nq x1a2a7pz notranslate _a6hd\" tabindex=\"0\" role=\"link\" href=\"https:\/\/www.instagram.com\/vivalabrejafestival\/\">@vivalabrejafestival<\/a><\/p>\n<p>Endere\u00e7o:<br \/>\nRua Tiet\u00ea, 255 \u2013 Vila Vivaldi \u2013 S\u00e3o Bernardo do Campo\/SP \u2013 09615-000<br \/>\nLocal: S\u00e3o Bernardo T\u00eanis Clube<\/p>\n<p>Apoio: ACervA Paulista<\/p>\n","protected":false},"excerpt":{"rendered":"<p>O Mais Novo Evento de Cervejas Artesanais do Brasil! Ser\u00e3o 6 horas de Open Beer, em um espa\u00e7o de mais de 580m\u00b2, com m\u00fasica ao vivo, DJ, comida de primeira e outras atra\u00e7\u00f5es que tornar\u00e3o este evento muito especial. Vendedor Oficial \u2013 Breja box Clique aqui para comprar: https:\/\/www.brejabox.com.br\/vivalabreja Programa\u00e7\u00e3o: Acompanhe as principais datas do nosso festival e n\u00e3o perca nada! 14\/02\/2023 00:00h In\u00edcio das vendas do 1\u00b0 lote 09\/03\/2023 00:00h In\u00edcio das vendas do 2\u00b0 lote 25\/03\/2023 13:00h Abertura do Evento 25\/03\/2023 19:00h Encerramento do Evento Saiba mais acessando: https:\/\/vivalabreja.com.br\/ Instagram:@vivalabrejafestival Endere\u00e7o: Rua Tiet\u00ea, 255 \u2013 Vila Vivaldi \u2013 S\u00e3o Bernardo do Campo\/SP \u2013 09615-000 Local: S\u00e3o Bernardo T\u00eanis Clube Apoio: ACervA Paulista<\/p>\n","protected":false},"author":84,"featured_media":6541,"template":"","meta":{"pmpro_default_level":"","_price":"","_stock":"","_tribe_ticket_header":"","_tribe_default_ticket_provider":"","_tribe_ticket_capacity":"0","_ticket_start_date":"","_ticket_end_date":"","_tribe_ticket_show_description":"","_tribe_ticket_show_not_going":false,"_tribe_ticket_use_global_stock":"","_tribe_ticket_global_stock_level":"","_global_stock_mode":"","_global_stock_cap":"","_tribe_rsvp_for_event":"","_tribe_ticket_going_count":"","_tribe_ticket_not_going_count":"","_tribe_tickets_list":"[]","_tribe_ticket_has_attendee_info_fields":false,"_tribe_events_status":"","_tribe_events_status_reason":"","footnotes":"","_tec_slr_enabled":"","_tec_slr_layout":""},"tags":[184,208,204,209,210,212,181,202,203,206,207,211,213,205],"tribe_events_cat":[214,42,44],"class_list":["post-6544","tribe_events","type-tribe_events","status-publish","has-post-thumbnail","hentry","tag-acervapaulista","tag-cerveja","tag-cervejaartesanal","tag-cervejagelada","tag-comerebeber","tag-eufacoaminhacerveja","tag-evento","tag-festival","tag-festivaldecerveja","tag-lazer","tag-oquefazeremsp","tag-oquefazernoabc","tag-vempraacervasp","tag-vivalabreja","tribe_events_cat-abc","tribe_events_cat-encontro","tribe_events_cat-sao-paulo","pmpro-has-access","cat_abc","cat_encontro","cat_sao-paulo"],"aioseo_notices":[],"aioseo_head":"\n\t\t<!-- All in One SEO 4.9.10 - aioseo.com -->\n\t<meta name=\"description\" content=\"O Mais Novo Evento de Cervejas Artesanais do Brasil! Ser\u00e3o 6 horas de Open Beer, em um espa\u00e7o de mais de 580m\u00b2, com m\u00fasica ao vivo, DJ, comida de primeira e outras atra\u00e7\u00f5es que tornar\u00e3o este evento muito especial. Vendedor Oficial \u2013 Breja box Clique aqui para comprar: https:\/\/www.brejabox.com.br\/vivalabreja Programa\u00e7\u00e3o: Acompanhe as principais datas do\" \/>\n\t<meta name=\"robots\" content=\"max-image-preview:large\" \/>\n\t<meta name=\"author\" content=\"Carlos Santana\"\/>\n\t<link rel=\"canonical\" href=\"https:\/\/acervapaulista.com.br\/wordpress\/evento\/viva-la-breja-festival\/\" \/>\n\t<meta name=\"generator\" content=\"All in One SEO (AIOSEO) 4.9.10\" \/>\n\t\t<meta property=\"og:locale\" content=\"pt_BR\" \/>\n\t\t<meta property=\"og:site_name\" content=\"ACervA Paulista - Associa\u00e7\u00e3o dos Cervejeiros Artesanais Paulistas\" \/>\n\t\t<meta property=\"og:type\" content=\"article\" \/>\n\t\t<meta property=\"og:title\" content=\"Viva La Breja Festival - ACervA Paulista\" \/>\n\t\t<meta property=\"og:description\" content=\"O Mais Novo Evento de Cervejas Artesanais do Brasil! Ser\u00e3o 6 horas de Open Beer, em um espa\u00e7o de mais de 580m\u00b2, com m\u00fasica ao vivo, DJ, comida de primeira e outras atra\u00e7\u00f5es que tornar\u00e3o este evento muito especial. Vendedor Oficial \u2013 Breja box Clique aqui para comprar: https:\/\/www.brejabox.com.br\/vivalabreja Programa\u00e7\u00e3o: Acompanhe as principais datas do\" \/>\n\t\t<meta property=\"og:url\" content=\"https:\/\/acervapaulista.com.br\/wordpress\/evento\/viva-la-breja-festival\/\" \/>\n\t\t<meta property=\"article:published_time\" content=\"2023-02-14T22:47:11+00:00\" \/>\n\t\t<meta property=\"article:modified_time\" content=\"2023-02-14T22:47:58+00:00\" \/>\n\t\t<meta name=\"twitter:card\" content=\"summary_large_image\" \/>\n\t\t<meta name=\"twitter:title\" content=\"Viva La Breja Festival - ACervA Paulista\" \/>\n\t\t<meta name=\"twitter:description\" content=\"O Mais Novo Evento de Cervejas Artesanais do Brasil! Ser\u00e3o 6 horas de Open Beer, em um espa\u00e7o de mais de 580m\u00b2, com m\u00fasica ao vivo, DJ, comida de primeira e outras atra\u00e7\u00f5es que tornar\u00e3o este evento muito especial. Vendedor Oficial \u2013 Breja box Clique aqui para comprar: https:\/\/www.brejabox.com.br\/vivalabreja Programa\u00e7\u00e3o: Acompanhe as principais datas do\" \/>\n\t\t<script type=\"application\/ld+json\" class=\"aioseo-schema\">\n\t\t\t{\"@context\":\"https:\\\/\\\/schema.org\",\"@graph\":[{\"@type\":\"BreadcrumbList\",\"@id\":\"https:\\\/\\\/acervapaulista.com.br\\\/wordpress\\\/evento\\\/viva-la-breja-festival\\\/#breadcrumblist\",\"itemListElement\":[{\"@type\":\"ListItem\",\"@id\":\"https:\\\/\\\/acervapaulista.com.br\\\/wordpress#listItem\",\"position\":1,\"name\":\"Home\",\"item\":\"https:\\\/\\\/acervapaulista.com.br\\\/wordpress\",\"nextItem\":{\"@type\":\"ListItem\",\"@id\":\"https:\\\/\\\/acervapaulista.com.br\\\/wordpress\\\/eventos\\\/#listItem\",\"name\":\"Eventos\"}},{\"@type\":\"ListItem\",\"@id\":\"https:\\\/\\\/acervapaulista.com.br\\\/wordpress\\\/eventos\\\/#listItem\",\"position\":2,\"name\":\"Eventos\",\"item\":\"https:\\\/\\\/acervapaulista.com.br\\\/wordpress\\\/eventos\\\/\",\"nextItem\":{\"@type\":\"ListItem\",\"@id\":\"https:\\\/\\\/acervapaulista.com.br\\\/wordpress\\\/tag\\\/evento\\\/#listItem\",\"name\":\"evento\"},\"previousItem\":{\"@type\":\"ListItem\",\"@id\":\"https:\\\/\\\/acervapaulista.com.br\\\/wordpress#listItem\",\"name\":\"Home\"}},{\"@type\":\"ListItem\",\"@id\":\"https:\\\/\\\/acervapaulista.com.br\\\/wordpress\\\/tag\\\/evento\\\/#listItem\",\"position\":3,\"name\":\"evento\",\"item\":\"https:\\\/\\\/acervapaulista.com.br\\\/wordpress\\\/tag\\\/evento\\\/\",\"nextItem\":{\"@type\":\"ListItem\",\"@id\":\"https:\\\/\\\/acervapaulista.com.br\\\/wordpress\\\/evento\\\/viva-la-breja-festival\\\/#listItem\",\"name\":\"Viva La Breja Festival\"},\"previousItem\":{\"@type\":\"ListItem\",\"@id\":\"https:\\\/\\\/acervapaulista.com.br\\\/wordpress\\\/eventos\\\/#listItem\",\"name\":\"Eventos\"}},{\"@type\":\"ListItem\",\"@id\":\"https:\\\/\\\/acervapaulista.com.br\\\/wordpress\\\/evento\\\/viva-la-breja-festival\\\/#listItem\",\"position\":4,\"name\":\"Viva La Breja Festival\",\"previousItem\":{\"@type\":\"ListItem\",\"@id\":\"https:\\\/\\\/acervapaulista.com.br\\\/wordpress\\\/tag\\\/evento\\\/#listItem\",\"name\":\"evento\"}}]},{\"@type\":\"Organization\",\"@id\":\"https:\\\/\\\/acervapaulista.com.br\\\/wordpress\\\/#organization\",\"name\":\"ACervA Paulista\",\"description\":\"Associa\\u00e7\\u00e3o dos Cervejeiros Artesanais Paulistas\",\"url\":\"https:\\\/\\\/acervapaulista.com.br\\\/wordpress\\\/\"},{\"@type\":\"Person\",\"@id\":\"https:\\\/\\\/acervapaulista.com.br\\\/wordpress\\\/author\\\/educhp\\\/#author\",\"url\":\"https:\\\/\\\/acervapaulista.com.br\\\/wordpress\\\/author\\\/educhp\\\/\",\"name\":\"Carlos Santana\",\"image\":{\"@type\":\"ImageObject\",\"@id\":\"https:\\\/\\\/acervapaulista.com.br\\\/wordpress\\\/evento\\\/viva-la-breja-festival\\\/#authorImage\",\"url\":\"https:\\\/\\\/secure.gravatar.com\\\/avatar\\\/9bb9fc5ee33332780165f5a66181a659bda39f9fb30b1defd1d1cb01335ebd65?s=96&d=mm&r=g\",\"width\":96,\"height\":96,\"caption\":\"Carlos Santana\"}},{\"@type\":\"WebPage\",\"@id\":\"https:\\\/\\\/acervapaulista.com.br\\\/wordpress\\\/evento\\\/viva-la-breja-festival\\\/#webpage\",\"url\":\"https:\\\/\\\/acervapaulista.com.br\\\/wordpress\\\/evento\\\/viva-la-breja-festival\\\/\",\"name\":\"Viva La Breja Festival - ACervA Paulista\",\"description\":\"O Mais Novo Evento de Cervejas Artesanais do Brasil! Ser\\u00e3o 6 horas de Open Beer, em um espa\\u00e7o de mais de 580m\\u00b2, com m\\u00fasica ao vivo, DJ, comida de primeira e outras atra\\u00e7\\u00f5es que tornar\\u00e3o este evento muito especial. Vendedor Oficial \\u2013 Breja box Clique aqui para comprar: https:\\\/\\\/www.brejabox.com.br\\\/vivalabreja Programa\\u00e7\\u00e3o: Acompanhe as principais datas do\",\"inLanguage\":\"pt-BR\",\"isPartOf\":{\"@id\":\"https:\\\/\\\/acervapaulista.com.br\\\/wordpress\\\/#website\"},\"breadcrumb\":{\"@id\":\"https:\\\/\\\/acervapaulista.com.br\\\/wordpress\\\/evento\\\/viva-la-breja-festival\\\/#breadcrumblist\"},\"author\":{\"@id\":\"https:\\\/\\\/acervapaulista.com.br\\\/wordpress\\\/author\\\/educhp\\\/#author\"},\"creator\":{\"@id\":\"https:\\\/\\\/acervapaulista.com.br\\\/wordpress\\\/author\\\/educhp\\\/#author\"},\"image\":{\"@type\":\"ImageObject\",\"url\":\"https:\\\/\\\/acervapaulista.com.br\\\/wordpress\\\/wp-content\\\/uploads\\\/2023\\\/02\\\/WhatsApp-Image-2023-02-14-at-10.05.58.jpeg\",\"@id\":\"https:\\\/\\\/acervapaulista.com.br\\\/wordpress\\\/evento\\\/viva-la-breja-festival\\\/#mainImage\",\"width\":580,\"height\":818},\"primaryImageOfPage\":{\"@id\":\"https:\\\/\\\/acervapaulista.com.br\\\/wordpress\\\/evento\\\/viva-la-breja-festival\\\/#mainImage\"},\"datePublished\":\"2023-02-14T19:47:11-03:00\",\"dateModified\":\"2023-02-14T19:47:58-03:00\"},{\"@type\":\"WebSite\",\"@id\":\"https:\\\/\\\/acervapaulista.com.br\\\/wordpress\\\/#website\",\"url\":\"https:\\\/\\\/acervapaulista.com.br\\\/wordpress\\\/\",\"name\":\"ACervA Paulista\",\"description\":\"Associa\\u00e7\\u00e3o dos Cervejeiros Artesanais Paulistas\",\"inLanguage\":\"pt-BR\",\"publisher\":{\"@id\":\"https:\\\/\\\/acervapaulista.com.br\\\/wordpress\\\/#organization\"}}]}\n\t\t<\/script>\n\t\t<!-- All in One SEO -->\n\n","aioseo_head_json":{"title":"Viva La Breja Festival - ACervA Paulista","description":"O Mais Novo Evento de Cervejas Artesanais do Brasil! Ser\u00e3o 6 horas de Open Beer, em um espa\u00e7o de mais de 580m\u00b2, com m\u00fasica ao vivo, DJ, comida de primeira e outras atra\u00e7\u00f5es que tornar\u00e3o este evento muito especial. Vendedor Oficial \u2013 Breja box Clique aqui para comprar: https:\/\/www.brejabox.com.br\/vivalabreja Programa\u00e7\u00e3o: Acompanhe as principais datas do","canonical_url":"https:\/\/acervapaulista.com.br\/wordpress\/evento\/viva-la-breja-festival\/","robots":"max-image-preview:large","keywords":"","webmasterTools":{"miscellaneous":""},"schema":{"@context":"https:\/\/schema.org","@graph":[{"@type":"BreadcrumbList","@id":"https:\/\/acervapaulista.com.br\/wordpress\/evento\/viva-la-breja-festival\/#breadcrumblist","itemListElement":[{"@type":"ListItem","@id":"https:\/\/acervapaulista.com.br\/wordpress#listItem","position":1,"name":"Home","item":"https:\/\/acervapaulista.com.br\/wordpress","nextItem":{"@type":"ListItem","@id":"https:\/\/acervapaulista.com.br\/wordpress\/eventos\/#listItem","name":"Eventos"}},{"@type":"ListItem","@id":"https:\/\/acervapaulista.com.br\/wordpress\/eventos\/#listItem","position":2,"name":"Eventos","item":"https:\/\/acervapaulista.com.br\/wordpress\/eventos\/","nextItem":{"@type":"ListItem","@id":"https:\/\/acervapaulista.com.br\/wordpress\/tag\/evento\/#listItem","name":"evento"},"previousItem":{"@type":"ListItem","@id":"https:\/\/acervapaulista.com.br\/wordpress#listItem","name":"Home"}},{"@type":"ListItem","@id":"https:\/\/acervapaulista.com.br\/wordpress\/tag\/evento\/#listItem","position":3,"name":"evento","item":"https:\/\/acervapaulista.com.br\/wordpress\/tag\/evento\/","nextItem":{"@type":"ListItem","@id":"https:\/\/acervapaulista.com.br\/wordpress\/evento\/viva-la-breja-festival\/#listItem","name":"Viva La Breja Festival"},"previousItem":{"@type":"ListItem","@id":"https:\/\/acervapaulista.com.br\/wordpress\/eventos\/#listItem","name":"Eventos"}},{"@type":"ListItem","@id":"https:\/\/acervapaulista.com.br\/wordpress\/evento\/viva-la-breja-festival\/#listItem","position":4,"name":"Viva La Breja Festival","previousItem":{"@type":"ListItem","@id":"https:\/\/acervapaulista.com.br\/wordpress\/tag\/evento\/#listItem","name":"evento"}}]},{"@type":"Organization","@id":"https:\/\/acervapaulista.com.br\/wordpress\/#organization","name":"ACervA Paulista","description":"Associa\u00e7\u00e3o dos Cervejeiros Artesanais Paulistas","url":"https:\/\/acervapaulista.com.br\/wordpress\/"},{"@type":"Person","@id":"https:\/\/acervapaulista.com.br\/wordpress\/author\/educhp\/#author","url":"https:\/\/acervapaulista.com.br\/wordpress\/author\/educhp\/","name":"Carlos Santana","image":{"@type":"ImageObject","@id":"https:\/\/acervapaulista.com.br\/wordpress\/evento\/viva-la-breja-festival\/#authorImage","url":"https:\/\/secure.gravatar.com\/avatar\/9bb9fc5ee33332780165f5a66181a659bda39f9fb30b1defd1d1cb01335ebd65?s=96&d=mm&r=g","width":96,"height":96,"caption":"Carlos Santana"}},{"@type":"WebPage","@id":"https:\/\/acervapaulista.com.br\/wordpress\/evento\/viva-la-breja-festival\/#webpage","url":"https:\/\/acervapaulista.com.br\/wordpress\/evento\/viva-la-breja-festival\/","name":"Viva La Breja Festival - ACervA Paulista","description":"O Mais Novo Evento de Cervejas Artesanais do Brasil! Ser\u00e3o 6 horas de Open Beer, em um espa\u00e7o de mais de 580m\u00b2, com m\u00fasica ao vivo, DJ, comida de primeira e outras atra\u00e7\u00f5es que tornar\u00e3o este evento muito especial. Vendedor Oficial \u2013 Breja box Clique aqui para comprar: https:\/\/www.brejabox.com.br\/vivalabreja Programa\u00e7\u00e3o: Acompanhe as principais datas do","inLanguage":"pt-BR","isPartOf":{"@id":"https:\/\/acervapaulista.com.br\/wordpress\/#website"},"breadcrumb":{"@id":"https:\/\/acervapaulista.com.br\/wordpress\/evento\/viva-la-breja-festival\/#breadcrumblist"},"author":{"@id":"https:\/\/acervapaulista.com.br\/wordpress\/author\/educhp\/#author"},"creator":{"@id":"https:\/\/acervapaulista.com.br\/wordpress\/author\/educhp\/#author"},"image":{"@type":"ImageObject","url":"https:\/\/acervapaulista.com.br\/wordpress\/wp-content\/uploads\/2023\/02\/WhatsApp-Image-2023-02-14-at-10.05.58.jpeg","@id":"https:\/\/acervapaulista.com.br\/wordpress\/evento\/viva-la-breja-festival\/#mainImage","width":580,"height":818},"primaryImageOfPage":{"@id":"https:\/\/acervapaulista.com.br\/wordpress\/evento\/viva-la-breja-festival\/#mainImage"},"datePublished":"2023-02-14T19:47:11-03:00","dateModified":"2023-02-14T19:47:58-03:00"},{"@type":"WebSite","@id":"https:\/\/acervapaulista.com.br\/wordpress\/#website","url":"https:\/\/acervapaulista.com.br\/wordpress\/","name":"ACervA Paulista","description":"Associa\u00e7\u00e3o dos Cervejeiros Artesanais Paulistas","inLanguage":"pt-BR","publisher":{"@id":"https:\/\/acervapaulista.com.br\/wordpress\/#organization"}}]},"og:locale":"pt_BR","og:site_name":"ACervA Paulista - Associa\u00e7\u00e3o dos Cervejeiros Artesanais Paulistas","og:type":"article","og:title":"Viva La Breja Festival - ACervA Paulista","og:description":"O Mais Novo Evento de Cervejas Artesanais do Brasil! Ser\u00e3o 6 horas de Open Beer, em um espa\u00e7o de mais de 580m\u00b2, com m\u00fasica ao vivo, DJ, comida de primeira e outras atra\u00e7\u00f5es que tornar\u00e3o este evento muito especial. Vendedor Oficial \u2013 Breja box Clique aqui para comprar: https:\/\/www.brejabox.com.br\/vivalabreja Programa\u00e7\u00e3o: Acompanhe as principais datas do","og:url":"https:\/\/acervapaulista.com.br\/wordpress\/evento\/viva-la-breja-festival\/","article:published_time":"2023-02-14T22:47:11+00:00","article:modified_time":"2023-02-14T22:47:58+00:00","twitter:card":"summary_large_image","twitter:title":"Viva La Breja Festival - ACervA Paulista","twitter:description":"O Mais Novo Evento de Cervejas Artesanais do Brasil! Ser\u00e3o 6 horas de Open Beer, em um espa\u00e7o de mais de 580m\u00b2, com m\u00fasica ao vivo, DJ, comida de primeira e outras atra\u00e7\u00f5es que tornar\u00e3o este evento muito especial. Vendedor Oficial \u2013 Breja box Clique aqui para comprar: https:\/\/www.brejabox.com.br\/vivalabreja Programa\u00e7\u00e3o: Acompanhe as principais datas do"},"aioseo_meta_data":{"post_id":"6544","title":null,"description":null,"keywords":null,"keyphrases":null,"primary_term":null,"canonical_url":null,"og_title":null,"og_description":null,"og_object_type":"default","og_image_type":"default","og_image_url":null,"og_image_width":null,"og_image_height":null,"og_image_custom_url":null,"og_image_custom_fields":null,"og_video":null,"og_custom_url":null,"og_article_section":null,"og_article_tags":null,"twitter_use_og":false,"twitter_card":"default","twitter_image_type":"default","twitter_image_url":null,"twitter_image_custom_url":null,"twitter_image_custom_fields":null,"twitter_title":null,"twitter_description":null,"schema":{"blockGraphs":[],"customGraphs":[],"default":{"data":{"Article":[],"Course":[],"Dataset":[],"FAQPage":[],"Movie":[],"Person":[],"Product":[],"ProductReview":[],"Car":[],"Recipe":[],"Service":[],"SoftwareApplication":[],"WebPage":[]},"graphName":"","isEnabled":true},"graphs":[]},"schema_type":"default","schema_type_options":null,"pillar_content":false,"robots_default":true,"robots_noindex":false,"robots_noarchive":false,"robots_nosnippet":false,"robots_nofollow":false,"robots_noimageindex":false,"robots_noodp":false,"robots_notranslate":false,"robots_max_snippet":null,"robots_max_videopreview":null,"robots_max_imagepreview":"large","priority":null,"frequency":null,"local_seo":null,"breadcrumb_settings":null,"limit_modified_date":false,"ai":null,"created":"2023-10-20 05:26:58","updated":"2025-09-06 13:30:59","seo_analyzer_scan_date":null},"aioseo_breadcrumb":"<div class=\"aioseo-breadcrumbs\"><span class=\"aioseo-breadcrumb\">\n\t\t\t<a href=\"https:\/\/acervapaulista.com.br\/wordpress\" title=\"Home\">Home<\/a>\n\t\t<\/span><span class=\"aioseo-breadcrumb-separator\">&raquo;<\/span><span class=\"aioseo-breadcrumb\">\n\t\t\t<a href=\"https:\/\/acervapaulista.com.br\/wordpress\/eventos\/\" title=\"Eventos\">Eventos<\/a>\n\t\t<\/span><span class=\"aioseo-breadcrumb-separator\">&raquo;<\/span><span class=\"aioseo-breadcrumb\">\n\t\t\t<a href=\"https:\/\/acervapaulista.com.br\/wordpress\/tag\/evento\/\" title=\"evento\">evento<\/a>\n\t\t<\/span><span class=\"aioseo-breadcrumb-separator\">&raquo;<\/span><span class=\"aioseo-breadcrumb\">\n\t\t\tViva La Breja Festival\n\t\t<\/span><\/div>","aioseo_breadcrumb_json":[{"label":"Home","link":"https:\/\/acervapaulista.com.br\/wordpress"},{"label":"Eventos","link":"https:\/\/acervapaulista.com.br\/wordpress\/eventos\/"},{"label":"evento","link":"https:\/\/acervapaulista.com.br\/wordpress\/tag\/evento\/"},{"label":"Viva La Breja Festival","link":"https:\/\/acervapaulista.com.br\/wordpress\/evento\/viva-la-breja-festival\/"}],"ticketed":false,"_links":{"self":[{"href":"https:\/\/acervapaulista.com.br\/wordpress\/wp-json\/wp\/v2\/tribe_events\/6544","targetHints":{"allow":["GET"]}}],"collection":[{"href":"https:\/\/acervapaulista.com.br\/wordpress\/wp-json\/wp\/v2\/tribe_events"}],"about":[{"href":"https:\/\/acervapaulista.com.br\/wordpress\/wp-json\/wp\/v2\/types\/tribe_events"}],"author":[{"embeddable":true,"href":"https:\/\/acervapaulista.com.br\/wordpress\/wp-json\/wp\/v2\/users\/84"}],"version-history":[{"count":3,"href":"https:\/\/acervapaulista.com.br\/wordpress\/wp-json\/wp\/v2\/tribe_events\/6544\/revisions"}],"predecessor-version":[{"id":6549,"href":"https:\/\/acervapaulista.com.br\/wordpress\/wp-json\/wp\/v2\/tribe_events\/6544\/revisions\/6549"}],"wp:featuredmedia":[{"embeddable":true,"href":"https:\/\/acervapaulista.com.br\/wordpress\/wp-json\/wp\/v2\/media\/6541"}],"wp:attachment":[{"href":"https:\/\/acervapaulista.com.br\/wordpress\/wp-json\/wp\/v2\/media?parent=6544"}],"wp:term":[{"taxonomy":"post_tag","embeddable":true,"href":"https:\/\/acervapaulista.com.br\/wordpress\/wp-json\/wp\/v2\/tags?post=6544"},{"taxonomy":"tribe_events_cat","embeddable":true,"href":"https:\/\/acervapaulista.com.br\/wordpress\/wp-json\/wp\/v2\/tribe_events_cat?post=6544"}],"curies":[{"name":"wp","href":"https:\/\/api.w.org\/{rel}","templated":true}]}}