{"id":6374,"date":"2023-01-24T17:50:46","date_gmt":"2023-01-24T20:50:46","guid":{"rendered":"https:\/\/acervapaulista.com.br\/?post_type=tribe_events&#038;p=6374"},"modified":"2023-01-24T18:16:10","modified_gmt":"2023-01-24T21:16:10","slug":"3a-edicao-da-conscerva-summer","status":"publish","type":"tribe_events","link":"https:\/\/acervapaulista.com.br\/wordpress\/evento\/3a-edicao-da-conscerva-summer\/","title":{"rendered":"3\u00aa Edi\u00e7\u00e3o da Conscerva Summer"},"content":{"rendered":"<h3 class=\"EventDescriptionstyle__Title-sc-1hmlyb8-1 kjkdBS\">Descri\u00e7\u00e3o do evento<\/h3>\n<div class=\"EventDescriptionstyle__Description-sc-1hmlyb8-0 hwflHV\">\n<p><span style=\"color: #50525f;\">FALA CERVEJEIROS!!!<\/span><\/p>\n<div><span style=\"color: #50525f;\">Ver\u00e3o, sol, praia, m\u00fasica, amigos e cerveja! Esse \u00e9 o clima da 3a\u00a0 edi\u00e7\u00e3o do Conscerva Summer!<\/span><\/div>\n<div><\/div>\n<div><span style=\"color: #50525f;\">O ingresso lhe d\u00e1 direito ao kit praieiro (copo, protetor solar, camiseta regata e cerveja (open bar)), a alimenta\u00e7\u00e3o e outras bebidas dispon\u00edveis na barraca ser\u00e3o cobradas a parte.\u00a0<\/span><\/div>\n<div><span style=\"color: #50525f;\">\u00a0<\/span><\/div>\n<div><span style=\"color: #50525f;\">Para maiores informa\u00e7\u00f5es entre em contato, atrav\u00e9s do e-mail\u00a0conscerva@gmail.com<\/span><\/div>\n<div><span style=\"color: #50525f;\">Bora garanta seu ingresso para n\u00e3o ficar de fora!!! Ingressos Limitados!!!<\/span><\/div>\n<div><span style=\"color: #50525f;\">\u00a0<\/span><\/div>\n<div><span style=\"color: #50525f;\">Data: 04\/02\/2023<\/span><\/div>\n<div><span style=\"color: #50525f;\">Hor\u00e1rio: 12h \u00e0s 18h<\/span><\/div>\n<div>Local: Barraca da Liga LRFVLP (na dire\u00e7\u00e3o do Posto de 3).<\/div>\n<\/div>\n<div>\n<h2 class=\"EventPoliciesstyle__Title-dis57a-1 beppGx\">Pol\u00edtica do evento<\/h2>\n<div class=\"EventPoliciesstyle__Policies-dis57a-2 icXkQt\">\n<div class=\"EventPoliciesstyle__Policy-dis57a-3 eNwPxL\">\n<h3 class=\"EventPoliciesstyle__PolicyTitle-dis57a-4 bEeNMo\">Cancelamento de pedidos pagos<\/h3>\n<p class=\"EventPoliciesstyle__PolicyDescription-dis57a-5 fcKvqk\">Cancelamentos de pedidos ser\u00e3o aceitos at\u00e9 7 dias ap\u00f3s a compra, desde que a solicita\u00e7\u00e3o seja enviada at\u00e9 48 horas antes do in\u00edcio do evento.<\/p>\n<\/div>\n<p><a class=\"EventPoliciesstyle__PolicyLink-dis57a-6 lckxGo\" href=\"https:\/\/ajuda.sympla.com.br\/hc\/pt-br\/articles\/6484108930580-Como-fa%C3%A7o-para-cancelar-meu-ingresso\" target=\"_blank\" rel=\"noopener\">Saiba mais sobre o cancelamento<\/a><\/p>\n<\/div>\n<\/div>\n","protected":false},"excerpt":{"rendered":"<p>Descri\u00e7\u00e3o do evento FALA CERVEJEIROS!!! Ver\u00e3o, sol, praia, m\u00fasica, amigos e cerveja! Esse \u00e9 o clima da 3a\u00a0 edi\u00e7\u00e3o do Conscerva Summer! O ingresso lhe d\u00e1 direito ao kit praieiro (copo, protetor solar, camiseta regata e cerveja (open bar)), a alimenta\u00e7\u00e3o e outras bebidas dispon\u00edveis na barraca ser\u00e3o cobradas a parte.\u00a0 \u00a0 Para maiores informa\u00e7\u00f5es entre em contato, atrav\u00e9s do e-mail\u00a0conscerva@gmail.com Bora garanta seu ingresso para n\u00e3o ficar de fora!!! Ingressos Limitados!!! \u00a0 Data: 04\/02\/2023 Hor\u00e1rio: 12h \u00e0s 18h Local: Barraca da Liga LRFVLP (na dire\u00e7\u00e3o do Posto de 3). Pol\u00edtica do evento Cancelamento de pedidos pagos Cancelamentos de pedidos ser\u00e3o aceitos at\u00e9 7 dias ap\u00f3s a compra, desde que a solicita\u00e7\u00e3o seja enviada at\u00e9 48 horas antes do in\u00edcio do evento. Saiba mais sobre o cancelamento<\/p>\n","protected":false},"author":84,"featured_media":6382,"template":"","meta":{"pmpro_default_level":"","_price":"","_stock":"","_tribe_ticket_header":"","_tribe_default_ticket_provider":"","_tribe_ticket_capacity":"0","_ticket_start_date":"","_ticket_end_date":"","_tribe_ticket_show_description":"","_tribe_ticket_show_not_going":false,"_tribe_ticket_use_global_stock":"","_tribe_ticket_global_stock_level":"","_global_stock_mode":"","_global_stock_cap":"","_tribe_rsvp_for_event":"","_tribe_ticket_going_count":"","_tribe_ticket_not_going_count":"","_tribe_tickets_list":"[]","_tribe_ticket_has_attendee_info_fields":false,"_tribe_events_status":"","_tribe_events_status_reason":"","footnotes":"","_tec_slr_enabled":"","_tec_slr_layout":""},"tags":[178,179,172,180,171,173,177,176,174,175],"tribe_events_cat":[98,42,44],"class_list":["post-6374","tribe_events","type-tribe_events","status-publish","has-post-thumbnail","hentry","tag-caneca","tag-cerveja-gelada","tag-encontro","tag-lrfvlp","tag-parcerias","tag-praia","tag-protetor-solar","tag-regata","tag-santos","tag-summer","tribe_events_cat-baixada-santista","tribe_events_cat-encontro","tribe_events_cat-sao-paulo","pmpro-has-access","cat_baixada-santista","cat_encontro","cat_sao-paulo"],"aioseo_notices":[],"aioseo_head":"\n\t\t<!-- All in One SEO 4.9.10 - aioseo.com -->\n\t<meta name=\"description\" content=\"Descri\u00e7\u00e3o do evento FALA CERVEJEIROS!!! Ver\u00e3o, sol, praia, m\u00fasica, amigos e cerveja! Esse \u00e9 o clima da 3a edi\u00e7\u00e3o do Conscerva Summer! O ingresso lhe d\u00e1 direito ao kit praieiro (copo, protetor solar, camiseta regata e cerveja (open bar)), a alimenta\u00e7\u00e3o e outras bebidas dispon\u00edveis na barraca ser\u00e3o cobradas a parte. Para maiores informa\u00e7\u00f5es\" \/>\n\t<meta name=\"robots\" content=\"max-image-preview:large\" \/>\n\t<meta name=\"author\" content=\"Carlos Santana\"\/>\n\t<link rel=\"canonical\" href=\"https:\/\/acervapaulista.com.br\/wordpress\/evento\/3a-edicao-da-conscerva-summer\/\" \/>\n\t<meta name=\"generator\" content=\"All in One SEO (AIOSEO) 4.9.10\" \/>\n\t\t<meta property=\"og:locale\" content=\"pt_BR\" \/>\n\t\t<meta property=\"og:site_name\" content=\"ACervA Paulista - Associa\u00e7\u00e3o dos Cervejeiros Artesanais Paulistas\" \/>\n\t\t<meta property=\"og:type\" content=\"article\" \/>\n\t\t<meta property=\"og:title\" content=\"3\u00aa Edi\u00e7\u00e3o da Conscerva Summer - ACervA Paulista\" \/>\n\t\t<meta property=\"og:description\" content=\"Descri\u00e7\u00e3o do evento FALA CERVEJEIROS!!! Ver\u00e3o, sol, praia, m\u00fasica, amigos e cerveja! Esse \u00e9 o clima da 3a edi\u00e7\u00e3o do Conscerva Summer! O ingresso lhe d\u00e1 direito ao kit praieiro (copo, protetor solar, camiseta regata e cerveja (open bar)), a alimenta\u00e7\u00e3o e outras bebidas dispon\u00edveis na barraca ser\u00e3o cobradas a parte. Para maiores informa\u00e7\u00f5es\" \/>\n\t\t<meta property=\"og:url\" content=\"https:\/\/acervapaulista.com.br\/wordpress\/evento\/3a-edicao-da-conscerva-summer\/\" \/>\n\t\t<meta property=\"article:published_time\" content=\"2023-01-24T20:50:46+00:00\" \/>\n\t\t<meta property=\"article:modified_time\" content=\"2023-01-24T21:16:10+00:00\" \/>\n\t\t<meta name=\"twitter:card\" content=\"summary_large_image\" \/>\n\t\t<meta name=\"twitter:title\" content=\"3\u00aa Edi\u00e7\u00e3o da Conscerva Summer - ACervA Paulista\" \/>\n\t\t<meta name=\"twitter:description\" content=\"Descri\u00e7\u00e3o do evento FALA CERVEJEIROS!!! Ver\u00e3o, sol, praia, m\u00fasica, amigos e cerveja! Esse \u00e9 o clima da 3a edi\u00e7\u00e3o do Conscerva Summer! O ingresso lhe d\u00e1 direito ao kit praieiro (copo, protetor solar, camiseta regata e cerveja (open bar)), a alimenta\u00e7\u00e3o e outras bebidas dispon\u00edveis na barraca ser\u00e3o cobradas a parte. Para maiores informa\u00e7\u00f5es\" \/>\n\t\t<script type=\"application\/ld+json\" class=\"aioseo-schema\">\n\t\t\t{\"@context\":\"https:\\\/\\\/schema.org\",\"@graph\":[{\"@type\":\"BreadcrumbList\",\"@id\":\"https:\\\/\\\/acervapaulista.com.br\\\/wordpress\\\/evento\\\/3a-edicao-da-conscerva-summer\\\/#breadcrumblist\",\"itemListElement\":[{\"@type\":\"ListItem\",\"@id\":\"https:\\\/\\\/acervapaulista.com.br\\\/wordpress#listItem\",\"position\":1,\"name\":\"Home\",\"item\":\"https:\\\/\\\/acervapaulista.com.br\\\/wordpress\",\"nextItem\":{\"@type\":\"ListItem\",\"@id\":\"https:\\\/\\\/acervapaulista.com.br\\\/wordpress\\\/eventos\\\/#listItem\",\"name\":\"Eventos\"}},{\"@type\":\"ListItem\",\"@id\":\"https:\\\/\\\/acervapaulista.com.br\\\/wordpress\\\/eventos\\\/#listItem\",\"position\":2,\"name\":\"Eventos\",\"item\":\"https:\\\/\\\/acervapaulista.com.br\\\/wordpress\\\/eventos\\\/\",\"nextItem\":{\"@type\":\"ListItem\",\"@id\":\"https:\\\/\\\/acervapaulista.com.br\\\/wordpress\\\/tag\\\/parcerias\\\/#listItem\",\"name\":\"Parcerias\"},\"previousItem\":{\"@type\":\"ListItem\",\"@id\":\"https:\\\/\\\/acervapaulista.com.br\\\/wordpress#listItem\",\"name\":\"Home\"}},{\"@type\":\"ListItem\",\"@id\":\"https:\\\/\\\/acervapaulista.com.br\\\/wordpress\\\/tag\\\/parcerias\\\/#listItem\",\"position\":3,\"name\":\"Parcerias\",\"item\":\"https:\\\/\\\/acervapaulista.com.br\\\/wordpress\\\/tag\\\/parcerias\\\/\",\"nextItem\":{\"@type\":\"ListItem\",\"@id\":\"https:\\\/\\\/acervapaulista.com.br\\\/wordpress\\\/evento\\\/3a-edicao-da-conscerva-summer\\\/#listItem\",\"name\":\"3\\u00aa Edi\\u00e7\\u00e3o da Conscerva Summer\"},\"previousItem\":{\"@type\":\"ListItem\",\"@id\":\"https:\\\/\\\/acervapaulista.com.br\\\/wordpress\\\/eventos\\\/#listItem\",\"name\":\"Eventos\"}},{\"@type\":\"ListItem\",\"@id\":\"https:\\\/\\\/acervapaulista.com.br\\\/wordpress\\\/evento\\\/3a-edicao-da-conscerva-summer\\\/#listItem\",\"position\":4,\"name\":\"3\\u00aa Edi\\u00e7\\u00e3o da Conscerva Summer\",\"previousItem\":{\"@type\":\"ListItem\",\"@id\":\"https:\\\/\\\/acervapaulista.com.br\\\/wordpress\\\/tag\\\/parcerias\\\/#listItem\",\"name\":\"Parcerias\"}}]},{\"@type\":\"Organization\",\"@id\":\"https:\\\/\\\/acervapaulista.com.br\\\/wordpress\\\/#organization\",\"name\":\"ACervA Paulista\",\"description\":\"Associa\\u00e7\\u00e3o dos Cervejeiros Artesanais Paulistas\",\"url\":\"https:\\\/\\\/acervapaulista.com.br\\\/wordpress\\\/\"},{\"@type\":\"Person\",\"@id\":\"https:\\\/\\\/acervapaulista.com.br\\\/wordpress\\\/author\\\/educhp\\\/#author\",\"url\":\"https:\\\/\\\/acervapaulista.com.br\\\/wordpress\\\/author\\\/educhp\\\/\",\"name\":\"Carlos Santana\",\"image\":{\"@type\":\"ImageObject\",\"@id\":\"https:\\\/\\\/acervapaulista.com.br\\\/wordpress\\\/evento\\\/3a-edicao-da-conscerva-summer\\\/#authorImage\",\"url\":\"https:\\\/\\\/secure.gravatar.com\\\/avatar\\\/9bb9fc5ee33332780165f5a66181a659bda39f9fb30b1defd1d1cb01335ebd65?s=96&d=mm&r=g\",\"width\":96,\"height\":96,\"caption\":\"Carlos Santana\"}},{\"@type\":\"WebPage\",\"@id\":\"https:\\\/\\\/acervapaulista.com.br\\\/wordpress\\\/evento\\\/3a-edicao-da-conscerva-summer\\\/#webpage\",\"url\":\"https:\\\/\\\/acervapaulista.com.br\\\/wordpress\\\/evento\\\/3a-edicao-da-conscerva-summer\\\/\",\"name\":\"3\\u00aa Edi\\u00e7\\u00e3o da Conscerva Summer - ACervA Paulista\",\"description\":\"Descri\\u00e7\\u00e3o do evento FALA CERVEJEIROS!!! Ver\\u00e3o, sol, praia, m\\u00fasica, amigos e cerveja! Esse \\u00e9 o clima da 3a edi\\u00e7\\u00e3o do Conscerva Summer! O ingresso lhe d\\u00e1 direito ao kit praieiro (copo, protetor solar, camiseta regata e cerveja (open bar)), a alimenta\\u00e7\\u00e3o e outras bebidas dispon\\u00edveis na barraca ser\\u00e3o cobradas a parte. Para maiores informa\\u00e7\\u00f5es\",\"inLanguage\":\"pt-BR\",\"isPartOf\":{\"@id\":\"https:\\\/\\\/acervapaulista.com.br\\\/wordpress\\\/#website\"},\"breadcrumb\":{\"@id\":\"https:\\\/\\\/acervapaulista.com.br\\\/wordpress\\\/evento\\\/3a-edicao-da-conscerva-summer\\\/#breadcrumblist\"},\"author\":{\"@id\":\"https:\\\/\\\/acervapaulista.com.br\\\/wordpress\\\/author\\\/educhp\\\/#author\"},\"creator\":{\"@id\":\"https:\\\/\\\/acervapaulista.com.br\\\/wordpress\\\/author\\\/educhp\\\/#author\"},\"image\":{\"@type\":\"ImageObject\",\"url\":\"https:\\\/\\\/acervapaulista.com.br\\\/wordpress\\\/wp-content\\\/uploads\\\/2023\\\/01\\\/1674594895884.jpg\",\"@id\":\"https:\\\/\\\/acervapaulista.com.br\\\/wordpress\\\/evento\\\/3a-edicao-da-conscerva-summer\\\/#mainImage\",\"width\":924,\"height\":936},\"primaryImageOfPage\":{\"@id\":\"https:\\\/\\\/acervapaulista.com.br\\\/wordpress\\\/evento\\\/3a-edicao-da-conscerva-summer\\\/#mainImage\"},\"datePublished\":\"2023-01-24T17:50:46-03:00\",\"dateModified\":\"2023-01-24T18:16:10-03:00\"},{\"@type\":\"WebSite\",\"@id\":\"https:\\\/\\\/acervapaulista.com.br\\\/wordpress\\\/#website\",\"url\":\"https:\\\/\\\/acervapaulista.com.br\\\/wordpress\\\/\",\"name\":\"ACervA Paulista\",\"description\":\"Associa\\u00e7\\u00e3o dos Cervejeiros Artesanais Paulistas\",\"inLanguage\":\"pt-BR\",\"publisher\":{\"@id\":\"https:\\\/\\\/acervapaulista.com.br\\\/wordpress\\\/#organization\"}}]}\n\t\t<\/script>\n\t\t<!-- All in One SEO -->\n\n","aioseo_head_json":{"title":"3\u00aa Edi\u00e7\u00e3o da Conscerva Summer - ACervA Paulista","description":"Descri\u00e7\u00e3o do evento FALA CERVEJEIROS!!! Ver\u00e3o, sol, praia, m\u00fasica, amigos e cerveja! Esse \u00e9 o clima da 3a edi\u00e7\u00e3o do Conscerva Summer! O ingresso lhe d\u00e1 direito ao kit praieiro (copo, protetor solar, camiseta regata e cerveja (open bar)), a alimenta\u00e7\u00e3o e outras bebidas dispon\u00edveis na barraca ser\u00e3o cobradas a parte. Para maiores informa\u00e7\u00f5es","canonical_url":"https:\/\/acervapaulista.com.br\/wordpress\/evento\/3a-edicao-da-conscerva-summer\/","robots":"max-image-preview:large","keywords":"","webmasterTools":{"miscellaneous":""},"schema":{"@context":"https:\/\/schema.org","@graph":[{"@type":"BreadcrumbList","@id":"https:\/\/acervapaulista.com.br\/wordpress\/evento\/3a-edicao-da-conscerva-summer\/#breadcrumblist","itemListElement":[{"@type":"ListItem","@id":"https:\/\/acervapaulista.com.br\/wordpress#listItem","position":1,"name":"Home","item":"https:\/\/acervapaulista.com.br\/wordpress","nextItem":{"@type":"ListItem","@id":"https:\/\/acervapaulista.com.br\/wordpress\/eventos\/#listItem","name":"Eventos"}},{"@type":"ListItem","@id":"https:\/\/acervapaulista.com.br\/wordpress\/eventos\/#listItem","position":2,"name":"Eventos","item":"https:\/\/acervapaulista.com.br\/wordpress\/eventos\/","nextItem":{"@type":"ListItem","@id":"https:\/\/acervapaulista.com.br\/wordpress\/tag\/parcerias\/#listItem","name":"Parcerias"},"previousItem":{"@type":"ListItem","@id":"https:\/\/acervapaulista.com.br\/wordpress#listItem","name":"Home"}},{"@type":"ListItem","@id":"https:\/\/acervapaulista.com.br\/wordpress\/tag\/parcerias\/#listItem","position":3,"name":"Parcerias","item":"https:\/\/acervapaulista.com.br\/wordpress\/tag\/parcerias\/","nextItem":{"@type":"ListItem","@id":"https:\/\/acervapaulista.com.br\/wordpress\/evento\/3a-edicao-da-conscerva-summer\/#listItem","name":"3\u00aa Edi\u00e7\u00e3o da Conscerva Summer"},"previousItem":{"@type":"ListItem","@id":"https:\/\/acervapaulista.com.br\/wordpress\/eventos\/#listItem","name":"Eventos"}},{"@type":"ListItem","@id":"https:\/\/acervapaulista.com.br\/wordpress\/evento\/3a-edicao-da-conscerva-summer\/#listItem","position":4,"name":"3\u00aa Edi\u00e7\u00e3o da Conscerva Summer","previousItem":{"@type":"ListItem","@id":"https:\/\/acervapaulista.com.br\/wordpress\/tag\/parcerias\/#listItem","name":"Parcerias"}}]},{"@type":"Organization","@id":"https:\/\/acervapaulista.com.br\/wordpress\/#organization","name":"ACervA Paulista","description":"Associa\u00e7\u00e3o dos Cervejeiros Artesanais Paulistas","url":"https:\/\/acervapaulista.com.br\/wordpress\/"},{"@type":"Person","@id":"https:\/\/acervapaulista.com.br\/wordpress\/author\/educhp\/#author","url":"https:\/\/acervapaulista.com.br\/wordpress\/author\/educhp\/","name":"Carlos Santana","image":{"@type":"ImageObject","@id":"https:\/\/acervapaulista.com.br\/wordpress\/evento\/3a-edicao-da-conscerva-summer\/#authorImage","url":"https:\/\/secure.gravatar.com\/avatar\/9bb9fc5ee33332780165f5a66181a659bda39f9fb30b1defd1d1cb01335ebd65?s=96&d=mm&r=g","width":96,"height":96,"caption":"Carlos Santana"}},{"@type":"WebPage","@id":"https:\/\/acervapaulista.com.br\/wordpress\/evento\/3a-edicao-da-conscerva-summer\/#webpage","url":"https:\/\/acervapaulista.com.br\/wordpress\/evento\/3a-edicao-da-conscerva-summer\/","name":"3\u00aa Edi\u00e7\u00e3o da Conscerva Summer - ACervA Paulista","description":"Descri\u00e7\u00e3o do evento FALA CERVEJEIROS!!! Ver\u00e3o, sol, praia, m\u00fasica, amigos e cerveja! Esse \u00e9 o clima da 3a edi\u00e7\u00e3o do Conscerva Summer! O ingresso lhe d\u00e1 direito ao kit praieiro (copo, protetor solar, camiseta regata e cerveja (open bar)), a alimenta\u00e7\u00e3o e outras bebidas dispon\u00edveis na barraca ser\u00e3o cobradas a parte. Para maiores informa\u00e7\u00f5es","inLanguage":"pt-BR","isPartOf":{"@id":"https:\/\/acervapaulista.com.br\/wordpress\/#website"},"breadcrumb":{"@id":"https:\/\/acervapaulista.com.br\/wordpress\/evento\/3a-edicao-da-conscerva-summer\/#breadcrumblist"},"author":{"@id":"https:\/\/acervapaulista.com.br\/wordpress\/author\/educhp\/#author"},"creator":{"@id":"https:\/\/acervapaulista.com.br\/wordpress\/author\/educhp\/#author"},"image":{"@type":"ImageObject","url":"https:\/\/acervapaulista.com.br\/wordpress\/wp-content\/uploads\/2023\/01\/1674594895884.jpg","@id":"https:\/\/acervapaulista.com.br\/wordpress\/evento\/3a-edicao-da-conscerva-summer\/#mainImage","width":924,"height":936},"primaryImageOfPage":{"@id":"https:\/\/acervapaulista.com.br\/wordpress\/evento\/3a-edicao-da-conscerva-summer\/#mainImage"},"datePublished":"2023-01-24T17:50:46-03:00","dateModified":"2023-01-24T18:16:10-03:00"},{"@type":"WebSite","@id":"https:\/\/acervapaulista.com.br\/wordpress\/#website","url":"https:\/\/acervapaulista.com.br\/wordpress\/","name":"ACervA Paulista","description":"Associa\u00e7\u00e3o dos Cervejeiros Artesanais Paulistas","inLanguage":"pt-BR","publisher":{"@id":"https:\/\/acervapaulista.com.br\/wordpress\/#organization"}}]},"og:locale":"pt_BR","og:site_name":"ACervA Paulista - Associa\u00e7\u00e3o dos Cervejeiros Artesanais Paulistas","og:type":"article","og:title":"3\u00aa Edi\u00e7\u00e3o da Conscerva Summer - ACervA Paulista","og:description":"Descri\u00e7\u00e3o do evento FALA CERVEJEIROS!!! Ver\u00e3o, sol, praia, m\u00fasica, amigos e cerveja! Esse \u00e9 o clima da 3a edi\u00e7\u00e3o do Conscerva Summer! O ingresso lhe d\u00e1 direito ao kit praieiro (copo, protetor solar, camiseta regata e cerveja (open bar)), a alimenta\u00e7\u00e3o e outras bebidas dispon\u00edveis na barraca ser\u00e3o cobradas a parte. Para maiores informa\u00e7\u00f5es","og:url":"https:\/\/acervapaulista.com.br\/wordpress\/evento\/3a-edicao-da-conscerva-summer\/","article:published_time":"2023-01-24T20:50:46+00:00","article:modified_time":"2023-01-24T21:16:10+00:00","twitter:card":"summary_large_image","twitter:title":"3\u00aa Edi\u00e7\u00e3o da Conscerva Summer - ACervA Paulista","twitter:description":"Descri\u00e7\u00e3o do evento FALA CERVEJEIROS!!! Ver\u00e3o, sol, praia, m\u00fasica, amigos e cerveja! Esse \u00e9 o clima da 3a edi\u00e7\u00e3o do Conscerva Summer! O ingresso lhe d\u00e1 direito ao kit praieiro (copo, protetor solar, camiseta regata e cerveja (open bar)), a alimenta\u00e7\u00e3o e outras bebidas dispon\u00edveis na barraca ser\u00e3o cobradas a parte. Para maiores informa\u00e7\u00f5es"},"aioseo_meta_data":{"post_id":"6374","title":null,"description":null,"keywords":null,"keyphrases":null,"primary_term":null,"canonical_url":null,"og_title":null,"og_description":null,"og_object_type":"default","og_image_type":"default","og_image_url":null,"og_image_width":null,"og_image_height":null,"og_image_custom_url":null,"og_image_custom_fields":null,"og_video":null,"og_custom_url":null,"og_article_section":null,"og_article_tags":null,"twitter_use_og":false,"twitter_card":"default","twitter_image_type":"default","twitter_image_url":null,"twitter_image_custom_url":null,"twitter_image_custom_fields":null,"twitter_title":null,"twitter_description":null,"schema":{"blockGraphs":[],"customGraphs":[],"default":{"data":{"Article":[],"Course":[],"Dataset":[],"FAQPage":[],"Movie":[],"Person":[],"Product":[],"ProductReview":[],"Car":[],"Recipe":[],"Service":[],"SoftwareApplication":[],"WebPage":[]},"graphName":"","isEnabled":true},"graphs":[]},"schema_type":"default","schema_type_options":null,"pillar_content":false,"robots_default":true,"robots_noindex":false,"robots_noarchive":false,"robots_nosnippet":false,"robots_nofollow":false,"robots_noimageindex":false,"robots_noodp":false,"robots_notranslate":false,"robots_max_snippet":null,"robots_max_videopreview":null,"robots_max_imagepreview":"large","priority":null,"frequency":null,"local_seo":null,"breadcrumb_settings":null,"limit_modified_date":false,"ai":null,"created":"2023-10-20 05:26:58","updated":"2025-09-06 13:30:59","seo_analyzer_scan_date":null},"aioseo_breadcrumb":"<div class=\"aioseo-breadcrumbs\"><span class=\"aioseo-breadcrumb\">\n\t\t\t<a href=\"https:\/\/acervapaulista.com.br\/wordpress\" title=\"Home\">Home<\/a>\n\t\t<\/span><span class=\"aioseo-breadcrumb-separator\">&raquo;<\/span><span class=\"aioseo-breadcrumb\">\n\t\t\t<a href=\"https:\/\/acervapaulista.com.br\/wordpress\/eventos\/\" title=\"Eventos\">Eventos<\/a>\n\t\t<\/span><span class=\"aioseo-breadcrumb-separator\">&raquo;<\/span><span class=\"aioseo-breadcrumb\">\n\t\t\t<a href=\"https:\/\/acervapaulista.com.br\/wordpress\/tag\/parcerias\/\" title=\"Parcerias\">Parcerias<\/a>\n\t\t<\/span><span class=\"aioseo-breadcrumb-separator\">&raquo;<\/span><span class=\"aioseo-breadcrumb\">\n\t\t\t3\u00aa Edi\u00e7\u00e3o da Conscerva Summer\n\t\t<\/span><\/div>","aioseo_breadcrumb_json":[{"label":"Home","link":"https:\/\/acervapaulista.com.br\/wordpress"},{"label":"Eventos","link":"https:\/\/acervapaulista.com.br\/wordpress\/eventos\/"},{"label":"Parcerias","link":"https:\/\/acervapaulista.com.br\/wordpress\/tag\/parcerias\/"},{"label":"3\u00aa Edi\u00e7\u00e3o da Conscerva Summer","link":"https:\/\/acervapaulista.com.br\/wordpress\/evento\/3a-edicao-da-conscerva-summer\/"}],"ticketed":false,"_links":{"self":[{"href":"https:\/\/acervapaulista.com.br\/wordpress\/wp-json\/wp\/v2\/tribe_events\/6374","targetHints":{"allow":["GET"]}}],"collection":[{"href":"https:\/\/acervapaulista.com.br\/wordpress\/wp-json\/wp\/v2\/tribe_events"}],"about":[{"href":"https:\/\/acervapaulista.com.br\/wordpress\/wp-json\/wp\/v2\/types\/tribe_events"}],"author":[{"embeddable":true,"href":"https:\/\/acervapaulista.com.br\/wordpress\/wp-json\/wp\/v2\/users\/84"}],"version-history":[{"count":3,"href":"https:\/\/acervapaulista.com.br\/wordpress\/wp-json\/wp\/v2\/tribe_events\/6374\/revisions"}],"predecessor-version":[{"id":6379,"href":"https:\/\/acervapaulista.com.br\/wordpress\/wp-json\/wp\/v2\/tribe_events\/6374\/revisions\/6379"}],"wp:featuredmedia":[{"embeddable":true,"href":"https:\/\/acervapaulista.com.br\/wordpress\/wp-json\/wp\/v2\/media\/6382"}],"wp:attachment":[{"href":"https:\/\/acervapaulista.com.br\/wordpress\/wp-json\/wp\/v2\/media?parent=6374"}],"wp:term":[{"taxonomy":"post_tag","embeddable":true,"href":"https:\/\/acervapaulista.com.br\/wordpress\/wp-json\/wp\/v2\/tags?post=6374"},{"taxonomy":"tribe_events_cat","embeddable":true,"href":"https:\/\/acervapaulista.com.br\/wordpress\/wp-json\/wp\/v2\/tribe_events_cat?post=6374"}],"curies":[{"name":"wp","href":"https:\/\/api.w.org\/{rel}","templated":true}]}}