{"id":4462,"date":"2019-01-23T20:56:29","date_gmt":"2019-01-23T23:56:29","guid":{"rendered":"http:\/\/dev.acervapaulista.com.br\/?post_type=tribe_events&#038;p=4462"},"modified":"2019-01-23T21:15:11","modified_gmt":"2019-01-24T00:15:11","slug":"confraria-acerva-23-02-2019","status":"publish","type":"tribe_events","link":"https:\/\/acervapaulista.com.br\/wordpress\/evento\/confraria-acerva-23-02-2019\/","title":{"rendered":"Confraria Acerva &#8211; 23\/02\/2019"},"content":{"rendered":"<h4>Vem a\u00ed a Confraria Acerva Paulista: Brassagem de Boas Vindas<\/h4>\n<p>Dia 23\/2 ap\u00f3s as 13hs os associados Ivan Tozzi e Inag\u00e9 v\u00e3o brassar a receita da Weiss campe\u00e3 do concurso interno!<\/p>\n<p>Venha conhecer a galera e trocar experi\u00eancias, sua cerveja ser\u00e1 bem vinda!!!<\/p>\n","protected":false},"excerpt":{"rendered":"<p>Vem a\u00ed a Confraria Acerva Paulista: Brassagem de Boas Vindas Dia 23\/2 ap\u00f3s as 13hs os associados Ivan Tozzi e Inag\u00e9 v\u00e3o brassar a receita da Weiss campe\u00e3 do concurso interno! Venha conhecer a galera e trocar experi\u00eancias, sua cerveja ser\u00e1 bem vinda!!!<\/p>\n","protected":false},"author":1,"featured_media":4461,"template":"","meta":{"pmpro_default_level":"","_price":"","_stock":"","_tribe_ticket_header":"","_tribe_default_ticket_provider":"","_tribe_ticket_capacity":"0","_ticket_start_date":"","_ticket_end_date":"","_tribe_ticket_show_description":"","_tribe_ticket_show_not_going":false,"_tribe_ticket_use_global_stock":"","_tribe_ticket_global_stock_level":"","_global_stock_mode":"","_global_stock_cap":"","_tribe_rsvp_for_event":"","_tribe_ticket_going_count":"","_tribe_ticket_not_going_count":"","_tribe_tickets_list":"[]","_tribe_ticket_has_attendee_info_fields":false,"_tribe_events_status":"","_tribe_events_status_reason":"","footnotes":"","_tec_slr_enabled":"","_tec_slr_layout":""},"tags":[],"tribe_events_cat":[42],"class_list":["post-4462","tribe_events","type-tribe_events","status-publish","has-post-thumbnail","hentry","tribe_events_cat-encontro","pmpro-has-access","cat_encontro"],"aioseo_notices":[],"aioseo_head":"\n\t\t<!-- All in One SEO 4.9.10 - aioseo.com -->\n\t<meta name=\"description\" content=\"Vem a\u00ed a Confraria Acerva Paulista: Brassagem de Boas Vindas Dia 23\/2 ap\u00f3s as 13hs os associados Ivan Tozzi e Inag\u00e9 v\u00e3o brassar a receita da Weiss campe\u00e3 do concurso interno! Venha conhecer a galera e trocar experi\u00eancias, sua cerveja ser\u00e1 bem vinda!!!\" \/>\n\t<meta name=\"robots\" content=\"max-image-preview:large\" \/>\n\t<meta name=\"author\" content=\"ACervA Paulista\"\/>\n\t<link rel=\"canonical\" href=\"https:\/\/acervapaulista.com.br\/wordpress\/evento\/confraria-acerva-23-02-2019\/\" \/>\n\t<meta name=\"generator\" content=\"All in One SEO (AIOSEO) 4.9.10\" \/>\n\t\t<meta property=\"og:locale\" content=\"pt_BR\" \/>\n\t\t<meta property=\"og:site_name\" content=\"ACervA Paulista - Associa\u00e7\u00e3o dos Cervejeiros Artesanais Paulistas\" \/>\n\t\t<meta property=\"og:type\" content=\"article\" \/>\n\t\t<meta property=\"og:title\" content=\"Confraria Acerva \u2013 23\/02\/2019 - ACervA Paulista\" \/>\n\t\t<meta property=\"og:description\" content=\"Vem a\u00ed a Confraria Acerva Paulista: Brassagem de Boas Vindas Dia 23\/2 ap\u00f3s as 13hs os associados Ivan Tozzi e Inag\u00e9 v\u00e3o brassar a receita da Weiss campe\u00e3 do concurso interno! Venha conhecer a galera e trocar experi\u00eancias, sua cerveja ser\u00e1 bem vinda!!!\" \/>\n\t\t<meta property=\"og:url\" content=\"https:\/\/acervapaulista.com.br\/wordpress\/evento\/confraria-acerva-23-02-2019\/\" \/>\n\t\t<meta property=\"article:published_time\" content=\"2019-01-23T23:56:29+00:00\" \/>\n\t\t<meta property=\"article:modified_time\" content=\"2019-01-24T00:15:11+00:00\" \/>\n\t\t<meta name=\"twitter:card\" content=\"summary_large_image\" \/>\n\t\t<meta name=\"twitter:title\" content=\"Confraria Acerva \u2013 23\/02\/2019 - ACervA Paulista\" \/>\n\t\t<meta name=\"twitter:description\" content=\"Vem a\u00ed a Confraria Acerva Paulista: Brassagem de Boas Vindas Dia 23\/2 ap\u00f3s as 13hs os associados Ivan Tozzi e Inag\u00e9 v\u00e3o brassar a receita da Weiss campe\u00e3 do concurso interno! Venha conhecer a galera e trocar experi\u00eancias, sua cerveja ser\u00e1 bem vinda!!!\" \/>\n\t\t<script type=\"application\/ld+json\" class=\"aioseo-schema\">\n\t\t\t{\"@context\":\"https:\\\/\\\/schema.org\",\"@graph\":[{\"@type\":\"BreadcrumbList\",\"@id\":\"https:\\\/\\\/acervapaulista.com.br\\\/wordpress\\\/evento\\\/confraria-acerva-23-02-2019\\\/#breadcrumblist\",\"itemListElement\":[{\"@type\":\"ListItem\",\"@id\":\"https:\\\/\\\/acervapaulista.com.br\\\/wordpress#listItem\",\"position\":1,\"name\":\"Home\",\"item\":\"https:\\\/\\\/acervapaulista.com.br\\\/wordpress\",\"nextItem\":{\"@type\":\"ListItem\",\"@id\":\"https:\\\/\\\/acervapaulista.com.br\\\/wordpress\\\/eventos\\\/#listItem\",\"name\":\"Eventos\"}},{\"@type\":\"ListItem\",\"@id\":\"https:\\\/\\\/acervapaulista.com.br\\\/wordpress\\\/eventos\\\/#listItem\",\"position\":2,\"name\":\"Eventos\",\"item\":\"https:\\\/\\\/acervapaulista.com.br\\\/wordpress\\\/eventos\\\/\",\"nextItem\":{\"@type\":\"ListItem\",\"@id\":\"https:\\\/\\\/acervapaulista.com.br\\\/wordpress\\\/eventos\\\/categoria\\\/encontro\\\/#listItem\",\"name\":\"Encontro\"},\"previousItem\":{\"@type\":\"ListItem\",\"@id\":\"https:\\\/\\\/acervapaulista.com.br\\\/wordpress#listItem\",\"name\":\"Home\"}},{\"@type\":\"ListItem\",\"@id\":\"https:\\\/\\\/acervapaulista.com.br\\\/wordpress\\\/eventos\\\/categoria\\\/encontro\\\/#listItem\",\"position\":3,\"name\":\"Encontro\",\"item\":\"https:\\\/\\\/acervapaulista.com.br\\\/wordpress\\\/eventos\\\/categoria\\\/encontro\\\/\",\"nextItem\":{\"@type\":\"ListItem\",\"@id\":\"https:\\\/\\\/acervapaulista.com.br\\\/wordpress\\\/evento\\\/confraria-acerva-23-02-2019\\\/#listItem\",\"name\":\"Confraria Acerva &#8211; 23\\\/02\\\/2019\"},\"previousItem\":{\"@type\":\"ListItem\",\"@id\":\"https:\\\/\\\/acervapaulista.com.br\\\/wordpress\\\/eventos\\\/#listItem\",\"name\":\"Eventos\"}},{\"@type\":\"ListItem\",\"@id\":\"https:\\\/\\\/acervapaulista.com.br\\\/wordpress\\\/evento\\\/confraria-acerva-23-02-2019\\\/#listItem\",\"position\":4,\"name\":\"Confraria Acerva &#8211; 23\\\/02\\\/2019\",\"previousItem\":{\"@type\":\"ListItem\",\"@id\":\"https:\\\/\\\/acervapaulista.com.br\\\/wordpress\\\/eventos\\\/categoria\\\/encontro\\\/#listItem\",\"name\":\"Encontro\"}}]},{\"@type\":\"Organization\",\"@id\":\"https:\\\/\\\/acervapaulista.com.br\\\/wordpress\\\/#organization\",\"name\":\"ACervA Paulista\",\"description\":\"Associa\\u00e7\\u00e3o dos Cervejeiros Artesanais Paulistas\",\"url\":\"https:\\\/\\\/acervapaulista.com.br\\\/wordpress\\\/\"},{\"@type\":\"Person\",\"@id\":\"https:\\\/\\\/acervapaulista.com.br\\\/wordpress\\\/author\\\/acerva-paulista\\\/#author\",\"url\":\"https:\\\/\\\/acervapaulista.com.br\\\/wordpress\\\/author\\\/acerva-paulista\\\/\",\"name\":\"ACervA Paulista\",\"image\":{\"@type\":\"ImageObject\",\"@id\":\"https:\\\/\\\/acervapaulista.com.br\\\/wordpress\\\/evento\\\/confraria-acerva-23-02-2019\\\/#authorImage\",\"url\":\"https:\\\/\\\/secure.gravatar.com\\\/avatar\\\/82a53c3dc8c0f95f206cd4b997ac42614436afd1786d7a017ce41c9d259b8309?s=96&d=mm&r=g\",\"width\":96,\"height\":96,\"caption\":\"ACervA Paulista\"}},{\"@type\":\"WebPage\",\"@id\":\"https:\\\/\\\/acervapaulista.com.br\\\/wordpress\\\/evento\\\/confraria-acerva-23-02-2019\\\/#webpage\",\"url\":\"https:\\\/\\\/acervapaulista.com.br\\\/wordpress\\\/evento\\\/confraria-acerva-23-02-2019\\\/\",\"name\":\"Confraria Acerva \\u2013 23\\\/02\\\/2019 - ACervA Paulista\",\"description\":\"Vem a\\u00ed a Confraria Acerva Paulista: Brassagem de Boas Vindas Dia 23\\\/2 ap\\u00f3s as 13hs os associados Ivan Tozzi e Inag\\u00e9 v\\u00e3o brassar a receita da Weiss campe\\u00e3 do concurso interno! Venha conhecer a galera e trocar experi\\u00eancias, sua cerveja ser\\u00e1 bem vinda!!!\",\"inLanguage\":\"pt-BR\",\"isPartOf\":{\"@id\":\"https:\\\/\\\/acervapaulista.com.br\\\/wordpress\\\/#website\"},\"breadcrumb\":{\"@id\":\"https:\\\/\\\/acervapaulista.com.br\\\/wordpress\\\/evento\\\/confraria-acerva-23-02-2019\\\/#breadcrumblist\"},\"author\":{\"@id\":\"https:\\\/\\\/acervapaulista.com.br\\\/wordpress\\\/author\\\/acerva-paulista\\\/#author\"},\"creator\":{\"@id\":\"https:\\\/\\\/acervapaulista.com.br\\\/wordpress\\\/author\\\/acerva-paulista\\\/#author\"},\"image\":{\"@type\":\"ImageObject\",\"url\":\"https:\\\/\\\/acervapaulista.com.br\\\/wordpress\\\/wp-content\\\/uploads\\\/2019\\\/01\\\/confraria-acerva-Weiss-Inag\\u00e9.jpg\",\"@id\":\"https:\\\/\\\/acervapaulista.com.br\\\/wordpress\\\/evento\\\/confraria-acerva-23-02-2019\\\/#mainImage\",\"width\":800,\"height\":800},\"primaryImageOfPage\":{\"@id\":\"https:\\\/\\\/acervapaulista.com.br\\\/wordpress\\\/evento\\\/confraria-acerva-23-02-2019\\\/#mainImage\"},\"datePublished\":\"2019-01-23T20:56:29-02:00\",\"dateModified\":\"2019-01-23T21:15:11-02:00\"},{\"@type\":\"WebSite\",\"@id\":\"https:\\\/\\\/acervapaulista.com.br\\\/wordpress\\\/#website\",\"url\":\"https:\\\/\\\/acervapaulista.com.br\\\/wordpress\\\/\",\"name\":\"ACervA Paulista\",\"description\":\"Associa\\u00e7\\u00e3o dos Cervejeiros Artesanais Paulistas\",\"inLanguage\":\"pt-BR\",\"publisher\":{\"@id\":\"https:\\\/\\\/acervapaulista.com.br\\\/wordpress\\\/#organization\"}}]}\n\t\t<\/script>\n\t\t<!-- All in One SEO -->\n\n","aioseo_head_json":{"title":"Confraria Acerva \u2013 23\/02\/2019 - ACervA Paulista","description":"Vem a\u00ed a Confraria Acerva Paulista: Brassagem de Boas Vindas Dia 23\/2 ap\u00f3s as 13hs os associados Ivan Tozzi e Inag\u00e9 v\u00e3o brassar a receita da Weiss campe\u00e3 do concurso interno! Venha conhecer a galera e trocar experi\u00eancias, sua cerveja ser\u00e1 bem vinda!!!","canonical_url":"https:\/\/acervapaulista.com.br\/wordpress\/evento\/confraria-acerva-23-02-2019\/","robots":"max-image-preview:large","keywords":"","webmasterTools":{"miscellaneous":""},"schema":{"@context":"https:\/\/schema.org","@graph":[{"@type":"BreadcrumbList","@id":"https:\/\/acervapaulista.com.br\/wordpress\/evento\/confraria-acerva-23-02-2019\/#breadcrumblist","itemListElement":[{"@type":"ListItem","@id":"https:\/\/acervapaulista.com.br\/wordpress#listItem","position":1,"name":"Home","item":"https:\/\/acervapaulista.com.br\/wordpress","nextItem":{"@type":"ListItem","@id":"https:\/\/acervapaulista.com.br\/wordpress\/eventos\/#listItem","name":"Eventos"}},{"@type":"ListItem","@id":"https:\/\/acervapaulista.com.br\/wordpress\/eventos\/#listItem","position":2,"name":"Eventos","item":"https:\/\/acervapaulista.com.br\/wordpress\/eventos\/","nextItem":{"@type":"ListItem","@id":"https:\/\/acervapaulista.com.br\/wordpress\/eventos\/categoria\/encontro\/#listItem","name":"Encontro"},"previousItem":{"@type":"ListItem","@id":"https:\/\/acervapaulista.com.br\/wordpress#listItem","name":"Home"}},{"@type":"ListItem","@id":"https:\/\/acervapaulista.com.br\/wordpress\/eventos\/categoria\/encontro\/#listItem","position":3,"name":"Encontro","item":"https:\/\/acervapaulista.com.br\/wordpress\/eventos\/categoria\/encontro\/","nextItem":{"@type":"ListItem","@id":"https:\/\/acervapaulista.com.br\/wordpress\/evento\/confraria-acerva-23-02-2019\/#listItem","name":"Confraria Acerva &#8211; 23\/02\/2019"},"previousItem":{"@type":"ListItem","@id":"https:\/\/acervapaulista.com.br\/wordpress\/eventos\/#listItem","name":"Eventos"}},{"@type":"ListItem","@id":"https:\/\/acervapaulista.com.br\/wordpress\/evento\/confraria-acerva-23-02-2019\/#listItem","position":4,"name":"Confraria Acerva &#8211; 23\/02\/2019","previousItem":{"@type":"ListItem","@id":"https:\/\/acervapaulista.com.br\/wordpress\/eventos\/categoria\/encontro\/#listItem","name":"Encontro"}}]},{"@type":"Organization","@id":"https:\/\/acervapaulista.com.br\/wordpress\/#organization","name":"ACervA Paulista","description":"Associa\u00e7\u00e3o dos Cervejeiros Artesanais Paulistas","url":"https:\/\/acervapaulista.com.br\/wordpress\/"},{"@type":"Person","@id":"https:\/\/acervapaulista.com.br\/wordpress\/author\/acerva-paulista\/#author","url":"https:\/\/acervapaulista.com.br\/wordpress\/author\/acerva-paulista\/","name":"ACervA Paulista","image":{"@type":"ImageObject","@id":"https:\/\/acervapaulista.com.br\/wordpress\/evento\/confraria-acerva-23-02-2019\/#authorImage","url":"https:\/\/secure.gravatar.com\/avatar\/82a53c3dc8c0f95f206cd4b997ac42614436afd1786d7a017ce41c9d259b8309?s=96&d=mm&r=g","width":96,"height":96,"caption":"ACervA Paulista"}},{"@type":"WebPage","@id":"https:\/\/acervapaulista.com.br\/wordpress\/evento\/confraria-acerva-23-02-2019\/#webpage","url":"https:\/\/acervapaulista.com.br\/wordpress\/evento\/confraria-acerva-23-02-2019\/","name":"Confraria Acerva \u2013 23\/02\/2019 - ACervA Paulista","description":"Vem a\u00ed a Confraria Acerva Paulista: Brassagem de Boas Vindas Dia 23\/2 ap\u00f3s as 13hs os associados Ivan Tozzi e Inag\u00e9 v\u00e3o brassar a receita da Weiss campe\u00e3 do concurso interno! Venha conhecer a galera e trocar experi\u00eancias, sua cerveja ser\u00e1 bem vinda!!!","inLanguage":"pt-BR","isPartOf":{"@id":"https:\/\/acervapaulista.com.br\/wordpress\/#website"},"breadcrumb":{"@id":"https:\/\/acervapaulista.com.br\/wordpress\/evento\/confraria-acerva-23-02-2019\/#breadcrumblist"},"author":{"@id":"https:\/\/acervapaulista.com.br\/wordpress\/author\/acerva-paulista\/#author"},"creator":{"@id":"https:\/\/acervapaulista.com.br\/wordpress\/author\/acerva-paulista\/#author"},"image":{"@type":"ImageObject","url":"https:\/\/acervapaulista.com.br\/wordpress\/wp-content\/uploads\/2019\/01\/confraria-acerva-Weiss-Inag\u00e9.jpg","@id":"https:\/\/acervapaulista.com.br\/wordpress\/evento\/confraria-acerva-23-02-2019\/#mainImage","width":800,"height":800},"primaryImageOfPage":{"@id":"https:\/\/acervapaulista.com.br\/wordpress\/evento\/confraria-acerva-23-02-2019\/#mainImage"},"datePublished":"2019-01-23T20:56:29-02:00","dateModified":"2019-01-23T21:15:11-02:00"},{"@type":"WebSite","@id":"https:\/\/acervapaulista.com.br\/wordpress\/#website","url":"https:\/\/acervapaulista.com.br\/wordpress\/","name":"ACervA Paulista","description":"Associa\u00e7\u00e3o dos Cervejeiros Artesanais Paulistas","inLanguage":"pt-BR","publisher":{"@id":"https:\/\/acervapaulista.com.br\/wordpress\/#organization"}}]},"og:locale":"pt_BR","og:site_name":"ACervA Paulista - Associa\u00e7\u00e3o dos Cervejeiros Artesanais Paulistas","og:type":"article","og:title":"Confraria Acerva \u2013 23\/02\/2019 - ACervA Paulista","og:description":"Vem a\u00ed a Confraria Acerva Paulista: Brassagem de Boas Vindas Dia 23\/2 ap\u00f3s as 13hs os associados Ivan Tozzi e Inag\u00e9 v\u00e3o brassar a receita da Weiss campe\u00e3 do concurso interno! Venha conhecer a galera e trocar experi\u00eancias, sua cerveja ser\u00e1 bem vinda!!!","og:url":"https:\/\/acervapaulista.com.br\/wordpress\/evento\/confraria-acerva-23-02-2019\/","article:published_time":"2019-01-23T23:56:29+00:00","article:modified_time":"2019-01-24T00:15:11+00:00","twitter:card":"summary_large_image","twitter:title":"Confraria Acerva \u2013 23\/02\/2019 - ACervA Paulista","twitter:description":"Vem a\u00ed a Confraria Acerva Paulista: Brassagem de Boas Vindas Dia 23\/2 ap\u00f3s as 13hs os associados Ivan Tozzi e Inag\u00e9 v\u00e3o brassar a receita da Weiss campe\u00e3 do concurso interno! Venha conhecer a galera e trocar experi\u00eancias, sua cerveja ser\u00e1 bem vinda!!!"},"aioseo_meta_data":{"post_id":"4462","title":null,"description":null,"keywords":null,"keyphrases":null,"primary_term":null,"canonical_url":null,"og_title":null,"og_description":null,"og_object_type":"default","og_image_type":"default","og_image_url":null,"og_image_width":null,"og_image_height":null,"og_image_custom_url":null,"og_image_custom_fields":null,"og_video":null,"og_custom_url":null,"og_article_section":null,"og_article_tags":null,"twitter_use_og":false,"twitter_card":"default","twitter_image_type":"default","twitter_image_url":null,"twitter_image_custom_url":null,"twitter_image_custom_fields":null,"twitter_title":null,"twitter_description":null,"schema":{"blockGraphs":[],"customGraphs":[],"default":{"data":{"Article":[],"Course":[],"Dataset":[],"FAQPage":[],"Movie":[],"Person":[],"Product":[],"ProductReview":[],"Car":[],"Recipe":[],"Service":[],"SoftwareApplication":[],"WebPage":[]},"graphName":"","isEnabled":true},"graphs":[]},"schema_type":"default","schema_type_options":null,"pillar_content":false,"robots_default":true,"robots_noindex":false,"robots_noarchive":false,"robots_nosnippet":false,"robots_nofollow":false,"robots_noimageindex":false,"robots_noodp":false,"robots_notranslate":false,"robots_max_snippet":null,"robots_max_videopreview":null,"robots_max_imagepreview":"large","priority":null,"frequency":null,"local_seo":null,"breadcrumb_settings":null,"limit_modified_date":false,"ai":null,"created":"2023-10-20 05:23:53","updated":"2025-09-06 13:22:53","seo_analyzer_scan_date":null},"aioseo_breadcrumb":"<div class=\"aioseo-breadcrumbs\"><span class=\"aioseo-breadcrumb\">\n\t\t\t<a href=\"https:\/\/acervapaulista.com.br\/wordpress\" title=\"Home\">Home<\/a>\n\t\t<\/span><span class=\"aioseo-breadcrumb-separator\">&raquo;<\/span><span class=\"aioseo-breadcrumb\">\n\t\t\t<a href=\"https:\/\/acervapaulista.com.br\/wordpress\/eventos\/\" title=\"Eventos\">Eventos<\/a>\n\t\t<\/span><span class=\"aioseo-breadcrumb-separator\">&raquo;<\/span><span class=\"aioseo-breadcrumb\">\n\t\t\t<a href=\"https:\/\/acervapaulista.com.br\/wordpress\/eventos\/categoria\/encontro\/\" title=\"Encontro\">Encontro<\/a>\n\t\t<\/span><span class=\"aioseo-breadcrumb-separator\">&raquo;<\/span><span class=\"aioseo-breadcrumb\">\n\t\t\tConfraria Acerva \u2013 23\/02\/2019\n\t\t<\/span><\/div>","aioseo_breadcrumb_json":[{"label":"Home","link":"https:\/\/acervapaulista.com.br\/wordpress"},{"label":"Eventos","link":"https:\/\/acervapaulista.com.br\/wordpress\/eventos\/"},{"label":"Encontro","link":"https:\/\/acervapaulista.com.br\/wordpress\/eventos\/categoria\/encontro\/"},{"label":"Confraria Acerva &#8211; 23\/02\/2019","link":"https:\/\/acervapaulista.com.br\/wordpress\/evento\/confraria-acerva-23-02-2019\/"}],"ticketed":false,"_links":{"self":[{"href":"https:\/\/acervapaulista.com.br\/wordpress\/wp-json\/wp\/v2\/tribe_events\/4462","targetHints":{"allow":["GET"]}}],"collection":[{"href":"https:\/\/acervapaulista.com.br\/wordpress\/wp-json\/wp\/v2\/tribe_events"}],"about":[{"href":"https:\/\/acervapaulista.com.br\/wordpress\/wp-json\/wp\/v2\/types\/tribe_events"}],"author":[{"embeddable":true,"href":"https:\/\/acervapaulista.com.br\/wordpress\/wp-json\/wp\/v2\/users\/1"}],"version-history":[{"count":3,"href":"https:\/\/acervapaulista.com.br\/wordpress\/wp-json\/wp\/v2\/tribe_events\/4462\/revisions"}],"predecessor-version":[{"id":4469,"href":"https:\/\/acervapaulista.com.br\/wordpress\/wp-json\/wp\/v2\/tribe_events\/4462\/revisions\/4469"}],"wp:featuredmedia":[{"embeddable":true,"href":"https:\/\/acervapaulista.com.br\/wordpress\/wp-json\/wp\/v2\/media\/4461"}],"wp:attachment":[{"href":"https:\/\/acervapaulista.com.br\/wordpress\/wp-json\/wp\/v2\/media?parent=4462"}],"wp:term":[{"taxonomy":"post_tag","embeddable":true,"href":"https:\/\/acervapaulista.com.br\/wordpress\/wp-json\/wp\/v2\/tags?post=4462"},{"taxonomy":"tribe_events_cat","embeddable":true,"href":"https:\/\/acervapaulista.com.br\/wordpress\/wp-json\/wp\/v2\/tribe_events_cat?post=4462"}],"curies":[{"name":"wp","href":"https:\/\/api.w.org\/{rel}","templated":true}]}}