{"id":4128,"date":"2018-07-31T00:17:25","date_gmt":"2018-07-31T03:17:25","guid":{"rendered":"http:\/\/acervapaulista.com.br\/?post_type=tribe_events&#038;p=4128"},"modified":"2018-09-14T11:43:26","modified_gmt":"2018-09-14T14:43:26","slug":"acerva-visita-1a-edicao-cervejaria-bamberg","status":"publish","type":"tribe_events","link":"https:\/\/acervapaulista.com.br\/wordpress\/evento\/acerva-visita-1a-edicao-cervejaria-bamberg\/","title":{"rendered":"ACervA Visita 1\u00aa Edi\u00e7\u00e3o Cervejaria BAMBERG"},"content":{"rendered":"<h3><span style=\"color: #ff0000;\"><strong>ATEN\u00c7\u00c3O EVENTO EXCLUSIVO PARA ASSOCIADOS ACERVA!!!<\/strong><\/span><\/h3>\n<h4><strong>Ainda n\u00e3o \u00e9 associado???\u00a0<a href=\"http:\/\/acervapaulista.com.br\/associe-se\/\" target=\"_blank\" rel=\"noopener\">Clique AQUI!<\/a><\/strong><\/h4>\n<div class=\"x-video player\" data-x-element-mejs><div class=\"x-video-inner\"><video class=\"x-mejs x-wp-video-shortcode advanced-controls\" id=\"video-4128-1\" width=\"640\" height=\"352\" preload=\"metadata\" controls=\"controls\"><source type=\"video\/mp4\" src=\"http:\/\/acervapaulista.com.br\/wordpress\/wp-content\/uploads\/2018\/07\/VID-20180912-WA0005.mp4?_=1\" \/><\/video><\/div><\/div>\n<p>&nbsp;<\/p>\n<p>&nbsp;<\/p>\n<p>Acerva Visita \u00e9 uma nova proposta da Acerva Paulista que visa levar o associado para uma visita a cervejarias do estado de S\u00e3o Paulo.<br \/>\nNeste evento, o associado poder\u00e1 ter contato direto com os cervejeiros profissionais da cervejaria e fazer uma brassagem com a presen\u00e7a deles em meio aos fermentadores.<\/p>\n<p>Nesta edi\u00e7\u00e3o, faremos uma visita \u00e0 renomada Cervejaria Bamberg em Votorantim.<\/p>\n<p><a href=\"http:\/\/cervejariabamberg.com.br\/home\/\" target=\"_blank\" rel=\"noopener\">http:\/\/cervejariabamberg.com.br\/home\/<\/a><\/p>\n<p>Nesta edi\u00e7\u00e3o Bamberg teremos:<br \/>\n&#8211; Visita\u00e7\u00e3o e tour guiado pelo propriet\u00e1rio da Cervejaria Bamberg, Alexandre Bazzo;<br \/>\n&#8211; Faremos uma brassagem de 20 litros dentro da cervejaria utilizando equipamentos caseiros comuns;<br \/>\n&#8211; A receita ser\u00e1 uma clone (receita id\u00eantica \u00e0 original, mas adaptada para 20 litros) do estilo Altbier que faz parte do portfolio de cervejas da Bamberg;<br \/>\n&#8211; Faremos uma pequena degusta\u00e7\u00e3o de algumas cervejas da Bamberg durante o trour. Todas tiradas direto do fermentador;<\/p>\n<p>Al\u00e9m disso, haver\u00e1 m\u00fasica ao vivo com um show da banda do proprio Alexandre Bazzo tocando rock da melhor qualidade e food trucks dispon\u00edveis.<\/p>\n<p>O bar da cervejaria estar\u00e1 aberto.<\/p>\n<p>Tanto as cervejas consumidas no bar quanto a alimenta\u00e7\u00e3o ser\u00e3o de responsabilidade de cada associado.<\/p>\n<p>Associados Acerva Paulista ter\u00e3o prioridade e poder\u00e3o levar um acompanhante mesmo que n\u00e3o seja associado. O limite de acompanhantes por associado \u00e9 1 e o acompanhante n\u00e3o poder\u00e1 ir ao evento sem o associado.<br \/>\nOs valores s\u00e3o:<\/p>\n<p>Associado sem transporte : R$20<br \/>\nAssociado com transporte: R$30<br \/>\nAssociado + acompanhante com transporte: R$60.<br \/>\nSelecione no formul\u00e1rio abaixo se voc\u00ea ir\u00e1 com ou sem acompanhante.<\/p>\n<p>O limite de inscritos \u00e9 de 50 pessoas para garantir a qualidade do evento.<br \/>\nN\u00e3o deixe para a \u00faltima hora. No caso de sobrarem vagas, abriremos para n\u00e3o associados.<\/p>\n<p>Transporte<br \/>\nTeremos um micro \u00f4nibus com capacidade para 42 pessoas dispon\u00edvel para levar os inscritos ao evento e trazer de volta. Selecione a op\u00e7\u00e3o abaixo caso queira ir com o \u00f4nibus.<br \/>\nO \u00f4nibus sair\u00e1 de S\u00e3o Paulo Capital pr\u00f3ximo \u00e0 esta\u00e7\u00e3o Vila Madalena do metr\u00f4. O local exato ser\u00e1 confirmado em breve.<br \/>\nN\u00e3o haver\u00e1 escalas at\u00e9 Votorantim.<br \/>\nRecomendamos fortemente que usem o \u00f4nibus por seguran\u00e7a. Se beber n\u00e3o dirija.<\/p>\n<p>O \u00f4nibus sair\u00e1 de SP \u00e0s 7.30h com destino a Votorantim e sair\u00e1 do evento \u00e0s 18h para volta a SP.<\/p>\n<p>Contamos com a participa\u00e7\u00e3o de todos!!!<\/p>\n<p>VISITA sem Transporte (se vc for sem transporte com acompanhante, compre 2 convites neste link):\u00a0<a href=\"http:\/\/acervapaulista.com.br\/loja\/acerva-visita-bamberg-sem-transporte\/\" target=\"_blank\" rel=\"noopener\">Clique Aqui para comprar<\/a><\/p>\n<p>Visita para Associado com transporte:\u00a0<a href=\"http:\/\/acervapaulista.com.br\/loja\/acerva-visita-bamberg-associado\/\" target=\"_blank\" rel=\"noopener\">Clique Aqui para comprar<\/a><\/p>\n<p>Visita para associado + acompanhante com transporte:\u00a0<a href=\"http:\/\/acervapaulista.com.br\/loja\/acerva-visita-bamberg-associado-acompanhante\/\" target=\"_blank\" rel=\"noopener\">Clique Aqui para comprar<\/a><\/p>\n<p>Cheers e n\u00e3o se esque\u00e7a de preencher o formu\u00e1rio:<\/p>\n<p>&nbsp;<\/p>\n[gravityform id=&#8221;39&#8243; title=&#8221;true&#8221; description=&#8221;true&#8221;]\n","protected":false},"excerpt":{"rendered":"<p>ATEN\u00c7\u00c3O EVENTO EXCLUSIVO PARA ASSOCIADOS ACERVA!!! Ainda n\u00e3o \u00e9 associado???\u00a0Clique AQUI! &nbsp; &nbsp; Acerva Visita \u00e9 uma nova proposta da Acerva Paulista que visa levar o associado para uma visita a cervejarias do estado de S\u00e3o Paulo. Neste evento, o associado poder\u00e1 ter contato direto com os cervejeiros profissionais da cervejaria e fazer uma brassagem com a presen\u00e7a deles em meio aos fermentadores. Nesta edi\u00e7\u00e3o, faremos uma visita \u00e0 renomada Cervejaria Bamberg em Votorantim. http:\/\/cervejariabamberg.com.br\/home\/ Nesta edi\u00e7\u00e3o Bamberg teremos: &#8211; Visita\u00e7\u00e3o e tour guiado pelo propriet\u00e1rio da Cervejaria Bamberg, Alexandre Bazzo; &#8211; Faremos uma brassagem de 20 litros dentro da cervejaria utilizando equipamentos caseiros comuns; &#8211; A receita ser\u00e1 uma clone (receita id\u00eantica \u00e0 original, mas adaptada para 20 litros) do estilo Altbier que faz parte do portfolio de cervejas da Bamberg; &#8211; Faremos uma pequena degusta\u00e7\u00e3o de algumas cervejas da Bamberg durante o trour. Todas tiradas direto do fermentador; Al\u00e9m disso, haver\u00e1 m\u00fasica ao vivo com um show da banda do proprio Alexandre Bazzo tocando rock da melhor qualidade e food trucks dispon\u00edveis. O bar da cervejaria estar\u00e1 aberto. Tanto as cervejas consumidas no bar quanto a alimenta\u00e7\u00e3o ser\u00e3o de responsabilidade de cada associado. Associados Acerva Paulista ter\u00e3o prioridade &#8230; <a href=\"https:\/\/acervapaulista.com.br\/wordpress\/evento\/acerva-visita-1a-edicao-cervejaria-bamberg\/\" class=\"more-link\">Read More<\/a><\/p>\n","protected":false},"author":1,"featured_media":0,"template":"","meta":{"pmpro_default_level":"","_price":"","_stock":"","_tribe_ticket_header":"","_tribe_default_ticket_provider":"","_tribe_ticket_capacity":"0","_ticket_start_date":"","_ticket_end_date":"","_tribe_ticket_show_description":"","_tribe_ticket_show_not_going":false,"_tribe_ticket_use_global_stock":"","_tribe_ticket_global_stock_level":"","_global_stock_mode":"","_global_stock_cap":"","_tribe_rsvp_for_event":"","_tribe_ticket_going_count":"","_tribe_ticket_not_going_count":"","_tribe_tickets_list":"[]","_tribe_ticket_has_attendee_info_fields":false,"_tribe_events_status":"","_tribe_events_status_reason":"","footnotes":"","_tec_slr_enabled":"","_tec_slr_layout":""},"tags":[],"tribe_events_cat":[42],"class_list":["post-4128","tribe_events","type-tribe_events","status-publish","hentry","tribe_events_cat-encontro","pmpro-has-access","cat_encontro","no-post-thumbnail"],"aioseo_notices":[],"aioseo_head":"\n\t\t<!-- All in One SEO 4.9.10 - aioseo.com -->\n\t<meta name=\"description\" content=\"ATEN\u00c7\u00c3O EVENTO EXCLUSIVO PARA ASSOCIADOS ACERVA!!! Ainda n\u00e3o \u00e9 associado??? Clique AQUI! Acerva Visita \u00e9 uma nova proposta da Acerva Paulista que visa levar o associado para uma visita a cervejarias do estado de S\u00e3o Paulo. Neste evento, o associado poder\u00e1 ter contato direto com os cervejeiros profissionais da cervejaria e fazer uma brassagem\" \/>\n\t<meta name=\"robots\" content=\"max-image-preview:large\" \/>\n\t<meta name=\"author\" content=\"ACervA Paulista\"\/>\n\t<link rel=\"canonical\" href=\"https:\/\/acervapaulista.com.br\/wordpress\/evento\/acerva-visita-1a-edicao-cervejaria-bamberg\/\" \/>\n\t<meta name=\"generator\" content=\"All in One SEO (AIOSEO) 4.9.10\" \/>\n\t\t<meta property=\"og:locale\" content=\"pt_BR\" \/>\n\t\t<meta property=\"og:site_name\" content=\"ACervA Paulista - Associa\u00e7\u00e3o dos Cervejeiros Artesanais Paulistas\" \/>\n\t\t<meta property=\"og:type\" content=\"article\" \/>\n\t\t<meta property=\"og:title\" content=\"ACervA Visita 1\u00aa Edi\u00e7\u00e3o Cervejaria BAMBERG - ACervA Paulista\" \/>\n\t\t<meta property=\"og:description\" content=\"ATEN\u00c7\u00c3O EVENTO EXCLUSIVO PARA ASSOCIADOS ACERVA!!! Ainda n\u00e3o \u00e9 associado??? Clique AQUI! Acerva Visita \u00e9 uma nova proposta da Acerva Paulista que visa levar o associado para uma visita a cervejarias do estado de S\u00e3o Paulo. Neste evento, o associado poder\u00e1 ter contato direto com os cervejeiros profissionais da cervejaria e fazer uma brassagem\" \/>\n\t\t<meta property=\"og:url\" content=\"https:\/\/acervapaulista.com.br\/wordpress\/evento\/acerva-visita-1a-edicao-cervejaria-bamberg\/\" \/>\n\t\t<meta property=\"article:published_time\" content=\"2018-07-31T03:17:25+00:00\" \/>\n\t\t<meta property=\"article:modified_time\" content=\"2018-09-14T14:43:26+00:00\" \/>\n\t\t<meta name=\"twitter:card\" content=\"summary_large_image\" \/>\n\t\t<meta name=\"twitter:title\" content=\"ACervA Visita 1\u00aa Edi\u00e7\u00e3o Cervejaria BAMBERG - ACervA Paulista\" \/>\n\t\t<meta name=\"twitter:description\" content=\"ATEN\u00c7\u00c3O EVENTO EXCLUSIVO PARA ASSOCIADOS ACERVA!!! Ainda n\u00e3o \u00e9 associado??? Clique AQUI! Acerva Visita \u00e9 uma nova proposta da Acerva Paulista que visa levar o associado para uma visita a cervejarias do estado de S\u00e3o Paulo. Neste evento, o associado poder\u00e1 ter contato direto com os cervejeiros profissionais da cervejaria e fazer uma brassagem\" \/>\n\t\t<script type=\"application\/ld+json\" class=\"aioseo-schema\">\n\t\t\t{\"@context\":\"https:\\\/\\\/schema.org\",\"@graph\":[{\"@type\":\"BreadcrumbList\",\"@id\":\"https:\\\/\\\/acervapaulista.com.br\\\/wordpress\\\/evento\\\/acerva-visita-1a-edicao-cervejaria-bamberg\\\/#breadcrumblist\",\"itemListElement\":[{\"@type\":\"ListItem\",\"@id\":\"https:\\\/\\\/acervapaulista.com.br\\\/wordpress#listItem\",\"position\":1,\"name\":\"Home\",\"item\":\"https:\\\/\\\/acervapaulista.com.br\\\/wordpress\",\"nextItem\":{\"@type\":\"ListItem\",\"@id\":\"https:\\\/\\\/acervapaulista.com.br\\\/wordpress\\\/eventos\\\/#listItem\",\"name\":\"Eventos\"}},{\"@type\":\"ListItem\",\"@id\":\"https:\\\/\\\/acervapaulista.com.br\\\/wordpress\\\/eventos\\\/#listItem\",\"position\":2,\"name\":\"Eventos\",\"item\":\"https:\\\/\\\/acervapaulista.com.br\\\/wordpress\\\/eventos\\\/\",\"nextItem\":{\"@type\":\"ListItem\",\"@id\":\"https:\\\/\\\/acervapaulista.com.br\\\/wordpress\\\/eventos\\\/categoria\\\/encontro\\\/#listItem\",\"name\":\"Encontro\"},\"previousItem\":{\"@type\":\"ListItem\",\"@id\":\"https:\\\/\\\/acervapaulista.com.br\\\/wordpress#listItem\",\"name\":\"Home\"}},{\"@type\":\"ListItem\",\"@id\":\"https:\\\/\\\/acervapaulista.com.br\\\/wordpress\\\/eventos\\\/categoria\\\/encontro\\\/#listItem\",\"position\":3,\"name\":\"Encontro\",\"item\":\"https:\\\/\\\/acervapaulista.com.br\\\/wordpress\\\/eventos\\\/categoria\\\/encontro\\\/\",\"nextItem\":{\"@type\":\"ListItem\",\"@id\":\"https:\\\/\\\/acervapaulista.com.br\\\/wordpress\\\/evento\\\/acerva-visita-1a-edicao-cervejaria-bamberg\\\/#listItem\",\"name\":\"ACervA Visita 1\\u00aa Edi\\u00e7\\u00e3o Cervejaria BAMBERG\"},\"previousItem\":{\"@type\":\"ListItem\",\"@id\":\"https:\\\/\\\/acervapaulista.com.br\\\/wordpress\\\/eventos\\\/#listItem\",\"name\":\"Eventos\"}},{\"@type\":\"ListItem\",\"@id\":\"https:\\\/\\\/acervapaulista.com.br\\\/wordpress\\\/evento\\\/acerva-visita-1a-edicao-cervejaria-bamberg\\\/#listItem\",\"position\":4,\"name\":\"ACervA Visita 1\\u00aa Edi\\u00e7\\u00e3o Cervejaria BAMBERG\",\"previousItem\":{\"@type\":\"ListItem\",\"@id\":\"https:\\\/\\\/acervapaulista.com.br\\\/wordpress\\\/eventos\\\/categoria\\\/encontro\\\/#listItem\",\"name\":\"Encontro\"}}]},{\"@type\":\"Organization\",\"@id\":\"https:\\\/\\\/acervapaulista.com.br\\\/wordpress\\\/#organization\",\"name\":\"ACervA Paulista\",\"description\":\"Associa\\u00e7\\u00e3o dos Cervejeiros Artesanais Paulistas\",\"url\":\"https:\\\/\\\/acervapaulista.com.br\\\/wordpress\\\/\"},{\"@type\":\"Person\",\"@id\":\"https:\\\/\\\/acervapaulista.com.br\\\/wordpress\\\/author\\\/acerva-paulista\\\/#author\",\"url\":\"https:\\\/\\\/acervapaulista.com.br\\\/wordpress\\\/author\\\/acerva-paulista\\\/\",\"name\":\"ACervA Paulista\",\"image\":{\"@type\":\"ImageObject\",\"@id\":\"https:\\\/\\\/acervapaulista.com.br\\\/wordpress\\\/evento\\\/acerva-visita-1a-edicao-cervejaria-bamberg\\\/#authorImage\",\"url\":\"https:\\\/\\\/secure.gravatar.com\\\/avatar\\\/82a53c3dc8c0f95f206cd4b997ac42614436afd1786d7a017ce41c9d259b8309?s=96&d=mm&r=g\",\"width\":96,\"height\":96,\"caption\":\"ACervA Paulista\"}},{\"@type\":\"WebPage\",\"@id\":\"https:\\\/\\\/acervapaulista.com.br\\\/wordpress\\\/evento\\\/acerva-visita-1a-edicao-cervejaria-bamberg\\\/#webpage\",\"url\":\"https:\\\/\\\/acervapaulista.com.br\\\/wordpress\\\/evento\\\/acerva-visita-1a-edicao-cervejaria-bamberg\\\/\",\"name\":\"ACervA Visita 1\\u00aa Edi\\u00e7\\u00e3o Cervejaria BAMBERG - ACervA Paulista\",\"description\":\"ATEN\\u00c7\\u00c3O EVENTO EXCLUSIVO PARA ASSOCIADOS ACERVA!!! Ainda n\\u00e3o \\u00e9 associado??? Clique AQUI! Acerva Visita \\u00e9 uma nova proposta da Acerva Paulista que visa levar o associado para uma visita a cervejarias do estado de S\\u00e3o Paulo. Neste evento, o associado poder\\u00e1 ter contato direto com os cervejeiros profissionais da cervejaria e fazer uma brassagem\",\"inLanguage\":\"pt-BR\",\"isPartOf\":{\"@id\":\"https:\\\/\\\/acervapaulista.com.br\\\/wordpress\\\/#website\"},\"breadcrumb\":{\"@id\":\"https:\\\/\\\/acervapaulista.com.br\\\/wordpress\\\/evento\\\/acerva-visita-1a-edicao-cervejaria-bamberg\\\/#breadcrumblist\"},\"author\":{\"@id\":\"https:\\\/\\\/acervapaulista.com.br\\\/wordpress\\\/author\\\/acerva-paulista\\\/#author\"},\"creator\":{\"@id\":\"https:\\\/\\\/acervapaulista.com.br\\\/wordpress\\\/author\\\/acerva-paulista\\\/#author\"},\"datePublished\":\"2018-07-31T00:17:25-03:00\",\"dateModified\":\"2018-09-14T11:43:26-03:00\"},{\"@type\":\"WebSite\",\"@id\":\"https:\\\/\\\/acervapaulista.com.br\\\/wordpress\\\/#website\",\"url\":\"https:\\\/\\\/acervapaulista.com.br\\\/wordpress\\\/\",\"name\":\"ACervA Paulista\",\"description\":\"Associa\\u00e7\\u00e3o dos Cervejeiros Artesanais Paulistas\",\"inLanguage\":\"pt-BR\",\"publisher\":{\"@id\":\"https:\\\/\\\/acervapaulista.com.br\\\/wordpress\\\/#organization\"}}]}\n\t\t<\/script>\n\t\t<!-- All in One SEO -->\n\n","aioseo_head_json":{"title":"ACervA Visita 1\u00aa Edi\u00e7\u00e3o Cervejaria BAMBERG - ACervA Paulista","description":"ATEN\u00c7\u00c3O EVENTO EXCLUSIVO PARA ASSOCIADOS ACERVA!!! Ainda n\u00e3o \u00e9 associado??? Clique AQUI! Acerva Visita \u00e9 uma nova proposta da Acerva Paulista que visa levar o associado para uma visita a cervejarias do estado de S\u00e3o Paulo. Neste evento, o associado poder\u00e1 ter contato direto com os cervejeiros profissionais da cervejaria e fazer uma brassagem","canonical_url":"https:\/\/acervapaulista.com.br\/wordpress\/evento\/acerva-visita-1a-edicao-cervejaria-bamberg\/","robots":"max-image-preview:large","keywords":"","webmasterTools":{"miscellaneous":""},"schema":{"@context":"https:\/\/schema.org","@graph":[{"@type":"BreadcrumbList","@id":"https:\/\/acervapaulista.com.br\/wordpress\/evento\/acerva-visita-1a-edicao-cervejaria-bamberg\/#breadcrumblist","itemListElement":[{"@type":"ListItem","@id":"https:\/\/acervapaulista.com.br\/wordpress#listItem","position":1,"name":"Home","item":"https:\/\/acervapaulista.com.br\/wordpress","nextItem":{"@type":"ListItem","@id":"https:\/\/acervapaulista.com.br\/wordpress\/eventos\/#listItem","name":"Eventos"}},{"@type":"ListItem","@id":"https:\/\/acervapaulista.com.br\/wordpress\/eventos\/#listItem","position":2,"name":"Eventos","item":"https:\/\/acervapaulista.com.br\/wordpress\/eventos\/","nextItem":{"@type":"ListItem","@id":"https:\/\/acervapaulista.com.br\/wordpress\/eventos\/categoria\/encontro\/#listItem","name":"Encontro"},"previousItem":{"@type":"ListItem","@id":"https:\/\/acervapaulista.com.br\/wordpress#listItem","name":"Home"}},{"@type":"ListItem","@id":"https:\/\/acervapaulista.com.br\/wordpress\/eventos\/categoria\/encontro\/#listItem","position":3,"name":"Encontro","item":"https:\/\/acervapaulista.com.br\/wordpress\/eventos\/categoria\/encontro\/","nextItem":{"@type":"ListItem","@id":"https:\/\/acervapaulista.com.br\/wordpress\/evento\/acerva-visita-1a-edicao-cervejaria-bamberg\/#listItem","name":"ACervA Visita 1\u00aa Edi\u00e7\u00e3o Cervejaria BAMBERG"},"previousItem":{"@type":"ListItem","@id":"https:\/\/acervapaulista.com.br\/wordpress\/eventos\/#listItem","name":"Eventos"}},{"@type":"ListItem","@id":"https:\/\/acervapaulista.com.br\/wordpress\/evento\/acerva-visita-1a-edicao-cervejaria-bamberg\/#listItem","position":4,"name":"ACervA Visita 1\u00aa Edi\u00e7\u00e3o Cervejaria BAMBERG","previousItem":{"@type":"ListItem","@id":"https:\/\/acervapaulista.com.br\/wordpress\/eventos\/categoria\/encontro\/#listItem","name":"Encontro"}}]},{"@type":"Organization","@id":"https:\/\/acervapaulista.com.br\/wordpress\/#organization","name":"ACervA Paulista","description":"Associa\u00e7\u00e3o dos Cervejeiros Artesanais Paulistas","url":"https:\/\/acervapaulista.com.br\/wordpress\/"},{"@type":"Person","@id":"https:\/\/acervapaulista.com.br\/wordpress\/author\/acerva-paulista\/#author","url":"https:\/\/acervapaulista.com.br\/wordpress\/author\/acerva-paulista\/","name":"ACervA Paulista","image":{"@type":"ImageObject","@id":"https:\/\/acervapaulista.com.br\/wordpress\/evento\/acerva-visita-1a-edicao-cervejaria-bamberg\/#authorImage","url":"https:\/\/secure.gravatar.com\/avatar\/82a53c3dc8c0f95f206cd4b997ac42614436afd1786d7a017ce41c9d259b8309?s=96&d=mm&r=g","width":96,"height":96,"caption":"ACervA Paulista"}},{"@type":"WebPage","@id":"https:\/\/acervapaulista.com.br\/wordpress\/evento\/acerva-visita-1a-edicao-cervejaria-bamberg\/#webpage","url":"https:\/\/acervapaulista.com.br\/wordpress\/evento\/acerva-visita-1a-edicao-cervejaria-bamberg\/","name":"ACervA Visita 1\u00aa Edi\u00e7\u00e3o Cervejaria BAMBERG - ACervA Paulista","description":"ATEN\u00c7\u00c3O EVENTO EXCLUSIVO PARA ASSOCIADOS ACERVA!!! Ainda n\u00e3o \u00e9 associado??? Clique AQUI! Acerva Visita \u00e9 uma nova proposta da Acerva Paulista que visa levar o associado para uma visita a cervejarias do estado de S\u00e3o Paulo. Neste evento, o associado poder\u00e1 ter contato direto com os cervejeiros profissionais da cervejaria e fazer uma brassagem","inLanguage":"pt-BR","isPartOf":{"@id":"https:\/\/acervapaulista.com.br\/wordpress\/#website"},"breadcrumb":{"@id":"https:\/\/acervapaulista.com.br\/wordpress\/evento\/acerva-visita-1a-edicao-cervejaria-bamberg\/#breadcrumblist"},"author":{"@id":"https:\/\/acervapaulista.com.br\/wordpress\/author\/acerva-paulista\/#author"},"creator":{"@id":"https:\/\/acervapaulista.com.br\/wordpress\/author\/acerva-paulista\/#author"},"datePublished":"2018-07-31T00:17:25-03:00","dateModified":"2018-09-14T11:43:26-03:00"},{"@type":"WebSite","@id":"https:\/\/acervapaulista.com.br\/wordpress\/#website","url":"https:\/\/acervapaulista.com.br\/wordpress\/","name":"ACervA Paulista","description":"Associa\u00e7\u00e3o dos Cervejeiros Artesanais Paulistas","inLanguage":"pt-BR","publisher":{"@id":"https:\/\/acervapaulista.com.br\/wordpress\/#organization"}}]},"og:locale":"pt_BR","og:site_name":"ACervA Paulista - Associa\u00e7\u00e3o dos Cervejeiros Artesanais Paulistas","og:type":"article","og:title":"ACervA Visita 1\u00aa Edi\u00e7\u00e3o Cervejaria BAMBERG - ACervA Paulista","og:description":"ATEN\u00c7\u00c3O EVENTO EXCLUSIVO PARA ASSOCIADOS ACERVA!!! Ainda n\u00e3o \u00e9 associado??? Clique AQUI! Acerva Visita \u00e9 uma nova proposta da Acerva Paulista que visa levar o associado para uma visita a cervejarias do estado de S\u00e3o Paulo. Neste evento, o associado poder\u00e1 ter contato direto com os cervejeiros profissionais da cervejaria e fazer uma brassagem","og:url":"https:\/\/acervapaulista.com.br\/wordpress\/evento\/acerva-visita-1a-edicao-cervejaria-bamberg\/","article:published_time":"2018-07-31T03:17:25+00:00","article:modified_time":"2018-09-14T14:43:26+00:00","twitter:card":"summary_large_image","twitter:title":"ACervA Visita 1\u00aa Edi\u00e7\u00e3o Cervejaria BAMBERG - ACervA Paulista","twitter:description":"ATEN\u00c7\u00c3O EVENTO EXCLUSIVO PARA ASSOCIADOS ACERVA!!! Ainda n\u00e3o \u00e9 associado??? Clique AQUI! Acerva Visita \u00e9 uma nova proposta da Acerva Paulista que visa levar o associado para uma visita a cervejarias do estado de S\u00e3o Paulo. Neste evento, o associado poder\u00e1 ter contato direto com os cervejeiros profissionais da cervejaria e fazer uma brassagem"},"aioseo_meta_data":{"post_id":"4128","title":null,"description":null,"keywords":null,"keyphrases":null,"primary_term":null,"canonical_url":null,"og_title":null,"og_description":null,"og_object_type":"default","og_image_type":"default","og_image_url":null,"og_image_width":null,"og_image_height":null,"og_image_custom_url":null,"og_image_custom_fields":null,"og_video":null,"og_custom_url":null,"og_article_section":null,"og_article_tags":null,"twitter_use_og":false,"twitter_card":"default","twitter_image_type":"default","twitter_image_url":null,"twitter_image_custom_url":null,"twitter_image_custom_fields":null,"twitter_title":null,"twitter_description":null,"schema":{"blockGraphs":[],"customGraphs":[],"default":{"data":{"Article":[],"Course":[],"Dataset":[],"FAQPage":[],"Movie":[],"Person":[],"Product":[],"ProductReview":[],"Car":[],"Recipe":[],"Service":[],"SoftwareApplication":[],"WebPage":[]},"graphName":"","isEnabled":true},"graphs":[]},"schema_type":"default","schema_type_options":null,"pillar_content":false,"robots_default":true,"robots_noindex":false,"robots_noarchive":false,"robots_nosnippet":false,"robots_nofollow":false,"robots_noimageindex":false,"robots_noodp":false,"robots_notranslate":false,"robots_max_snippet":null,"robots_max_videopreview":null,"robots_max_imagepreview":"large","priority":null,"frequency":null,"local_seo":null,"breadcrumb_settings":null,"limit_modified_date":false,"ai":null,"created":"2023-10-20 05:23:03","updated":"2025-09-06 13:20:58","seo_analyzer_scan_date":null},"aioseo_breadcrumb":"<div class=\"aioseo-breadcrumbs\"><span class=\"aioseo-breadcrumb\">\n\t\t\t<a href=\"https:\/\/acervapaulista.com.br\/wordpress\" title=\"Home\">Home<\/a>\n\t\t<\/span><span class=\"aioseo-breadcrumb-separator\">&raquo;<\/span><span class=\"aioseo-breadcrumb\">\n\t\t\t<a href=\"https:\/\/acervapaulista.com.br\/wordpress\/eventos\/\" title=\"Eventos\">Eventos<\/a>\n\t\t<\/span><span class=\"aioseo-breadcrumb-separator\">&raquo;<\/span><span class=\"aioseo-breadcrumb\">\n\t\t\t<a href=\"https:\/\/acervapaulista.com.br\/wordpress\/eventos\/categoria\/encontro\/\" title=\"Encontro\">Encontro<\/a>\n\t\t<\/span><span class=\"aioseo-breadcrumb-separator\">&raquo;<\/span><span class=\"aioseo-breadcrumb\">\n\t\t\tACervA Visita 1\u00aa Edi\u00e7\u00e3o Cervejaria BAMBERG\n\t\t<\/span><\/div>","aioseo_breadcrumb_json":[{"label":"Home","link":"https:\/\/acervapaulista.com.br\/wordpress"},{"label":"Eventos","link":"https:\/\/acervapaulista.com.br\/wordpress\/eventos\/"},{"label":"Encontro","link":"https:\/\/acervapaulista.com.br\/wordpress\/eventos\/categoria\/encontro\/"},{"label":"ACervA Visita 1\u00aa Edi\u00e7\u00e3o Cervejaria BAMBERG","link":"https:\/\/acervapaulista.com.br\/wordpress\/evento\/acerva-visita-1a-edicao-cervejaria-bamberg\/"}],"ticketed":false,"_links":{"self":[{"href":"https:\/\/acervapaulista.com.br\/wordpress\/wp-json\/wp\/v2\/tribe_events\/4128","targetHints":{"allow":["GET"]}}],"collection":[{"href":"https:\/\/acervapaulista.com.br\/wordpress\/wp-json\/wp\/v2\/tribe_events"}],"about":[{"href":"https:\/\/acervapaulista.com.br\/wordpress\/wp-json\/wp\/v2\/types\/tribe_events"}],"author":[{"embeddable":true,"href":"https:\/\/acervapaulista.com.br\/wordpress\/wp-json\/wp\/v2\/users\/1"}],"version-history":[{"count":15,"href":"https:\/\/acervapaulista.com.br\/wordpress\/wp-json\/wp\/v2\/tribe_events\/4128\/revisions"}],"predecessor-version":[{"id":4275,"href":"https:\/\/acervapaulista.com.br\/wordpress\/wp-json\/wp\/v2\/tribe_events\/4128\/revisions\/4275"}],"wp:attachment":[{"href":"https:\/\/acervapaulista.com.br\/wordpress\/wp-json\/wp\/v2\/media?parent=4128"}],"wp:term":[{"taxonomy":"post_tag","embeddable":true,"href":"https:\/\/acervapaulista.com.br\/wordpress\/wp-json\/wp\/v2\/tags?post=4128"},{"taxonomy":"tribe_events_cat","embeddable":true,"href":"https:\/\/acervapaulista.com.br\/wordpress\/wp-json\/wp\/v2\/tribe_events_cat?post=4128"}],"curies":[{"name":"wp","href":"https:\/\/api.w.org\/{rel}","templated":true}]}}