{"id":3924,"date":"2018-02-01T13:31:56","date_gmt":"2018-02-01T16:31:56","guid":{"rendered":"http:\/\/acervapaulista.com.br\/?post_type=tribe_events&#038;p=3924"},"modified":"2018-02-01T14:14:39","modified_gmt":"2018-02-01T17:14:39","slug":"assembleia-geral-ordinaria-fev-17","status":"publish","type":"tribe_events","link":"https:\/\/acervapaulista.com.br\/wordpress\/evento\/assembleia-geral-ordinaria-fev-17\/","title":{"rendered":"Assembleia Geral Ordinaria"},"content":{"rendered":"<p>&nbsp;<\/p>\n<p style=\"text-align: center;\"><strong>EDITAL DE CONVOCA\u00c7\u00c3O<\/strong><\/p>\n<p><strong>\u00a0<\/strong><\/p>\n<p style=\"text-align: center;\"><strong>ASSEMBL\u00c9IA GERAL ORDIN\u00c1RIA DA ACERVA-SP<\/strong><\/p>\n<p><strong>\u00a0<\/strong>Pelo presente Edital, ficam convocados todos os associados da ACERVA-SP, em Assembleia <strong>Geral Ordin\u00e1ria<\/strong> que ser\u00e1 realizada dia 24\/02\/18 as 10:00, em primeira convoca\u00e7\u00e3o com o quorum m\u00ednimo legal, ou \u00e0s 11:00 em segunda convoca\u00e7\u00e3o com qualquer quorum, a ser realizada na Rua Cajaiba, 539 \u2013 Pompeia S\u00e3o Paulo\/SP, para delibera\u00e7\u00e3o da seguinte ordem do dia:<\/p>\n<ol>\n<li>Aprovar as contas dos anos de 2015, 2016 e 2017;<\/li>\n<li>Aprovar Diretoria e Conselho Fiscal eleitos com mandato de 25\/02\/2018 a 31\/12\/2018<\/li>\n<li>Aprovar novo regimento Interno<\/li>\n<li>Aprovar previs\u00e3o or\u00e7amentaria para 2018<\/li>\n<li>Assuntos gerais;<\/li>\n<\/ol>\n<p style=\"text-align: right;\">S\u00e3o Paulo, 01 de Fevereiro de 2018.<\/p>\n<p style=\"text-align: center;\">Marcos Caio Vicentini<\/p>\n<p style=\"text-align: center;\">Presidente<\/p>\n<p style=\"text-align: center;\">CPF: 271.012.328-25<\/p>\n<p>&nbsp;<\/p>\n<p>&nbsp;<\/p>\n<p><a href=\"http:\/\/acervapaulista.com.br\/wordpress\/wp-content\/uploads\/2018\/02\/Edital-convoca\u00e7\u00e3o-ACERVA-SP-Assembleia-Fev-2018.pdf\">Edital convoca\u00e7\u00e3o ACERVA SP &#8211; Assembleia Fev-2018<\/a><\/p>\n<p>&nbsp;<\/p>\n[gravityform id=&#8221;38&#8243; title=&#8221;true&#8221; description=&#8221;true&#8221;]\n<p>&nbsp;<\/p>\n<p><a href=\"http:\/\/acervapaulista.com.br\/procuracao-assembleia-acerva\/\">Modelo de\u00a0procura\u00e7\u00e3o para outro associado:<\/a><\/p>\n<p><a href=\"http:\/\/acervapaulista.com.br\/procuracao-assembleia-acerva-junior\/\">Modelo de procura\u00e7\u00e3o para Carlos Alberto Narciso Junior:<\/a><\/p>\n","protected":false},"excerpt":{"rendered":"<p>&nbsp; EDITAL DE CONVOCA\u00c7\u00c3O \u00a0 ASSEMBL\u00c9IA GERAL ORDIN\u00c1RIA DA ACERVA-SP \u00a0Pelo presente Edital, ficam convocados todos os associados da ACERVA-SP, em Assembleia Geral Ordin\u00e1ria que ser\u00e1 realizada dia 24\/02\/18 as 10:00, em primeira convoca\u00e7\u00e3o com o quorum m\u00ednimo legal, ou \u00e0s 11:00 em segunda convoca\u00e7\u00e3o com qualquer quorum, a ser realizada na Rua Cajaiba, 539 \u2013 Pompeia S\u00e3o Paulo\/SP, para delibera\u00e7\u00e3o da seguinte ordem do dia: Aprovar as contas dos anos de 2015, 2016 e 2017; Aprovar Diretoria e Conselho Fiscal eleitos com mandato de 25\/02\/2018 a 31\/12\/2018 Aprovar novo regimento Interno Aprovar previs\u00e3o or\u00e7amentaria para 2018 Assuntos gerais; S\u00e3o Paulo, 01 de Fevereiro de 2018. Marcos Caio Vicentini Presidente CPF: 271.012.328-25 &nbsp; &nbsp; Edital convoca\u00e7\u00e3o ACERVA SP &#8211; Assembleia Fev-2018 &nbsp; [gravityform id=&#8221;38&#8243; title=&#8221;true&#8221; description=&#8221;true&#8221;] &nbsp; Modelo de\u00a0procura\u00e7\u00e3o para outro associado: Modelo de procura\u00e7\u00e3o para Carlos Alberto Narciso Junior:<\/p>\n","protected":false},"author":1,"featured_media":0,"template":"","meta":{"pmpro_default_level":"","_price":"","_stock":"","_tribe_ticket_header":"","_tribe_default_ticket_provider":"","_tribe_ticket_capacity":"0","_ticket_start_date":"","_ticket_end_date":"","_tribe_ticket_show_description":"","_tribe_ticket_show_not_going":false,"_tribe_ticket_use_global_stock":"","_tribe_ticket_global_stock_level":"","_global_stock_mode":"","_global_stock_cap":"","_tribe_rsvp_for_event":"","_tribe_ticket_going_count":"","_tribe_ticket_not_going_count":"","_tribe_tickets_list":"[]","_tribe_ticket_has_attendee_info_fields":false,"_tribe_events_status":"","_tribe_events_status_reason":"","footnotes":"","_tec_slr_enabled":"","_tec_slr_layout":""},"tags":[],"tribe_events_cat":[42],"class_list":["post-3924","tribe_events","type-tribe_events","status-publish","hentry","tribe_events_cat-encontro","pmpro-has-access","cat_encontro","no-post-thumbnail"],"aioseo_notices":[],"aioseo_head":"\n\t\t<!-- All in One SEO 4.9.10 - aioseo.com -->\n\t<meta name=\"description\" content=\"EDITAL DE CONVOCA\u00c7\u00c3O ASSEMBL\u00c9IA GERAL ORDIN\u00c1RIA DA ACERVA-SP Pelo presente Edital, ficam convocados todos os associados da ACERVA-SP, em Assembleia Geral Ordin\u00e1ria que ser\u00e1 realizada dia 24\/02\/18 as 10:00, em primeira convoca\u00e7\u00e3o com o quorum m\u00ednimo legal, ou \u00e0s 11:00 em segunda convoca\u00e7\u00e3o com qualquer quorum, a ser realizada na Rua Cajaiba, 539\" \/>\n\t<meta name=\"robots\" content=\"max-image-preview:large\" \/>\n\t<meta name=\"author\" content=\"ACervA Paulista\"\/>\n\t<link rel=\"canonical\" href=\"https:\/\/acervapaulista.com.br\/wordpress\/evento\/assembleia-geral-ordinaria-fev-17\/\" \/>\n\t<meta name=\"generator\" content=\"All in One SEO (AIOSEO) 4.9.10\" \/>\n\t\t<meta property=\"og:locale\" content=\"pt_BR\" \/>\n\t\t<meta property=\"og:site_name\" content=\"ACervA Paulista - Associa\u00e7\u00e3o dos Cervejeiros Artesanais Paulistas\" \/>\n\t\t<meta property=\"og:type\" content=\"article\" \/>\n\t\t<meta property=\"og:title\" content=\"Assembleia Geral Ordinaria - ACervA Paulista\" \/>\n\t\t<meta property=\"og:description\" content=\"EDITAL DE CONVOCA\u00c7\u00c3O ASSEMBL\u00c9IA GERAL ORDIN\u00c1RIA DA ACERVA-SP Pelo presente Edital, ficam convocados todos os associados da ACERVA-SP, em Assembleia Geral Ordin\u00e1ria que ser\u00e1 realizada dia 24\/02\/18 as 10:00, em primeira convoca\u00e7\u00e3o com o quorum m\u00ednimo legal, ou \u00e0s 11:00 em segunda convoca\u00e7\u00e3o com qualquer quorum, a ser realizada na Rua Cajaiba, 539\" \/>\n\t\t<meta property=\"og:url\" content=\"https:\/\/acervapaulista.com.br\/wordpress\/evento\/assembleia-geral-ordinaria-fev-17\/\" \/>\n\t\t<meta property=\"article:published_time\" content=\"2018-02-01T16:31:56+00:00\" \/>\n\t\t<meta property=\"article:modified_time\" content=\"2018-02-01T17:14:39+00:00\" \/>\n\t\t<meta name=\"twitter:card\" content=\"summary_large_image\" \/>\n\t\t<meta name=\"twitter:title\" content=\"Assembleia Geral Ordinaria - ACervA Paulista\" \/>\n\t\t<meta name=\"twitter:description\" content=\"EDITAL DE CONVOCA\u00c7\u00c3O ASSEMBL\u00c9IA GERAL ORDIN\u00c1RIA DA ACERVA-SP Pelo presente Edital, ficam convocados todos os associados da ACERVA-SP, em Assembleia Geral Ordin\u00e1ria que ser\u00e1 realizada dia 24\/02\/18 as 10:00, em primeira convoca\u00e7\u00e3o com o quorum m\u00ednimo legal, ou \u00e0s 11:00 em segunda convoca\u00e7\u00e3o com qualquer quorum, a ser realizada na Rua Cajaiba, 539\" \/>\n\t\t<script type=\"application\/ld+json\" class=\"aioseo-schema\">\n\t\t\t{\"@context\":\"https:\\\/\\\/schema.org\",\"@graph\":[{\"@type\":\"BreadcrumbList\",\"@id\":\"https:\\\/\\\/acervapaulista.com.br\\\/wordpress\\\/evento\\\/assembleia-geral-ordinaria-fev-17\\\/#breadcrumblist\",\"itemListElement\":[{\"@type\":\"ListItem\",\"@id\":\"https:\\\/\\\/acervapaulista.com.br\\\/wordpress#listItem\",\"position\":1,\"name\":\"Home\",\"item\":\"https:\\\/\\\/acervapaulista.com.br\\\/wordpress\",\"nextItem\":{\"@type\":\"ListItem\",\"@id\":\"https:\\\/\\\/acervapaulista.com.br\\\/wordpress\\\/eventos\\\/#listItem\",\"name\":\"Eventos\"}},{\"@type\":\"ListItem\",\"@id\":\"https:\\\/\\\/acervapaulista.com.br\\\/wordpress\\\/eventos\\\/#listItem\",\"position\":2,\"name\":\"Eventos\",\"item\":\"https:\\\/\\\/acervapaulista.com.br\\\/wordpress\\\/eventos\\\/\",\"nextItem\":{\"@type\":\"ListItem\",\"@id\":\"https:\\\/\\\/acervapaulista.com.br\\\/wordpress\\\/eventos\\\/categoria\\\/encontro\\\/#listItem\",\"name\":\"Encontro\"},\"previousItem\":{\"@type\":\"ListItem\",\"@id\":\"https:\\\/\\\/acervapaulista.com.br\\\/wordpress#listItem\",\"name\":\"Home\"}},{\"@type\":\"ListItem\",\"@id\":\"https:\\\/\\\/acervapaulista.com.br\\\/wordpress\\\/eventos\\\/categoria\\\/encontro\\\/#listItem\",\"position\":3,\"name\":\"Encontro\",\"item\":\"https:\\\/\\\/acervapaulista.com.br\\\/wordpress\\\/eventos\\\/categoria\\\/encontro\\\/\",\"nextItem\":{\"@type\":\"ListItem\",\"@id\":\"https:\\\/\\\/acervapaulista.com.br\\\/wordpress\\\/evento\\\/assembleia-geral-ordinaria-fev-17\\\/#listItem\",\"name\":\"Assembleia Geral Ordinaria\"},\"previousItem\":{\"@type\":\"ListItem\",\"@id\":\"https:\\\/\\\/acervapaulista.com.br\\\/wordpress\\\/eventos\\\/#listItem\",\"name\":\"Eventos\"}},{\"@type\":\"ListItem\",\"@id\":\"https:\\\/\\\/acervapaulista.com.br\\\/wordpress\\\/evento\\\/assembleia-geral-ordinaria-fev-17\\\/#listItem\",\"position\":4,\"name\":\"Assembleia Geral Ordinaria\",\"previousItem\":{\"@type\":\"ListItem\",\"@id\":\"https:\\\/\\\/acervapaulista.com.br\\\/wordpress\\\/eventos\\\/categoria\\\/encontro\\\/#listItem\",\"name\":\"Encontro\"}}]},{\"@type\":\"Organization\",\"@id\":\"https:\\\/\\\/acervapaulista.com.br\\\/wordpress\\\/#organization\",\"name\":\"ACervA Paulista\",\"description\":\"Associa\\u00e7\\u00e3o dos Cervejeiros Artesanais Paulistas\",\"url\":\"https:\\\/\\\/acervapaulista.com.br\\\/wordpress\\\/\"},{\"@type\":\"Person\",\"@id\":\"https:\\\/\\\/acervapaulista.com.br\\\/wordpress\\\/author\\\/acerva-paulista\\\/#author\",\"url\":\"https:\\\/\\\/acervapaulista.com.br\\\/wordpress\\\/author\\\/acerva-paulista\\\/\",\"name\":\"ACervA Paulista\",\"image\":{\"@type\":\"ImageObject\",\"@id\":\"https:\\\/\\\/acervapaulista.com.br\\\/wordpress\\\/evento\\\/assembleia-geral-ordinaria-fev-17\\\/#authorImage\",\"url\":\"https:\\\/\\\/secure.gravatar.com\\\/avatar\\\/82a53c3dc8c0f95f206cd4b997ac42614436afd1786d7a017ce41c9d259b8309?s=96&d=mm&r=g\",\"width\":96,\"height\":96,\"caption\":\"ACervA Paulista\"}},{\"@type\":\"WebPage\",\"@id\":\"https:\\\/\\\/acervapaulista.com.br\\\/wordpress\\\/evento\\\/assembleia-geral-ordinaria-fev-17\\\/#webpage\",\"url\":\"https:\\\/\\\/acervapaulista.com.br\\\/wordpress\\\/evento\\\/assembleia-geral-ordinaria-fev-17\\\/\",\"name\":\"Assembleia Geral Ordinaria - ACervA Paulista\",\"description\":\"EDITAL DE CONVOCA\\u00c7\\u00c3O ASSEMBL\\u00c9IA GERAL ORDIN\\u00c1RIA DA ACERVA-SP Pelo presente Edital, ficam convocados todos os associados da ACERVA-SP, em Assembleia Geral Ordin\\u00e1ria que ser\\u00e1 realizada dia 24\\\/02\\\/18 as 10:00, em primeira convoca\\u00e7\\u00e3o com o quorum m\\u00ednimo legal, ou \\u00e0s 11:00 em segunda convoca\\u00e7\\u00e3o com qualquer quorum, a ser realizada na Rua Cajaiba, 539\",\"inLanguage\":\"pt-BR\",\"isPartOf\":{\"@id\":\"https:\\\/\\\/acervapaulista.com.br\\\/wordpress\\\/#website\"},\"breadcrumb\":{\"@id\":\"https:\\\/\\\/acervapaulista.com.br\\\/wordpress\\\/evento\\\/assembleia-geral-ordinaria-fev-17\\\/#breadcrumblist\"},\"author\":{\"@id\":\"https:\\\/\\\/acervapaulista.com.br\\\/wordpress\\\/author\\\/acerva-paulista\\\/#author\"},\"creator\":{\"@id\":\"https:\\\/\\\/acervapaulista.com.br\\\/wordpress\\\/author\\\/acerva-paulista\\\/#author\"},\"datePublished\":\"2018-02-01T13:31:56-02:00\",\"dateModified\":\"2018-02-01T14:14:39-02:00\"},{\"@type\":\"WebSite\",\"@id\":\"https:\\\/\\\/acervapaulista.com.br\\\/wordpress\\\/#website\",\"url\":\"https:\\\/\\\/acervapaulista.com.br\\\/wordpress\\\/\",\"name\":\"ACervA Paulista\",\"description\":\"Associa\\u00e7\\u00e3o dos Cervejeiros Artesanais Paulistas\",\"inLanguage\":\"pt-BR\",\"publisher\":{\"@id\":\"https:\\\/\\\/acervapaulista.com.br\\\/wordpress\\\/#organization\"}}]}\n\t\t<\/script>\n\t\t<!-- All in One SEO -->\n\n","aioseo_head_json":{"title":"Assembleia Geral Ordinaria - ACervA Paulista","description":"EDITAL DE CONVOCA\u00c7\u00c3O ASSEMBL\u00c9IA GERAL ORDIN\u00c1RIA DA ACERVA-SP Pelo presente Edital, ficam convocados todos os associados da ACERVA-SP, em Assembleia Geral Ordin\u00e1ria que ser\u00e1 realizada dia 24\/02\/18 as 10:00, em primeira convoca\u00e7\u00e3o com o quorum m\u00ednimo legal, ou \u00e0s 11:00 em segunda convoca\u00e7\u00e3o com qualquer quorum, a ser realizada na Rua Cajaiba, 539","canonical_url":"https:\/\/acervapaulista.com.br\/wordpress\/evento\/assembleia-geral-ordinaria-fev-17\/","robots":"max-image-preview:large","keywords":"","webmasterTools":{"miscellaneous":""},"schema":{"@context":"https:\/\/schema.org","@graph":[{"@type":"BreadcrumbList","@id":"https:\/\/acervapaulista.com.br\/wordpress\/evento\/assembleia-geral-ordinaria-fev-17\/#breadcrumblist","itemListElement":[{"@type":"ListItem","@id":"https:\/\/acervapaulista.com.br\/wordpress#listItem","position":1,"name":"Home","item":"https:\/\/acervapaulista.com.br\/wordpress","nextItem":{"@type":"ListItem","@id":"https:\/\/acervapaulista.com.br\/wordpress\/eventos\/#listItem","name":"Eventos"}},{"@type":"ListItem","@id":"https:\/\/acervapaulista.com.br\/wordpress\/eventos\/#listItem","position":2,"name":"Eventos","item":"https:\/\/acervapaulista.com.br\/wordpress\/eventos\/","nextItem":{"@type":"ListItem","@id":"https:\/\/acervapaulista.com.br\/wordpress\/eventos\/categoria\/encontro\/#listItem","name":"Encontro"},"previousItem":{"@type":"ListItem","@id":"https:\/\/acervapaulista.com.br\/wordpress#listItem","name":"Home"}},{"@type":"ListItem","@id":"https:\/\/acervapaulista.com.br\/wordpress\/eventos\/categoria\/encontro\/#listItem","position":3,"name":"Encontro","item":"https:\/\/acervapaulista.com.br\/wordpress\/eventos\/categoria\/encontro\/","nextItem":{"@type":"ListItem","@id":"https:\/\/acervapaulista.com.br\/wordpress\/evento\/assembleia-geral-ordinaria-fev-17\/#listItem","name":"Assembleia Geral Ordinaria"},"previousItem":{"@type":"ListItem","@id":"https:\/\/acervapaulista.com.br\/wordpress\/eventos\/#listItem","name":"Eventos"}},{"@type":"ListItem","@id":"https:\/\/acervapaulista.com.br\/wordpress\/evento\/assembleia-geral-ordinaria-fev-17\/#listItem","position":4,"name":"Assembleia Geral Ordinaria","previousItem":{"@type":"ListItem","@id":"https:\/\/acervapaulista.com.br\/wordpress\/eventos\/categoria\/encontro\/#listItem","name":"Encontro"}}]},{"@type":"Organization","@id":"https:\/\/acervapaulista.com.br\/wordpress\/#organization","name":"ACervA Paulista","description":"Associa\u00e7\u00e3o dos Cervejeiros Artesanais Paulistas","url":"https:\/\/acervapaulista.com.br\/wordpress\/"},{"@type":"Person","@id":"https:\/\/acervapaulista.com.br\/wordpress\/author\/acerva-paulista\/#author","url":"https:\/\/acervapaulista.com.br\/wordpress\/author\/acerva-paulista\/","name":"ACervA Paulista","image":{"@type":"ImageObject","@id":"https:\/\/acervapaulista.com.br\/wordpress\/evento\/assembleia-geral-ordinaria-fev-17\/#authorImage","url":"https:\/\/secure.gravatar.com\/avatar\/82a53c3dc8c0f95f206cd4b997ac42614436afd1786d7a017ce41c9d259b8309?s=96&d=mm&r=g","width":96,"height":96,"caption":"ACervA Paulista"}},{"@type":"WebPage","@id":"https:\/\/acervapaulista.com.br\/wordpress\/evento\/assembleia-geral-ordinaria-fev-17\/#webpage","url":"https:\/\/acervapaulista.com.br\/wordpress\/evento\/assembleia-geral-ordinaria-fev-17\/","name":"Assembleia Geral Ordinaria - ACervA Paulista","description":"EDITAL DE CONVOCA\u00c7\u00c3O ASSEMBL\u00c9IA GERAL ORDIN\u00c1RIA DA ACERVA-SP Pelo presente Edital, ficam convocados todos os associados da ACERVA-SP, em Assembleia Geral Ordin\u00e1ria que ser\u00e1 realizada dia 24\/02\/18 as 10:00, em primeira convoca\u00e7\u00e3o com o quorum m\u00ednimo legal, ou \u00e0s 11:00 em segunda convoca\u00e7\u00e3o com qualquer quorum, a ser realizada na Rua Cajaiba, 539","inLanguage":"pt-BR","isPartOf":{"@id":"https:\/\/acervapaulista.com.br\/wordpress\/#website"},"breadcrumb":{"@id":"https:\/\/acervapaulista.com.br\/wordpress\/evento\/assembleia-geral-ordinaria-fev-17\/#breadcrumblist"},"author":{"@id":"https:\/\/acervapaulista.com.br\/wordpress\/author\/acerva-paulista\/#author"},"creator":{"@id":"https:\/\/acervapaulista.com.br\/wordpress\/author\/acerva-paulista\/#author"},"datePublished":"2018-02-01T13:31:56-02:00","dateModified":"2018-02-01T14:14:39-02:00"},{"@type":"WebSite","@id":"https:\/\/acervapaulista.com.br\/wordpress\/#website","url":"https:\/\/acervapaulista.com.br\/wordpress\/","name":"ACervA Paulista","description":"Associa\u00e7\u00e3o dos Cervejeiros Artesanais Paulistas","inLanguage":"pt-BR","publisher":{"@id":"https:\/\/acervapaulista.com.br\/wordpress\/#organization"}}]},"og:locale":"pt_BR","og:site_name":"ACervA Paulista - Associa\u00e7\u00e3o dos Cervejeiros Artesanais Paulistas","og:type":"article","og:title":"Assembleia Geral Ordinaria - ACervA Paulista","og:description":"EDITAL DE CONVOCA\u00c7\u00c3O ASSEMBL\u00c9IA GERAL ORDIN\u00c1RIA DA ACERVA-SP Pelo presente Edital, ficam convocados todos os associados da ACERVA-SP, em Assembleia Geral Ordin\u00e1ria que ser\u00e1 realizada dia 24\/02\/18 as 10:00, em primeira convoca\u00e7\u00e3o com o quorum m\u00ednimo legal, ou \u00e0s 11:00 em segunda convoca\u00e7\u00e3o com qualquer quorum, a ser realizada na Rua Cajaiba, 539","og:url":"https:\/\/acervapaulista.com.br\/wordpress\/evento\/assembleia-geral-ordinaria-fev-17\/","article:published_time":"2018-02-01T16:31:56+00:00","article:modified_time":"2018-02-01T17:14:39+00:00","twitter:card":"summary_large_image","twitter:title":"Assembleia Geral Ordinaria - ACervA Paulista","twitter:description":"EDITAL DE CONVOCA\u00c7\u00c3O ASSEMBL\u00c9IA GERAL ORDIN\u00c1RIA DA ACERVA-SP Pelo presente Edital, ficam convocados todos os associados da ACERVA-SP, em Assembleia Geral Ordin\u00e1ria que ser\u00e1 realizada dia 24\/02\/18 as 10:00, em primeira convoca\u00e7\u00e3o com o quorum m\u00ednimo legal, ou \u00e0s 11:00 em segunda convoca\u00e7\u00e3o com qualquer quorum, a ser realizada na Rua Cajaiba, 539"},"aioseo_meta_data":{"post_id":"3924","title":null,"description":null,"keywords":null,"keyphrases":null,"primary_term":null,"canonical_url":null,"og_title":null,"og_description":null,"og_object_type":"default","og_image_type":"default","og_image_url":null,"og_image_width":null,"og_image_height":null,"og_image_custom_url":null,"og_image_custom_fields":null,"og_video":null,"og_custom_url":null,"og_article_section":null,"og_article_tags":null,"twitter_use_og":false,"twitter_card":"default","twitter_image_type":"default","twitter_image_url":null,"twitter_image_custom_url":null,"twitter_image_custom_fields":null,"twitter_title":null,"twitter_description":null,"schema":{"blockGraphs":[],"customGraphs":[],"default":{"data":{"Article":[],"Course":[],"Dataset":[],"FAQPage":[],"Movie":[],"Person":[],"Product":[],"ProductReview":[],"Car":[],"Recipe":[],"Service":[],"SoftwareApplication":[],"WebPage":[]},"graphName":"","isEnabled":true},"graphs":[]},"schema_type":"default","schema_type_options":null,"pillar_content":false,"robots_default":true,"robots_noindex":false,"robots_noarchive":false,"robots_nosnippet":false,"robots_nofollow":false,"robots_noimageindex":false,"robots_noodp":false,"robots_notranslate":false,"robots_max_snippet":null,"robots_max_videopreview":null,"robots_max_imagepreview":"large","priority":null,"frequency":null,"local_seo":null,"breadcrumb_settings":null,"limit_modified_date":false,"ai":null,"created":"2023-10-20 05:21:54","updated":"2025-09-06 13:20:58","seo_analyzer_scan_date":null},"aioseo_breadcrumb":"<div class=\"aioseo-breadcrumbs\"><span class=\"aioseo-breadcrumb\">\n\t\t\t<a href=\"https:\/\/acervapaulista.com.br\/wordpress\" title=\"Home\">Home<\/a>\n\t\t<\/span><span class=\"aioseo-breadcrumb-separator\">&raquo;<\/span><span class=\"aioseo-breadcrumb\">\n\t\t\t<a href=\"https:\/\/acervapaulista.com.br\/wordpress\/eventos\/\" title=\"Eventos\">Eventos<\/a>\n\t\t<\/span><span class=\"aioseo-breadcrumb-separator\">&raquo;<\/span><span class=\"aioseo-breadcrumb\">\n\t\t\t<a href=\"https:\/\/acervapaulista.com.br\/wordpress\/eventos\/categoria\/encontro\/\" title=\"Encontro\">Encontro<\/a>\n\t\t<\/span><span class=\"aioseo-breadcrumb-separator\">&raquo;<\/span><span class=\"aioseo-breadcrumb\">\n\t\t\tAssembleia Geral Ordinaria\n\t\t<\/span><\/div>","aioseo_breadcrumb_json":[{"label":"Home","link":"https:\/\/acervapaulista.com.br\/wordpress"},{"label":"Eventos","link":"https:\/\/acervapaulista.com.br\/wordpress\/eventos\/"},{"label":"Encontro","link":"https:\/\/acervapaulista.com.br\/wordpress\/eventos\/categoria\/encontro\/"},{"label":"Assembleia Geral Ordinaria","link":"https:\/\/acervapaulista.com.br\/wordpress\/evento\/assembleia-geral-ordinaria-fev-17\/"}],"ticketed":false,"_links":{"self":[{"href":"https:\/\/acervapaulista.com.br\/wordpress\/wp-json\/wp\/v2\/tribe_events\/3924","targetHints":{"allow":["GET"]}}],"collection":[{"href":"https:\/\/acervapaulista.com.br\/wordpress\/wp-json\/wp\/v2\/tribe_events"}],"about":[{"href":"https:\/\/acervapaulista.com.br\/wordpress\/wp-json\/wp\/v2\/types\/tribe_events"}],"author":[{"embeddable":true,"href":"https:\/\/acervapaulista.com.br\/wordpress\/wp-json\/wp\/v2\/users\/1"}],"version-history":[{"count":7,"href":"https:\/\/acervapaulista.com.br\/wordpress\/wp-json\/wp\/v2\/tribe_events\/3924\/revisions"}],"predecessor-version":[{"id":3936,"href":"https:\/\/acervapaulista.com.br\/wordpress\/wp-json\/wp\/v2\/tribe_events\/3924\/revisions\/3936"}],"wp:attachment":[{"href":"https:\/\/acervapaulista.com.br\/wordpress\/wp-json\/wp\/v2\/media?parent=3924"}],"wp:term":[{"taxonomy":"post_tag","embeddable":true,"href":"https:\/\/acervapaulista.com.br\/wordpress\/wp-json\/wp\/v2\/tags?post=3924"},{"taxonomy":"tribe_events_cat","embeddable":true,"href":"https:\/\/acervapaulista.com.br\/wordpress\/wp-json\/wp\/v2\/tribe_events_cat?post=3924"}],"curies":[{"name":"wp","href":"https:\/\/api.w.org\/{rel}","templated":true}]}}