{"id":3851,"date":"2017-11-03T14:40:05","date_gmt":"2017-11-03T17:40:05","guid":{"rendered":"http:\/\/acervapaulista.com.br\/?post_type=tribe_events&#038;p=3851"},"modified":"2017-11-03T14:54:10","modified_gmt":"2017-11-03T17:54:10","slug":"inscricoes-chapa-diretoria-2018","status":"publish","type":"tribe_events","link":"https:\/\/acervapaulista.com.br\/wordpress\/evento\/inscricoes-chapa-diretoria-2018\/","title":{"rendered":"Inscri\u00e7\u00f5es Chapa Diretoria 2018 E conselho Fiscal"},"content":{"rendered":"<p>Prezado associados,<\/p>\n<p>Est\u00e3o abertas as inscri\u00e7\u00f5es de Chapas para a elei\u00e7\u00e3o da Diretoria e do Conselho Fiscal da Associa\u00e7\u00e3o dos Cervejeiros Artesanais Paulistas para o mandato de 2018, que compreende o per\u00edodo\u00a0de 01\/01\/2018 a 31\/12\/2018.<\/p>\n<p>Os interessados em compor a Diretoria dever\u00e3o organizar Chapa com 6 integrantes, sendo: Presidente, Vice-Presidente, Diretor Administrativo, Diretor Financeiro, Diretor de Eventos e Diretor de Propaganda.<\/p>\n<p>&nbsp;<\/p>\n<p>Poder\u00e3o participar do pleito os s\u00f3cios que estiverem adimplentes com suas mensalidades, nos termos do artigo 7\u00ba do nosso Estatuto.<\/p>\n<p>Conforme o par\u00e1grafo \u00fanico do Artigo 16\u00ba do Estatuto, ser\u00e1 permitida a inscri\u00e7\u00e3o da atual Diretoria, caso os atuais diretores tenham interesse em concorrer.<\/p>\n<p>As inscri\u00e7\u00f5es das Chapas e dos Conselheiros Fiscais poder\u00e3o ser efetuadas at\u00e9 dia\u00a010\/11\/2017 \u00e0s 23h59:<\/p>\n<p>pelo formul\u00e1rio:\u00a0<a href=\"http:\/\/acervapaulista.com.br\/wordpress\/?gf_page=preview&amp;id=35\">Chapa Diretoria 2018<\/a><\/p>\n<p><a href=\"http:\/\/acervapaulista.com.br\/wordpress\/?gf_page=preview&amp;id=36\">Conselho Fiscal<\/a><\/p>\n<p>ou atrav\u00e9s do e-mail:\u00a0<a href=\"mailto:presidente@acervapaulista.com.br\">presidente@acervapaulista.com.br<\/a><\/p>\n<p>Para mais informa\u00e7\u00f5es consultar nosso estatuto em:\u00a0<a href=\"http:\/\/acervapaulista.com.br\/associacao\/estatuto\/\">http:\/\/acervapaulista.com.br\/associacao\/estatuto\/<\/a><\/p>\n<p>OBS: Para facilitar a montagem da chapa, estamos aceitando a inscri\u00e7\u00e3o de chapas parcialmente montadas, assim tentaremos unir as pessoas que tem interesse em participar da diretoria 2018 para que juntos consigam apresentar uma chapa completa na AGO.<\/p>\n<p><strong>ATEN\u00c7\u00c3O: Na AGO s\u00f3 poder\u00e3o ser apresentadas chapas COMPLETAS<\/strong><\/p>\n","protected":false},"excerpt":{"rendered":"<p>Prezado associados, Est\u00e3o abertas as inscri\u00e7\u00f5es de Chapas para a elei\u00e7\u00e3o da Diretoria e do Conselho Fiscal da Associa\u00e7\u00e3o dos Cervejeiros Artesanais Paulistas para o mandato de 2018, que compreende o per\u00edodo\u00a0de 01\/01\/2018 a 31\/12\/2018. Os interessados em compor a Diretoria dever\u00e3o organizar Chapa com 6 integrantes, sendo: Presidente, Vice-Presidente, Diretor Administrativo, Diretor Financeiro, Diretor de Eventos e Diretor de Propaganda. &nbsp; Poder\u00e3o participar do pleito os s\u00f3cios que estiverem adimplentes com suas mensalidades, nos termos do artigo 7\u00ba do nosso Estatuto. Conforme o par\u00e1grafo \u00fanico do Artigo 16\u00ba do Estatuto, ser\u00e1 permitida a inscri\u00e7\u00e3o da atual Diretoria, caso os atuais diretores tenham interesse em concorrer. As inscri\u00e7\u00f5es das Chapas e dos Conselheiros Fiscais poder\u00e3o ser efetuadas at\u00e9 dia\u00a010\/11\/2017 \u00e0s 23h59: pelo formul\u00e1rio:\u00a0Chapa Diretoria 2018 Conselho Fiscal ou atrav\u00e9s do e-mail:\u00a0presidente@acervapaulista.com.br Para mais informa\u00e7\u00f5es consultar nosso estatuto em:\u00a0http:\/\/acervapaulista.com.br\/associacao\/estatuto\/ OBS: Para facilitar a montagem da chapa, estamos aceitando a inscri\u00e7\u00e3o de chapas parcialmente montadas, assim tentaremos unir as pessoas que tem interesse em participar da diretoria 2018 para que juntos consigam apresentar uma chapa completa na AGO. ATEN\u00c7\u00c3O: Na AGO s\u00f3 poder\u00e3o ser apresentadas chapas COMPLETAS<\/p>\n","protected":false},"author":1,"featured_media":0,"template":"","meta":{"pmpro_default_level":"","_price":"","_stock":"","_tribe_ticket_header":"","_tribe_default_ticket_provider":"","_tribe_ticket_capacity":"0","_ticket_start_date":"","_ticket_end_date":"","_tribe_ticket_show_description":"","_tribe_ticket_show_not_going":false,"_tribe_ticket_use_global_stock":"","_tribe_ticket_global_stock_level":"","_global_stock_mode":"","_global_stock_cap":"","_tribe_rsvp_for_event":"","_tribe_ticket_going_count":"","_tribe_ticket_not_going_count":"","_tribe_tickets_list":"[]","_tribe_ticket_has_attendee_info_fields":false,"_tribe_events_status":"","_tribe_events_status_reason":"","footnotes":"","_tec_slr_enabled":"","_tec_slr_layout":""},"tags":[],"tribe_events_cat":[],"class_list":["post-3851","tribe_events","type-tribe_events","status-publish","hentry","pmpro-has-access","no-post-thumbnail"],"aioseo_notices":[],"aioseo_head":"\n\t\t<!-- All in One SEO 4.9.10 - aioseo.com -->\n\t<meta name=\"description\" content=\"Prezado associados, Est\u00e3o abertas as inscri\u00e7\u00f5es de Chapas para a elei\u00e7\u00e3o da Diretoria e do Conselho Fiscal da Associa\u00e7\u00e3o dos Cervejeiros Artesanais Paulistas para o mandato de 2018, que compreende o per\u00edodo de 01\/01\/2018 a 31\/12\/2018. Os interessados em compor a Diretoria dever\u00e3o organizar Chapa com 6 integrantes, sendo: Presidente, Vice-Presidente, Diretor Administrativo, Diretor Financeiro, Diretor\" \/>\n\t<meta name=\"robots\" content=\"max-image-preview:large\" \/>\n\t<meta name=\"author\" content=\"ACervA Paulista\"\/>\n\t<link rel=\"canonical\" href=\"https:\/\/acervapaulista.com.br\/wordpress\/evento\/inscricoes-chapa-diretoria-2018\/\" \/>\n\t<meta name=\"generator\" content=\"All in One SEO (AIOSEO) 4.9.10\" \/>\n\t\t<meta property=\"og:locale\" content=\"pt_BR\" \/>\n\t\t<meta property=\"og:site_name\" content=\"ACervA Paulista - Associa\u00e7\u00e3o dos Cervejeiros Artesanais Paulistas\" \/>\n\t\t<meta property=\"og:type\" content=\"article\" \/>\n\t\t<meta property=\"og:title\" content=\"Inscri\u00e7\u00f5es Chapa Diretoria 2018 E conselho Fiscal - ACervA Paulista\" \/>\n\t\t<meta property=\"og:description\" content=\"Prezado associados, Est\u00e3o abertas as inscri\u00e7\u00f5es de Chapas para a elei\u00e7\u00e3o da Diretoria e do Conselho Fiscal da Associa\u00e7\u00e3o dos Cervejeiros Artesanais Paulistas para o mandato de 2018, que compreende o per\u00edodo de 01\/01\/2018 a 31\/12\/2018. Os interessados em compor a Diretoria dever\u00e3o organizar Chapa com 6 integrantes, sendo: Presidente, Vice-Presidente, Diretor Administrativo, Diretor Financeiro, Diretor\" \/>\n\t\t<meta property=\"og:url\" content=\"https:\/\/acervapaulista.com.br\/wordpress\/evento\/inscricoes-chapa-diretoria-2018\/\" \/>\n\t\t<meta property=\"article:published_time\" content=\"2017-11-03T17:40:05+00:00\" \/>\n\t\t<meta property=\"article:modified_time\" content=\"2017-11-03T17:54:10+00:00\" \/>\n\t\t<meta name=\"twitter:card\" content=\"summary_large_image\" \/>\n\t\t<meta name=\"twitter:title\" content=\"Inscri\u00e7\u00f5es Chapa Diretoria 2018 E conselho Fiscal - ACervA Paulista\" \/>\n\t\t<meta name=\"twitter:description\" content=\"Prezado associados, Est\u00e3o abertas as inscri\u00e7\u00f5es de Chapas para a elei\u00e7\u00e3o da Diretoria e do Conselho Fiscal da Associa\u00e7\u00e3o dos Cervejeiros Artesanais Paulistas para o mandato de 2018, que compreende o per\u00edodo de 01\/01\/2018 a 31\/12\/2018. Os interessados em compor a Diretoria dever\u00e3o organizar Chapa com 6 integrantes, sendo: Presidente, Vice-Presidente, Diretor Administrativo, Diretor Financeiro, Diretor\" \/>\n\t\t<script type=\"application\/ld+json\" class=\"aioseo-schema\">\n\t\t\t{\"@context\":\"https:\\\/\\\/schema.org\",\"@graph\":[{\"@type\":\"BreadcrumbList\",\"@id\":\"https:\\\/\\\/acervapaulista.com.br\\\/wordpress\\\/evento\\\/inscricoes-chapa-diretoria-2018\\\/#breadcrumblist\",\"itemListElement\":[{\"@type\":\"ListItem\",\"@id\":\"https:\\\/\\\/acervapaulista.com.br\\\/wordpress#listItem\",\"position\":1,\"name\":\"Home\",\"item\":\"https:\\\/\\\/acervapaulista.com.br\\\/wordpress\",\"nextItem\":{\"@type\":\"ListItem\",\"@id\":\"https:\\\/\\\/acervapaulista.com.br\\\/wordpress\\\/eventos\\\/#listItem\",\"name\":\"Eventos\"}},{\"@type\":\"ListItem\",\"@id\":\"https:\\\/\\\/acervapaulista.com.br\\\/wordpress\\\/eventos\\\/#listItem\",\"position\":2,\"name\":\"Eventos\",\"item\":\"https:\\\/\\\/acervapaulista.com.br\\\/wordpress\\\/eventos\\\/\",\"nextItem\":{\"@type\":\"ListItem\",\"@id\":\"https:\\\/\\\/acervapaulista.com.br\\\/wordpress\\\/evento\\\/inscricoes-chapa-diretoria-2018\\\/#listItem\",\"name\":\"Inscri\\u00e7\\u00f5es Chapa Diretoria 2018 E conselho Fiscal\"},\"previousItem\":{\"@type\":\"ListItem\",\"@id\":\"https:\\\/\\\/acervapaulista.com.br\\\/wordpress#listItem\",\"name\":\"Home\"}},{\"@type\":\"ListItem\",\"@id\":\"https:\\\/\\\/acervapaulista.com.br\\\/wordpress\\\/evento\\\/inscricoes-chapa-diretoria-2018\\\/#listItem\",\"position\":3,\"name\":\"Inscri\\u00e7\\u00f5es Chapa Diretoria 2018 E conselho Fiscal\",\"previousItem\":{\"@type\":\"ListItem\",\"@id\":\"https:\\\/\\\/acervapaulista.com.br\\\/wordpress\\\/eventos\\\/#listItem\",\"name\":\"Eventos\"}}]},{\"@type\":\"Organization\",\"@id\":\"https:\\\/\\\/acervapaulista.com.br\\\/wordpress\\\/#organization\",\"name\":\"ACervA Paulista\",\"description\":\"Associa\\u00e7\\u00e3o dos Cervejeiros Artesanais Paulistas\",\"url\":\"https:\\\/\\\/acervapaulista.com.br\\\/wordpress\\\/\"},{\"@type\":\"Person\",\"@id\":\"https:\\\/\\\/acervapaulista.com.br\\\/wordpress\\\/author\\\/acerva-paulista\\\/#author\",\"url\":\"https:\\\/\\\/acervapaulista.com.br\\\/wordpress\\\/author\\\/acerva-paulista\\\/\",\"name\":\"ACervA Paulista\",\"image\":{\"@type\":\"ImageObject\",\"@id\":\"https:\\\/\\\/acervapaulista.com.br\\\/wordpress\\\/evento\\\/inscricoes-chapa-diretoria-2018\\\/#authorImage\",\"url\":\"https:\\\/\\\/secure.gravatar.com\\\/avatar\\\/82a53c3dc8c0f95f206cd4b997ac42614436afd1786d7a017ce41c9d259b8309?s=96&d=mm&r=g\",\"width\":96,\"height\":96,\"caption\":\"ACervA Paulista\"}},{\"@type\":\"WebPage\",\"@id\":\"https:\\\/\\\/acervapaulista.com.br\\\/wordpress\\\/evento\\\/inscricoes-chapa-diretoria-2018\\\/#webpage\",\"url\":\"https:\\\/\\\/acervapaulista.com.br\\\/wordpress\\\/evento\\\/inscricoes-chapa-diretoria-2018\\\/\",\"name\":\"Inscri\\u00e7\\u00f5es Chapa Diretoria 2018 E conselho Fiscal - ACervA Paulista\",\"description\":\"Prezado associados, Est\\u00e3o abertas as inscri\\u00e7\\u00f5es de Chapas para a elei\\u00e7\\u00e3o da Diretoria e do Conselho Fiscal da Associa\\u00e7\\u00e3o dos Cervejeiros Artesanais Paulistas para o mandato de 2018, que compreende o per\\u00edodo de 01\\\/01\\\/2018 a 31\\\/12\\\/2018. Os interessados em compor a Diretoria dever\\u00e3o organizar Chapa com 6 integrantes, sendo: Presidente, Vice-Presidente, Diretor Administrativo, Diretor Financeiro, Diretor\",\"inLanguage\":\"pt-BR\",\"isPartOf\":{\"@id\":\"https:\\\/\\\/acervapaulista.com.br\\\/wordpress\\\/#website\"},\"breadcrumb\":{\"@id\":\"https:\\\/\\\/acervapaulista.com.br\\\/wordpress\\\/evento\\\/inscricoes-chapa-diretoria-2018\\\/#breadcrumblist\"},\"author\":{\"@id\":\"https:\\\/\\\/acervapaulista.com.br\\\/wordpress\\\/author\\\/acerva-paulista\\\/#author\"},\"creator\":{\"@id\":\"https:\\\/\\\/acervapaulista.com.br\\\/wordpress\\\/author\\\/acerva-paulista\\\/#author\"},\"datePublished\":\"2017-11-03T14:40:05-02:00\",\"dateModified\":\"2017-11-03T14:54:10-02:00\"},{\"@type\":\"WebSite\",\"@id\":\"https:\\\/\\\/acervapaulista.com.br\\\/wordpress\\\/#website\",\"url\":\"https:\\\/\\\/acervapaulista.com.br\\\/wordpress\\\/\",\"name\":\"ACervA Paulista\",\"description\":\"Associa\\u00e7\\u00e3o dos Cervejeiros Artesanais Paulistas\",\"inLanguage\":\"pt-BR\",\"publisher\":{\"@id\":\"https:\\\/\\\/acervapaulista.com.br\\\/wordpress\\\/#organization\"}}]}\n\t\t<\/script>\n\t\t<!-- All in One SEO -->\n\n","aioseo_head_json":{"title":"Inscri\u00e7\u00f5es Chapa Diretoria 2018 E conselho Fiscal - ACervA Paulista","description":"Prezado associados, Est\u00e3o abertas as inscri\u00e7\u00f5es de Chapas para a elei\u00e7\u00e3o da Diretoria e do Conselho Fiscal da Associa\u00e7\u00e3o dos Cervejeiros Artesanais Paulistas para o mandato de 2018, que compreende o per\u00edodo de 01\/01\/2018 a 31\/12\/2018. Os interessados em compor a Diretoria dever\u00e3o organizar Chapa com 6 integrantes, sendo: Presidente, Vice-Presidente, Diretor Administrativo, Diretor Financeiro, Diretor","canonical_url":"https:\/\/acervapaulista.com.br\/wordpress\/evento\/inscricoes-chapa-diretoria-2018\/","robots":"max-image-preview:large","keywords":"","webmasterTools":{"miscellaneous":""},"schema":{"@context":"https:\/\/schema.org","@graph":[{"@type":"BreadcrumbList","@id":"https:\/\/acervapaulista.com.br\/wordpress\/evento\/inscricoes-chapa-diretoria-2018\/#breadcrumblist","itemListElement":[{"@type":"ListItem","@id":"https:\/\/acervapaulista.com.br\/wordpress#listItem","position":1,"name":"Home","item":"https:\/\/acervapaulista.com.br\/wordpress","nextItem":{"@type":"ListItem","@id":"https:\/\/acervapaulista.com.br\/wordpress\/eventos\/#listItem","name":"Eventos"}},{"@type":"ListItem","@id":"https:\/\/acervapaulista.com.br\/wordpress\/eventos\/#listItem","position":2,"name":"Eventos","item":"https:\/\/acervapaulista.com.br\/wordpress\/eventos\/","nextItem":{"@type":"ListItem","@id":"https:\/\/acervapaulista.com.br\/wordpress\/evento\/inscricoes-chapa-diretoria-2018\/#listItem","name":"Inscri\u00e7\u00f5es Chapa Diretoria 2018 E conselho Fiscal"},"previousItem":{"@type":"ListItem","@id":"https:\/\/acervapaulista.com.br\/wordpress#listItem","name":"Home"}},{"@type":"ListItem","@id":"https:\/\/acervapaulista.com.br\/wordpress\/evento\/inscricoes-chapa-diretoria-2018\/#listItem","position":3,"name":"Inscri\u00e7\u00f5es Chapa Diretoria 2018 E conselho Fiscal","previousItem":{"@type":"ListItem","@id":"https:\/\/acervapaulista.com.br\/wordpress\/eventos\/#listItem","name":"Eventos"}}]},{"@type":"Organization","@id":"https:\/\/acervapaulista.com.br\/wordpress\/#organization","name":"ACervA Paulista","description":"Associa\u00e7\u00e3o dos Cervejeiros Artesanais Paulistas","url":"https:\/\/acervapaulista.com.br\/wordpress\/"},{"@type":"Person","@id":"https:\/\/acervapaulista.com.br\/wordpress\/author\/acerva-paulista\/#author","url":"https:\/\/acervapaulista.com.br\/wordpress\/author\/acerva-paulista\/","name":"ACervA Paulista","image":{"@type":"ImageObject","@id":"https:\/\/acervapaulista.com.br\/wordpress\/evento\/inscricoes-chapa-diretoria-2018\/#authorImage","url":"https:\/\/secure.gravatar.com\/avatar\/82a53c3dc8c0f95f206cd4b997ac42614436afd1786d7a017ce41c9d259b8309?s=96&d=mm&r=g","width":96,"height":96,"caption":"ACervA Paulista"}},{"@type":"WebPage","@id":"https:\/\/acervapaulista.com.br\/wordpress\/evento\/inscricoes-chapa-diretoria-2018\/#webpage","url":"https:\/\/acervapaulista.com.br\/wordpress\/evento\/inscricoes-chapa-diretoria-2018\/","name":"Inscri\u00e7\u00f5es Chapa Diretoria 2018 E conselho Fiscal - ACervA Paulista","description":"Prezado associados, Est\u00e3o abertas as inscri\u00e7\u00f5es de Chapas para a elei\u00e7\u00e3o da Diretoria e do Conselho Fiscal da Associa\u00e7\u00e3o dos Cervejeiros Artesanais Paulistas para o mandato de 2018, que compreende o per\u00edodo de 01\/01\/2018 a 31\/12\/2018. Os interessados em compor a Diretoria dever\u00e3o organizar Chapa com 6 integrantes, sendo: Presidente, Vice-Presidente, Diretor Administrativo, Diretor Financeiro, Diretor","inLanguage":"pt-BR","isPartOf":{"@id":"https:\/\/acervapaulista.com.br\/wordpress\/#website"},"breadcrumb":{"@id":"https:\/\/acervapaulista.com.br\/wordpress\/evento\/inscricoes-chapa-diretoria-2018\/#breadcrumblist"},"author":{"@id":"https:\/\/acervapaulista.com.br\/wordpress\/author\/acerva-paulista\/#author"},"creator":{"@id":"https:\/\/acervapaulista.com.br\/wordpress\/author\/acerva-paulista\/#author"},"datePublished":"2017-11-03T14:40:05-02:00","dateModified":"2017-11-03T14:54:10-02:00"},{"@type":"WebSite","@id":"https:\/\/acervapaulista.com.br\/wordpress\/#website","url":"https:\/\/acervapaulista.com.br\/wordpress\/","name":"ACervA Paulista","description":"Associa\u00e7\u00e3o dos Cervejeiros Artesanais Paulistas","inLanguage":"pt-BR","publisher":{"@id":"https:\/\/acervapaulista.com.br\/wordpress\/#organization"}}]},"og:locale":"pt_BR","og:site_name":"ACervA Paulista - Associa\u00e7\u00e3o dos Cervejeiros Artesanais Paulistas","og:type":"article","og:title":"Inscri\u00e7\u00f5es Chapa Diretoria 2018 E conselho Fiscal - ACervA Paulista","og:description":"Prezado associados, Est\u00e3o abertas as inscri\u00e7\u00f5es de Chapas para a elei\u00e7\u00e3o da Diretoria e do Conselho Fiscal da Associa\u00e7\u00e3o dos Cervejeiros Artesanais Paulistas para o mandato de 2018, que compreende o per\u00edodo de 01\/01\/2018 a 31\/12\/2018. Os interessados em compor a Diretoria dever\u00e3o organizar Chapa com 6 integrantes, sendo: Presidente, Vice-Presidente, Diretor Administrativo, Diretor Financeiro, Diretor","og:url":"https:\/\/acervapaulista.com.br\/wordpress\/evento\/inscricoes-chapa-diretoria-2018\/","article:published_time":"2017-11-03T17:40:05+00:00","article:modified_time":"2017-11-03T17:54:10+00:00","twitter:card":"summary_large_image","twitter:title":"Inscri\u00e7\u00f5es Chapa Diretoria 2018 E conselho Fiscal - ACervA Paulista","twitter:description":"Prezado associados, Est\u00e3o abertas as inscri\u00e7\u00f5es de Chapas para a elei\u00e7\u00e3o da Diretoria e do Conselho Fiscal da Associa\u00e7\u00e3o dos Cervejeiros Artesanais Paulistas para o mandato de 2018, que compreende o per\u00edodo de 01\/01\/2018 a 31\/12\/2018. Os interessados em compor a Diretoria dever\u00e3o organizar Chapa com 6 integrantes, sendo: Presidente, Vice-Presidente, Diretor Administrativo, Diretor Financeiro, Diretor"},"aioseo_meta_data":{"post_id":"3851","title":null,"description":null,"keywords":null,"keyphrases":null,"primary_term":null,"canonical_url":null,"og_title":null,"og_description":null,"og_object_type":"default","og_image_type":"default","og_image_url":null,"og_image_width":null,"og_image_height":null,"og_image_custom_url":null,"og_image_custom_fields":null,"og_video":null,"og_custom_url":null,"og_article_section":null,"og_article_tags":null,"twitter_use_og":false,"twitter_card":"default","twitter_image_type":"default","twitter_image_url":null,"twitter_image_custom_url":null,"twitter_image_custom_fields":null,"twitter_title":null,"twitter_description":null,"schema":{"blockGraphs":[],"customGraphs":[],"default":{"data":{"Article":[],"Course":[],"Dataset":[],"FAQPage":[],"Movie":[],"Person":[],"Product":[],"ProductReview":[],"Car":[],"Recipe":[],"Service":[],"SoftwareApplication":[],"WebPage":[]},"graphName":"","isEnabled":true},"graphs":[]},"schema_type":"default","schema_type_options":null,"pillar_content":false,"robots_default":true,"robots_noindex":false,"robots_noarchive":false,"robots_nosnippet":false,"robots_nofollow":false,"robots_noimageindex":false,"robots_noodp":false,"robots_notranslate":false,"robots_max_snippet":null,"robots_max_videopreview":null,"robots_max_imagepreview":"large","priority":null,"frequency":null,"local_seo":null,"breadcrumb_settings":null,"limit_modified_date":false,"ai":null,"created":"2023-10-20 05:21:54","updated":"2025-09-06 13:20:58","seo_analyzer_scan_date":null},"aioseo_breadcrumb":"<div class=\"aioseo-breadcrumbs\"><span class=\"aioseo-breadcrumb\">\n\t\t\t<a href=\"https:\/\/acervapaulista.com.br\/wordpress\" title=\"Home\">Home<\/a>\n\t\t<\/span><span class=\"aioseo-breadcrumb-separator\">&raquo;<\/span><span class=\"aioseo-breadcrumb\">\n\t\t\t<a href=\"https:\/\/acervapaulista.com.br\/wordpress\/eventos\/\" title=\"Eventos\">Eventos<\/a>\n\t\t<\/span><span class=\"aioseo-breadcrumb-separator\">&raquo;<\/span><span class=\"aioseo-breadcrumb\">\n\t\t\tInscri\u00e7\u00f5es Chapa Diretoria 2018 E conselho Fiscal\n\t\t<\/span><\/div>","aioseo_breadcrumb_json":[{"label":"Home","link":"https:\/\/acervapaulista.com.br\/wordpress"},{"label":"Eventos","link":"https:\/\/acervapaulista.com.br\/wordpress\/eventos\/"},{"label":"Inscri\u00e7\u00f5es Chapa Diretoria 2018 E conselho Fiscal","link":"https:\/\/acervapaulista.com.br\/wordpress\/evento\/inscricoes-chapa-diretoria-2018\/"}],"ticketed":false,"_links":{"self":[{"href":"https:\/\/acervapaulista.com.br\/wordpress\/wp-json\/wp\/v2\/tribe_events\/3851","targetHints":{"allow":["GET"]}}],"collection":[{"href":"https:\/\/acervapaulista.com.br\/wordpress\/wp-json\/wp\/v2\/tribe_events"}],"about":[{"href":"https:\/\/acervapaulista.com.br\/wordpress\/wp-json\/wp\/v2\/types\/tribe_events"}],"author":[{"embeddable":true,"href":"https:\/\/acervapaulista.com.br\/wordpress\/wp-json\/wp\/v2\/users\/1"}],"version-history":[{"count":5,"href":"https:\/\/acervapaulista.com.br\/wordpress\/wp-json\/wp\/v2\/tribe_events\/3851\/revisions"}],"predecessor-version":[{"id":3859,"href":"https:\/\/acervapaulista.com.br\/wordpress\/wp-json\/wp\/v2\/tribe_events\/3851\/revisions\/3859"}],"wp:attachment":[{"href":"https:\/\/acervapaulista.com.br\/wordpress\/wp-json\/wp\/v2\/media?parent=3851"}],"wp:term":[{"taxonomy":"post_tag","embeddable":true,"href":"https:\/\/acervapaulista.com.br\/wordpress\/wp-json\/wp\/v2\/tags?post=3851"},{"taxonomy":"tribe_events_cat","embeddable":true,"href":"https:\/\/acervapaulista.com.br\/wordpress\/wp-json\/wp\/v2\/tribe_events_cat?post=3851"}],"curies":[{"name":"wp","href":"https:\/\/api.w.org\/{rel}","templated":true}]}}