{"id":3707,"date":"2017-07-28T23:32:24","date_gmt":"2017-07-29T02:32:24","guid":{"rendered":"http:\/\/acervapaulista.com.br\/?post_type=tribe_events&#038;p=3707"},"modified":"2017-07-29T00:04:36","modified_gmt":"2017-07-29T03:04:36","slug":"workshop-sobre-malte-com-o-atelier-do-malte","status":"publish","type":"tribe_events","link":"https:\/\/acervapaulista.com.br\/wordpress\/evento\/workshop-sobre-malte-com-o-atelier-do-malte\/","title":{"rendered":"Workshop sobre malte com o Atelier do Malte"},"content":{"rendered":"<p>&nbsp;<\/p>\n<p>&nbsp;<\/p>\n<p>Pessoal, no m\u00eas passado fechamos uma parceria com o ATELIER DO MALTE. Uma maltearia paulista, com uma historia bem bacana, j\u00e1 fizeram at\u00e9 parceria com a cervejaria D\u00e1diva, est\u00e3o come\u00e7ando no mercado e precisam muito do nosso feedback, acho que \u00e9 interessante pra todos esse tipo de iniciativa dentro do nossa casa, ent\u00e3o gostaria muito que tivesse uma participa\u00e7\u00e3o legal!.<\/p>\n<p>E a proposta deles \u00e9 apresentar seus maltes e falar um pouco sobre, malte e o processo de maltea\u00e7\u00e3o. E de quebra doaram uma receita para que fosse feita para o evento, e no dia do evento (05\/08, s\u00e1bado) eles v\u00e3o doar 10 Kits dos maltes que foram usados nessa receita. <strong>(Que foi elaborada pelo @igor, mas que precisou ser um pouco alterada pela falta do l\u00fapulo e que ser\u00e1 servida no dia!!!!)<\/strong> E vamos montar 10 equipes de 2 ou 3 pessoas para brassar essa receita com liberdade para escolher os l\u00fapulos e a levedura. Em aproximadamente 2 meses vamos fazer outro evento pra bebermos essa cervejas e avaliar qual foi a melhor interpreta\u00e7\u00e3o da receita.<\/p>\n<p>OS: Eu ainda n\u00e3o fui ver como est\u00e1 a cerveja&#8230;. se estiver ruim podem me xingar (fui eu que brassei) (n\u00e3o vou falar quem sou eu pra vc\u00b4s n\u00e3o saberem quem xingars)!!! rsrs<\/p>\n<p>Esse evento ser\u00e1 na nossa sede, a gente pede que seja levado pelo menos 5 litros para que possamos fazer um j\u00fari dos presentes.<\/p>\n<p>Vamos tamb\u00e9m emitir um certificado para os 3 primeiros colocados e estamos tentado arrumar alguns brindes tamb\u00e9m para os campe\u00f5es, assim que tivermos novidades aviso aqui!<\/p>\n<p>E como saco v\u00e1rio n\u00e3o para em p\u00e9, vamos fazer uma hamburgada, quem quiser participar do <strong>\u201cRACHA\u201d<\/strong>, \u00a0por favor preencha isso no formul\u00e1rio (inclusive pra quem for participar da brassagem e estiver fazendo o cadastro dos parceiros coloque o n\u00famero que vai participar do racha) e por favor n\u00e3o furem(como vamos RACHAR os curtos), eu vou comprar as coisas do meu bolso e quem n\u00e3o for encarece pra quem for pq eu vou diluir os curtos para todos. Acredito que deva sair entre R$ 15 e R$ 20 por pessoa.<\/p>\n<p>Abaixo, um pouco da hist\u00f3ria do Atelier do Malte. Qualquer d\u00favida estamos a disposi\u00e7\u00e3o!<\/p>\n<p><strong>A hist\u00f3ria do Atelier do Malte<\/strong><\/p>\n<p>COMO SURGIU A ID\u00c9IA<\/p>\n<p>Quando finalizei meus estudos de engenharia de alimentos o que mais me atraia era a tecnologia da parte viva dos alimentos, a biotecnologia. Escolhi ent\u00e3o a cervejaria. Ao me formar em cervejaria na B\u00e9lgica, uma das primeiras mestre cervejeiras brasileira, juntamente com minha colega chamada F\u00e1tima, meu objetivo era trabalhar numa cervejaria no Brasil e participar do desenvolvimento de maravilhosas cervejas como as belgas e alem\u00e3s.<\/p>\n<p>Trabalhei na Brahma (ainda n\u00e3o era Ambev), produzindo dia e noite, 24\/7, a tal cerveja Pilsen, imut\u00e1vel e repleta de xarope de glucose, nada contra, mas tamb\u00e9m nada a favor. Bons tempos aqueles, conhecendo pessoas muito dedicadas e bacanas&#8230;<\/p>\n<p>Hoje, depois de alguns (muitos) anos vivemos um momento hist\u00f3rico de produ\u00e7\u00e3o da cerveja especial artesanal e industrial no Brasil. Uma variedade de cervejeiros caseiros produzindo para beber cerveja em casa com os amigos , em seus bares e restaurantes. Algumas micro-cervejarias est\u00e3o se consolidando neste novo mercado que procura: Beber menos e beber melhor!!!!<\/p>\n<p>Para mais informa\u00e7\u00f5es sobre o atelier do malte acesse o site:\u00a0 <a href=\"http:\/\/atelierdomalte.com.br\/\">http:\/\/atelierdomalte.com.br<\/a><\/p>\n<p>Preencha o formul\u00e1rio a baixo: (Mesmo se n\u00e3o for participar\u00a0da brassagem)<\/p>\n[gravityform id=&#8221;32&#8243; title=&#8221;true&#8221; description=&#8221;true&#8221;]\n","protected":false},"excerpt":{"rendered":"<p>&nbsp; &nbsp; Pessoal, no m\u00eas passado fechamos uma parceria com o ATELIER DO MALTE. Uma maltearia paulista, com uma historia bem bacana, j\u00e1 fizeram at\u00e9 parceria com a cervejaria D\u00e1diva, est\u00e3o come\u00e7ando no mercado e precisam muito do nosso feedback, acho que \u00e9 interessante pra todos esse tipo de iniciativa dentro do nossa casa, ent\u00e3o gostaria muito que tivesse uma participa\u00e7\u00e3o legal!. E a proposta deles \u00e9 apresentar seus maltes e falar um pouco sobre, malte e o processo de maltea\u00e7\u00e3o. E de quebra doaram uma receita para que fosse feita para o evento, e no dia do evento (05\/08, s\u00e1bado) eles v\u00e3o doar 10 Kits dos maltes que foram usados nessa receita. (Que foi elaborada pelo @igor, mas que precisou ser um pouco alterada pela falta do l\u00fapulo e que ser\u00e1 servida no dia!!!!) E vamos montar 10 equipes de 2 ou 3 pessoas para brassar essa receita com liberdade para escolher os l\u00fapulos e a levedura. Em aproximadamente 2 meses vamos fazer outro evento pra bebermos essa cervejas e avaliar qual foi a melhor interpreta\u00e7\u00e3o da receita. OS: Eu ainda n\u00e3o fui ver como est\u00e1 a cerveja&#8230;. se estiver ruim podem me xingar (fui eu que brassei) (n\u00e3o &#8230; <a href=\"https:\/\/acervapaulista.com.br\/wordpress\/evento\/workshop-sobre-malte-com-o-atelier-do-malte\/\" class=\"more-link\">Read More<\/a><\/p>\n","protected":false},"author":1,"featured_media":0,"template":"","meta":{"pmpro_default_level":"","_price":"","_stock":"","_tribe_ticket_header":"","_tribe_default_ticket_provider":"","_tribe_ticket_capacity":"0","_ticket_start_date":"","_ticket_end_date":"","_tribe_ticket_show_description":"","_tribe_ticket_show_not_going":false,"_tribe_ticket_use_global_stock":"","_tribe_ticket_global_stock_level":"0","_global_stock_mode":"","_global_stock_cap":"","_tribe_rsvp_for_event":"","_tribe_ticket_going_count":"","_tribe_ticket_not_going_count":"","_tribe_tickets_list":"[]","_tribe_ticket_has_attendee_info_fields":false,"_tribe_events_status":"","_tribe_events_status_reason":"","footnotes":"","_tec_slr_enabled":"","_tec_slr_layout":""},"tags":[],"tribe_events_cat":[99,37,42,33],"class_list":["post-3707","tribe_events","type-tribe_events","status-publish","hentry","tribe_events_cat-concurso","tribe_events_cat-cursos","tribe_events_cat-encontro","tribe_events_cat-palestras","pmpro-has-access","cat_concurso","cat_cursos","cat_encontro","cat_palestras","no-post-thumbnail"],"aioseo_notices":[],"aioseo_head":"\n\t\t<!-- All in One SEO 4.9.10 - aioseo.com -->\n\t<meta name=\"description\" content=\"Pessoal, no m\u00eas passado fechamos uma parceria com o ATELIER DO MALTE. Uma maltearia paulista, com uma historia bem bacana, j\u00e1 fizeram at\u00e9 parceria com a cervejaria D\u00e1diva, est\u00e3o come\u00e7ando no mercado e precisam muito do nosso feedback, acho que \u00e9 interessante pra todos esse tipo de iniciativa dentro do nossa casa, ent\u00e3o\" \/>\n\t<meta name=\"robots\" content=\"max-image-preview:large\" \/>\n\t<meta name=\"author\" content=\"ACervA Paulista\"\/>\n\t<link rel=\"canonical\" href=\"https:\/\/acervapaulista.com.br\/wordpress\/evento\/workshop-sobre-malte-com-o-atelier-do-malte\/\" \/>\n\t<meta name=\"generator\" content=\"All in One SEO (AIOSEO) 4.9.10\" \/>\n\t\t<meta property=\"og:locale\" content=\"pt_BR\" \/>\n\t\t<meta property=\"og:site_name\" content=\"ACervA Paulista - Associa\u00e7\u00e3o dos Cervejeiros Artesanais Paulistas\" \/>\n\t\t<meta property=\"og:type\" content=\"article\" \/>\n\t\t<meta property=\"og:title\" content=\"Workshop sobre malte com o Atelier do Malte - ACervA Paulista\" \/>\n\t\t<meta property=\"og:description\" content=\"Pessoal, no m\u00eas passado fechamos uma parceria com o ATELIER DO MALTE. Uma maltearia paulista, com uma historia bem bacana, j\u00e1 fizeram at\u00e9 parceria com a cervejaria D\u00e1diva, est\u00e3o come\u00e7ando no mercado e precisam muito do nosso feedback, acho que \u00e9 interessante pra todos esse tipo de iniciativa dentro do nossa casa, ent\u00e3o\" \/>\n\t\t<meta property=\"og:url\" content=\"https:\/\/acervapaulista.com.br\/wordpress\/evento\/workshop-sobre-malte-com-o-atelier-do-malte\/\" \/>\n\t\t<meta property=\"article:published_time\" content=\"2017-07-29T02:32:24+00:00\" \/>\n\t\t<meta property=\"article:modified_time\" content=\"2017-07-29T03:04:36+00:00\" \/>\n\t\t<meta name=\"twitter:card\" content=\"summary_large_image\" \/>\n\t\t<meta name=\"twitter:title\" content=\"Workshop sobre malte com o Atelier do Malte - ACervA Paulista\" \/>\n\t\t<meta name=\"twitter:description\" content=\"Pessoal, no m\u00eas passado fechamos uma parceria com o ATELIER DO MALTE. Uma maltearia paulista, com uma historia bem bacana, j\u00e1 fizeram at\u00e9 parceria com a cervejaria D\u00e1diva, est\u00e3o come\u00e7ando no mercado e precisam muito do nosso feedback, acho que \u00e9 interessante pra todos esse tipo de iniciativa dentro do nossa casa, ent\u00e3o\" \/>\n\t\t<script type=\"application\/ld+json\" class=\"aioseo-schema\">\n\t\t\t{\"@context\":\"https:\\\/\\\/schema.org\",\"@graph\":[{\"@type\":\"BreadcrumbList\",\"@id\":\"https:\\\/\\\/acervapaulista.com.br\\\/wordpress\\\/evento\\\/workshop-sobre-malte-com-o-atelier-do-malte\\\/#breadcrumblist\",\"itemListElement\":[{\"@type\":\"ListItem\",\"@id\":\"https:\\\/\\\/acervapaulista.com.br\\\/wordpress#listItem\",\"position\":1,\"name\":\"Home\",\"item\":\"https:\\\/\\\/acervapaulista.com.br\\\/wordpress\",\"nextItem\":{\"@type\":\"ListItem\",\"@id\":\"https:\\\/\\\/acervapaulista.com.br\\\/wordpress\\\/eventos\\\/#listItem\",\"name\":\"Eventos\"}},{\"@type\":\"ListItem\",\"@id\":\"https:\\\/\\\/acervapaulista.com.br\\\/wordpress\\\/eventos\\\/#listItem\",\"position\":2,\"name\":\"Eventos\",\"item\":\"https:\\\/\\\/acervapaulista.com.br\\\/wordpress\\\/eventos\\\/\",\"nextItem\":{\"@type\":\"ListItem\",\"@id\":\"https:\\\/\\\/acervapaulista.com.br\\\/wordpress\\\/eventos\\\/categoria\\\/palestras\\\/#listItem\",\"name\":\"Palestras\"},\"previousItem\":{\"@type\":\"ListItem\",\"@id\":\"https:\\\/\\\/acervapaulista.com.br\\\/wordpress#listItem\",\"name\":\"Home\"}},{\"@type\":\"ListItem\",\"@id\":\"https:\\\/\\\/acervapaulista.com.br\\\/wordpress\\\/eventos\\\/categoria\\\/palestras\\\/#listItem\",\"position\":3,\"name\":\"Palestras\",\"item\":\"https:\\\/\\\/acervapaulista.com.br\\\/wordpress\\\/eventos\\\/categoria\\\/palestras\\\/\",\"nextItem\":{\"@type\":\"ListItem\",\"@id\":\"https:\\\/\\\/acervapaulista.com.br\\\/wordpress\\\/evento\\\/workshop-sobre-malte-com-o-atelier-do-malte\\\/#listItem\",\"name\":\"Workshop sobre malte com o Atelier do Malte\"},\"previousItem\":{\"@type\":\"ListItem\",\"@id\":\"https:\\\/\\\/acervapaulista.com.br\\\/wordpress\\\/eventos\\\/#listItem\",\"name\":\"Eventos\"}},{\"@type\":\"ListItem\",\"@id\":\"https:\\\/\\\/acervapaulista.com.br\\\/wordpress\\\/evento\\\/workshop-sobre-malte-com-o-atelier-do-malte\\\/#listItem\",\"position\":4,\"name\":\"Workshop sobre malte com o Atelier do Malte\",\"previousItem\":{\"@type\":\"ListItem\",\"@id\":\"https:\\\/\\\/acervapaulista.com.br\\\/wordpress\\\/eventos\\\/categoria\\\/palestras\\\/#listItem\",\"name\":\"Palestras\"}}]},{\"@type\":\"Organization\",\"@id\":\"https:\\\/\\\/acervapaulista.com.br\\\/wordpress\\\/#organization\",\"name\":\"ACervA Paulista\",\"description\":\"Associa\\u00e7\\u00e3o dos Cervejeiros Artesanais Paulistas\",\"url\":\"https:\\\/\\\/acervapaulista.com.br\\\/wordpress\\\/\"},{\"@type\":\"Person\",\"@id\":\"https:\\\/\\\/acervapaulista.com.br\\\/wordpress\\\/author\\\/acerva-paulista\\\/#author\",\"url\":\"https:\\\/\\\/acervapaulista.com.br\\\/wordpress\\\/author\\\/acerva-paulista\\\/\",\"name\":\"ACervA Paulista\",\"image\":{\"@type\":\"ImageObject\",\"@id\":\"https:\\\/\\\/acervapaulista.com.br\\\/wordpress\\\/evento\\\/workshop-sobre-malte-com-o-atelier-do-malte\\\/#authorImage\",\"url\":\"https:\\\/\\\/secure.gravatar.com\\\/avatar\\\/82a53c3dc8c0f95f206cd4b997ac42614436afd1786d7a017ce41c9d259b8309?s=96&d=mm&r=g\",\"width\":96,\"height\":96,\"caption\":\"ACervA Paulista\"}},{\"@type\":\"WebPage\",\"@id\":\"https:\\\/\\\/acervapaulista.com.br\\\/wordpress\\\/evento\\\/workshop-sobre-malte-com-o-atelier-do-malte\\\/#webpage\",\"url\":\"https:\\\/\\\/acervapaulista.com.br\\\/wordpress\\\/evento\\\/workshop-sobre-malte-com-o-atelier-do-malte\\\/\",\"name\":\"Workshop sobre malte com o Atelier do Malte - ACervA Paulista\",\"description\":\"Pessoal, no m\\u00eas passado fechamos uma parceria com o ATELIER DO MALTE. Uma maltearia paulista, com uma historia bem bacana, j\\u00e1 fizeram at\\u00e9 parceria com a cervejaria D\\u00e1diva, est\\u00e3o come\\u00e7ando no mercado e precisam muito do nosso feedback, acho que \\u00e9 interessante pra todos esse tipo de iniciativa dentro do nossa casa, ent\\u00e3o\",\"inLanguage\":\"pt-BR\",\"isPartOf\":{\"@id\":\"https:\\\/\\\/acervapaulista.com.br\\\/wordpress\\\/#website\"},\"breadcrumb\":{\"@id\":\"https:\\\/\\\/acervapaulista.com.br\\\/wordpress\\\/evento\\\/workshop-sobre-malte-com-o-atelier-do-malte\\\/#breadcrumblist\"},\"author\":{\"@id\":\"https:\\\/\\\/acervapaulista.com.br\\\/wordpress\\\/author\\\/acerva-paulista\\\/#author\"},\"creator\":{\"@id\":\"https:\\\/\\\/acervapaulista.com.br\\\/wordpress\\\/author\\\/acerva-paulista\\\/#author\"},\"datePublished\":\"2017-07-28T23:32:24-03:00\",\"dateModified\":\"2017-07-29T00:04:36-03:00\"},{\"@type\":\"WebSite\",\"@id\":\"https:\\\/\\\/acervapaulista.com.br\\\/wordpress\\\/#website\",\"url\":\"https:\\\/\\\/acervapaulista.com.br\\\/wordpress\\\/\",\"name\":\"ACervA Paulista\",\"description\":\"Associa\\u00e7\\u00e3o dos Cervejeiros Artesanais Paulistas\",\"inLanguage\":\"pt-BR\",\"publisher\":{\"@id\":\"https:\\\/\\\/acervapaulista.com.br\\\/wordpress\\\/#organization\"}}]}\n\t\t<\/script>\n\t\t<!-- All in One SEO -->\n\n","aioseo_head_json":{"title":"Workshop sobre malte com o Atelier do Malte - ACervA Paulista","description":"Pessoal, no m\u00eas passado fechamos uma parceria com o ATELIER DO MALTE. Uma maltearia paulista, com uma historia bem bacana, j\u00e1 fizeram at\u00e9 parceria com a cervejaria D\u00e1diva, est\u00e3o come\u00e7ando no mercado e precisam muito do nosso feedback, acho que \u00e9 interessante pra todos esse tipo de iniciativa dentro do nossa casa, ent\u00e3o","canonical_url":"https:\/\/acervapaulista.com.br\/wordpress\/evento\/workshop-sobre-malte-com-o-atelier-do-malte\/","robots":"max-image-preview:large","keywords":"","webmasterTools":{"miscellaneous":""},"schema":{"@context":"https:\/\/schema.org","@graph":[{"@type":"BreadcrumbList","@id":"https:\/\/acervapaulista.com.br\/wordpress\/evento\/workshop-sobre-malte-com-o-atelier-do-malte\/#breadcrumblist","itemListElement":[{"@type":"ListItem","@id":"https:\/\/acervapaulista.com.br\/wordpress#listItem","position":1,"name":"Home","item":"https:\/\/acervapaulista.com.br\/wordpress","nextItem":{"@type":"ListItem","@id":"https:\/\/acervapaulista.com.br\/wordpress\/eventos\/#listItem","name":"Eventos"}},{"@type":"ListItem","@id":"https:\/\/acervapaulista.com.br\/wordpress\/eventos\/#listItem","position":2,"name":"Eventos","item":"https:\/\/acervapaulista.com.br\/wordpress\/eventos\/","nextItem":{"@type":"ListItem","@id":"https:\/\/acervapaulista.com.br\/wordpress\/eventos\/categoria\/palestras\/#listItem","name":"Palestras"},"previousItem":{"@type":"ListItem","@id":"https:\/\/acervapaulista.com.br\/wordpress#listItem","name":"Home"}},{"@type":"ListItem","@id":"https:\/\/acervapaulista.com.br\/wordpress\/eventos\/categoria\/palestras\/#listItem","position":3,"name":"Palestras","item":"https:\/\/acervapaulista.com.br\/wordpress\/eventos\/categoria\/palestras\/","nextItem":{"@type":"ListItem","@id":"https:\/\/acervapaulista.com.br\/wordpress\/evento\/workshop-sobre-malte-com-o-atelier-do-malte\/#listItem","name":"Workshop sobre malte com o Atelier do Malte"},"previousItem":{"@type":"ListItem","@id":"https:\/\/acervapaulista.com.br\/wordpress\/eventos\/#listItem","name":"Eventos"}},{"@type":"ListItem","@id":"https:\/\/acervapaulista.com.br\/wordpress\/evento\/workshop-sobre-malte-com-o-atelier-do-malte\/#listItem","position":4,"name":"Workshop sobre malte com o Atelier do Malte","previousItem":{"@type":"ListItem","@id":"https:\/\/acervapaulista.com.br\/wordpress\/eventos\/categoria\/palestras\/#listItem","name":"Palestras"}}]},{"@type":"Organization","@id":"https:\/\/acervapaulista.com.br\/wordpress\/#organization","name":"ACervA Paulista","description":"Associa\u00e7\u00e3o dos Cervejeiros Artesanais Paulistas","url":"https:\/\/acervapaulista.com.br\/wordpress\/"},{"@type":"Person","@id":"https:\/\/acervapaulista.com.br\/wordpress\/author\/acerva-paulista\/#author","url":"https:\/\/acervapaulista.com.br\/wordpress\/author\/acerva-paulista\/","name":"ACervA Paulista","image":{"@type":"ImageObject","@id":"https:\/\/acervapaulista.com.br\/wordpress\/evento\/workshop-sobre-malte-com-o-atelier-do-malte\/#authorImage","url":"https:\/\/secure.gravatar.com\/avatar\/82a53c3dc8c0f95f206cd4b997ac42614436afd1786d7a017ce41c9d259b8309?s=96&d=mm&r=g","width":96,"height":96,"caption":"ACervA Paulista"}},{"@type":"WebPage","@id":"https:\/\/acervapaulista.com.br\/wordpress\/evento\/workshop-sobre-malte-com-o-atelier-do-malte\/#webpage","url":"https:\/\/acervapaulista.com.br\/wordpress\/evento\/workshop-sobre-malte-com-o-atelier-do-malte\/","name":"Workshop sobre malte com o Atelier do Malte - ACervA Paulista","description":"Pessoal, no m\u00eas passado fechamos uma parceria com o ATELIER DO MALTE. Uma maltearia paulista, com uma historia bem bacana, j\u00e1 fizeram at\u00e9 parceria com a cervejaria D\u00e1diva, est\u00e3o come\u00e7ando no mercado e precisam muito do nosso feedback, acho que \u00e9 interessante pra todos esse tipo de iniciativa dentro do nossa casa, ent\u00e3o","inLanguage":"pt-BR","isPartOf":{"@id":"https:\/\/acervapaulista.com.br\/wordpress\/#website"},"breadcrumb":{"@id":"https:\/\/acervapaulista.com.br\/wordpress\/evento\/workshop-sobre-malte-com-o-atelier-do-malte\/#breadcrumblist"},"author":{"@id":"https:\/\/acervapaulista.com.br\/wordpress\/author\/acerva-paulista\/#author"},"creator":{"@id":"https:\/\/acervapaulista.com.br\/wordpress\/author\/acerva-paulista\/#author"},"datePublished":"2017-07-28T23:32:24-03:00","dateModified":"2017-07-29T00:04:36-03:00"},{"@type":"WebSite","@id":"https:\/\/acervapaulista.com.br\/wordpress\/#website","url":"https:\/\/acervapaulista.com.br\/wordpress\/","name":"ACervA Paulista","description":"Associa\u00e7\u00e3o dos Cervejeiros Artesanais Paulistas","inLanguage":"pt-BR","publisher":{"@id":"https:\/\/acervapaulista.com.br\/wordpress\/#organization"}}]},"og:locale":"pt_BR","og:site_name":"ACervA Paulista - Associa\u00e7\u00e3o dos Cervejeiros Artesanais Paulistas","og:type":"article","og:title":"Workshop sobre malte com o Atelier do Malte - ACervA Paulista","og:description":"Pessoal, no m\u00eas passado fechamos uma parceria com o ATELIER DO MALTE. Uma maltearia paulista, com uma historia bem bacana, j\u00e1 fizeram at\u00e9 parceria com a cervejaria D\u00e1diva, est\u00e3o come\u00e7ando no mercado e precisam muito do nosso feedback, acho que \u00e9 interessante pra todos esse tipo de iniciativa dentro do nossa casa, ent\u00e3o","og:url":"https:\/\/acervapaulista.com.br\/wordpress\/evento\/workshop-sobre-malte-com-o-atelier-do-malte\/","article:published_time":"2017-07-29T02:32:24+00:00","article:modified_time":"2017-07-29T03:04:36+00:00","twitter:card":"summary_large_image","twitter:title":"Workshop sobre malte com o Atelier do Malte - ACervA Paulista","twitter:description":"Pessoal, no m\u00eas passado fechamos uma parceria com o ATELIER DO MALTE. Uma maltearia paulista, com uma historia bem bacana, j\u00e1 fizeram at\u00e9 parceria com a cervejaria D\u00e1diva, est\u00e3o come\u00e7ando no mercado e precisam muito do nosso feedback, acho que \u00e9 interessante pra todos esse tipo de iniciativa dentro do nossa casa, ent\u00e3o"},"aioseo_meta_data":{"post_id":"3707","title":null,"description":null,"keywords":null,"keyphrases":null,"primary_term":null,"canonical_url":null,"og_title":null,"og_description":null,"og_object_type":"default","og_image_type":"default","og_image_url":null,"og_image_width":null,"og_image_height":null,"og_image_custom_url":null,"og_image_custom_fields":null,"og_video":null,"og_custom_url":null,"og_article_section":null,"og_article_tags":null,"twitter_use_og":false,"twitter_card":"default","twitter_image_type":"default","twitter_image_url":null,"twitter_image_custom_url":null,"twitter_image_custom_fields":null,"twitter_title":null,"twitter_description":null,"schema":{"blockGraphs":[],"customGraphs":[],"default":{"data":{"Article":[],"Course":[],"Dataset":[],"FAQPage":[],"Movie":[],"Person":[],"Product":[],"ProductReview":[],"Car":[],"Recipe":[],"Service":[],"SoftwareApplication":[],"WebPage":[]},"graphName":"","isEnabled":true},"graphs":[]},"schema_type":"default","schema_type_options":null,"pillar_content":false,"robots_default":true,"robots_noindex":false,"robots_noarchive":false,"robots_nosnippet":false,"robots_nofollow":false,"robots_noimageindex":false,"robots_noodp":false,"robots_notranslate":false,"robots_max_snippet":null,"robots_max_videopreview":null,"robots_max_imagepreview":"large","priority":null,"frequency":null,"local_seo":null,"breadcrumb_settings":null,"limit_modified_date":false,"ai":null,"created":"2023-10-20 05:21:54","updated":"2025-09-06 13:20:27","seo_analyzer_scan_date":null},"aioseo_breadcrumb":"<div class=\"aioseo-breadcrumbs\"><span class=\"aioseo-breadcrumb\">\n\t\t\t<a href=\"https:\/\/acervapaulista.com.br\/wordpress\" title=\"Home\">Home<\/a>\n\t\t<\/span><span class=\"aioseo-breadcrumb-separator\">&raquo;<\/span><span class=\"aioseo-breadcrumb\">\n\t\t\t<a href=\"https:\/\/acervapaulista.com.br\/wordpress\/eventos\/\" title=\"Eventos\">Eventos<\/a>\n\t\t<\/span><span class=\"aioseo-breadcrumb-separator\">&raquo;<\/span><span class=\"aioseo-breadcrumb\">\n\t\t\t<a href=\"https:\/\/acervapaulista.com.br\/wordpress\/eventos\/categoria\/palestras\/\" title=\"Palestras\">Palestras<\/a>\n\t\t<\/span><span class=\"aioseo-breadcrumb-separator\">&raquo;<\/span><span class=\"aioseo-breadcrumb\">\n\t\t\tWorkshop sobre malte com o Atelier do Malte\n\t\t<\/span><\/div>","aioseo_breadcrumb_json":[{"label":"Home","link":"https:\/\/acervapaulista.com.br\/wordpress"},{"label":"Eventos","link":"https:\/\/acervapaulista.com.br\/wordpress\/eventos\/"},{"label":"Palestras","link":"https:\/\/acervapaulista.com.br\/wordpress\/eventos\/categoria\/palestras\/"},{"label":"Workshop sobre malte com o Atelier do Malte","link":"https:\/\/acervapaulista.com.br\/wordpress\/evento\/workshop-sobre-malte-com-o-atelier-do-malte\/"}],"ticketed":false,"_links":{"self":[{"href":"https:\/\/acervapaulista.com.br\/wordpress\/wp-json\/wp\/v2\/tribe_events\/3707","targetHints":{"allow":["GET"]}}],"collection":[{"href":"https:\/\/acervapaulista.com.br\/wordpress\/wp-json\/wp\/v2\/tribe_events"}],"about":[{"href":"https:\/\/acervapaulista.com.br\/wordpress\/wp-json\/wp\/v2\/types\/tribe_events"}],"author":[{"embeddable":true,"href":"https:\/\/acervapaulista.com.br\/wordpress\/wp-json\/wp\/v2\/users\/1"}],"version-history":[{"count":5,"href":"https:\/\/acervapaulista.com.br\/wordpress\/wp-json\/wp\/v2\/tribe_events\/3707\/revisions"}],"predecessor-version":[{"id":3710,"href":"https:\/\/acervapaulista.com.br\/wordpress\/wp-json\/wp\/v2\/tribe_events\/3707\/revisions\/3710"}],"wp:attachment":[{"href":"https:\/\/acervapaulista.com.br\/wordpress\/wp-json\/wp\/v2\/media?parent=3707"}],"wp:term":[{"taxonomy":"post_tag","embeddable":true,"href":"https:\/\/acervapaulista.com.br\/wordpress\/wp-json\/wp\/v2\/tags?post=3707"},{"taxonomy":"tribe_events_cat","embeddable":true,"href":"https:\/\/acervapaulista.com.br\/wordpress\/wp-json\/wp\/v2\/tribe_events_cat?post=3707"}],"curies":[{"name":"wp","href":"https:\/\/api.w.org\/{rel}","templated":true}]}}