{"id":3689,"date":"2017-06-12T20:06:34","date_gmt":"2017-06-12T23:06:34","guid":{"rendered":"http:\/\/acervapaulista.com.br\/?post_type=tribe_events&#038;p=3689"},"modified":"2017-06-12T20:17:44","modified_gmt":"2017-06-12T23:17:44","slug":"papo-de-cervejeiro-higienizacao-e-sanitizacao","status":"publish","type":"tribe_events","link":"https:\/\/acervapaulista.com.br\/wordpress\/evento\/papo-de-cervejeiro-higienizacao-e-sanitizacao\/","title":{"rendered":"Papo de Cervejeiro &#8211; Higieniza\u00e7\u00e3o e Sanitiza\u00e7\u00e3o"},"content":{"rendered":"<p>Fala galera, tudo certo?<\/p>\n<p>No pr\u00f3ximo dia 21 faremos um bate papo sobre Higieniza\u00e7\u00e3o e Sanitiza\u00e7\u00e3o, abaixo um pouco do que vai rolar e um pouco do Maur\u00edcio \u00e9 quem vai tirar as nossas d\u00favidas.<\/p>\n<p>Conte\u00fado:<\/p>\n<ul>\n<li>Boas Pr\u00e1ticas de Manipula\u00e7\u00e3o<\/li>\n<li>O que \u00e9 Higieniza\u00e7\u00e3o<\/li>\n<li>Tipos de \u201cSujidade\u201d<\/li>\n<li>O que \u00e9: \u00e1cido \/ alcalino ou c\u00e1ustico<\/li>\n<li>Tipos de detergentes e quando os utilizar<\/li>\n<li>Classifica\u00e7\u00e3o de Sujidade<\/li>\n<li>C\u00edrculo de Sinner<\/li>\n<li>Forma Correta de Lavar Pisos<\/li>\n<li>O que \u00e9 Desinfec\u00e7\u00e3o e como fazer<\/li>\n<li>3 Pontos para Higieniza\u00e7\u00e3o: Ambiente de Trabalho, Pessoal e Alimento a ser Manipulado<\/li>\n<li>O que s\u00e3o e quais os tipos de MICROORGANISMOS<\/li>\n<li>Tipos de contamina\u00e7\u00e3o e seu potencial de risco<\/li>\n<li>Como higienizar os utens\u00edlios, equipamentos e ambientes<\/li>\n<\/ul>\n<p>Mini CV:<\/p>\n<div>Bacharel em qu\u00edmica industrial pela USP &#8211; IQFSC ( instituto de qu\u00edmica e f\u00edsica de S\u00e3o Carlos )<\/div>\n<div><\/div>\n<div><strong><em>\u00a0 \u00a0 \u00a0 \u00a0 \u00a0 \u00a0 \u00a0 \u00a0 &#8220;Minha escola foi a Diversey Brasil LTDA ( lideran\u00e7a mundial em <span class=\"il\">higieniza\u00e7\u00e3o<\/span> junto com a ECOLAB ) que me proporcionou estar no segmento de <span class=\"il\">higieniza\u00e7\u00e3o<\/span> profissional desde 1996 quando rec\u00e9m formado. Minha trajet\u00f3ria foi de ser empres\u00e1rio aut\u00f4nomo desde 2000 com a terceiriza\u00e7\u00e3o de fabrica\u00e7\u00e3o de alguns produtos.\u00a0<\/em><\/strong><strong><em>Desde ent\u00e3o atua na \u00e1rea de FBH ( food beverege hygiene )&#8221;<\/em><\/strong><\/div>\n<p>Para fazer sua inscri\u00e7\u00e3o \u00e9 s\u00f3 preencher o formul\u00e1rio abaixo!<\/p>\n[gravityform id=&#8221;30&#8243; title=&#8221;true&#8221; description=&#8221;true&#8221;]\n","protected":false},"excerpt":{"rendered":"<p>Fala galera, tudo certo? No pr\u00f3ximo dia 21 faremos um bate papo sobre Higieniza\u00e7\u00e3o e Sanitiza\u00e7\u00e3o, abaixo um pouco do que vai rolar e um pouco do Maur\u00edcio \u00e9 quem vai tirar as nossas d\u00favidas. Conte\u00fado: Boas Pr\u00e1ticas de Manipula\u00e7\u00e3o O que \u00e9 Higieniza\u00e7\u00e3o Tipos de \u201cSujidade\u201d O que \u00e9: \u00e1cido \/ alcalino ou c\u00e1ustico Tipos de detergentes e quando os utilizar Classifica\u00e7\u00e3o de Sujidade C\u00edrculo de Sinner Forma Correta de Lavar Pisos O que \u00e9 Desinfec\u00e7\u00e3o e como fazer 3 Pontos para Higieniza\u00e7\u00e3o: Ambiente de Trabalho, Pessoal e Alimento a ser Manipulado O que s\u00e3o e quais os tipos de MICROORGANISMOS Tipos de contamina\u00e7\u00e3o e seu potencial de risco Como higienizar os utens\u00edlios, equipamentos e ambientes Mini CV: Bacharel em qu\u00edmica industrial pela USP &#8211; IQFSC ( instituto de qu\u00edmica e f\u00edsica de S\u00e3o Carlos ) \u00a0 \u00a0 \u00a0 \u00a0 \u00a0 \u00a0 \u00a0 \u00a0 &#8220;Minha escola foi a Diversey Brasil LTDA ( lideran\u00e7a mundial em higieniza\u00e7\u00e3o junto com a ECOLAB ) que me proporcionou estar no segmento de higieniza\u00e7\u00e3o profissional desde 1996 quando rec\u00e9m formado. Minha trajet\u00f3ria foi de ser empres\u00e1rio aut\u00f4nomo desde 2000 com a terceiriza\u00e7\u00e3o de fabrica\u00e7\u00e3o de alguns produtos.\u00a0Desde ent\u00e3o atua na \u00e1rea de FBH ( &#8230; <a href=\"https:\/\/acervapaulista.com.br\/wordpress\/evento\/papo-de-cervejeiro-higienizacao-e-sanitizacao\/\" class=\"more-link\">Read More<\/a><\/p>\n","protected":false},"author":1,"featured_media":0,"template":"","meta":{"pmpro_default_level":"","_price":"","_stock":"","_tribe_ticket_header":"","_tribe_default_ticket_provider":"","_tribe_ticket_capacity":"0","_ticket_start_date":"","_ticket_end_date":"","_tribe_ticket_show_description":"","_tribe_ticket_show_not_going":false,"_tribe_ticket_use_global_stock":"","_tribe_ticket_global_stock_level":"0","_global_stock_mode":"","_global_stock_cap":"","_tribe_rsvp_for_event":"","_tribe_ticket_going_count":"","_tribe_ticket_not_going_count":"","_tribe_tickets_list":"[]","_tribe_ticket_has_attendee_info_fields":false,"_tribe_events_status":"","_tribe_events_status_reason":"","footnotes":"","_tec_slr_enabled":"","_tec_slr_layout":""},"tags":[],"tribe_events_cat":[37,60],"class_list":["post-3689","tribe_events","type-tribe_events","status-publish","hentry","tribe_events_cat-cursos","tribe_events_cat-workshop","pmpro-has-access","cat_cursos","cat_workshop","no-post-thumbnail"],"aioseo_notices":[],"aioseo_head":"\n\t\t<!-- All in One SEO 4.9.10 - aioseo.com -->\n\t<meta name=\"description\" content=\"Fala galera, tudo certo? No pr\u00f3ximo dia 21 faremos um bate papo sobre Higieniza\u00e7\u00e3o e Sanitiza\u00e7\u00e3o, abaixo um pouco do que vai rolar e um pouco do Maur\u00edcio \u00e9 quem vai tirar as nossas d\u00favidas. Conte\u00fado: Boas Pr\u00e1ticas de Manipula\u00e7\u00e3o O que \u00e9 Higieniza\u00e7\u00e3o Tipos de \u201cSujidade\u201d O que \u00e9: \u00e1cido \/ alcalino ou c\u00e1ustico\" \/>\n\t<meta name=\"robots\" content=\"max-image-preview:large\" \/>\n\t<meta name=\"author\" content=\"ACervA Paulista\"\/>\n\t<link rel=\"canonical\" href=\"https:\/\/acervapaulista.com.br\/wordpress\/evento\/papo-de-cervejeiro-higienizacao-e-sanitizacao\/\" \/>\n\t<meta name=\"generator\" content=\"All in One SEO (AIOSEO) 4.9.10\" \/>\n\t\t<meta property=\"og:locale\" content=\"pt_BR\" \/>\n\t\t<meta property=\"og:site_name\" content=\"ACervA Paulista - Associa\u00e7\u00e3o dos Cervejeiros Artesanais Paulistas\" \/>\n\t\t<meta property=\"og:type\" content=\"article\" \/>\n\t\t<meta property=\"og:title\" content=\"Papo de Cervejeiro \u2013 Higieniza\u00e7\u00e3o e Sanitiza\u00e7\u00e3o - ACervA Paulista\" \/>\n\t\t<meta property=\"og:description\" content=\"Fala galera, tudo certo? No pr\u00f3ximo dia 21 faremos um bate papo sobre Higieniza\u00e7\u00e3o e Sanitiza\u00e7\u00e3o, abaixo um pouco do que vai rolar e um pouco do Maur\u00edcio \u00e9 quem vai tirar as nossas d\u00favidas. Conte\u00fado: Boas Pr\u00e1ticas de Manipula\u00e7\u00e3o O que \u00e9 Higieniza\u00e7\u00e3o Tipos de \u201cSujidade\u201d O que \u00e9: \u00e1cido \/ alcalino ou c\u00e1ustico\" \/>\n\t\t<meta property=\"og:url\" content=\"https:\/\/acervapaulista.com.br\/wordpress\/evento\/papo-de-cervejeiro-higienizacao-e-sanitizacao\/\" \/>\n\t\t<meta property=\"article:published_time\" content=\"2017-06-12T23:06:34+00:00\" \/>\n\t\t<meta property=\"article:modified_time\" content=\"2017-06-12T23:17:44+00:00\" \/>\n\t\t<meta name=\"twitter:card\" content=\"summary_large_image\" \/>\n\t\t<meta name=\"twitter:title\" content=\"Papo de Cervejeiro \u2013 Higieniza\u00e7\u00e3o e Sanitiza\u00e7\u00e3o - ACervA Paulista\" \/>\n\t\t<meta name=\"twitter:description\" content=\"Fala galera, tudo certo? No pr\u00f3ximo dia 21 faremos um bate papo sobre Higieniza\u00e7\u00e3o e Sanitiza\u00e7\u00e3o, abaixo um pouco do que vai rolar e um pouco do Maur\u00edcio \u00e9 quem vai tirar as nossas d\u00favidas. Conte\u00fado: Boas Pr\u00e1ticas de Manipula\u00e7\u00e3o O que \u00e9 Higieniza\u00e7\u00e3o Tipos de \u201cSujidade\u201d O que \u00e9: \u00e1cido \/ alcalino ou c\u00e1ustico\" \/>\n\t\t<script type=\"application\/ld+json\" class=\"aioseo-schema\">\n\t\t\t{\"@context\":\"https:\\\/\\\/schema.org\",\"@graph\":[{\"@type\":\"BreadcrumbList\",\"@id\":\"https:\\\/\\\/acervapaulista.com.br\\\/wordpress\\\/evento\\\/papo-de-cervejeiro-higienizacao-e-sanitizacao\\\/#breadcrumblist\",\"itemListElement\":[{\"@type\":\"ListItem\",\"@id\":\"https:\\\/\\\/acervapaulista.com.br\\\/wordpress#listItem\",\"position\":1,\"name\":\"Home\",\"item\":\"https:\\\/\\\/acervapaulista.com.br\\\/wordpress\",\"nextItem\":{\"@type\":\"ListItem\",\"@id\":\"https:\\\/\\\/acervapaulista.com.br\\\/wordpress\\\/eventos\\\/#listItem\",\"name\":\"Eventos\"}},{\"@type\":\"ListItem\",\"@id\":\"https:\\\/\\\/acervapaulista.com.br\\\/wordpress\\\/eventos\\\/#listItem\",\"position\":2,\"name\":\"Eventos\",\"item\":\"https:\\\/\\\/acervapaulista.com.br\\\/wordpress\\\/eventos\\\/\",\"nextItem\":{\"@type\":\"ListItem\",\"@id\":\"https:\\\/\\\/acervapaulista.com.br\\\/wordpress\\\/eventos\\\/categoria\\\/cursos\\\/#listItem\",\"name\":\"Cursos\"},\"previousItem\":{\"@type\":\"ListItem\",\"@id\":\"https:\\\/\\\/acervapaulista.com.br\\\/wordpress#listItem\",\"name\":\"Home\"}},{\"@type\":\"ListItem\",\"@id\":\"https:\\\/\\\/acervapaulista.com.br\\\/wordpress\\\/eventos\\\/categoria\\\/cursos\\\/#listItem\",\"position\":3,\"name\":\"Cursos\",\"item\":\"https:\\\/\\\/acervapaulista.com.br\\\/wordpress\\\/eventos\\\/categoria\\\/cursos\\\/\",\"nextItem\":{\"@type\":\"ListItem\",\"@id\":\"https:\\\/\\\/acervapaulista.com.br\\\/wordpress\\\/evento\\\/papo-de-cervejeiro-higienizacao-e-sanitizacao\\\/#listItem\",\"name\":\"Papo de Cervejeiro &#8211; Higieniza\\u00e7\\u00e3o e Sanitiza\\u00e7\\u00e3o\"},\"previousItem\":{\"@type\":\"ListItem\",\"@id\":\"https:\\\/\\\/acervapaulista.com.br\\\/wordpress\\\/eventos\\\/#listItem\",\"name\":\"Eventos\"}},{\"@type\":\"ListItem\",\"@id\":\"https:\\\/\\\/acervapaulista.com.br\\\/wordpress\\\/evento\\\/papo-de-cervejeiro-higienizacao-e-sanitizacao\\\/#listItem\",\"position\":4,\"name\":\"Papo de Cervejeiro &#8211; Higieniza\\u00e7\\u00e3o e Sanitiza\\u00e7\\u00e3o\",\"previousItem\":{\"@type\":\"ListItem\",\"@id\":\"https:\\\/\\\/acervapaulista.com.br\\\/wordpress\\\/eventos\\\/categoria\\\/cursos\\\/#listItem\",\"name\":\"Cursos\"}}]},{\"@type\":\"Organization\",\"@id\":\"https:\\\/\\\/acervapaulista.com.br\\\/wordpress\\\/#organization\",\"name\":\"ACervA Paulista\",\"description\":\"Associa\\u00e7\\u00e3o dos Cervejeiros Artesanais Paulistas\",\"url\":\"https:\\\/\\\/acervapaulista.com.br\\\/wordpress\\\/\"},{\"@type\":\"Person\",\"@id\":\"https:\\\/\\\/acervapaulista.com.br\\\/wordpress\\\/author\\\/acerva-paulista\\\/#author\",\"url\":\"https:\\\/\\\/acervapaulista.com.br\\\/wordpress\\\/author\\\/acerva-paulista\\\/\",\"name\":\"ACervA Paulista\",\"image\":{\"@type\":\"ImageObject\",\"@id\":\"https:\\\/\\\/acervapaulista.com.br\\\/wordpress\\\/evento\\\/papo-de-cervejeiro-higienizacao-e-sanitizacao\\\/#authorImage\",\"url\":\"https:\\\/\\\/secure.gravatar.com\\\/avatar\\\/82a53c3dc8c0f95f206cd4b997ac42614436afd1786d7a017ce41c9d259b8309?s=96&d=mm&r=g\",\"width\":96,\"height\":96,\"caption\":\"ACervA Paulista\"}},{\"@type\":\"WebPage\",\"@id\":\"https:\\\/\\\/acervapaulista.com.br\\\/wordpress\\\/evento\\\/papo-de-cervejeiro-higienizacao-e-sanitizacao\\\/#webpage\",\"url\":\"https:\\\/\\\/acervapaulista.com.br\\\/wordpress\\\/evento\\\/papo-de-cervejeiro-higienizacao-e-sanitizacao\\\/\",\"name\":\"Papo de Cervejeiro \\u2013 Higieniza\\u00e7\\u00e3o e Sanitiza\\u00e7\\u00e3o - ACervA Paulista\",\"description\":\"Fala galera, tudo certo? No pr\\u00f3ximo dia 21 faremos um bate papo sobre Higieniza\\u00e7\\u00e3o e Sanitiza\\u00e7\\u00e3o, abaixo um pouco do que vai rolar e um pouco do Maur\\u00edcio \\u00e9 quem vai tirar as nossas d\\u00favidas. Conte\\u00fado: Boas Pr\\u00e1ticas de Manipula\\u00e7\\u00e3o O que \\u00e9 Higieniza\\u00e7\\u00e3o Tipos de \\u201cSujidade\\u201d O que \\u00e9: \\u00e1cido \\\/ alcalino ou c\\u00e1ustico\",\"inLanguage\":\"pt-BR\",\"isPartOf\":{\"@id\":\"https:\\\/\\\/acervapaulista.com.br\\\/wordpress\\\/#website\"},\"breadcrumb\":{\"@id\":\"https:\\\/\\\/acervapaulista.com.br\\\/wordpress\\\/evento\\\/papo-de-cervejeiro-higienizacao-e-sanitizacao\\\/#breadcrumblist\"},\"author\":{\"@id\":\"https:\\\/\\\/acervapaulista.com.br\\\/wordpress\\\/author\\\/acerva-paulista\\\/#author\"},\"creator\":{\"@id\":\"https:\\\/\\\/acervapaulista.com.br\\\/wordpress\\\/author\\\/acerva-paulista\\\/#author\"},\"datePublished\":\"2017-06-12T20:06:34-03:00\",\"dateModified\":\"2017-06-12T20:17:44-03:00\"},{\"@type\":\"WebSite\",\"@id\":\"https:\\\/\\\/acervapaulista.com.br\\\/wordpress\\\/#website\",\"url\":\"https:\\\/\\\/acervapaulista.com.br\\\/wordpress\\\/\",\"name\":\"ACervA Paulista\",\"description\":\"Associa\\u00e7\\u00e3o dos Cervejeiros Artesanais Paulistas\",\"inLanguage\":\"pt-BR\",\"publisher\":{\"@id\":\"https:\\\/\\\/acervapaulista.com.br\\\/wordpress\\\/#organization\"}}]}\n\t\t<\/script>\n\t\t<!-- All in One SEO -->\n\n","aioseo_head_json":{"title":"Papo de Cervejeiro \u2013 Higieniza\u00e7\u00e3o e Sanitiza\u00e7\u00e3o - ACervA Paulista","description":"Fala galera, tudo certo? No pr\u00f3ximo dia 21 faremos um bate papo sobre Higieniza\u00e7\u00e3o e Sanitiza\u00e7\u00e3o, abaixo um pouco do que vai rolar e um pouco do Maur\u00edcio \u00e9 quem vai tirar as nossas d\u00favidas. Conte\u00fado: Boas Pr\u00e1ticas de Manipula\u00e7\u00e3o O que \u00e9 Higieniza\u00e7\u00e3o Tipos de \u201cSujidade\u201d O que \u00e9: \u00e1cido \/ alcalino ou c\u00e1ustico","canonical_url":"https:\/\/acervapaulista.com.br\/wordpress\/evento\/papo-de-cervejeiro-higienizacao-e-sanitizacao\/","robots":"max-image-preview:large","keywords":"","webmasterTools":{"miscellaneous":""},"schema":{"@context":"https:\/\/schema.org","@graph":[{"@type":"BreadcrumbList","@id":"https:\/\/acervapaulista.com.br\/wordpress\/evento\/papo-de-cervejeiro-higienizacao-e-sanitizacao\/#breadcrumblist","itemListElement":[{"@type":"ListItem","@id":"https:\/\/acervapaulista.com.br\/wordpress#listItem","position":1,"name":"Home","item":"https:\/\/acervapaulista.com.br\/wordpress","nextItem":{"@type":"ListItem","@id":"https:\/\/acervapaulista.com.br\/wordpress\/eventos\/#listItem","name":"Eventos"}},{"@type":"ListItem","@id":"https:\/\/acervapaulista.com.br\/wordpress\/eventos\/#listItem","position":2,"name":"Eventos","item":"https:\/\/acervapaulista.com.br\/wordpress\/eventos\/","nextItem":{"@type":"ListItem","@id":"https:\/\/acervapaulista.com.br\/wordpress\/eventos\/categoria\/cursos\/#listItem","name":"Cursos"},"previousItem":{"@type":"ListItem","@id":"https:\/\/acervapaulista.com.br\/wordpress#listItem","name":"Home"}},{"@type":"ListItem","@id":"https:\/\/acervapaulista.com.br\/wordpress\/eventos\/categoria\/cursos\/#listItem","position":3,"name":"Cursos","item":"https:\/\/acervapaulista.com.br\/wordpress\/eventos\/categoria\/cursos\/","nextItem":{"@type":"ListItem","@id":"https:\/\/acervapaulista.com.br\/wordpress\/evento\/papo-de-cervejeiro-higienizacao-e-sanitizacao\/#listItem","name":"Papo de Cervejeiro &#8211; Higieniza\u00e7\u00e3o e Sanitiza\u00e7\u00e3o"},"previousItem":{"@type":"ListItem","@id":"https:\/\/acervapaulista.com.br\/wordpress\/eventos\/#listItem","name":"Eventos"}},{"@type":"ListItem","@id":"https:\/\/acervapaulista.com.br\/wordpress\/evento\/papo-de-cervejeiro-higienizacao-e-sanitizacao\/#listItem","position":4,"name":"Papo de Cervejeiro &#8211; Higieniza\u00e7\u00e3o e Sanitiza\u00e7\u00e3o","previousItem":{"@type":"ListItem","@id":"https:\/\/acervapaulista.com.br\/wordpress\/eventos\/categoria\/cursos\/#listItem","name":"Cursos"}}]},{"@type":"Organization","@id":"https:\/\/acervapaulista.com.br\/wordpress\/#organization","name":"ACervA Paulista","description":"Associa\u00e7\u00e3o dos Cervejeiros Artesanais Paulistas","url":"https:\/\/acervapaulista.com.br\/wordpress\/"},{"@type":"Person","@id":"https:\/\/acervapaulista.com.br\/wordpress\/author\/acerva-paulista\/#author","url":"https:\/\/acervapaulista.com.br\/wordpress\/author\/acerva-paulista\/","name":"ACervA Paulista","image":{"@type":"ImageObject","@id":"https:\/\/acervapaulista.com.br\/wordpress\/evento\/papo-de-cervejeiro-higienizacao-e-sanitizacao\/#authorImage","url":"https:\/\/secure.gravatar.com\/avatar\/82a53c3dc8c0f95f206cd4b997ac42614436afd1786d7a017ce41c9d259b8309?s=96&d=mm&r=g","width":96,"height":96,"caption":"ACervA Paulista"}},{"@type":"WebPage","@id":"https:\/\/acervapaulista.com.br\/wordpress\/evento\/papo-de-cervejeiro-higienizacao-e-sanitizacao\/#webpage","url":"https:\/\/acervapaulista.com.br\/wordpress\/evento\/papo-de-cervejeiro-higienizacao-e-sanitizacao\/","name":"Papo de Cervejeiro \u2013 Higieniza\u00e7\u00e3o e Sanitiza\u00e7\u00e3o - ACervA Paulista","description":"Fala galera, tudo certo? No pr\u00f3ximo dia 21 faremos um bate papo sobre Higieniza\u00e7\u00e3o e Sanitiza\u00e7\u00e3o, abaixo um pouco do que vai rolar e um pouco do Maur\u00edcio \u00e9 quem vai tirar as nossas d\u00favidas. Conte\u00fado: Boas Pr\u00e1ticas de Manipula\u00e7\u00e3o O que \u00e9 Higieniza\u00e7\u00e3o Tipos de \u201cSujidade\u201d O que \u00e9: \u00e1cido \/ alcalino ou c\u00e1ustico","inLanguage":"pt-BR","isPartOf":{"@id":"https:\/\/acervapaulista.com.br\/wordpress\/#website"},"breadcrumb":{"@id":"https:\/\/acervapaulista.com.br\/wordpress\/evento\/papo-de-cervejeiro-higienizacao-e-sanitizacao\/#breadcrumblist"},"author":{"@id":"https:\/\/acervapaulista.com.br\/wordpress\/author\/acerva-paulista\/#author"},"creator":{"@id":"https:\/\/acervapaulista.com.br\/wordpress\/author\/acerva-paulista\/#author"},"datePublished":"2017-06-12T20:06:34-03:00","dateModified":"2017-06-12T20:17:44-03:00"},{"@type":"WebSite","@id":"https:\/\/acervapaulista.com.br\/wordpress\/#website","url":"https:\/\/acervapaulista.com.br\/wordpress\/","name":"ACervA Paulista","description":"Associa\u00e7\u00e3o dos Cervejeiros Artesanais Paulistas","inLanguage":"pt-BR","publisher":{"@id":"https:\/\/acervapaulista.com.br\/wordpress\/#organization"}}]},"og:locale":"pt_BR","og:site_name":"ACervA Paulista - Associa\u00e7\u00e3o dos Cervejeiros Artesanais Paulistas","og:type":"article","og:title":"Papo de Cervejeiro \u2013 Higieniza\u00e7\u00e3o e Sanitiza\u00e7\u00e3o - ACervA Paulista","og:description":"Fala galera, tudo certo? No pr\u00f3ximo dia 21 faremos um bate papo sobre Higieniza\u00e7\u00e3o e Sanitiza\u00e7\u00e3o, abaixo um pouco do que vai rolar e um pouco do Maur\u00edcio \u00e9 quem vai tirar as nossas d\u00favidas. Conte\u00fado: Boas Pr\u00e1ticas de Manipula\u00e7\u00e3o O que \u00e9 Higieniza\u00e7\u00e3o Tipos de \u201cSujidade\u201d O que \u00e9: \u00e1cido \/ alcalino ou c\u00e1ustico","og:url":"https:\/\/acervapaulista.com.br\/wordpress\/evento\/papo-de-cervejeiro-higienizacao-e-sanitizacao\/","article:published_time":"2017-06-12T23:06:34+00:00","article:modified_time":"2017-06-12T23:17:44+00:00","twitter:card":"summary_large_image","twitter:title":"Papo de Cervejeiro \u2013 Higieniza\u00e7\u00e3o e Sanitiza\u00e7\u00e3o - ACervA Paulista","twitter:description":"Fala galera, tudo certo? No pr\u00f3ximo dia 21 faremos um bate papo sobre Higieniza\u00e7\u00e3o e Sanitiza\u00e7\u00e3o, abaixo um pouco do que vai rolar e um pouco do Maur\u00edcio \u00e9 quem vai tirar as nossas d\u00favidas. Conte\u00fado: Boas Pr\u00e1ticas de Manipula\u00e7\u00e3o O que \u00e9 Higieniza\u00e7\u00e3o Tipos de \u201cSujidade\u201d O que \u00e9: \u00e1cido \/ alcalino ou c\u00e1ustico"},"aioseo_meta_data":{"post_id":"3689","title":null,"description":null,"keywords":null,"keyphrases":null,"primary_term":null,"canonical_url":null,"og_title":null,"og_description":null,"og_object_type":"default","og_image_type":"default","og_image_url":null,"og_image_width":null,"og_image_height":null,"og_image_custom_url":null,"og_image_custom_fields":null,"og_video":null,"og_custom_url":null,"og_article_section":null,"og_article_tags":null,"twitter_use_og":false,"twitter_card":"default","twitter_image_type":"default","twitter_image_url":null,"twitter_image_custom_url":null,"twitter_image_custom_fields":null,"twitter_title":null,"twitter_description":null,"schema":{"blockGraphs":[],"customGraphs":[],"default":{"data":{"Article":[],"Course":[],"Dataset":[],"FAQPage":[],"Movie":[],"Person":[],"Product":[],"ProductReview":[],"Car":[],"Recipe":[],"Service":[],"SoftwareApplication":[],"WebPage":[]},"graphName":"","isEnabled":true},"graphs":[]},"schema_type":"default","schema_type_options":null,"pillar_content":false,"robots_default":true,"robots_noindex":false,"robots_noarchive":false,"robots_nosnippet":false,"robots_nofollow":false,"robots_noimageindex":false,"robots_noodp":false,"robots_notranslate":false,"robots_max_snippet":null,"robots_max_videopreview":null,"robots_max_imagepreview":"large","priority":null,"frequency":null,"local_seo":null,"breadcrumb_settings":null,"limit_modified_date":false,"ai":null,"created":"2023-10-20 05:20:53","updated":"2025-09-06 13:20:27","seo_analyzer_scan_date":null},"aioseo_breadcrumb":"<div class=\"aioseo-breadcrumbs\"><span class=\"aioseo-breadcrumb\">\n\t\t\t<a href=\"https:\/\/acervapaulista.com.br\/wordpress\" title=\"Home\">Home<\/a>\n\t\t<\/span><span class=\"aioseo-breadcrumb-separator\">&raquo;<\/span><span class=\"aioseo-breadcrumb\">\n\t\t\t<a href=\"https:\/\/acervapaulista.com.br\/wordpress\/eventos\/\" title=\"Eventos\">Eventos<\/a>\n\t\t<\/span><span class=\"aioseo-breadcrumb-separator\">&raquo;<\/span><span class=\"aioseo-breadcrumb\">\n\t\t\t<a href=\"https:\/\/acervapaulista.com.br\/wordpress\/eventos\/categoria\/cursos\/\" title=\"Cursos\">Cursos<\/a>\n\t\t<\/span><span class=\"aioseo-breadcrumb-separator\">&raquo;<\/span><span class=\"aioseo-breadcrumb\">\n\t\t\tPapo de Cervejeiro \u2013 Higieniza\u00e7\u00e3o e Sanitiza\u00e7\u00e3o\n\t\t<\/span><\/div>","aioseo_breadcrumb_json":[{"label":"Home","link":"https:\/\/acervapaulista.com.br\/wordpress"},{"label":"Eventos","link":"https:\/\/acervapaulista.com.br\/wordpress\/eventos\/"},{"label":"Cursos","link":"https:\/\/acervapaulista.com.br\/wordpress\/eventos\/categoria\/cursos\/"},{"label":"Papo de Cervejeiro &#8211; Higieniza\u00e7\u00e3o e Sanitiza\u00e7\u00e3o","link":"https:\/\/acervapaulista.com.br\/wordpress\/evento\/papo-de-cervejeiro-higienizacao-e-sanitizacao\/"}],"ticketed":false,"_links":{"self":[{"href":"https:\/\/acervapaulista.com.br\/wordpress\/wp-json\/wp\/v2\/tribe_events\/3689","targetHints":{"allow":["GET"]}}],"collection":[{"href":"https:\/\/acervapaulista.com.br\/wordpress\/wp-json\/wp\/v2\/tribe_events"}],"about":[{"href":"https:\/\/acervapaulista.com.br\/wordpress\/wp-json\/wp\/v2\/types\/tribe_events"}],"author":[{"embeddable":true,"href":"https:\/\/acervapaulista.com.br\/wordpress\/wp-json\/wp\/v2\/users\/1"}],"version-history":[{"count":4,"href":"https:\/\/acervapaulista.com.br\/wordpress\/wp-json\/wp\/v2\/tribe_events\/3689\/revisions"}],"predecessor-version":[{"id":3693,"href":"https:\/\/acervapaulista.com.br\/wordpress\/wp-json\/wp\/v2\/tribe_events\/3689\/revisions\/3693"}],"wp:attachment":[{"href":"https:\/\/acervapaulista.com.br\/wordpress\/wp-json\/wp\/v2\/media?parent=3689"}],"wp:term":[{"taxonomy":"post_tag","embeddable":true,"href":"https:\/\/acervapaulista.com.br\/wordpress\/wp-json\/wp\/v2\/tags?post=3689"},{"taxonomy":"tribe_events_cat","embeddable":true,"href":"https:\/\/acervapaulista.com.br\/wordpress\/wp-json\/wp\/v2\/tribe_events_cat?post=3689"}],"curies":[{"name":"wp","href":"https:\/\/api.w.org\/{rel}","templated":true}]}}