{"id":3554,"date":"2017-03-13T23:01:15","date_gmt":"2017-03-14T02:01:15","guid":{"rendered":"http:\/\/acervapaulista.com.br\/?post_type=tribe_events&#038;p=3554"},"modified":"2017-03-13T23:01:44","modified_gmt":"2017-03-14T02:01:44","slug":"papo-de-cervejeiro-producao-de-cervejas-acidas-e-de-fermentacao-mista-igor-puorro","status":"publish","type":"tribe_events","link":"https:\/\/acervapaulista.com.br\/wordpress\/evento\/papo-de-cervejeiro-producao-de-cervejas-acidas-e-de-fermentacao-mista-igor-puorro\/","title":{"rendered":"Papo de Cervejeiro &#8211; Produ\u00e7\u00e3o de Cervejas \u00c1cidas e de Fermenta\u00e7\u00e3o Mista &#8211; Igor Puorro"},"content":{"rendered":"<p><a href=\"http:\/\/acervapaulista.com.br\/wordpress\/wp-content\/uploads\/2017\/03\/sour-wild-evento.png\"><img loading=\"lazy\" decoding=\"async\" class=\"alignnone size-full wp-image-3555\" src=\"http:\/\/acervapaulista.com.br\/wordpress\/wp-content\/uploads\/2017\/03\/sour-wild-evento.png\" alt=\"sour-wild-evento\" width=\"784\" height=\"295\" \/><\/a><\/p>\n<p>Fala pessoal!!<\/p>\n<p>Convidamos a todos para nosso pr\u00f3ximo papo de cervejeiro que dessa vez falar\u00e1 sobre Produ\u00e7\u00e3o de Cervejas \u00c1cidas e de Fermenta\u00e7\u00e3o Mista com nosso companheiro e ex-presidente da ACervA Igor Puorro.<\/p>\n<p>Os temas abordados ser\u00e3o:<br \/>\n&#8211; A Fermenta\u00e7\u00e3o Mista<br \/>\n&#8211; Wild, Sour e Funk<br \/>\n&#8211; Inspira\u00e7\u00f5es (Estilos)<br \/>\n&#8211; M\u00e9todos Tradicionais de Produ\u00e7\u00e3o<br \/>\n&#8211; Microrganismos n\u00e3o-Saccharomyces cerevisiae<br \/>\n&#8211; Brettanomyces spp.<br \/>\n&#8211; Lactobacillus spp.<br \/>\n&#8211; Pediococcus damnosus<br \/>\n&#8211; Acetobacter spp.<br \/>\n&#8211; Brettanomyces<br \/>\n&#8211; Metabolismos<br \/>\n&#8211; Carboidratos<br \/>\n&#8211; Nitrog\u00eanio<br \/>\n&#8211; Produ\u00e7\u00e3o de \u00c9steres<br \/>\n&#8211; Produ\u00e7\u00e3o de Fen\u00f3is<br \/>\n&#8211; Produ\u00e7\u00e3o de \u00c1cidos<br \/>\n&#8211; Beta-glucosidase<br \/>\n&#8211; Fermenta\u00e7\u00e3o Prim\u00e1ria X Secund\u00e1ria<br \/>\n&#8211; Fontes<br \/>\n&#8211; Lactobacillus spp. e Acidifica\u00e7\u00e3o R\u00e1pida<br \/>\n&#8211; Principais M\u00e9todos<br \/>\n&#8211; Boas Pr\u00e1ticas<br \/>\n&#8211; Fontes<br \/>\n&#8211; Papel dos Barris de Madeira<br \/>\n&#8211; Blend e Solera<\/p>\n<p>Vai participar?? Inscreva-se!!!<\/p>\n[gravityform id=&#8221;27&#8243; title=&#8221;true&#8221; description=&#8221;true&#8221;]\n","protected":false},"excerpt":{"rendered":"<p>Fala pessoal!! Convidamos a todos para nosso pr\u00f3ximo papo de cervejeiro que dessa vez falar\u00e1 sobre Produ\u00e7\u00e3o de Cervejas \u00c1cidas e de Fermenta\u00e7\u00e3o Mista com nosso companheiro e ex-presidente da ACervA Igor Puorro. Os temas abordados ser\u00e3o: &#8211; A Fermenta\u00e7\u00e3o Mista &#8211; Wild, Sour e Funk &#8211; Inspira\u00e7\u00f5es (Estilos) &#8211; M\u00e9todos Tradicionais de Produ\u00e7\u00e3o &#8211; Microrganismos n\u00e3o-Saccharomyces cerevisiae &#8211; Brettanomyces spp. &#8211; Lactobacillus spp. &#8211; Pediococcus damnosus &#8211; Acetobacter spp. &#8211; Brettanomyces &#8211; Metabolismos &#8211; Carboidratos &#8211; Nitrog\u00eanio &#8211; Produ\u00e7\u00e3o de \u00c9steres &#8211; Produ\u00e7\u00e3o de Fen\u00f3is &#8211; Produ\u00e7\u00e3o de \u00c1cidos &#8211; Beta-glucosidase &#8211; Fermenta\u00e7\u00e3o Prim\u00e1ria X Secund\u00e1ria &#8211; Fontes &#8211; Lactobacillus spp. e Acidifica\u00e7\u00e3o R\u00e1pida &#8211; Principais M\u00e9todos &#8211; Boas Pr\u00e1ticas &#8211; Fontes &#8211; Papel dos Barris de Madeira &#8211; Blend e Solera Vai participar?? Inscreva-se!!! [gravityform id=&#8221;27&#8243; title=&#8221;true&#8221; description=&#8221;true&#8221;]<\/p>\n","protected":false},"author":1,"featured_media":0,"template":"","meta":{"pmpro_default_level":"","_price":"","_stock":"","_tribe_ticket_header":"","_tribe_default_ticket_provider":"","_tribe_ticket_capacity":"0","_ticket_start_date":"","_ticket_end_date":"","_tribe_ticket_show_description":"","_tribe_ticket_show_not_going":false,"_tribe_ticket_use_global_stock":"","_tribe_ticket_global_stock_level":"0","_global_stock_mode":"","_global_stock_cap":"","_tribe_rsvp_for_event":"","_tribe_ticket_going_count":"","_tribe_ticket_not_going_count":"","_tribe_tickets_list":"[]","_tribe_ticket_has_attendee_info_fields":false,"_tribe_events_status":"","_tribe_events_status_reason":"","footnotes":"","_tec_slr_enabled":"","_tec_slr_layout":""},"tags":[],"tribe_events_cat":[60],"class_list":["post-3554","tribe_events","type-tribe_events","status-publish","hentry","tribe_events_cat-workshop","pmpro-has-access","cat_workshop","no-post-thumbnail"],"aioseo_notices":[],"aioseo_head":"\n\t\t<!-- All in One SEO 4.9.10 - aioseo.com -->\n\t<meta name=\"description\" content=\"Fala pessoal!! Convidamos a todos para nosso pr\u00f3ximo papo de cervejeiro que dessa vez falar\u00e1 sobre Produ\u00e7\u00e3o de Cervejas \u00c1cidas e de Fermenta\u00e7\u00e3o Mista com nosso companheiro e ex-presidente da ACervA Igor Puorro. Os temas abordados ser\u00e3o: - A Fermenta\u00e7\u00e3o Mista - Wild, Sour e Funk - Inspira\u00e7\u00f5es (Estilos) - M\u00e9todos Tradicionais de Produ\u00e7\u00e3o -\" \/>\n\t<meta name=\"robots\" content=\"max-image-preview:large\" \/>\n\t<meta name=\"author\" content=\"ACervA Paulista\"\/>\n\t<link rel=\"canonical\" href=\"https:\/\/acervapaulista.com.br\/wordpress\/evento\/papo-de-cervejeiro-producao-de-cervejas-acidas-e-de-fermentacao-mista-igor-puorro\/\" \/>\n\t<meta name=\"generator\" content=\"All in One SEO (AIOSEO) 4.9.10\" \/>\n\t\t<meta property=\"og:locale\" content=\"pt_BR\" \/>\n\t\t<meta property=\"og:site_name\" content=\"ACervA Paulista - Associa\u00e7\u00e3o dos Cervejeiros Artesanais Paulistas\" \/>\n\t\t<meta property=\"og:type\" content=\"article\" \/>\n\t\t<meta property=\"og:title\" content=\"Papo de Cervejeiro \u2013 Produ\u00e7\u00e3o de Cervejas \u00c1cidas e de Fermenta\u00e7\u00e3o Mista \u2013 Igor Puorro - ACervA Paulista\" \/>\n\t\t<meta property=\"og:description\" content=\"Fala pessoal!! Convidamos a todos para nosso pr\u00f3ximo papo de cervejeiro que dessa vez falar\u00e1 sobre Produ\u00e7\u00e3o de Cervejas \u00c1cidas e de Fermenta\u00e7\u00e3o Mista com nosso companheiro e ex-presidente da ACervA Igor Puorro. Os temas abordados ser\u00e3o: - A Fermenta\u00e7\u00e3o Mista - Wild, Sour e Funk - Inspira\u00e7\u00f5es (Estilos) - M\u00e9todos Tradicionais de Produ\u00e7\u00e3o -\" \/>\n\t\t<meta property=\"og:url\" content=\"https:\/\/acervapaulista.com.br\/wordpress\/evento\/papo-de-cervejeiro-producao-de-cervejas-acidas-e-de-fermentacao-mista-igor-puorro\/\" \/>\n\t\t<meta property=\"article:published_time\" content=\"2017-03-14T02:01:15+00:00\" \/>\n\t\t<meta property=\"article:modified_time\" content=\"2017-03-14T02:01:44+00:00\" \/>\n\t\t<meta name=\"twitter:card\" content=\"summary_large_image\" \/>\n\t\t<meta name=\"twitter:title\" content=\"Papo de Cervejeiro \u2013 Produ\u00e7\u00e3o de Cervejas \u00c1cidas e de Fermenta\u00e7\u00e3o Mista \u2013 Igor Puorro - ACervA Paulista\" \/>\n\t\t<meta name=\"twitter:description\" content=\"Fala pessoal!! Convidamos a todos para nosso pr\u00f3ximo papo de cervejeiro que dessa vez falar\u00e1 sobre Produ\u00e7\u00e3o de Cervejas \u00c1cidas e de Fermenta\u00e7\u00e3o Mista com nosso companheiro e ex-presidente da ACervA Igor Puorro. Os temas abordados ser\u00e3o: - A Fermenta\u00e7\u00e3o Mista - Wild, Sour e Funk - Inspira\u00e7\u00f5es (Estilos) - M\u00e9todos Tradicionais de Produ\u00e7\u00e3o -\" \/>\n\t\t<script type=\"application\/ld+json\" class=\"aioseo-schema\">\n\t\t\t{\"@context\":\"https:\\\/\\\/schema.org\",\"@graph\":[{\"@type\":\"BreadcrumbList\",\"@id\":\"https:\\\/\\\/acervapaulista.com.br\\\/wordpress\\\/evento\\\/papo-de-cervejeiro-producao-de-cervejas-acidas-e-de-fermentacao-mista-igor-puorro\\\/#breadcrumblist\",\"itemListElement\":[{\"@type\":\"ListItem\",\"@id\":\"https:\\\/\\\/acervapaulista.com.br\\\/wordpress#listItem\",\"position\":1,\"name\":\"Home\",\"item\":\"https:\\\/\\\/acervapaulista.com.br\\\/wordpress\",\"nextItem\":{\"@type\":\"ListItem\",\"@id\":\"https:\\\/\\\/acervapaulista.com.br\\\/wordpress\\\/eventos\\\/#listItem\",\"name\":\"Eventos\"}},{\"@type\":\"ListItem\",\"@id\":\"https:\\\/\\\/acervapaulista.com.br\\\/wordpress\\\/eventos\\\/#listItem\",\"position\":2,\"name\":\"Eventos\",\"item\":\"https:\\\/\\\/acervapaulista.com.br\\\/wordpress\\\/eventos\\\/\",\"nextItem\":{\"@type\":\"ListItem\",\"@id\":\"https:\\\/\\\/acervapaulista.com.br\\\/wordpress\\\/eventos\\\/categoria\\\/workshop\\\/#listItem\",\"name\":\"Workshop\"},\"previousItem\":{\"@type\":\"ListItem\",\"@id\":\"https:\\\/\\\/acervapaulista.com.br\\\/wordpress#listItem\",\"name\":\"Home\"}},{\"@type\":\"ListItem\",\"@id\":\"https:\\\/\\\/acervapaulista.com.br\\\/wordpress\\\/eventos\\\/categoria\\\/workshop\\\/#listItem\",\"position\":3,\"name\":\"Workshop\",\"item\":\"https:\\\/\\\/acervapaulista.com.br\\\/wordpress\\\/eventos\\\/categoria\\\/workshop\\\/\",\"nextItem\":{\"@type\":\"ListItem\",\"@id\":\"https:\\\/\\\/acervapaulista.com.br\\\/wordpress\\\/evento\\\/papo-de-cervejeiro-producao-de-cervejas-acidas-e-de-fermentacao-mista-igor-puorro\\\/#listItem\",\"name\":\"Papo de Cervejeiro &#8211; Produ\\u00e7\\u00e3o de Cervejas \\u00c1cidas e de Fermenta\\u00e7\\u00e3o Mista &#8211; Igor Puorro\"},\"previousItem\":{\"@type\":\"ListItem\",\"@id\":\"https:\\\/\\\/acervapaulista.com.br\\\/wordpress\\\/eventos\\\/#listItem\",\"name\":\"Eventos\"}},{\"@type\":\"ListItem\",\"@id\":\"https:\\\/\\\/acervapaulista.com.br\\\/wordpress\\\/evento\\\/papo-de-cervejeiro-producao-de-cervejas-acidas-e-de-fermentacao-mista-igor-puorro\\\/#listItem\",\"position\":4,\"name\":\"Papo de Cervejeiro &#8211; Produ\\u00e7\\u00e3o de Cervejas \\u00c1cidas e de Fermenta\\u00e7\\u00e3o Mista &#8211; Igor Puorro\",\"previousItem\":{\"@type\":\"ListItem\",\"@id\":\"https:\\\/\\\/acervapaulista.com.br\\\/wordpress\\\/eventos\\\/categoria\\\/workshop\\\/#listItem\",\"name\":\"Workshop\"}}]},{\"@type\":\"Organization\",\"@id\":\"https:\\\/\\\/acervapaulista.com.br\\\/wordpress\\\/#organization\",\"name\":\"ACervA Paulista\",\"description\":\"Associa\\u00e7\\u00e3o dos Cervejeiros Artesanais Paulistas\",\"url\":\"https:\\\/\\\/acervapaulista.com.br\\\/wordpress\\\/\"},{\"@type\":\"Person\",\"@id\":\"https:\\\/\\\/acervapaulista.com.br\\\/wordpress\\\/author\\\/acerva-paulista\\\/#author\",\"url\":\"https:\\\/\\\/acervapaulista.com.br\\\/wordpress\\\/author\\\/acerva-paulista\\\/\",\"name\":\"ACervA Paulista\",\"image\":{\"@type\":\"ImageObject\",\"@id\":\"https:\\\/\\\/acervapaulista.com.br\\\/wordpress\\\/evento\\\/papo-de-cervejeiro-producao-de-cervejas-acidas-e-de-fermentacao-mista-igor-puorro\\\/#authorImage\",\"url\":\"https:\\\/\\\/secure.gravatar.com\\\/avatar\\\/82a53c3dc8c0f95f206cd4b997ac42614436afd1786d7a017ce41c9d259b8309?s=96&d=mm&r=g\",\"width\":96,\"height\":96,\"caption\":\"ACervA Paulista\"}},{\"@type\":\"WebPage\",\"@id\":\"https:\\\/\\\/acervapaulista.com.br\\\/wordpress\\\/evento\\\/papo-de-cervejeiro-producao-de-cervejas-acidas-e-de-fermentacao-mista-igor-puorro\\\/#webpage\",\"url\":\"https:\\\/\\\/acervapaulista.com.br\\\/wordpress\\\/evento\\\/papo-de-cervejeiro-producao-de-cervejas-acidas-e-de-fermentacao-mista-igor-puorro\\\/\",\"name\":\"Papo de Cervejeiro \\u2013 Produ\\u00e7\\u00e3o de Cervejas \\u00c1cidas e de Fermenta\\u00e7\\u00e3o Mista \\u2013 Igor Puorro - ACervA Paulista\",\"description\":\"Fala pessoal!! Convidamos a todos para nosso pr\\u00f3ximo papo de cervejeiro que dessa vez falar\\u00e1 sobre Produ\\u00e7\\u00e3o de Cervejas \\u00c1cidas e de Fermenta\\u00e7\\u00e3o Mista com nosso companheiro e ex-presidente da ACervA Igor Puorro. Os temas abordados ser\\u00e3o: - A Fermenta\\u00e7\\u00e3o Mista - Wild, Sour e Funk - Inspira\\u00e7\\u00f5es (Estilos) - M\\u00e9todos Tradicionais de Produ\\u00e7\\u00e3o -\",\"inLanguage\":\"pt-BR\",\"isPartOf\":{\"@id\":\"https:\\\/\\\/acervapaulista.com.br\\\/wordpress\\\/#website\"},\"breadcrumb\":{\"@id\":\"https:\\\/\\\/acervapaulista.com.br\\\/wordpress\\\/evento\\\/papo-de-cervejeiro-producao-de-cervejas-acidas-e-de-fermentacao-mista-igor-puorro\\\/#breadcrumblist\"},\"author\":{\"@id\":\"https:\\\/\\\/acervapaulista.com.br\\\/wordpress\\\/author\\\/acerva-paulista\\\/#author\"},\"creator\":{\"@id\":\"https:\\\/\\\/acervapaulista.com.br\\\/wordpress\\\/author\\\/acerva-paulista\\\/#author\"},\"datePublished\":\"2017-03-13T23:01:15-03:00\",\"dateModified\":\"2017-03-13T23:01:44-03:00\"},{\"@type\":\"WebSite\",\"@id\":\"https:\\\/\\\/acervapaulista.com.br\\\/wordpress\\\/#website\",\"url\":\"https:\\\/\\\/acervapaulista.com.br\\\/wordpress\\\/\",\"name\":\"ACervA Paulista\",\"description\":\"Associa\\u00e7\\u00e3o dos Cervejeiros Artesanais Paulistas\",\"inLanguage\":\"pt-BR\",\"publisher\":{\"@id\":\"https:\\\/\\\/acervapaulista.com.br\\\/wordpress\\\/#organization\"}}]}\n\t\t<\/script>\n\t\t<!-- All in One SEO -->\n\n","aioseo_head_json":{"title":"Papo de Cervejeiro \u2013 Produ\u00e7\u00e3o de Cervejas \u00c1cidas e de Fermenta\u00e7\u00e3o Mista \u2013 Igor Puorro - ACervA Paulista","description":"Fala pessoal!! Convidamos a todos para nosso pr\u00f3ximo papo de cervejeiro que dessa vez falar\u00e1 sobre Produ\u00e7\u00e3o de Cervejas \u00c1cidas e de Fermenta\u00e7\u00e3o Mista com nosso companheiro e ex-presidente da ACervA Igor Puorro. Os temas abordados ser\u00e3o: - A Fermenta\u00e7\u00e3o Mista - Wild, Sour e Funk - Inspira\u00e7\u00f5es (Estilos) - M\u00e9todos Tradicionais de Produ\u00e7\u00e3o -","canonical_url":"https:\/\/acervapaulista.com.br\/wordpress\/evento\/papo-de-cervejeiro-producao-de-cervejas-acidas-e-de-fermentacao-mista-igor-puorro\/","robots":"max-image-preview:large","keywords":"","webmasterTools":{"miscellaneous":""},"schema":{"@context":"https:\/\/schema.org","@graph":[{"@type":"BreadcrumbList","@id":"https:\/\/acervapaulista.com.br\/wordpress\/evento\/papo-de-cervejeiro-producao-de-cervejas-acidas-e-de-fermentacao-mista-igor-puorro\/#breadcrumblist","itemListElement":[{"@type":"ListItem","@id":"https:\/\/acervapaulista.com.br\/wordpress#listItem","position":1,"name":"Home","item":"https:\/\/acervapaulista.com.br\/wordpress","nextItem":{"@type":"ListItem","@id":"https:\/\/acervapaulista.com.br\/wordpress\/eventos\/#listItem","name":"Eventos"}},{"@type":"ListItem","@id":"https:\/\/acervapaulista.com.br\/wordpress\/eventos\/#listItem","position":2,"name":"Eventos","item":"https:\/\/acervapaulista.com.br\/wordpress\/eventos\/","nextItem":{"@type":"ListItem","@id":"https:\/\/acervapaulista.com.br\/wordpress\/eventos\/categoria\/workshop\/#listItem","name":"Workshop"},"previousItem":{"@type":"ListItem","@id":"https:\/\/acervapaulista.com.br\/wordpress#listItem","name":"Home"}},{"@type":"ListItem","@id":"https:\/\/acervapaulista.com.br\/wordpress\/eventos\/categoria\/workshop\/#listItem","position":3,"name":"Workshop","item":"https:\/\/acervapaulista.com.br\/wordpress\/eventos\/categoria\/workshop\/","nextItem":{"@type":"ListItem","@id":"https:\/\/acervapaulista.com.br\/wordpress\/evento\/papo-de-cervejeiro-producao-de-cervejas-acidas-e-de-fermentacao-mista-igor-puorro\/#listItem","name":"Papo de Cervejeiro &#8211; Produ\u00e7\u00e3o de Cervejas \u00c1cidas e de Fermenta\u00e7\u00e3o Mista &#8211; Igor Puorro"},"previousItem":{"@type":"ListItem","@id":"https:\/\/acervapaulista.com.br\/wordpress\/eventos\/#listItem","name":"Eventos"}},{"@type":"ListItem","@id":"https:\/\/acervapaulista.com.br\/wordpress\/evento\/papo-de-cervejeiro-producao-de-cervejas-acidas-e-de-fermentacao-mista-igor-puorro\/#listItem","position":4,"name":"Papo de Cervejeiro &#8211; Produ\u00e7\u00e3o de Cervejas \u00c1cidas e de Fermenta\u00e7\u00e3o Mista &#8211; Igor Puorro","previousItem":{"@type":"ListItem","@id":"https:\/\/acervapaulista.com.br\/wordpress\/eventos\/categoria\/workshop\/#listItem","name":"Workshop"}}]},{"@type":"Organization","@id":"https:\/\/acervapaulista.com.br\/wordpress\/#organization","name":"ACervA Paulista","description":"Associa\u00e7\u00e3o dos Cervejeiros Artesanais Paulistas","url":"https:\/\/acervapaulista.com.br\/wordpress\/"},{"@type":"Person","@id":"https:\/\/acervapaulista.com.br\/wordpress\/author\/acerva-paulista\/#author","url":"https:\/\/acervapaulista.com.br\/wordpress\/author\/acerva-paulista\/","name":"ACervA Paulista","image":{"@type":"ImageObject","@id":"https:\/\/acervapaulista.com.br\/wordpress\/evento\/papo-de-cervejeiro-producao-de-cervejas-acidas-e-de-fermentacao-mista-igor-puorro\/#authorImage","url":"https:\/\/secure.gravatar.com\/avatar\/82a53c3dc8c0f95f206cd4b997ac42614436afd1786d7a017ce41c9d259b8309?s=96&d=mm&r=g","width":96,"height":96,"caption":"ACervA Paulista"}},{"@type":"WebPage","@id":"https:\/\/acervapaulista.com.br\/wordpress\/evento\/papo-de-cervejeiro-producao-de-cervejas-acidas-e-de-fermentacao-mista-igor-puorro\/#webpage","url":"https:\/\/acervapaulista.com.br\/wordpress\/evento\/papo-de-cervejeiro-producao-de-cervejas-acidas-e-de-fermentacao-mista-igor-puorro\/","name":"Papo de Cervejeiro \u2013 Produ\u00e7\u00e3o de Cervejas \u00c1cidas e de Fermenta\u00e7\u00e3o Mista \u2013 Igor Puorro - ACervA Paulista","description":"Fala pessoal!! Convidamos a todos para nosso pr\u00f3ximo papo de cervejeiro que dessa vez falar\u00e1 sobre Produ\u00e7\u00e3o de Cervejas \u00c1cidas e de Fermenta\u00e7\u00e3o Mista com nosso companheiro e ex-presidente da ACervA Igor Puorro. Os temas abordados ser\u00e3o: - A Fermenta\u00e7\u00e3o Mista - Wild, Sour e Funk - Inspira\u00e7\u00f5es (Estilos) - M\u00e9todos Tradicionais de Produ\u00e7\u00e3o -","inLanguage":"pt-BR","isPartOf":{"@id":"https:\/\/acervapaulista.com.br\/wordpress\/#website"},"breadcrumb":{"@id":"https:\/\/acervapaulista.com.br\/wordpress\/evento\/papo-de-cervejeiro-producao-de-cervejas-acidas-e-de-fermentacao-mista-igor-puorro\/#breadcrumblist"},"author":{"@id":"https:\/\/acervapaulista.com.br\/wordpress\/author\/acerva-paulista\/#author"},"creator":{"@id":"https:\/\/acervapaulista.com.br\/wordpress\/author\/acerva-paulista\/#author"},"datePublished":"2017-03-13T23:01:15-03:00","dateModified":"2017-03-13T23:01:44-03:00"},{"@type":"WebSite","@id":"https:\/\/acervapaulista.com.br\/wordpress\/#website","url":"https:\/\/acervapaulista.com.br\/wordpress\/","name":"ACervA Paulista","description":"Associa\u00e7\u00e3o dos Cervejeiros Artesanais Paulistas","inLanguage":"pt-BR","publisher":{"@id":"https:\/\/acervapaulista.com.br\/wordpress\/#organization"}}]},"og:locale":"pt_BR","og:site_name":"ACervA Paulista - Associa\u00e7\u00e3o dos Cervejeiros Artesanais Paulistas","og:type":"article","og:title":"Papo de Cervejeiro \u2013 Produ\u00e7\u00e3o de Cervejas \u00c1cidas e de Fermenta\u00e7\u00e3o Mista \u2013 Igor Puorro - ACervA Paulista","og:description":"Fala pessoal!! Convidamos a todos para nosso pr\u00f3ximo papo de cervejeiro que dessa vez falar\u00e1 sobre Produ\u00e7\u00e3o de Cervejas \u00c1cidas e de Fermenta\u00e7\u00e3o Mista com nosso companheiro e ex-presidente da ACervA Igor Puorro. Os temas abordados ser\u00e3o: - A Fermenta\u00e7\u00e3o Mista - Wild, Sour e Funk - Inspira\u00e7\u00f5es (Estilos) - M\u00e9todos Tradicionais de Produ\u00e7\u00e3o -","og:url":"https:\/\/acervapaulista.com.br\/wordpress\/evento\/papo-de-cervejeiro-producao-de-cervejas-acidas-e-de-fermentacao-mista-igor-puorro\/","article:published_time":"2017-03-14T02:01:15+00:00","article:modified_time":"2017-03-14T02:01:44+00:00","twitter:card":"summary_large_image","twitter:title":"Papo de Cervejeiro \u2013 Produ\u00e7\u00e3o de Cervejas \u00c1cidas e de Fermenta\u00e7\u00e3o Mista \u2013 Igor Puorro - ACervA Paulista","twitter:description":"Fala pessoal!! Convidamos a todos para nosso pr\u00f3ximo papo de cervejeiro que dessa vez falar\u00e1 sobre Produ\u00e7\u00e3o de Cervejas \u00c1cidas e de Fermenta\u00e7\u00e3o Mista com nosso companheiro e ex-presidente da ACervA Igor Puorro. Os temas abordados ser\u00e3o: - A Fermenta\u00e7\u00e3o Mista - Wild, Sour e Funk - Inspira\u00e7\u00f5es (Estilos) - M\u00e9todos Tradicionais de Produ\u00e7\u00e3o -"},"aioseo_meta_data":{"post_id":"3554","title":null,"description":null,"keywords":null,"keyphrases":null,"primary_term":null,"canonical_url":null,"og_title":null,"og_description":null,"og_object_type":"default","og_image_type":"default","og_image_url":null,"og_image_width":null,"og_image_height":null,"og_image_custom_url":null,"og_image_custom_fields":null,"og_video":null,"og_custom_url":null,"og_article_section":null,"og_article_tags":null,"twitter_use_og":false,"twitter_card":"default","twitter_image_type":"default","twitter_image_url":null,"twitter_image_custom_url":null,"twitter_image_custom_fields":null,"twitter_title":null,"twitter_description":null,"schema":{"blockGraphs":[],"customGraphs":[],"default":{"data":{"Article":[],"Course":[],"Dataset":[],"FAQPage":[],"Movie":[],"Person":[],"Product":[],"ProductReview":[],"Car":[],"Recipe":[],"Service":[],"SoftwareApplication":[],"WebPage":[]},"graphName":"","isEnabled":true},"graphs":[]},"schema_type":"default","schema_type_options":null,"pillar_content":false,"robots_default":true,"robots_noindex":false,"robots_noarchive":false,"robots_nosnippet":false,"robots_nofollow":false,"robots_noimageindex":false,"robots_noodp":false,"robots_notranslate":false,"robots_max_snippet":null,"robots_max_videopreview":null,"robots_max_imagepreview":"large","priority":null,"frequency":null,"local_seo":null,"breadcrumb_settings":null,"limit_modified_date":false,"ai":null,"created":"2023-10-20 05:20:53","updated":"2025-09-06 13:20:27","seo_analyzer_scan_date":null},"aioseo_breadcrumb":"<div class=\"aioseo-breadcrumbs\"><span class=\"aioseo-breadcrumb\">\n\t\t\t<a href=\"https:\/\/acervapaulista.com.br\/wordpress\" title=\"Home\">Home<\/a>\n\t\t<\/span><span class=\"aioseo-breadcrumb-separator\">&raquo;<\/span><span class=\"aioseo-breadcrumb\">\n\t\t\t<a href=\"https:\/\/acervapaulista.com.br\/wordpress\/eventos\/\" title=\"Eventos\">Eventos<\/a>\n\t\t<\/span><span class=\"aioseo-breadcrumb-separator\">&raquo;<\/span><span class=\"aioseo-breadcrumb\">\n\t\t\t<a href=\"https:\/\/acervapaulista.com.br\/wordpress\/eventos\/categoria\/workshop\/\" title=\"Workshop\">Workshop<\/a>\n\t\t<\/span><span class=\"aioseo-breadcrumb-separator\">&raquo;<\/span><span class=\"aioseo-breadcrumb\">\n\t\t\tPapo de Cervejeiro \u2013 Produ\u00e7\u00e3o de Cervejas \u00c1cidas e de Fermenta\u00e7\u00e3o Mista \u2013 Igor Puorro\n\t\t<\/span><\/div>","aioseo_breadcrumb_json":[{"label":"Home","link":"https:\/\/acervapaulista.com.br\/wordpress"},{"label":"Eventos","link":"https:\/\/acervapaulista.com.br\/wordpress\/eventos\/"},{"label":"Workshop","link":"https:\/\/acervapaulista.com.br\/wordpress\/eventos\/categoria\/workshop\/"},{"label":"Papo de Cervejeiro &#8211; Produ\u00e7\u00e3o de Cervejas \u00c1cidas e de Fermenta\u00e7\u00e3o Mista &#8211; Igor Puorro","link":"https:\/\/acervapaulista.com.br\/wordpress\/evento\/papo-de-cervejeiro-producao-de-cervejas-acidas-e-de-fermentacao-mista-igor-puorro\/"}],"ticketed":false,"_links":{"self":[{"href":"https:\/\/acervapaulista.com.br\/wordpress\/wp-json\/wp\/v2\/tribe_events\/3554","targetHints":{"allow":["GET"]}}],"collection":[{"href":"https:\/\/acervapaulista.com.br\/wordpress\/wp-json\/wp\/v2\/tribe_events"}],"about":[{"href":"https:\/\/acervapaulista.com.br\/wordpress\/wp-json\/wp\/v2\/types\/tribe_events"}],"author":[{"embeddable":true,"href":"https:\/\/acervapaulista.com.br\/wordpress\/wp-json\/wp\/v2\/users\/1"}],"version-history":[{"count":2,"href":"https:\/\/acervapaulista.com.br\/wordpress\/wp-json\/wp\/v2\/tribe_events\/3554\/revisions"}],"predecessor-version":[{"id":3557,"href":"https:\/\/acervapaulista.com.br\/wordpress\/wp-json\/wp\/v2\/tribe_events\/3554\/revisions\/3557"}],"wp:attachment":[{"href":"https:\/\/acervapaulista.com.br\/wordpress\/wp-json\/wp\/v2\/media?parent=3554"}],"wp:term":[{"taxonomy":"post_tag","embeddable":true,"href":"https:\/\/acervapaulista.com.br\/wordpress\/wp-json\/wp\/v2\/tags?post=3554"},{"taxonomy":"tribe_events_cat","embeddable":true,"href":"https:\/\/acervapaulista.com.br\/wordpress\/wp-json\/wp\/v2\/tribe_events_cat?post=3554"}],"curies":[{"name":"wp","href":"https:\/\/api.w.org\/{rel}","templated":true}]}}