{"id":3445,"date":"2017-02-14T10:22:22","date_gmt":"2017-02-14T13:22:22","guid":{"rendered":"http:\/\/acervapaulista.com.br\/?post_type=tribe_events&#038;p=3445"},"modified":"2017-02-14T11:43:28","modified_gmt":"2017-02-14T14:43:28","slug":"papo-cervejeiro-com-sergio-muller-ipas-com-30-litros-da-campea","status":"publish","type":"tribe_events","link":"https:\/\/acervapaulista.com.br\/wordpress\/evento\/papo-cervejeiro-com-sergio-muller-ipas-com-30-litros-da-campea\/","title":{"rendered":"Papo Cervejeiro com S\u00e9rgio M\u00fcller &#8211; IPA\u00b4s &#8211; Com 30 litros da campe\u00e3!!!"},"content":{"rendered":"<p><a href=\"http:\/\/acervapaulista.com.br\/wordpress\/wp-content\/uploads\/2017\/02\/Papo-Cervejeiro-Ipas_menor.jpg\"><img loading=\"lazy\" decoding=\"async\" class=\"alignnone size-full wp-image-3450\" src=\"http:\/\/acervapaulista.com.br\/wordpress\/wp-content\/uploads\/2017\/02\/Papo-Cervejeiro-Ipas_menor.jpg\" alt=\"Papo Cervejeiro - Ipas_menor\" width=\"960\" height=\"403\" \/><\/a><\/p>\n<p>Salve Cervejeiras e Cervejeiros.<\/p>\n<p>Convidamos a todos para um bate papo no dia 04 de mar\u00e7o com o cervejeiro Sergio M\u00fcller sobre IPA\u00b4s.<\/p>\n<p>Segue a lista de premia\u00e7\u00f5es do S\u00e9rgio, para terem uma ideia de porque chamamos ele pra fazer este bate papo!<\/p>\n<p>.\u00a0Vice-Campe\u00e3o no Concurso\u00a0Estadual da AcervA Paulista (2015): Double IPA<\/p>\n<p>. Medalha de Ouro na Categoria American IPA no Concurso Nacional das AcervAs (2016)<\/p>\n<p>. Medalha de Bronze na Categoria Wee Heavy\u00a0Concurso Nacional das AcervAs (2016)<\/p>\n<p>. Melhor na Categoria Black IPA no\u00a0Concurso\u00a0Estadual da AcervA Paulista (2016)<\/p>\n<p>. Melhor na Categoria Belgian IPA e Campe\u00e3 do\u00a0Concurso\u00a0Estadual da AcervA Paulista (2016)<\/p>\n<p>Ele tem estudado bastante sobre o assunto e vai dividir as experi\u00eancias dele com a gente!<\/p>\n<p>E de brinde, ele gentilmente cedeu para a ACervA 30 litros que fazia parte do seu pr\u00eamio, da sua Belgian IPA, fabricada pela cervejaria Votus pra que seja servida no dia!<\/p>\n<p>No dia tamb\u00e9m convidamos uma parceira pra fazer uns hotdogs maravilhosos, com duas op\u00e7\u00f5es de\u00a0farofa de pururuca com cheddar e tomate confitado com creamcheese e\u00a0com salsicha viena e maionese de alho assado a just\u00edssimos\u00a0R$15.<\/p>\n<p>Nosso muito obrigado ao S\u00e9rgio pela for\u00e7a e pela gentileza do chopp e nos vemos l\u00e1!<\/p>\n<p>Inscri\u00e7\u00f5es:<\/p>\n[gravityform id=&#8221;24&#8243; title=&#8221;true&#8221; description=&#8221;true&#8221;]\n","protected":false},"excerpt":{"rendered":"<p>Salve Cervejeiras e Cervejeiros. Convidamos a todos para um bate papo no dia 04 de mar\u00e7o com o cervejeiro Sergio M\u00fcller sobre IPA\u00b4s. Segue a lista de premia\u00e7\u00f5es do S\u00e9rgio, para terem uma ideia de porque chamamos ele pra fazer este bate papo! .\u00a0Vice-Campe\u00e3o no Concurso\u00a0Estadual da AcervA Paulista (2015): Double IPA . Medalha de Ouro na Categoria American IPA no Concurso Nacional das AcervAs (2016) . Medalha de Bronze na Categoria Wee Heavy\u00a0Concurso Nacional das AcervAs (2016) . Melhor na Categoria Black IPA no\u00a0Concurso\u00a0Estadual da AcervA Paulista (2016) . Melhor na Categoria Belgian IPA e Campe\u00e3 do\u00a0Concurso\u00a0Estadual da AcervA Paulista (2016) Ele tem estudado bastante sobre o assunto e vai dividir as experi\u00eancias dele com a gente! E de brinde, ele gentilmente cedeu para a ACervA 30 litros que fazia parte do seu pr\u00eamio, da sua Belgian IPA, fabricada pela cervejaria Votus pra que seja servida no dia! No dia tamb\u00e9m convidamos uma parceira pra fazer uns hotdogs maravilhosos, com duas op\u00e7\u00f5es de\u00a0farofa de pururuca com cheddar e tomate confitado com creamcheese e\u00a0com salsicha viena e maionese de alho assado a just\u00edssimos\u00a0R$15. Nosso muito obrigado ao S\u00e9rgio pela for\u00e7a e pela gentileza do chopp e nos vemos l\u00e1! Inscri\u00e7\u00f5es: &#8230; <a href=\"https:\/\/acervapaulista.com.br\/wordpress\/evento\/papo-cervejeiro-com-sergio-muller-ipas-com-30-litros-da-campea\/\" class=\"more-link\">Read More<\/a><\/p>\n","protected":false},"author":1,"featured_media":0,"template":"","meta":{"pmpro_default_level":"","_price":"","_stock":"","_tribe_ticket_header":"","_tribe_default_ticket_provider":"","_tribe_ticket_capacity":"0","_ticket_start_date":"","_ticket_end_date":"","_tribe_ticket_show_description":"","_tribe_ticket_show_not_going":false,"_tribe_ticket_use_global_stock":"","_tribe_ticket_global_stock_level":"0","_global_stock_mode":"","_global_stock_cap":"","_tribe_rsvp_for_event":"","_tribe_ticket_going_count":"","_tribe_ticket_not_going_count":"","_tribe_tickets_list":"[]","_tribe_ticket_has_attendee_info_fields":false,"_tribe_events_status":"","_tribe_events_status_reason":"","footnotes":"","_tec_slr_enabled":"","_tec_slr_layout":""},"tags":[],"tribe_events_cat":[60],"class_list":["post-3445","tribe_events","type-tribe_events","status-publish","hentry","tribe_events_cat-workshop","pmpro-has-access","cat_workshop","no-post-thumbnail"],"aioseo_notices":[],"aioseo_head":"\n\t\t<!-- All in One SEO 4.9.10 - aioseo.com -->\n\t<meta name=\"description\" content=\"Salve Cervejeiras e Cervejeiros. Convidamos a todos para um bate papo no dia 04 de mar\u00e7o com o cervejeiro Sergio M\u00fcller sobre IPA\u00b4s. Segue a lista de premia\u00e7\u00f5es do S\u00e9rgio, para terem uma ideia de porque chamamos ele pra fazer este bate papo! . Vice-Campe\u00e3o no Concurso Estadual da AcervA Paulista (2015): Double IPA . Medalha de\" \/>\n\t<meta name=\"robots\" content=\"max-image-preview:large\" \/>\n\t<meta name=\"author\" content=\"ACervA Paulista\"\/>\n\t<link rel=\"canonical\" href=\"https:\/\/acervapaulista.com.br\/wordpress\/evento\/papo-cervejeiro-com-sergio-muller-ipas-com-30-litros-da-campea\/\" \/>\n\t<meta name=\"generator\" content=\"All in One SEO (AIOSEO) 4.9.10\" \/>\n\t\t<meta property=\"og:locale\" content=\"pt_BR\" \/>\n\t\t<meta property=\"og:site_name\" content=\"ACervA Paulista - Associa\u00e7\u00e3o dos Cervejeiros Artesanais Paulistas\" \/>\n\t\t<meta property=\"og:type\" content=\"article\" \/>\n\t\t<meta property=\"og:title\" content=\"Papo Cervejeiro com S\u00e9rgio M\u00fcller \u2013 IPA\u00b4s \u2013 Com 30 litros da campe\u00e3!!! - ACervA Paulista\" \/>\n\t\t<meta property=\"og:description\" content=\"Salve Cervejeiras e Cervejeiros. Convidamos a todos para um bate papo no dia 04 de mar\u00e7o com o cervejeiro Sergio M\u00fcller sobre IPA\u00b4s. Segue a lista de premia\u00e7\u00f5es do S\u00e9rgio, para terem uma ideia de porque chamamos ele pra fazer este bate papo! . Vice-Campe\u00e3o no Concurso Estadual da AcervA Paulista (2015): Double IPA . Medalha de\" \/>\n\t\t<meta property=\"og:url\" content=\"https:\/\/acervapaulista.com.br\/wordpress\/evento\/papo-cervejeiro-com-sergio-muller-ipas-com-30-litros-da-campea\/\" \/>\n\t\t<meta property=\"article:published_time\" content=\"2017-02-14T13:22:22+00:00\" \/>\n\t\t<meta property=\"article:modified_time\" content=\"2017-02-14T14:43:28+00:00\" \/>\n\t\t<meta name=\"twitter:card\" content=\"summary_large_image\" \/>\n\t\t<meta name=\"twitter:title\" content=\"Papo Cervejeiro com S\u00e9rgio M\u00fcller \u2013 IPA\u00b4s \u2013 Com 30 litros da campe\u00e3!!! - ACervA Paulista\" \/>\n\t\t<meta name=\"twitter:description\" content=\"Salve Cervejeiras e Cervejeiros. Convidamos a todos para um bate papo no dia 04 de mar\u00e7o com o cervejeiro Sergio M\u00fcller sobre IPA\u00b4s. Segue a lista de premia\u00e7\u00f5es do S\u00e9rgio, para terem uma ideia de porque chamamos ele pra fazer este bate papo! . Vice-Campe\u00e3o no Concurso Estadual da AcervA Paulista (2015): Double IPA . Medalha de\" \/>\n\t\t<script type=\"application\/ld+json\" class=\"aioseo-schema\">\n\t\t\t{\"@context\":\"https:\\\/\\\/schema.org\",\"@graph\":[{\"@type\":\"BreadcrumbList\",\"@id\":\"https:\\\/\\\/acervapaulista.com.br\\\/wordpress\\\/evento\\\/papo-cervejeiro-com-sergio-muller-ipas-com-30-litros-da-campea\\\/#breadcrumblist\",\"itemListElement\":[{\"@type\":\"ListItem\",\"@id\":\"https:\\\/\\\/acervapaulista.com.br\\\/wordpress#listItem\",\"position\":1,\"name\":\"Home\",\"item\":\"https:\\\/\\\/acervapaulista.com.br\\\/wordpress\",\"nextItem\":{\"@type\":\"ListItem\",\"@id\":\"https:\\\/\\\/acervapaulista.com.br\\\/wordpress\\\/eventos\\\/#listItem\",\"name\":\"Eventos\"}},{\"@type\":\"ListItem\",\"@id\":\"https:\\\/\\\/acervapaulista.com.br\\\/wordpress\\\/eventos\\\/#listItem\",\"position\":2,\"name\":\"Eventos\",\"item\":\"https:\\\/\\\/acervapaulista.com.br\\\/wordpress\\\/eventos\\\/\",\"nextItem\":{\"@type\":\"ListItem\",\"@id\":\"https:\\\/\\\/acervapaulista.com.br\\\/wordpress\\\/eventos\\\/categoria\\\/workshop\\\/#listItem\",\"name\":\"Workshop\"},\"previousItem\":{\"@type\":\"ListItem\",\"@id\":\"https:\\\/\\\/acervapaulista.com.br\\\/wordpress#listItem\",\"name\":\"Home\"}},{\"@type\":\"ListItem\",\"@id\":\"https:\\\/\\\/acervapaulista.com.br\\\/wordpress\\\/eventos\\\/categoria\\\/workshop\\\/#listItem\",\"position\":3,\"name\":\"Workshop\",\"item\":\"https:\\\/\\\/acervapaulista.com.br\\\/wordpress\\\/eventos\\\/categoria\\\/workshop\\\/\",\"nextItem\":{\"@type\":\"ListItem\",\"@id\":\"https:\\\/\\\/acervapaulista.com.br\\\/wordpress\\\/evento\\\/papo-cervejeiro-com-sergio-muller-ipas-com-30-litros-da-campea\\\/#listItem\",\"name\":\"Papo Cervejeiro com S\\u00e9rgio M\\u00fcller &#8211; IPA\\u00b4s &#8211; Com 30 litros da campe\\u00e3!!!\"},\"previousItem\":{\"@type\":\"ListItem\",\"@id\":\"https:\\\/\\\/acervapaulista.com.br\\\/wordpress\\\/eventos\\\/#listItem\",\"name\":\"Eventos\"}},{\"@type\":\"ListItem\",\"@id\":\"https:\\\/\\\/acervapaulista.com.br\\\/wordpress\\\/evento\\\/papo-cervejeiro-com-sergio-muller-ipas-com-30-litros-da-campea\\\/#listItem\",\"position\":4,\"name\":\"Papo Cervejeiro com S\\u00e9rgio M\\u00fcller &#8211; IPA\\u00b4s &#8211; Com 30 litros da campe\\u00e3!!!\",\"previousItem\":{\"@type\":\"ListItem\",\"@id\":\"https:\\\/\\\/acervapaulista.com.br\\\/wordpress\\\/eventos\\\/categoria\\\/workshop\\\/#listItem\",\"name\":\"Workshop\"}}]},{\"@type\":\"Organization\",\"@id\":\"https:\\\/\\\/acervapaulista.com.br\\\/wordpress\\\/#organization\",\"name\":\"ACervA Paulista\",\"description\":\"Associa\\u00e7\\u00e3o dos Cervejeiros Artesanais Paulistas\",\"url\":\"https:\\\/\\\/acervapaulista.com.br\\\/wordpress\\\/\"},{\"@type\":\"Person\",\"@id\":\"https:\\\/\\\/acervapaulista.com.br\\\/wordpress\\\/author\\\/acerva-paulista\\\/#author\",\"url\":\"https:\\\/\\\/acervapaulista.com.br\\\/wordpress\\\/author\\\/acerva-paulista\\\/\",\"name\":\"ACervA Paulista\",\"image\":{\"@type\":\"ImageObject\",\"@id\":\"https:\\\/\\\/acervapaulista.com.br\\\/wordpress\\\/evento\\\/papo-cervejeiro-com-sergio-muller-ipas-com-30-litros-da-campea\\\/#authorImage\",\"url\":\"https:\\\/\\\/secure.gravatar.com\\\/avatar\\\/82a53c3dc8c0f95f206cd4b997ac42614436afd1786d7a017ce41c9d259b8309?s=96&d=mm&r=g\",\"width\":96,\"height\":96,\"caption\":\"ACervA Paulista\"}},{\"@type\":\"WebPage\",\"@id\":\"https:\\\/\\\/acervapaulista.com.br\\\/wordpress\\\/evento\\\/papo-cervejeiro-com-sergio-muller-ipas-com-30-litros-da-campea\\\/#webpage\",\"url\":\"https:\\\/\\\/acervapaulista.com.br\\\/wordpress\\\/evento\\\/papo-cervejeiro-com-sergio-muller-ipas-com-30-litros-da-campea\\\/\",\"name\":\"Papo Cervejeiro com S\\u00e9rgio M\\u00fcller \\u2013 IPA\\u00b4s \\u2013 Com 30 litros da campe\\u00e3!!! - ACervA Paulista\",\"description\":\"Salve Cervejeiras e Cervejeiros. Convidamos a todos para um bate papo no dia 04 de mar\\u00e7o com o cervejeiro Sergio M\\u00fcller sobre IPA\\u00b4s. Segue a lista de premia\\u00e7\\u00f5es do S\\u00e9rgio, para terem uma ideia de porque chamamos ele pra fazer este bate papo! . Vice-Campe\\u00e3o no Concurso Estadual da AcervA Paulista (2015): Double IPA . Medalha de\",\"inLanguage\":\"pt-BR\",\"isPartOf\":{\"@id\":\"https:\\\/\\\/acervapaulista.com.br\\\/wordpress\\\/#website\"},\"breadcrumb\":{\"@id\":\"https:\\\/\\\/acervapaulista.com.br\\\/wordpress\\\/evento\\\/papo-cervejeiro-com-sergio-muller-ipas-com-30-litros-da-campea\\\/#breadcrumblist\"},\"author\":{\"@id\":\"https:\\\/\\\/acervapaulista.com.br\\\/wordpress\\\/author\\\/acerva-paulista\\\/#author\"},\"creator\":{\"@id\":\"https:\\\/\\\/acervapaulista.com.br\\\/wordpress\\\/author\\\/acerva-paulista\\\/#author\"},\"datePublished\":\"2017-02-14T10:22:22-02:00\",\"dateModified\":\"2017-02-14T11:43:28-02:00\"},{\"@type\":\"WebSite\",\"@id\":\"https:\\\/\\\/acervapaulista.com.br\\\/wordpress\\\/#website\",\"url\":\"https:\\\/\\\/acervapaulista.com.br\\\/wordpress\\\/\",\"name\":\"ACervA Paulista\",\"description\":\"Associa\\u00e7\\u00e3o dos Cervejeiros Artesanais Paulistas\",\"inLanguage\":\"pt-BR\",\"publisher\":{\"@id\":\"https:\\\/\\\/acervapaulista.com.br\\\/wordpress\\\/#organization\"}}]}\n\t\t<\/script>\n\t\t<!-- All in One SEO -->\n\n","aioseo_head_json":{"title":"Papo Cervejeiro com S\u00e9rgio M\u00fcller \u2013 IPA\u00b4s \u2013 Com 30 litros da campe\u00e3!!! - ACervA Paulista","description":"Salve Cervejeiras e Cervejeiros. Convidamos a todos para um bate papo no dia 04 de mar\u00e7o com o cervejeiro Sergio M\u00fcller sobre IPA\u00b4s. Segue a lista de premia\u00e7\u00f5es do S\u00e9rgio, para terem uma ideia de porque chamamos ele pra fazer este bate papo! . Vice-Campe\u00e3o no Concurso Estadual da AcervA Paulista (2015): Double IPA . Medalha de","canonical_url":"https:\/\/acervapaulista.com.br\/wordpress\/evento\/papo-cervejeiro-com-sergio-muller-ipas-com-30-litros-da-campea\/","robots":"max-image-preview:large","keywords":"","webmasterTools":{"miscellaneous":""},"schema":{"@context":"https:\/\/schema.org","@graph":[{"@type":"BreadcrumbList","@id":"https:\/\/acervapaulista.com.br\/wordpress\/evento\/papo-cervejeiro-com-sergio-muller-ipas-com-30-litros-da-campea\/#breadcrumblist","itemListElement":[{"@type":"ListItem","@id":"https:\/\/acervapaulista.com.br\/wordpress#listItem","position":1,"name":"Home","item":"https:\/\/acervapaulista.com.br\/wordpress","nextItem":{"@type":"ListItem","@id":"https:\/\/acervapaulista.com.br\/wordpress\/eventos\/#listItem","name":"Eventos"}},{"@type":"ListItem","@id":"https:\/\/acervapaulista.com.br\/wordpress\/eventos\/#listItem","position":2,"name":"Eventos","item":"https:\/\/acervapaulista.com.br\/wordpress\/eventos\/","nextItem":{"@type":"ListItem","@id":"https:\/\/acervapaulista.com.br\/wordpress\/eventos\/categoria\/workshop\/#listItem","name":"Workshop"},"previousItem":{"@type":"ListItem","@id":"https:\/\/acervapaulista.com.br\/wordpress#listItem","name":"Home"}},{"@type":"ListItem","@id":"https:\/\/acervapaulista.com.br\/wordpress\/eventos\/categoria\/workshop\/#listItem","position":3,"name":"Workshop","item":"https:\/\/acervapaulista.com.br\/wordpress\/eventos\/categoria\/workshop\/","nextItem":{"@type":"ListItem","@id":"https:\/\/acervapaulista.com.br\/wordpress\/evento\/papo-cervejeiro-com-sergio-muller-ipas-com-30-litros-da-campea\/#listItem","name":"Papo Cervejeiro com S\u00e9rgio M\u00fcller &#8211; IPA\u00b4s &#8211; Com 30 litros da campe\u00e3!!!"},"previousItem":{"@type":"ListItem","@id":"https:\/\/acervapaulista.com.br\/wordpress\/eventos\/#listItem","name":"Eventos"}},{"@type":"ListItem","@id":"https:\/\/acervapaulista.com.br\/wordpress\/evento\/papo-cervejeiro-com-sergio-muller-ipas-com-30-litros-da-campea\/#listItem","position":4,"name":"Papo Cervejeiro com S\u00e9rgio M\u00fcller &#8211; IPA\u00b4s &#8211; Com 30 litros da campe\u00e3!!!","previousItem":{"@type":"ListItem","@id":"https:\/\/acervapaulista.com.br\/wordpress\/eventos\/categoria\/workshop\/#listItem","name":"Workshop"}}]},{"@type":"Organization","@id":"https:\/\/acervapaulista.com.br\/wordpress\/#organization","name":"ACervA Paulista","description":"Associa\u00e7\u00e3o dos Cervejeiros Artesanais Paulistas","url":"https:\/\/acervapaulista.com.br\/wordpress\/"},{"@type":"Person","@id":"https:\/\/acervapaulista.com.br\/wordpress\/author\/acerva-paulista\/#author","url":"https:\/\/acervapaulista.com.br\/wordpress\/author\/acerva-paulista\/","name":"ACervA Paulista","image":{"@type":"ImageObject","@id":"https:\/\/acervapaulista.com.br\/wordpress\/evento\/papo-cervejeiro-com-sergio-muller-ipas-com-30-litros-da-campea\/#authorImage","url":"https:\/\/secure.gravatar.com\/avatar\/82a53c3dc8c0f95f206cd4b997ac42614436afd1786d7a017ce41c9d259b8309?s=96&d=mm&r=g","width":96,"height":96,"caption":"ACervA Paulista"}},{"@type":"WebPage","@id":"https:\/\/acervapaulista.com.br\/wordpress\/evento\/papo-cervejeiro-com-sergio-muller-ipas-com-30-litros-da-campea\/#webpage","url":"https:\/\/acervapaulista.com.br\/wordpress\/evento\/papo-cervejeiro-com-sergio-muller-ipas-com-30-litros-da-campea\/","name":"Papo Cervejeiro com S\u00e9rgio M\u00fcller \u2013 IPA\u00b4s \u2013 Com 30 litros da campe\u00e3!!! - ACervA Paulista","description":"Salve Cervejeiras e Cervejeiros. Convidamos a todos para um bate papo no dia 04 de mar\u00e7o com o cervejeiro Sergio M\u00fcller sobre IPA\u00b4s. Segue a lista de premia\u00e7\u00f5es do S\u00e9rgio, para terem uma ideia de porque chamamos ele pra fazer este bate papo! . Vice-Campe\u00e3o no Concurso Estadual da AcervA Paulista (2015): Double IPA . Medalha de","inLanguage":"pt-BR","isPartOf":{"@id":"https:\/\/acervapaulista.com.br\/wordpress\/#website"},"breadcrumb":{"@id":"https:\/\/acervapaulista.com.br\/wordpress\/evento\/papo-cervejeiro-com-sergio-muller-ipas-com-30-litros-da-campea\/#breadcrumblist"},"author":{"@id":"https:\/\/acervapaulista.com.br\/wordpress\/author\/acerva-paulista\/#author"},"creator":{"@id":"https:\/\/acervapaulista.com.br\/wordpress\/author\/acerva-paulista\/#author"},"datePublished":"2017-02-14T10:22:22-02:00","dateModified":"2017-02-14T11:43:28-02:00"},{"@type":"WebSite","@id":"https:\/\/acervapaulista.com.br\/wordpress\/#website","url":"https:\/\/acervapaulista.com.br\/wordpress\/","name":"ACervA Paulista","description":"Associa\u00e7\u00e3o dos Cervejeiros Artesanais Paulistas","inLanguage":"pt-BR","publisher":{"@id":"https:\/\/acervapaulista.com.br\/wordpress\/#organization"}}]},"og:locale":"pt_BR","og:site_name":"ACervA Paulista - Associa\u00e7\u00e3o dos Cervejeiros Artesanais Paulistas","og:type":"article","og:title":"Papo Cervejeiro com S\u00e9rgio M\u00fcller \u2013 IPA\u00b4s \u2013 Com 30 litros da campe\u00e3!!! - ACervA Paulista","og:description":"Salve Cervejeiras e Cervejeiros. Convidamos a todos para um bate papo no dia 04 de mar\u00e7o com o cervejeiro Sergio M\u00fcller sobre IPA\u00b4s. Segue a lista de premia\u00e7\u00f5es do S\u00e9rgio, para terem uma ideia de porque chamamos ele pra fazer este bate papo! . Vice-Campe\u00e3o no Concurso Estadual da AcervA Paulista (2015): Double IPA . Medalha de","og:url":"https:\/\/acervapaulista.com.br\/wordpress\/evento\/papo-cervejeiro-com-sergio-muller-ipas-com-30-litros-da-campea\/","article:published_time":"2017-02-14T13:22:22+00:00","article:modified_time":"2017-02-14T14:43:28+00:00","twitter:card":"summary_large_image","twitter:title":"Papo Cervejeiro com S\u00e9rgio M\u00fcller \u2013 IPA\u00b4s \u2013 Com 30 litros da campe\u00e3!!! - ACervA Paulista","twitter:description":"Salve Cervejeiras e Cervejeiros. Convidamos a todos para um bate papo no dia 04 de mar\u00e7o com o cervejeiro Sergio M\u00fcller sobre IPA\u00b4s. Segue a lista de premia\u00e7\u00f5es do S\u00e9rgio, para terem uma ideia de porque chamamos ele pra fazer este bate papo! . Vice-Campe\u00e3o no Concurso Estadual da AcervA Paulista (2015): Double IPA . Medalha de"},"aioseo_meta_data":{"post_id":"3445","title":null,"description":null,"keywords":null,"keyphrases":null,"primary_term":null,"canonical_url":null,"og_title":null,"og_description":null,"og_object_type":"default","og_image_type":"default","og_image_url":null,"og_image_width":null,"og_image_height":null,"og_image_custom_url":null,"og_image_custom_fields":null,"og_video":null,"og_custom_url":null,"og_article_section":null,"og_article_tags":null,"twitter_use_og":false,"twitter_card":"default","twitter_image_type":"default","twitter_image_url":null,"twitter_image_custom_url":null,"twitter_image_custom_fields":null,"twitter_title":null,"twitter_description":null,"schema":{"blockGraphs":[],"customGraphs":[],"default":{"data":{"Article":[],"Course":[],"Dataset":[],"FAQPage":[],"Movie":[],"Person":[],"Product":[],"ProductReview":[],"Car":[],"Recipe":[],"Service":[],"SoftwareApplication":[],"WebPage":[]},"graphName":"","isEnabled":true},"graphs":[]},"schema_type":"default","schema_type_options":null,"pillar_content":false,"robots_default":true,"robots_noindex":false,"robots_noarchive":false,"robots_nosnippet":false,"robots_nofollow":false,"robots_noimageindex":false,"robots_noodp":false,"robots_notranslate":false,"robots_max_snippet":null,"robots_max_videopreview":null,"robots_max_imagepreview":"large","priority":null,"frequency":null,"local_seo":null,"breadcrumb_settings":null,"limit_modified_date":false,"ai":null,"created":"2023-10-20 05:20:53","updated":"2025-09-06 13:19:00","seo_analyzer_scan_date":null},"aioseo_breadcrumb":"<div class=\"aioseo-breadcrumbs\"><span class=\"aioseo-breadcrumb\">\n\t\t\t<a href=\"https:\/\/acervapaulista.com.br\/wordpress\" title=\"Home\">Home<\/a>\n\t\t<\/span><span class=\"aioseo-breadcrumb-separator\">&raquo;<\/span><span class=\"aioseo-breadcrumb\">\n\t\t\t<a href=\"https:\/\/acervapaulista.com.br\/wordpress\/eventos\/\" title=\"Eventos\">Eventos<\/a>\n\t\t<\/span><span class=\"aioseo-breadcrumb-separator\">&raquo;<\/span><span class=\"aioseo-breadcrumb\">\n\t\t\t<a href=\"https:\/\/acervapaulista.com.br\/wordpress\/eventos\/categoria\/workshop\/\" title=\"Workshop\">Workshop<\/a>\n\t\t<\/span><span class=\"aioseo-breadcrumb-separator\">&raquo;<\/span><span class=\"aioseo-breadcrumb\">\n\t\t\tPapo Cervejeiro com S\u00e9rgio M\u00fcller \u2013 IPA\u00b4s \u2013 Com 30 litros da campe\u00e3!!!\n\t\t<\/span><\/div>","aioseo_breadcrumb_json":[{"label":"Home","link":"https:\/\/acervapaulista.com.br\/wordpress"},{"label":"Eventos","link":"https:\/\/acervapaulista.com.br\/wordpress\/eventos\/"},{"label":"Workshop","link":"https:\/\/acervapaulista.com.br\/wordpress\/eventos\/categoria\/workshop\/"},{"label":"Papo Cervejeiro com S\u00e9rgio M\u00fcller &#8211; IPA\u00b4s &#8211; Com 30 litros da campe\u00e3!!!","link":"https:\/\/acervapaulista.com.br\/wordpress\/evento\/papo-cervejeiro-com-sergio-muller-ipas-com-30-litros-da-campea\/"}],"ticketed":false,"_links":{"self":[{"href":"https:\/\/acervapaulista.com.br\/wordpress\/wp-json\/wp\/v2\/tribe_events\/3445","targetHints":{"allow":["GET"]}}],"collection":[{"href":"https:\/\/acervapaulista.com.br\/wordpress\/wp-json\/wp\/v2\/tribe_events"}],"about":[{"href":"https:\/\/acervapaulista.com.br\/wordpress\/wp-json\/wp\/v2\/types\/tribe_events"}],"author":[{"embeddable":true,"href":"https:\/\/acervapaulista.com.br\/wordpress\/wp-json\/wp\/v2\/users\/1"}],"version-history":[{"count":4,"href":"https:\/\/acervapaulista.com.br\/wordpress\/wp-json\/wp\/v2\/tribe_events\/3445\/revisions"}],"predecessor-version":[{"id":3451,"href":"https:\/\/acervapaulista.com.br\/wordpress\/wp-json\/wp\/v2\/tribe_events\/3445\/revisions\/3451"}],"wp:attachment":[{"href":"https:\/\/acervapaulista.com.br\/wordpress\/wp-json\/wp\/v2\/media?parent=3445"}],"wp:term":[{"taxonomy":"post_tag","embeddable":true,"href":"https:\/\/acervapaulista.com.br\/wordpress\/wp-json\/wp\/v2\/tags?post=3445"},{"taxonomy":"tribe_events_cat","embeddable":true,"href":"https:\/\/acervapaulista.com.br\/wordpress\/wp-json\/wp\/v2\/tribe_events_cat?post=3445"}],"curies":[{"name":"wp","href":"https:\/\/api.w.org\/{rel}","templated":true}]}}