{"id":3412,"date":"2017-02-01T19:31:51","date_gmt":"2017-02-01T22:31:51","guid":{"rendered":"http:\/\/acervapaulista.com.br\/?post_type=tribe_events&#038;p=3412"},"modified":"2017-02-02T11:15:30","modified_gmt":"2017-02-02T14:15:30","slug":"3412","status":"publish","type":"tribe_events","link":"https:\/\/acervapaulista.com.br\/wordpress\/evento\/3412\/","title":{"rendered":"Brassagem aberta no EAP &#8211; Primeira do Ano"},"content":{"rendered":"<p><a href=\"http:\/\/acervapaulista.com.br\/wordpress\/wp-content\/uploads\/2017\/02\/1-brassagem-eap-2017.jpg\"><img loading=\"lazy\" decoding=\"async\" class=\"alignnone size-full wp-image-3419\" src=\"http:\/\/acervapaulista.com.br\/wordpress\/wp-content\/uploads\/2017\/02\/1-brassagem-eap-2017.jpg\" alt=\"1 brassagem eap 2017\" width=\"960\" height=\"540\" \/><\/a><\/p>\n<p>&nbsp;<\/p>\n<p>Pessoal, gostar\u00edamos de convidar a todos para a tradicional brasagem aberta no <a id=\"js_nd\" href=\"https:\/\/www.facebook.com\/eapsp\/\" data-hovercard=\"\/ajax\/hovercard\/page.php?id=148271614215&amp;extragetparams=%7B%22directed_target_id%22%3A1072264399552142%7D\" data-hovercard-prefer-more-content-show=\"1\">EAP Emp\u00f3rio Alto dos Pinheiros<\/a>, a primeira do ano!<br \/>\nOs cervejeiros da vez ser\u00e3o o <a href=\"https:\/\/www.facebook.com\/junior.narciso\" data-hovercard=\"\/ajax\/hovercard\/user.php?id=100001070536910&amp;extragetparams=%7B%22directed_target_id%22%3A1072264399552142%7D\" data-hovercard-prefer-more-content-show=\"1\">Junior Narciso<\/a> e o <a href=\"https:\/\/www.facebook.com\/delvecchi87\" data-hovercard=\"\/ajax\/hovercard\/user.php?id=100001953992648&amp;extragetparams=%7B%22directed_target_id%22%3A1072264399552142%7D\" data-hovercard-prefer-more-content-show=\"1\">Raphael Delvecchi<\/a>, ainda est\u00e3o decidindo o estilo, mas vem coisa boa por ai!<br \/>\nE como de costume, iremos servir a receita produzida na brassagem anterior, uma Oatmeal Milk Stout ou OatMilk paras os \u00edntimos! rs Dos cervejeiros premiados, <a href=\"https:\/\/www.facebook.com\/jorge.d.val\" data-hovercard=\"\/ajax\/hovercard\/user.php?id=1313146350&amp;extragetparams=%7B%22directed_target_id%22%3A1072264399552142%7D\" data-hovercard-prefer-more-content-show=\"1\">Jorge Do Val<\/a> e <a href=\"https:\/\/www.facebook.com\/decio.briottofilho\" data-hovercard=\"\/ajax\/hovercard\/user.php?id=1715606000&amp;extragetparams=%7B%22directed_target_id%22%3A1072264399552142%7D\" data-hovercard-prefer-more-content-show=\"1\">D\u00e9cio Briotto Filho<\/a>.<br \/>\nEsse \u00e9 um \u00f3timo lugar para reunir a galera, tomar uma cerveja caseira e ainda ter as 34 torneiras e as zilh\u00f5es de garrafas do EAP pra ajudar alegrar o dia!<br \/>\nEsperamos por todos e at\u00e9 l\u00e1<\/p>\n","protected":false},"excerpt":{"rendered":"<p>&nbsp; Pessoal, gostar\u00edamos de convidar a todos para a tradicional brasagem aberta no EAP Emp\u00f3rio Alto dos Pinheiros, a primeira do ano! Os cervejeiros da vez ser\u00e3o o Junior Narciso e o Raphael Delvecchi, ainda est\u00e3o decidindo o estilo, mas vem coisa boa por ai! E como de costume, iremos servir a receita produzida na brassagem anterior, uma Oatmeal Milk Stout ou OatMilk paras os \u00edntimos! rs Dos cervejeiros premiados, Jorge Do Val e D\u00e9cio Briotto Filho. Esse \u00e9 um \u00f3timo lugar para reunir a galera, tomar uma cerveja caseira e ainda ter as 34 torneiras e as zilh\u00f5es de garrafas do EAP pra ajudar alegrar o dia! Esperamos por todos e at\u00e9 l\u00e1<\/p>\n","protected":false},"author":1,"featured_media":0,"template":"","meta":{"pmpro_default_level":"","_price":"","_stock":"","_tribe_ticket_header":"","_tribe_default_ticket_provider":"","_tribe_ticket_capacity":"0","_ticket_start_date":"","_ticket_end_date":"","_tribe_ticket_show_description":"","_tribe_ticket_show_not_going":false,"_tribe_ticket_use_global_stock":"","_tribe_ticket_global_stock_level":"0","_global_stock_mode":"","_global_stock_cap":"","_tribe_rsvp_for_event":"","_tribe_ticket_going_count":"","_tribe_ticket_not_going_count":"","_tribe_tickets_list":"[]","_tribe_ticket_has_attendee_info_fields":false,"_tribe_events_status":"","_tribe_events_status_reason":"","footnotes":"","_tec_slr_enabled":"","_tec_slr_layout":""},"tags":[],"tribe_events_cat":[42],"class_list":["post-3412","tribe_events","type-tribe_events","status-publish","hentry","tribe_events_cat-encontro","pmpro-has-access","cat_encontro","no-post-thumbnail"],"aioseo_notices":[],"aioseo_head":"\n\t\t<!-- All in One SEO 4.9.10 - aioseo.com -->\n\t<meta name=\"description\" content=\"Pessoal, gostar\u00edamos de convidar a todos para a tradicional brasagem aberta no EAP Emp\u00f3rio Alto dos Pinheiros, a primeira do ano! Os cervejeiros da vez ser\u00e3o o Junior Narciso e o Raphael Delvecchi, ainda est\u00e3o decidindo o estilo, mas vem coisa boa por ai! E como de costume, iremos servir a receita produzida na\" \/>\n\t<meta name=\"robots\" content=\"max-image-preview:large\" \/>\n\t<meta name=\"author\" content=\"ACervA Paulista\"\/>\n\t<link rel=\"canonical\" href=\"https:\/\/acervapaulista.com.br\/wordpress\/evento\/3412\/\" \/>\n\t<meta name=\"generator\" content=\"All in One SEO (AIOSEO) 4.9.10\" \/>\n\t\t<meta property=\"og:locale\" content=\"pt_BR\" \/>\n\t\t<meta property=\"og:site_name\" content=\"ACervA Paulista - Associa\u00e7\u00e3o dos Cervejeiros Artesanais Paulistas\" \/>\n\t\t<meta property=\"og:type\" content=\"article\" \/>\n\t\t<meta property=\"og:title\" content=\"Brassagem aberta no EAP \u2013 Primeira do Ano - ACervA Paulista\" \/>\n\t\t<meta property=\"og:description\" content=\"Pessoal, gostar\u00edamos de convidar a todos para a tradicional brasagem aberta no EAP Emp\u00f3rio Alto dos Pinheiros, a primeira do ano! Os cervejeiros da vez ser\u00e3o o Junior Narciso e o Raphael Delvecchi, ainda est\u00e3o decidindo o estilo, mas vem coisa boa por ai! E como de costume, iremos servir a receita produzida na\" \/>\n\t\t<meta property=\"og:url\" content=\"https:\/\/acervapaulista.com.br\/wordpress\/evento\/3412\/\" \/>\n\t\t<meta property=\"article:published_time\" content=\"2017-02-01T22:31:51+00:00\" \/>\n\t\t<meta property=\"article:modified_time\" content=\"2017-02-02T14:15:30+00:00\" \/>\n\t\t<meta name=\"twitter:card\" content=\"summary_large_image\" \/>\n\t\t<meta name=\"twitter:title\" content=\"Brassagem aberta no EAP \u2013 Primeira do Ano - ACervA Paulista\" \/>\n\t\t<meta name=\"twitter:description\" content=\"Pessoal, gostar\u00edamos de convidar a todos para a tradicional brasagem aberta no EAP Emp\u00f3rio Alto dos Pinheiros, a primeira do ano! Os cervejeiros da vez ser\u00e3o o Junior Narciso e o Raphael Delvecchi, ainda est\u00e3o decidindo o estilo, mas vem coisa boa por ai! E como de costume, iremos servir a receita produzida na\" \/>\n\t\t<script type=\"application\/ld+json\" class=\"aioseo-schema\">\n\t\t\t{\"@context\":\"https:\\\/\\\/schema.org\",\"@graph\":[{\"@type\":\"BreadcrumbList\",\"@id\":\"https:\\\/\\\/acervapaulista.com.br\\\/wordpress\\\/evento\\\/3412\\\/#breadcrumblist\",\"itemListElement\":[{\"@type\":\"ListItem\",\"@id\":\"https:\\\/\\\/acervapaulista.com.br\\\/wordpress#listItem\",\"position\":1,\"name\":\"Home\",\"item\":\"https:\\\/\\\/acervapaulista.com.br\\\/wordpress\",\"nextItem\":{\"@type\":\"ListItem\",\"@id\":\"https:\\\/\\\/acervapaulista.com.br\\\/wordpress\\\/eventos\\\/#listItem\",\"name\":\"Eventos\"}},{\"@type\":\"ListItem\",\"@id\":\"https:\\\/\\\/acervapaulista.com.br\\\/wordpress\\\/eventos\\\/#listItem\",\"position\":2,\"name\":\"Eventos\",\"item\":\"https:\\\/\\\/acervapaulista.com.br\\\/wordpress\\\/eventos\\\/\",\"nextItem\":{\"@type\":\"ListItem\",\"@id\":\"https:\\\/\\\/acervapaulista.com.br\\\/wordpress\\\/eventos\\\/categoria\\\/encontro\\\/#listItem\",\"name\":\"Encontro\"},\"previousItem\":{\"@type\":\"ListItem\",\"@id\":\"https:\\\/\\\/acervapaulista.com.br\\\/wordpress#listItem\",\"name\":\"Home\"}},{\"@type\":\"ListItem\",\"@id\":\"https:\\\/\\\/acervapaulista.com.br\\\/wordpress\\\/eventos\\\/categoria\\\/encontro\\\/#listItem\",\"position\":3,\"name\":\"Encontro\",\"item\":\"https:\\\/\\\/acervapaulista.com.br\\\/wordpress\\\/eventos\\\/categoria\\\/encontro\\\/\",\"nextItem\":{\"@type\":\"ListItem\",\"@id\":\"https:\\\/\\\/acervapaulista.com.br\\\/wordpress\\\/evento\\\/3412\\\/#listItem\",\"name\":\"Brassagem aberta no EAP &#8211; Primeira do Ano\"},\"previousItem\":{\"@type\":\"ListItem\",\"@id\":\"https:\\\/\\\/acervapaulista.com.br\\\/wordpress\\\/eventos\\\/#listItem\",\"name\":\"Eventos\"}},{\"@type\":\"ListItem\",\"@id\":\"https:\\\/\\\/acervapaulista.com.br\\\/wordpress\\\/evento\\\/3412\\\/#listItem\",\"position\":4,\"name\":\"Brassagem aberta no EAP &#8211; Primeira do Ano\",\"previousItem\":{\"@type\":\"ListItem\",\"@id\":\"https:\\\/\\\/acervapaulista.com.br\\\/wordpress\\\/eventos\\\/categoria\\\/encontro\\\/#listItem\",\"name\":\"Encontro\"}}]},{\"@type\":\"Organization\",\"@id\":\"https:\\\/\\\/acervapaulista.com.br\\\/wordpress\\\/#organization\",\"name\":\"ACervA Paulista\",\"description\":\"Associa\\u00e7\\u00e3o dos Cervejeiros Artesanais Paulistas\",\"url\":\"https:\\\/\\\/acervapaulista.com.br\\\/wordpress\\\/\"},{\"@type\":\"Person\",\"@id\":\"https:\\\/\\\/acervapaulista.com.br\\\/wordpress\\\/author\\\/acerva-paulista\\\/#author\",\"url\":\"https:\\\/\\\/acervapaulista.com.br\\\/wordpress\\\/author\\\/acerva-paulista\\\/\",\"name\":\"ACervA Paulista\",\"image\":{\"@type\":\"ImageObject\",\"@id\":\"https:\\\/\\\/acervapaulista.com.br\\\/wordpress\\\/evento\\\/3412\\\/#authorImage\",\"url\":\"https:\\\/\\\/secure.gravatar.com\\\/avatar\\\/82a53c3dc8c0f95f206cd4b997ac42614436afd1786d7a017ce41c9d259b8309?s=96&d=mm&r=g\",\"width\":96,\"height\":96,\"caption\":\"ACervA Paulista\"}},{\"@type\":\"WebPage\",\"@id\":\"https:\\\/\\\/acervapaulista.com.br\\\/wordpress\\\/evento\\\/3412\\\/#webpage\",\"url\":\"https:\\\/\\\/acervapaulista.com.br\\\/wordpress\\\/evento\\\/3412\\\/\",\"name\":\"Brassagem aberta no EAP \\u2013 Primeira do Ano - ACervA Paulista\",\"description\":\"Pessoal, gostar\\u00edamos de convidar a todos para a tradicional brasagem aberta no EAP Emp\\u00f3rio Alto dos Pinheiros, a primeira do ano! Os cervejeiros da vez ser\\u00e3o o Junior Narciso e o Raphael Delvecchi, ainda est\\u00e3o decidindo o estilo, mas vem coisa boa por ai! E como de costume, iremos servir a receita produzida na\",\"inLanguage\":\"pt-BR\",\"isPartOf\":{\"@id\":\"https:\\\/\\\/acervapaulista.com.br\\\/wordpress\\\/#website\"},\"breadcrumb\":{\"@id\":\"https:\\\/\\\/acervapaulista.com.br\\\/wordpress\\\/evento\\\/3412\\\/#breadcrumblist\"},\"author\":{\"@id\":\"https:\\\/\\\/acervapaulista.com.br\\\/wordpress\\\/author\\\/acerva-paulista\\\/#author\"},\"creator\":{\"@id\":\"https:\\\/\\\/acervapaulista.com.br\\\/wordpress\\\/author\\\/acerva-paulista\\\/#author\"},\"datePublished\":\"2017-02-01T19:31:51-02:00\",\"dateModified\":\"2017-02-02T11:15:30-02:00\"},{\"@type\":\"WebSite\",\"@id\":\"https:\\\/\\\/acervapaulista.com.br\\\/wordpress\\\/#website\",\"url\":\"https:\\\/\\\/acervapaulista.com.br\\\/wordpress\\\/\",\"name\":\"ACervA Paulista\",\"description\":\"Associa\\u00e7\\u00e3o dos Cervejeiros Artesanais Paulistas\",\"inLanguage\":\"pt-BR\",\"publisher\":{\"@id\":\"https:\\\/\\\/acervapaulista.com.br\\\/wordpress\\\/#organization\"}}]}\n\t\t<\/script>\n\t\t<!-- All in One SEO -->\n\n","aioseo_head_json":{"title":"Brassagem aberta no EAP \u2013 Primeira do Ano - ACervA Paulista","description":"Pessoal, gostar\u00edamos de convidar a todos para a tradicional brasagem aberta no EAP Emp\u00f3rio Alto dos Pinheiros, a primeira do ano! Os cervejeiros da vez ser\u00e3o o Junior Narciso e o Raphael Delvecchi, ainda est\u00e3o decidindo o estilo, mas vem coisa boa por ai! E como de costume, iremos servir a receita produzida na","canonical_url":"https:\/\/acervapaulista.com.br\/wordpress\/evento\/3412\/","robots":"max-image-preview:large","keywords":"","webmasterTools":{"miscellaneous":""},"schema":{"@context":"https:\/\/schema.org","@graph":[{"@type":"BreadcrumbList","@id":"https:\/\/acervapaulista.com.br\/wordpress\/evento\/3412\/#breadcrumblist","itemListElement":[{"@type":"ListItem","@id":"https:\/\/acervapaulista.com.br\/wordpress#listItem","position":1,"name":"Home","item":"https:\/\/acervapaulista.com.br\/wordpress","nextItem":{"@type":"ListItem","@id":"https:\/\/acervapaulista.com.br\/wordpress\/eventos\/#listItem","name":"Eventos"}},{"@type":"ListItem","@id":"https:\/\/acervapaulista.com.br\/wordpress\/eventos\/#listItem","position":2,"name":"Eventos","item":"https:\/\/acervapaulista.com.br\/wordpress\/eventos\/","nextItem":{"@type":"ListItem","@id":"https:\/\/acervapaulista.com.br\/wordpress\/eventos\/categoria\/encontro\/#listItem","name":"Encontro"},"previousItem":{"@type":"ListItem","@id":"https:\/\/acervapaulista.com.br\/wordpress#listItem","name":"Home"}},{"@type":"ListItem","@id":"https:\/\/acervapaulista.com.br\/wordpress\/eventos\/categoria\/encontro\/#listItem","position":3,"name":"Encontro","item":"https:\/\/acervapaulista.com.br\/wordpress\/eventos\/categoria\/encontro\/","nextItem":{"@type":"ListItem","@id":"https:\/\/acervapaulista.com.br\/wordpress\/evento\/3412\/#listItem","name":"Brassagem aberta no EAP &#8211; Primeira do Ano"},"previousItem":{"@type":"ListItem","@id":"https:\/\/acervapaulista.com.br\/wordpress\/eventos\/#listItem","name":"Eventos"}},{"@type":"ListItem","@id":"https:\/\/acervapaulista.com.br\/wordpress\/evento\/3412\/#listItem","position":4,"name":"Brassagem aberta no EAP &#8211; Primeira do Ano","previousItem":{"@type":"ListItem","@id":"https:\/\/acervapaulista.com.br\/wordpress\/eventos\/categoria\/encontro\/#listItem","name":"Encontro"}}]},{"@type":"Organization","@id":"https:\/\/acervapaulista.com.br\/wordpress\/#organization","name":"ACervA Paulista","description":"Associa\u00e7\u00e3o dos Cervejeiros Artesanais Paulistas","url":"https:\/\/acervapaulista.com.br\/wordpress\/"},{"@type":"Person","@id":"https:\/\/acervapaulista.com.br\/wordpress\/author\/acerva-paulista\/#author","url":"https:\/\/acervapaulista.com.br\/wordpress\/author\/acerva-paulista\/","name":"ACervA Paulista","image":{"@type":"ImageObject","@id":"https:\/\/acervapaulista.com.br\/wordpress\/evento\/3412\/#authorImage","url":"https:\/\/secure.gravatar.com\/avatar\/82a53c3dc8c0f95f206cd4b997ac42614436afd1786d7a017ce41c9d259b8309?s=96&d=mm&r=g","width":96,"height":96,"caption":"ACervA Paulista"}},{"@type":"WebPage","@id":"https:\/\/acervapaulista.com.br\/wordpress\/evento\/3412\/#webpage","url":"https:\/\/acervapaulista.com.br\/wordpress\/evento\/3412\/","name":"Brassagem aberta no EAP \u2013 Primeira do Ano - ACervA Paulista","description":"Pessoal, gostar\u00edamos de convidar a todos para a tradicional brasagem aberta no EAP Emp\u00f3rio Alto dos Pinheiros, a primeira do ano! Os cervejeiros da vez ser\u00e3o o Junior Narciso e o Raphael Delvecchi, ainda est\u00e3o decidindo o estilo, mas vem coisa boa por ai! E como de costume, iremos servir a receita produzida na","inLanguage":"pt-BR","isPartOf":{"@id":"https:\/\/acervapaulista.com.br\/wordpress\/#website"},"breadcrumb":{"@id":"https:\/\/acervapaulista.com.br\/wordpress\/evento\/3412\/#breadcrumblist"},"author":{"@id":"https:\/\/acervapaulista.com.br\/wordpress\/author\/acerva-paulista\/#author"},"creator":{"@id":"https:\/\/acervapaulista.com.br\/wordpress\/author\/acerva-paulista\/#author"},"datePublished":"2017-02-01T19:31:51-02:00","dateModified":"2017-02-02T11:15:30-02:00"},{"@type":"WebSite","@id":"https:\/\/acervapaulista.com.br\/wordpress\/#website","url":"https:\/\/acervapaulista.com.br\/wordpress\/","name":"ACervA Paulista","description":"Associa\u00e7\u00e3o dos Cervejeiros Artesanais Paulistas","inLanguage":"pt-BR","publisher":{"@id":"https:\/\/acervapaulista.com.br\/wordpress\/#organization"}}]},"og:locale":"pt_BR","og:site_name":"ACervA Paulista - Associa\u00e7\u00e3o dos Cervejeiros Artesanais Paulistas","og:type":"article","og:title":"Brassagem aberta no EAP \u2013 Primeira do Ano - ACervA Paulista","og:description":"Pessoal, gostar\u00edamos de convidar a todos para a tradicional brasagem aberta no EAP Emp\u00f3rio Alto dos Pinheiros, a primeira do ano! Os cervejeiros da vez ser\u00e3o o Junior Narciso e o Raphael Delvecchi, ainda est\u00e3o decidindo o estilo, mas vem coisa boa por ai! E como de costume, iremos servir a receita produzida na","og:url":"https:\/\/acervapaulista.com.br\/wordpress\/evento\/3412\/","article:published_time":"2017-02-01T22:31:51+00:00","article:modified_time":"2017-02-02T14:15:30+00:00","twitter:card":"summary_large_image","twitter:title":"Brassagem aberta no EAP \u2013 Primeira do Ano - ACervA Paulista","twitter:description":"Pessoal, gostar\u00edamos de convidar a todos para a tradicional brasagem aberta no EAP Emp\u00f3rio Alto dos Pinheiros, a primeira do ano! Os cervejeiros da vez ser\u00e3o o Junior Narciso e o Raphael Delvecchi, ainda est\u00e3o decidindo o estilo, mas vem coisa boa por ai! E como de costume, iremos servir a receita produzida na"},"aioseo_meta_data":{"post_id":"3412","title":null,"description":null,"keywords":null,"keyphrases":null,"primary_term":null,"canonical_url":null,"og_title":null,"og_description":null,"og_object_type":"default","og_image_type":"default","og_image_url":null,"og_image_width":null,"og_image_height":null,"og_image_custom_url":null,"og_image_custom_fields":null,"og_video":null,"og_custom_url":null,"og_article_section":null,"og_article_tags":null,"twitter_use_og":false,"twitter_card":"default","twitter_image_type":"default","twitter_image_url":null,"twitter_image_custom_url":null,"twitter_image_custom_fields":null,"twitter_title":null,"twitter_description":null,"schema":{"blockGraphs":[],"customGraphs":[],"default":{"data":{"Article":[],"Course":[],"Dataset":[],"FAQPage":[],"Movie":[],"Person":[],"Product":[],"ProductReview":[],"Car":[],"Recipe":[],"Service":[],"SoftwareApplication":[],"WebPage":[]},"graphName":"","isEnabled":true},"graphs":[]},"schema_type":"default","schema_type_options":null,"pillar_content":false,"robots_default":true,"robots_noindex":false,"robots_noarchive":false,"robots_nosnippet":false,"robots_nofollow":false,"robots_noimageindex":false,"robots_noodp":false,"robots_notranslate":false,"robots_max_snippet":null,"robots_max_videopreview":null,"robots_max_imagepreview":"large","priority":null,"frequency":null,"local_seo":null,"breadcrumb_settings":null,"limit_modified_date":false,"ai":null,"created":"2023-10-20 05:19:53","updated":"2025-09-06 13:19:00","seo_analyzer_scan_date":null},"aioseo_breadcrumb":"<div class=\"aioseo-breadcrumbs\"><span class=\"aioseo-breadcrumb\">\n\t\t\t<a href=\"https:\/\/acervapaulista.com.br\/wordpress\" title=\"Home\">Home<\/a>\n\t\t<\/span><span class=\"aioseo-breadcrumb-separator\">&raquo;<\/span><span class=\"aioseo-breadcrumb\">\n\t\t\t<a href=\"https:\/\/acervapaulista.com.br\/wordpress\/eventos\/\" title=\"Eventos\">Eventos<\/a>\n\t\t<\/span><span class=\"aioseo-breadcrumb-separator\">&raquo;<\/span><span class=\"aioseo-breadcrumb\">\n\t\t\t<a href=\"https:\/\/acervapaulista.com.br\/wordpress\/eventos\/categoria\/encontro\/\" title=\"Encontro\">Encontro<\/a>\n\t\t<\/span><span class=\"aioseo-breadcrumb-separator\">&raquo;<\/span><span class=\"aioseo-breadcrumb\">\n\t\t\tBrassagem aberta no EAP \u2013 Primeira do Ano\n\t\t<\/span><\/div>","aioseo_breadcrumb_json":[{"label":"Home","link":"https:\/\/acervapaulista.com.br\/wordpress"},{"label":"Eventos","link":"https:\/\/acervapaulista.com.br\/wordpress\/eventos\/"},{"label":"Encontro","link":"https:\/\/acervapaulista.com.br\/wordpress\/eventos\/categoria\/encontro\/"},{"label":"Brassagem aberta no EAP &#8211; Primeira do Ano","link":"https:\/\/acervapaulista.com.br\/wordpress\/evento\/3412\/"}],"ticketed":false,"_links":{"self":[{"href":"https:\/\/acervapaulista.com.br\/wordpress\/wp-json\/wp\/v2\/tribe_events\/3412","targetHints":{"allow":["GET"]}}],"collection":[{"href":"https:\/\/acervapaulista.com.br\/wordpress\/wp-json\/wp\/v2\/tribe_events"}],"about":[{"href":"https:\/\/acervapaulista.com.br\/wordpress\/wp-json\/wp\/v2\/types\/tribe_events"}],"author":[{"embeddable":true,"href":"https:\/\/acervapaulista.com.br\/wordpress\/wp-json\/wp\/v2\/users\/1"}],"version-history":[{"count":4,"href":"https:\/\/acervapaulista.com.br\/wordpress\/wp-json\/wp\/v2\/tribe_events\/3412\/revisions"}],"predecessor-version":[{"id":3420,"href":"https:\/\/acervapaulista.com.br\/wordpress\/wp-json\/wp\/v2\/tribe_events\/3412\/revisions\/3420"}],"wp:attachment":[{"href":"https:\/\/acervapaulista.com.br\/wordpress\/wp-json\/wp\/v2\/media?parent=3412"}],"wp:term":[{"taxonomy":"post_tag","embeddable":true,"href":"https:\/\/acervapaulista.com.br\/wordpress\/wp-json\/wp\/v2\/tags?post=3412"},{"taxonomy":"tribe_events_cat","embeddable":true,"href":"https:\/\/acervapaulista.com.br\/wordpress\/wp-json\/wp\/v2\/tribe_events_cat?post=3412"}],"curies":[{"name":"wp","href":"https:\/\/api.w.org\/{rel}","templated":true}]}}