{"id":3405,"date":"2017-02-01T08:20:10","date_gmt":"2017-02-01T11:20:10","guid":{"rendered":"http:\/\/acervapaulista.com.br\/?post_type=tribe_events&#038;p=3405"},"modified":"2017-02-01T08:54:05","modified_gmt":"2017-02-01T11:54:05","slug":"sabatinada-pre-carnaval","status":"publish","type":"tribe_events","link":"https:\/\/acervapaulista.com.br\/wordpress\/evento\/sabatinada-pre-carnaval\/","title":{"rendered":"Sabatinada Pr\u00e9 Carnaval"},"content":{"rendered":"<p><a href=\"http:\/\/acervapaulista.com.br\/wordpress\/wp-content\/uploads\/2017\/02\/Sabatinada_pre_carnaval_oficial.png\"><img loading=\"lazy\" decoding=\"async\" class=\"alignnone size-full wp-image-3406\" src=\"http:\/\/acervapaulista.com.br\/wordpress\/wp-content\/uploads\/2017\/02\/Sabatinada_pre_carnaval_oficial.png\" alt=\"Sabatinada_pre_carnaval_oficial\" width=\"960\" height=\"540\" \/><\/a><\/p>\n<p><strong><span style=\"font-size: x-large;\">Preparem suas cervejas, n\u00f3s convidamos alguns especialistas no assunto para provarem suas cria\u00e7\u00f5es e avaliarem como elas est\u00e3o referente ao estilo produzido, se tem algum problema no processo e como voc\u00ea poderia melhorar sua cerveja ou apenas dizer que est\u00e1 maravilhosa! E j\u00e1 aproveitamos pra fazer aquele aquece pro carnaval!<\/span><\/strong><\/p>\n<p><span style=\"font-size: x-large;\"><strong>Vem com a gente!<\/strong><\/span><\/p>\n","protected":false},"excerpt":{"rendered":"<p>Preparem suas cervejas, n\u00f3s convidamos alguns especialistas no assunto para provarem suas cria\u00e7\u00f5es e avaliarem como elas est\u00e3o referente ao estilo produzido, se tem algum problema no processo e como voc\u00ea poderia melhorar sua cerveja ou apenas dizer que est\u00e1 maravilhosa! E j\u00e1 aproveitamos pra fazer aquele aquece pro carnaval! Vem com a gente!<\/p>\n","protected":false},"author":1,"featured_media":0,"template":"","meta":{"pmpro_default_level":"","_price":"","_stock":"","_tribe_ticket_header":"","_tribe_default_ticket_provider":"","_tribe_ticket_capacity":"0","_ticket_start_date":"","_ticket_end_date":"","_tribe_ticket_show_description":"","_tribe_ticket_show_not_going":false,"_tribe_ticket_use_global_stock":"","_tribe_ticket_global_stock_level":"0","_global_stock_mode":"","_global_stock_cap":"","_tribe_rsvp_for_event":"","_tribe_ticket_going_count":"","_tribe_ticket_not_going_count":"","_tribe_tickets_list":"[]","_tribe_ticket_has_attendee_info_fields":false,"_tribe_events_status":"","_tribe_events_status_reason":"","footnotes":"","_tec_slr_enabled":"","_tec_slr_layout":""},"tags":[],"tribe_events_cat":[],"class_list":["post-3405","tribe_events","type-tribe_events","status-publish","hentry","pmpro-has-access","no-post-thumbnail"],"aioseo_notices":[],"aioseo_head":"\n\t\t<!-- All in One SEO 4.9.10 - aioseo.com -->\n\t<meta name=\"description\" content=\"Preparem suas cervejas, n\u00f3s convidamos alguns especialistas no assunto para provarem suas cria\u00e7\u00f5es e avaliarem como elas est\u00e3o referente ao estilo produzido, se tem algum problema no processo e como voc\u00ea poderia melhorar sua cerveja ou apenas dizer que est\u00e1 maravilhosa! E j\u00e1 aproveitamos pra fazer aquele aquece pro carnaval! Vem com a gente!\" \/>\n\t<meta name=\"robots\" content=\"max-image-preview:large\" \/>\n\t<meta name=\"author\" content=\"ACervA Paulista\"\/>\n\t<link rel=\"canonical\" href=\"https:\/\/acervapaulista.com.br\/wordpress\/evento\/sabatinada-pre-carnaval\/\" \/>\n\t<meta name=\"generator\" content=\"All in One SEO (AIOSEO) 4.9.10\" \/>\n\t\t<meta property=\"og:locale\" content=\"pt_BR\" \/>\n\t\t<meta property=\"og:site_name\" content=\"ACervA Paulista - Associa\u00e7\u00e3o dos Cervejeiros Artesanais Paulistas\" \/>\n\t\t<meta property=\"og:type\" content=\"article\" \/>\n\t\t<meta property=\"og:title\" content=\"Sabatinada Pr\u00e9 Carnaval - ACervA Paulista\" \/>\n\t\t<meta property=\"og:description\" content=\"Preparem suas cervejas, n\u00f3s convidamos alguns especialistas no assunto para provarem suas cria\u00e7\u00f5es e avaliarem como elas est\u00e3o referente ao estilo produzido, se tem algum problema no processo e como voc\u00ea poderia melhorar sua cerveja ou apenas dizer que est\u00e1 maravilhosa! E j\u00e1 aproveitamos pra fazer aquele aquece pro carnaval! Vem com a gente!\" \/>\n\t\t<meta property=\"og:url\" content=\"https:\/\/acervapaulista.com.br\/wordpress\/evento\/sabatinada-pre-carnaval\/\" \/>\n\t\t<meta property=\"article:published_time\" content=\"2017-02-01T11:20:10+00:00\" \/>\n\t\t<meta property=\"article:modified_time\" content=\"2017-02-01T11:54:05+00:00\" \/>\n\t\t<meta name=\"twitter:card\" content=\"summary_large_image\" \/>\n\t\t<meta name=\"twitter:title\" content=\"Sabatinada Pr\u00e9 Carnaval - ACervA Paulista\" \/>\n\t\t<meta name=\"twitter:description\" content=\"Preparem suas cervejas, n\u00f3s convidamos alguns especialistas no assunto para provarem suas cria\u00e7\u00f5es e avaliarem como elas est\u00e3o referente ao estilo produzido, se tem algum problema no processo e como voc\u00ea poderia melhorar sua cerveja ou apenas dizer que est\u00e1 maravilhosa! E j\u00e1 aproveitamos pra fazer aquele aquece pro carnaval! Vem com a gente!\" \/>\n\t\t<script type=\"application\/ld+json\" class=\"aioseo-schema\">\n\t\t\t{\"@context\":\"https:\\\/\\\/schema.org\",\"@graph\":[{\"@type\":\"BreadcrumbList\",\"@id\":\"https:\\\/\\\/acervapaulista.com.br\\\/wordpress\\\/evento\\\/sabatinada-pre-carnaval\\\/#breadcrumblist\",\"itemListElement\":[{\"@type\":\"ListItem\",\"@id\":\"https:\\\/\\\/acervapaulista.com.br\\\/wordpress#listItem\",\"position\":1,\"name\":\"Home\",\"item\":\"https:\\\/\\\/acervapaulista.com.br\\\/wordpress\",\"nextItem\":{\"@type\":\"ListItem\",\"@id\":\"https:\\\/\\\/acervapaulista.com.br\\\/wordpress\\\/eventos\\\/#listItem\",\"name\":\"Eventos\"}},{\"@type\":\"ListItem\",\"@id\":\"https:\\\/\\\/acervapaulista.com.br\\\/wordpress\\\/eventos\\\/#listItem\",\"position\":2,\"name\":\"Eventos\",\"item\":\"https:\\\/\\\/acervapaulista.com.br\\\/wordpress\\\/eventos\\\/\",\"nextItem\":{\"@type\":\"ListItem\",\"@id\":\"https:\\\/\\\/acervapaulista.com.br\\\/wordpress\\\/evento\\\/sabatinada-pre-carnaval\\\/#listItem\",\"name\":\"Sabatinada Pr\\u00e9 Carnaval\"},\"previousItem\":{\"@type\":\"ListItem\",\"@id\":\"https:\\\/\\\/acervapaulista.com.br\\\/wordpress#listItem\",\"name\":\"Home\"}},{\"@type\":\"ListItem\",\"@id\":\"https:\\\/\\\/acervapaulista.com.br\\\/wordpress\\\/evento\\\/sabatinada-pre-carnaval\\\/#listItem\",\"position\":3,\"name\":\"Sabatinada Pr\\u00e9 Carnaval\",\"previousItem\":{\"@type\":\"ListItem\",\"@id\":\"https:\\\/\\\/acervapaulista.com.br\\\/wordpress\\\/eventos\\\/#listItem\",\"name\":\"Eventos\"}}]},{\"@type\":\"Organization\",\"@id\":\"https:\\\/\\\/acervapaulista.com.br\\\/wordpress\\\/#organization\",\"name\":\"ACervA Paulista\",\"description\":\"Associa\\u00e7\\u00e3o dos Cervejeiros Artesanais Paulistas\",\"url\":\"https:\\\/\\\/acervapaulista.com.br\\\/wordpress\\\/\"},{\"@type\":\"Person\",\"@id\":\"https:\\\/\\\/acervapaulista.com.br\\\/wordpress\\\/author\\\/acerva-paulista\\\/#author\",\"url\":\"https:\\\/\\\/acervapaulista.com.br\\\/wordpress\\\/author\\\/acerva-paulista\\\/\",\"name\":\"ACervA Paulista\",\"image\":{\"@type\":\"ImageObject\",\"@id\":\"https:\\\/\\\/acervapaulista.com.br\\\/wordpress\\\/evento\\\/sabatinada-pre-carnaval\\\/#authorImage\",\"url\":\"https:\\\/\\\/secure.gravatar.com\\\/avatar\\\/82a53c3dc8c0f95f206cd4b997ac42614436afd1786d7a017ce41c9d259b8309?s=96&d=mm&r=g\",\"width\":96,\"height\":96,\"caption\":\"ACervA Paulista\"}},{\"@type\":\"WebPage\",\"@id\":\"https:\\\/\\\/acervapaulista.com.br\\\/wordpress\\\/evento\\\/sabatinada-pre-carnaval\\\/#webpage\",\"url\":\"https:\\\/\\\/acervapaulista.com.br\\\/wordpress\\\/evento\\\/sabatinada-pre-carnaval\\\/\",\"name\":\"Sabatinada Pr\\u00e9 Carnaval - ACervA Paulista\",\"description\":\"Preparem suas cervejas, n\\u00f3s convidamos alguns especialistas no assunto para provarem suas cria\\u00e7\\u00f5es e avaliarem como elas est\\u00e3o referente ao estilo produzido, se tem algum problema no processo e como voc\\u00ea poderia melhorar sua cerveja ou apenas dizer que est\\u00e1 maravilhosa! E j\\u00e1 aproveitamos pra fazer aquele aquece pro carnaval! Vem com a gente!\",\"inLanguage\":\"pt-BR\",\"isPartOf\":{\"@id\":\"https:\\\/\\\/acervapaulista.com.br\\\/wordpress\\\/#website\"},\"breadcrumb\":{\"@id\":\"https:\\\/\\\/acervapaulista.com.br\\\/wordpress\\\/evento\\\/sabatinada-pre-carnaval\\\/#breadcrumblist\"},\"author\":{\"@id\":\"https:\\\/\\\/acervapaulista.com.br\\\/wordpress\\\/author\\\/acerva-paulista\\\/#author\"},\"creator\":{\"@id\":\"https:\\\/\\\/acervapaulista.com.br\\\/wordpress\\\/author\\\/acerva-paulista\\\/#author\"},\"datePublished\":\"2017-02-01T08:20:10-02:00\",\"dateModified\":\"2017-02-01T08:54:05-02:00\"},{\"@type\":\"WebSite\",\"@id\":\"https:\\\/\\\/acervapaulista.com.br\\\/wordpress\\\/#website\",\"url\":\"https:\\\/\\\/acervapaulista.com.br\\\/wordpress\\\/\",\"name\":\"ACervA Paulista\",\"description\":\"Associa\\u00e7\\u00e3o dos Cervejeiros Artesanais Paulistas\",\"inLanguage\":\"pt-BR\",\"publisher\":{\"@id\":\"https:\\\/\\\/acervapaulista.com.br\\\/wordpress\\\/#organization\"}}]}\n\t\t<\/script>\n\t\t<!-- All in One SEO -->\n\n","aioseo_head_json":{"title":"Sabatinada Pr\u00e9 Carnaval - ACervA Paulista","description":"Preparem suas cervejas, n\u00f3s convidamos alguns especialistas no assunto para provarem suas cria\u00e7\u00f5es e avaliarem como elas est\u00e3o referente ao estilo produzido, se tem algum problema no processo e como voc\u00ea poderia melhorar sua cerveja ou apenas dizer que est\u00e1 maravilhosa! E j\u00e1 aproveitamos pra fazer aquele aquece pro carnaval! Vem com a gente!","canonical_url":"https:\/\/acervapaulista.com.br\/wordpress\/evento\/sabatinada-pre-carnaval\/","robots":"max-image-preview:large","keywords":"","webmasterTools":{"miscellaneous":""},"schema":{"@context":"https:\/\/schema.org","@graph":[{"@type":"BreadcrumbList","@id":"https:\/\/acervapaulista.com.br\/wordpress\/evento\/sabatinada-pre-carnaval\/#breadcrumblist","itemListElement":[{"@type":"ListItem","@id":"https:\/\/acervapaulista.com.br\/wordpress#listItem","position":1,"name":"Home","item":"https:\/\/acervapaulista.com.br\/wordpress","nextItem":{"@type":"ListItem","@id":"https:\/\/acervapaulista.com.br\/wordpress\/eventos\/#listItem","name":"Eventos"}},{"@type":"ListItem","@id":"https:\/\/acervapaulista.com.br\/wordpress\/eventos\/#listItem","position":2,"name":"Eventos","item":"https:\/\/acervapaulista.com.br\/wordpress\/eventos\/","nextItem":{"@type":"ListItem","@id":"https:\/\/acervapaulista.com.br\/wordpress\/evento\/sabatinada-pre-carnaval\/#listItem","name":"Sabatinada Pr\u00e9 Carnaval"},"previousItem":{"@type":"ListItem","@id":"https:\/\/acervapaulista.com.br\/wordpress#listItem","name":"Home"}},{"@type":"ListItem","@id":"https:\/\/acervapaulista.com.br\/wordpress\/evento\/sabatinada-pre-carnaval\/#listItem","position":3,"name":"Sabatinada Pr\u00e9 Carnaval","previousItem":{"@type":"ListItem","@id":"https:\/\/acervapaulista.com.br\/wordpress\/eventos\/#listItem","name":"Eventos"}}]},{"@type":"Organization","@id":"https:\/\/acervapaulista.com.br\/wordpress\/#organization","name":"ACervA Paulista","description":"Associa\u00e7\u00e3o dos Cervejeiros Artesanais Paulistas","url":"https:\/\/acervapaulista.com.br\/wordpress\/"},{"@type":"Person","@id":"https:\/\/acervapaulista.com.br\/wordpress\/author\/acerva-paulista\/#author","url":"https:\/\/acervapaulista.com.br\/wordpress\/author\/acerva-paulista\/","name":"ACervA Paulista","image":{"@type":"ImageObject","@id":"https:\/\/acervapaulista.com.br\/wordpress\/evento\/sabatinada-pre-carnaval\/#authorImage","url":"https:\/\/secure.gravatar.com\/avatar\/82a53c3dc8c0f95f206cd4b997ac42614436afd1786d7a017ce41c9d259b8309?s=96&d=mm&r=g","width":96,"height":96,"caption":"ACervA Paulista"}},{"@type":"WebPage","@id":"https:\/\/acervapaulista.com.br\/wordpress\/evento\/sabatinada-pre-carnaval\/#webpage","url":"https:\/\/acervapaulista.com.br\/wordpress\/evento\/sabatinada-pre-carnaval\/","name":"Sabatinada Pr\u00e9 Carnaval - ACervA Paulista","description":"Preparem suas cervejas, n\u00f3s convidamos alguns especialistas no assunto para provarem suas cria\u00e7\u00f5es e avaliarem como elas est\u00e3o referente ao estilo produzido, se tem algum problema no processo e como voc\u00ea poderia melhorar sua cerveja ou apenas dizer que est\u00e1 maravilhosa! E j\u00e1 aproveitamos pra fazer aquele aquece pro carnaval! Vem com a gente!","inLanguage":"pt-BR","isPartOf":{"@id":"https:\/\/acervapaulista.com.br\/wordpress\/#website"},"breadcrumb":{"@id":"https:\/\/acervapaulista.com.br\/wordpress\/evento\/sabatinada-pre-carnaval\/#breadcrumblist"},"author":{"@id":"https:\/\/acervapaulista.com.br\/wordpress\/author\/acerva-paulista\/#author"},"creator":{"@id":"https:\/\/acervapaulista.com.br\/wordpress\/author\/acerva-paulista\/#author"},"datePublished":"2017-02-01T08:20:10-02:00","dateModified":"2017-02-01T08:54:05-02:00"},{"@type":"WebSite","@id":"https:\/\/acervapaulista.com.br\/wordpress\/#website","url":"https:\/\/acervapaulista.com.br\/wordpress\/","name":"ACervA Paulista","description":"Associa\u00e7\u00e3o dos Cervejeiros Artesanais Paulistas","inLanguage":"pt-BR","publisher":{"@id":"https:\/\/acervapaulista.com.br\/wordpress\/#organization"}}]},"og:locale":"pt_BR","og:site_name":"ACervA Paulista - Associa\u00e7\u00e3o dos Cervejeiros Artesanais Paulistas","og:type":"article","og:title":"Sabatinada Pr\u00e9 Carnaval - ACervA Paulista","og:description":"Preparem suas cervejas, n\u00f3s convidamos alguns especialistas no assunto para provarem suas cria\u00e7\u00f5es e avaliarem como elas est\u00e3o referente ao estilo produzido, se tem algum problema no processo e como voc\u00ea poderia melhorar sua cerveja ou apenas dizer que est\u00e1 maravilhosa! E j\u00e1 aproveitamos pra fazer aquele aquece pro carnaval! Vem com a gente!","og:url":"https:\/\/acervapaulista.com.br\/wordpress\/evento\/sabatinada-pre-carnaval\/","article:published_time":"2017-02-01T11:20:10+00:00","article:modified_time":"2017-02-01T11:54:05+00:00","twitter:card":"summary_large_image","twitter:title":"Sabatinada Pr\u00e9 Carnaval - ACervA Paulista","twitter:description":"Preparem suas cervejas, n\u00f3s convidamos alguns especialistas no assunto para provarem suas cria\u00e7\u00f5es e avaliarem como elas est\u00e3o referente ao estilo produzido, se tem algum problema no processo e como voc\u00ea poderia melhorar sua cerveja ou apenas dizer que est\u00e1 maravilhosa! E j\u00e1 aproveitamos pra fazer aquele aquece pro carnaval! Vem com a gente!"},"aioseo_meta_data":{"post_id":"3405","title":null,"description":null,"keywords":null,"keyphrases":null,"primary_term":null,"canonical_url":null,"og_title":null,"og_description":null,"og_object_type":"default","og_image_type":"default","og_image_url":null,"og_image_width":null,"og_image_height":null,"og_image_custom_url":null,"og_image_custom_fields":null,"og_video":null,"og_custom_url":null,"og_article_section":null,"og_article_tags":null,"twitter_use_og":false,"twitter_card":"default","twitter_image_type":"default","twitter_image_url":null,"twitter_image_custom_url":null,"twitter_image_custom_fields":null,"twitter_title":null,"twitter_description":null,"schema":{"blockGraphs":[],"customGraphs":[],"default":{"data":{"Article":[],"Course":[],"Dataset":[],"FAQPage":[],"Movie":[],"Person":[],"Product":[],"ProductReview":[],"Car":[],"Recipe":[],"Service":[],"SoftwareApplication":[],"WebPage":[]},"graphName":"","isEnabled":true},"graphs":[]},"schema_type":"default","schema_type_options":null,"pillar_content":false,"robots_default":true,"robots_noindex":false,"robots_noarchive":false,"robots_nosnippet":false,"robots_nofollow":false,"robots_noimageindex":false,"robots_noodp":false,"robots_notranslate":false,"robots_max_snippet":null,"robots_max_videopreview":null,"robots_max_imagepreview":"large","priority":null,"frequency":null,"local_seo":null,"breadcrumb_settings":null,"limit_modified_date":false,"ai":null,"created":"2023-10-20 05:19:53","updated":"2025-09-06 13:19:00","seo_analyzer_scan_date":null},"aioseo_breadcrumb":"<div class=\"aioseo-breadcrumbs\"><span class=\"aioseo-breadcrumb\">\n\t\t\t<a href=\"https:\/\/acervapaulista.com.br\/wordpress\" title=\"Home\">Home<\/a>\n\t\t<\/span><span class=\"aioseo-breadcrumb-separator\">&raquo;<\/span><span class=\"aioseo-breadcrumb\">\n\t\t\t<a href=\"https:\/\/acervapaulista.com.br\/wordpress\/eventos\/\" title=\"Eventos\">Eventos<\/a>\n\t\t<\/span><span class=\"aioseo-breadcrumb-separator\">&raquo;<\/span><span class=\"aioseo-breadcrumb\">\n\t\t\tSabatinada Pr\u00e9 Carnaval\n\t\t<\/span><\/div>","aioseo_breadcrumb_json":[{"label":"Home","link":"https:\/\/acervapaulista.com.br\/wordpress"},{"label":"Eventos","link":"https:\/\/acervapaulista.com.br\/wordpress\/eventos\/"},{"label":"Sabatinada Pr\u00e9 Carnaval","link":"https:\/\/acervapaulista.com.br\/wordpress\/evento\/sabatinada-pre-carnaval\/"}],"ticketed":false,"_links":{"self":[{"href":"https:\/\/acervapaulista.com.br\/wordpress\/wp-json\/wp\/v2\/tribe_events\/3405","targetHints":{"allow":["GET"]}}],"collection":[{"href":"https:\/\/acervapaulista.com.br\/wordpress\/wp-json\/wp\/v2\/tribe_events"}],"about":[{"href":"https:\/\/acervapaulista.com.br\/wordpress\/wp-json\/wp\/v2\/types\/tribe_events"}],"author":[{"embeddable":true,"href":"https:\/\/acervapaulista.com.br\/wordpress\/wp-json\/wp\/v2\/users\/1"}],"version-history":[{"count":5,"href":"https:\/\/acervapaulista.com.br\/wordpress\/wp-json\/wp\/v2\/tribe_events\/3405\/revisions"}],"predecessor-version":[{"id":3411,"href":"https:\/\/acervapaulista.com.br\/wordpress\/wp-json\/wp\/v2\/tribe_events\/3405\/revisions\/3411"}],"wp:attachment":[{"href":"https:\/\/acervapaulista.com.br\/wordpress\/wp-json\/wp\/v2\/media?parent=3405"}],"wp:term":[{"taxonomy":"post_tag","embeddable":true,"href":"https:\/\/acervapaulista.com.br\/wordpress\/wp-json\/wp\/v2\/tags?post=3405"},{"taxonomy":"tribe_events_cat","embeddable":true,"href":"https:\/\/acervapaulista.com.br\/wordpress\/wp-json\/wp\/v2\/tribe_events_cat?post=3405"}],"curies":[{"name":"wp","href":"https:\/\/api.w.org\/{rel}","templated":true}]}}