{"id":2796,"date":"2016-06-14T18:17:01","date_gmt":"2016-06-14T21:17:01","guid":{"rendered":"http:\/\/acervapaulista.com.br\/?post_type=tribe_events&#038;p=2796"},"modified":"2016-06-14T18:18:43","modified_gmt":"2016-06-14T21:18:43","slug":"brassagem-aberta-eap","status":"publish","type":"tribe_events","link":"https:\/\/acervapaulista.com.br\/wordpress\/evento\/brassagem-aberta-eap\/","title":{"rendered":"Brassagem em dupla EAP"},"content":{"rendered":"<p>Mais uma edi\u00e7\u00e3o da Brassagem em Dupla,\u00a0iniciativa da ACervA Paulista com o Emp\u00f3rio Alto dos Pinheiros, onde dois cervejeiros que nunca produziram uma cerveja juntos, far\u00e3o uma receita feita especialmente para o evento!<\/p>\n<p>Evento gratuito! Haver\u00e1 a degusta\u00e7\u00e3o da cerveja produzida na edi\u00e7\u00e3o anterior por Rodrigo Turini e Sergio M\u00fcller.<\/p>\n<p>Participantes desta edi\u00e7\u00e3o:<\/p>\n<p><strong>Vinicius Cabral \u2013 Urbana e Academia Barbante\/Eataly<\/strong><\/p>\n<p>Cervejeiro desde 2012, iniciando na cervejaria URBANA, no bom e velho fog\u00e3o e panelas de alum\u00ednio.<\/p>\n<p>Desde o final de 2013, comandava o novo laborat\u00f3rio da Urbana, onde desenvolvemos mais de 150\u00a0receitas malucas e r\u00f3tulos sem no\u00e7\u00e3o at\u00e9 o come\u00e7o de 2015. No primeiro trimestre de 2015, ainda s\u00f3cio\u00a0da Urbana, fui convidado pela Academia Barbante de Cerveja para comandar as suas duas plantas, uma\u00a0na pr\u00f3pria Academia com 250 litros e uma dentro do Eataly S\u00e3o Paulo de 1000 litros . Desde a abertura\u00a0do Eataly , vem desenvolvendo as receitas e tocando a produ\u00e7\u00e3o de l\u00e1. E dando as caras na Urbana\u00a0sempre em eventos , festas e produ\u00e7\u00f5es colaborativas!<\/p>\n<p><strong>Rodrigo Rosa \u2013 Cervejeiro Medalhista<\/strong><\/p>\n<p>Cervejeiro caseiro h\u00e1\u00a06 anos. Medalha de Ouro no Concurso Nacional das ACervAs, realizado no Rio de Janeiro, de 2016 com uma\u00a0Gose e medalha de Prata no Concurso Nacional de 2015, em Porto Alegre, com uma Heffeweisen.<\/p>\n<p>Foi finalista nos Concursos Estaduais da ACervA Paulista em 2012 com uma Oatmeal Stout e em 2013 com uma\u00a0Belgian Blonde.<\/p>\n<p>Vencedor do Concurso Interno ACervA\u00a0Paulista em 2013 com uma Saison.<\/p>\n","protected":false},"excerpt":{"rendered":"<p>Mais uma edi\u00e7\u00e3o da Brassagem em Dupla,\u00a0iniciativa da ACervA Paulista com o Emp\u00f3rio Alto dos Pinheiros, onde dois cervejeiros que nunca produziram uma cerveja juntos, far\u00e3o uma receita feita especialmente para o evento! Evento gratuito! Haver\u00e1 a degusta\u00e7\u00e3o da cerveja produzida na edi\u00e7\u00e3o anterior por Rodrigo Turini e Sergio M\u00fcller. Participantes desta edi\u00e7\u00e3o: Vinicius Cabral \u2013 Urbana e Academia Barbante\/Eataly Cervejeiro desde 2012, iniciando na cervejaria URBANA, no bom e velho fog\u00e3o e panelas de alum\u00ednio. Desde o final de 2013, comandava o novo laborat\u00f3rio da Urbana, onde desenvolvemos mais de 150\u00a0receitas malucas e r\u00f3tulos sem no\u00e7\u00e3o at\u00e9 o come\u00e7o de 2015. No primeiro trimestre de 2015, ainda s\u00f3cio\u00a0da Urbana, fui convidado pela Academia Barbante de Cerveja para comandar as suas duas plantas, uma\u00a0na pr\u00f3pria Academia com 250 litros e uma dentro do Eataly S\u00e3o Paulo de 1000 litros . Desde a abertura\u00a0do Eataly , vem desenvolvendo as receitas e tocando a produ\u00e7\u00e3o de l\u00e1. E dando as caras na Urbana\u00a0sempre em eventos , festas e produ\u00e7\u00f5es colaborativas! Rodrigo Rosa \u2013 Cervejeiro Medalhista Cervejeiro caseiro h\u00e1\u00a06 anos. Medalha de Ouro no Concurso Nacional das ACervAs, realizado no Rio de Janeiro, de 2016 com uma\u00a0Gose e medalha de Prata no Concurso &#8230; <a href=\"https:\/\/acervapaulista.com.br\/wordpress\/evento\/brassagem-aberta-eap\/\" class=\"more-link\">Read More<\/a><\/p>\n","protected":false},"author":1,"featured_media":0,"template":"","meta":{"pmpro_default_level":"","_price":"","_stock":"","_tribe_ticket_header":"","_tribe_default_ticket_provider":"","_tribe_ticket_capacity":"0","_ticket_start_date":"","_ticket_end_date":"","_tribe_ticket_show_description":"","_tribe_ticket_show_not_going":false,"_tribe_ticket_use_global_stock":"","_tribe_ticket_global_stock_level":"0","_global_stock_mode":"","_global_stock_cap":"","_tribe_rsvp_for_event":"","_tribe_ticket_going_count":"","_tribe_ticket_not_going_count":"","_tribe_tickets_list":"[]","_tribe_ticket_has_attendee_info_fields":false,"_tribe_events_status":"","_tribe_events_status_reason":"","footnotes":"","_tec_slr_enabled":"","_tec_slr_layout":""},"tags":[104,105,68],"tribe_events_cat":[42,44],"class_list":["post-2796","tribe_events","type-tribe_events","status-publish","hentry","tag-eap","tag-producao-de-cerveja","tag-sao-paulo","tribe_events_cat-encontro","tribe_events_cat-sao-paulo","pmpro-has-access","cat_encontro","cat_sao-paulo","no-post-thumbnail"],"aioseo_notices":[],"aioseo_head":"\n\t\t<!-- All in One SEO 4.9.10 - aioseo.com -->\n\t<meta name=\"description\" content=\"Mais uma edi\u00e7\u00e3o da Brassagem em Dupla, iniciativa da ACervA Paulista com o Emp\u00f3rio Alto dos Pinheiros, onde dois cervejeiros que nunca produziram uma cerveja juntos, far\u00e3o uma receita feita especialmente para o evento! Evento gratuito! Haver\u00e1 a degusta\u00e7\u00e3o da cerveja produzida na edi\u00e7\u00e3o anterior por Rodrigo Turini e Sergio M\u00fcller. Participantes desta edi\u00e7\u00e3o: Vinicius Cabral\" \/>\n\t<meta name=\"robots\" content=\"max-image-preview:large\" \/>\n\t<meta name=\"author\" content=\"ACervA Paulista\"\/>\n\t<link rel=\"canonical\" href=\"https:\/\/acervapaulista.com.br\/wordpress\/evento\/brassagem-aberta-eap\/\" \/>\n\t<meta name=\"generator\" content=\"All in One SEO (AIOSEO) 4.9.10\" \/>\n\t\t<meta property=\"og:locale\" content=\"pt_BR\" \/>\n\t\t<meta property=\"og:site_name\" content=\"ACervA Paulista - Associa\u00e7\u00e3o dos Cervejeiros Artesanais Paulistas\" \/>\n\t\t<meta property=\"og:type\" content=\"article\" \/>\n\t\t<meta property=\"og:title\" content=\"Brassagem em dupla EAP - ACervA Paulista\" \/>\n\t\t<meta property=\"og:description\" content=\"Mais uma edi\u00e7\u00e3o da Brassagem em Dupla, iniciativa da ACervA Paulista com o Emp\u00f3rio Alto dos Pinheiros, onde dois cervejeiros que nunca produziram uma cerveja juntos, far\u00e3o uma receita feita especialmente para o evento! Evento gratuito! Haver\u00e1 a degusta\u00e7\u00e3o da cerveja produzida na edi\u00e7\u00e3o anterior por Rodrigo Turini e Sergio M\u00fcller. Participantes desta edi\u00e7\u00e3o: Vinicius Cabral\" \/>\n\t\t<meta property=\"og:url\" content=\"https:\/\/acervapaulista.com.br\/wordpress\/evento\/brassagem-aberta-eap\/\" \/>\n\t\t<meta property=\"article:published_time\" content=\"2016-06-14T21:17:01+00:00\" \/>\n\t\t<meta property=\"article:modified_time\" content=\"2016-06-14T21:18:43+00:00\" \/>\n\t\t<meta name=\"twitter:card\" content=\"summary_large_image\" \/>\n\t\t<meta name=\"twitter:title\" content=\"Brassagem em dupla EAP - ACervA Paulista\" \/>\n\t\t<meta name=\"twitter:description\" content=\"Mais uma edi\u00e7\u00e3o da Brassagem em Dupla, iniciativa da ACervA Paulista com o Emp\u00f3rio Alto dos Pinheiros, onde dois cervejeiros que nunca produziram uma cerveja juntos, far\u00e3o uma receita feita especialmente para o evento! Evento gratuito! Haver\u00e1 a degusta\u00e7\u00e3o da cerveja produzida na edi\u00e7\u00e3o anterior por Rodrigo Turini e Sergio M\u00fcller. Participantes desta edi\u00e7\u00e3o: Vinicius Cabral\" \/>\n\t\t<script type=\"application\/ld+json\" class=\"aioseo-schema\">\n\t\t\t{\"@context\":\"https:\\\/\\\/schema.org\",\"@graph\":[{\"@type\":\"BreadcrumbList\",\"@id\":\"https:\\\/\\\/acervapaulista.com.br\\\/wordpress\\\/evento\\\/brassagem-aberta-eap\\\/#breadcrumblist\",\"itemListElement\":[{\"@type\":\"ListItem\",\"@id\":\"https:\\\/\\\/acervapaulista.com.br\\\/wordpress#listItem\",\"position\":1,\"name\":\"Home\",\"item\":\"https:\\\/\\\/acervapaulista.com.br\\\/wordpress\",\"nextItem\":{\"@type\":\"ListItem\",\"@id\":\"https:\\\/\\\/acervapaulista.com.br\\\/wordpress\\\/eventos\\\/#listItem\",\"name\":\"Eventos\"}},{\"@type\":\"ListItem\",\"@id\":\"https:\\\/\\\/acervapaulista.com.br\\\/wordpress\\\/eventos\\\/#listItem\",\"position\":2,\"name\":\"Eventos\",\"item\":\"https:\\\/\\\/acervapaulista.com.br\\\/wordpress\\\/eventos\\\/\",\"nextItem\":{\"@type\":\"ListItem\",\"@id\":\"https:\\\/\\\/acervapaulista.com.br\\\/wordpress\\\/tag\\\/sao-paulo\\\/#listItem\",\"name\":\"S\\u00e3o Paulo\"},\"previousItem\":{\"@type\":\"ListItem\",\"@id\":\"https:\\\/\\\/acervapaulista.com.br\\\/wordpress#listItem\",\"name\":\"Home\"}},{\"@type\":\"ListItem\",\"@id\":\"https:\\\/\\\/acervapaulista.com.br\\\/wordpress\\\/tag\\\/sao-paulo\\\/#listItem\",\"position\":3,\"name\":\"S\\u00e3o Paulo\",\"item\":\"https:\\\/\\\/acervapaulista.com.br\\\/wordpress\\\/tag\\\/sao-paulo\\\/\",\"nextItem\":{\"@type\":\"ListItem\",\"@id\":\"https:\\\/\\\/acervapaulista.com.br\\\/wordpress\\\/evento\\\/brassagem-aberta-eap\\\/#listItem\",\"name\":\"Brassagem em dupla EAP\"},\"previousItem\":{\"@type\":\"ListItem\",\"@id\":\"https:\\\/\\\/acervapaulista.com.br\\\/wordpress\\\/eventos\\\/#listItem\",\"name\":\"Eventos\"}},{\"@type\":\"ListItem\",\"@id\":\"https:\\\/\\\/acervapaulista.com.br\\\/wordpress\\\/evento\\\/brassagem-aberta-eap\\\/#listItem\",\"position\":4,\"name\":\"Brassagem em dupla EAP\",\"previousItem\":{\"@type\":\"ListItem\",\"@id\":\"https:\\\/\\\/acervapaulista.com.br\\\/wordpress\\\/tag\\\/sao-paulo\\\/#listItem\",\"name\":\"S\\u00e3o Paulo\"}}]},{\"@type\":\"Organization\",\"@id\":\"https:\\\/\\\/acervapaulista.com.br\\\/wordpress\\\/#organization\",\"name\":\"ACervA Paulista\",\"description\":\"Associa\\u00e7\\u00e3o dos Cervejeiros Artesanais Paulistas\",\"url\":\"https:\\\/\\\/acervapaulista.com.br\\\/wordpress\\\/\"},{\"@type\":\"Person\",\"@id\":\"https:\\\/\\\/acervapaulista.com.br\\\/wordpress\\\/author\\\/acerva-paulista\\\/#author\",\"url\":\"https:\\\/\\\/acervapaulista.com.br\\\/wordpress\\\/author\\\/acerva-paulista\\\/\",\"name\":\"ACervA Paulista\",\"image\":{\"@type\":\"ImageObject\",\"@id\":\"https:\\\/\\\/acervapaulista.com.br\\\/wordpress\\\/evento\\\/brassagem-aberta-eap\\\/#authorImage\",\"url\":\"https:\\\/\\\/secure.gravatar.com\\\/avatar\\\/82a53c3dc8c0f95f206cd4b997ac42614436afd1786d7a017ce41c9d259b8309?s=96&d=mm&r=g\",\"width\":96,\"height\":96,\"caption\":\"ACervA Paulista\"}},{\"@type\":\"WebPage\",\"@id\":\"https:\\\/\\\/acervapaulista.com.br\\\/wordpress\\\/evento\\\/brassagem-aberta-eap\\\/#webpage\",\"url\":\"https:\\\/\\\/acervapaulista.com.br\\\/wordpress\\\/evento\\\/brassagem-aberta-eap\\\/\",\"name\":\"Brassagem em dupla EAP - ACervA Paulista\",\"description\":\"Mais uma edi\\u00e7\\u00e3o da Brassagem em Dupla, iniciativa da ACervA Paulista com o Emp\\u00f3rio Alto dos Pinheiros, onde dois cervejeiros que nunca produziram uma cerveja juntos, far\\u00e3o uma receita feita especialmente para o evento! Evento gratuito! Haver\\u00e1 a degusta\\u00e7\\u00e3o da cerveja produzida na edi\\u00e7\\u00e3o anterior por Rodrigo Turini e Sergio M\\u00fcller. Participantes desta edi\\u00e7\\u00e3o: Vinicius Cabral\",\"inLanguage\":\"pt-BR\",\"isPartOf\":{\"@id\":\"https:\\\/\\\/acervapaulista.com.br\\\/wordpress\\\/#website\"},\"breadcrumb\":{\"@id\":\"https:\\\/\\\/acervapaulista.com.br\\\/wordpress\\\/evento\\\/brassagem-aberta-eap\\\/#breadcrumblist\"},\"author\":{\"@id\":\"https:\\\/\\\/acervapaulista.com.br\\\/wordpress\\\/author\\\/acerva-paulista\\\/#author\"},\"creator\":{\"@id\":\"https:\\\/\\\/acervapaulista.com.br\\\/wordpress\\\/author\\\/acerva-paulista\\\/#author\"},\"datePublished\":\"2016-06-14T18:17:01-03:00\",\"dateModified\":\"2016-06-14T18:18:43-03:00\"},{\"@type\":\"WebSite\",\"@id\":\"https:\\\/\\\/acervapaulista.com.br\\\/wordpress\\\/#website\",\"url\":\"https:\\\/\\\/acervapaulista.com.br\\\/wordpress\\\/\",\"name\":\"ACervA Paulista\",\"description\":\"Associa\\u00e7\\u00e3o dos Cervejeiros Artesanais Paulistas\",\"inLanguage\":\"pt-BR\",\"publisher\":{\"@id\":\"https:\\\/\\\/acervapaulista.com.br\\\/wordpress\\\/#organization\"}}]}\n\t\t<\/script>\n\t\t<!-- All in One SEO -->\n\n","aioseo_head_json":{"title":"Brassagem em dupla EAP - ACervA Paulista","description":"Mais uma edi\u00e7\u00e3o da Brassagem em Dupla, iniciativa da ACervA Paulista com o Emp\u00f3rio Alto dos Pinheiros, onde dois cervejeiros que nunca produziram uma cerveja juntos, far\u00e3o uma receita feita especialmente para o evento! Evento gratuito! Haver\u00e1 a degusta\u00e7\u00e3o da cerveja produzida na edi\u00e7\u00e3o anterior por Rodrigo Turini e Sergio M\u00fcller. Participantes desta edi\u00e7\u00e3o: Vinicius Cabral","canonical_url":"https:\/\/acervapaulista.com.br\/wordpress\/evento\/brassagem-aberta-eap\/","robots":"max-image-preview:large","keywords":"","webmasterTools":{"miscellaneous":""},"schema":{"@context":"https:\/\/schema.org","@graph":[{"@type":"BreadcrumbList","@id":"https:\/\/acervapaulista.com.br\/wordpress\/evento\/brassagem-aberta-eap\/#breadcrumblist","itemListElement":[{"@type":"ListItem","@id":"https:\/\/acervapaulista.com.br\/wordpress#listItem","position":1,"name":"Home","item":"https:\/\/acervapaulista.com.br\/wordpress","nextItem":{"@type":"ListItem","@id":"https:\/\/acervapaulista.com.br\/wordpress\/eventos\/#listItem","name":"Eventos"}},{"@type":"ListItem","@id":"https:\/\/acervapaulista.com.br\/wordpress\/eventos\/#listItem","position":2,"name":"Eventos","item":"https:\/\/acervapaulista.com.br\/wordpress\/eventos\/","nextItem":{"@type":"ListItem","@id":"https:\/\/acervapaulista.com.br\/wordpress\/tag\/sao-paulo\/#listItem","name":"S\u00e3o Paulo"},"previousItem":{"@type":"ListItem","@id":"https:\/\/acervapaulista.com.br\/wordpress#listItem","name":"Home"}},{"@type":"ListItem","@id":"https:\/\/acervapaulista.com.br\/wordpress\/tag\/sao-paulo\/#listItem","position":3,"name":"S\u00e3o Paulo","item":"https:\/\/acervapaulista.com.br\/wordpress\/tag\/sao-paulo\/","nextItem":{"@type":"ListItem","@id":"https:\/\/acervapaulista.com.br\/wordpress\/evento\/brassagem-aberta-eap\/#listItem","name":"Brassagem em dupla EAP"},"previousItem":{"@type":"ListItem","@id":"https:\/\/acervapaulista.com.br\/wordpress\/eventos\/#listItem","name":"Eventos"}},{"@type":"ListItem","@id":"https:\/\/acervapaulista.com.br\/wordpress\/evento\/brassagem-aberta-eap\/#listItem","position":4,"name":"Brassagem em dupla EAP","previousItem":{"@type":"ListItem","@id":"https:\/\/acervapaulista.com.br\/wordpress\/tag\/sao-paulo\/#listItem","name":"S\u00e3o Paulo"}}]},{"@type":"Organization","@id":"https:\/\/acervapaulista.com.br\/wordpress\/#organization","name":"ACervA Paulista","description":"Associa\u00e7\u00e3o dos Cervejeiros Artesanais Paulistas","url":"https:\/\/acervapaulista.com.br\/wordpress\/"},{"@type":"Person","@id":"https:\/\/acervapaulista.com.br\/wordpress\/author\/acerva-paulista\/#author","url":"https:\/\/acervapaulista.com.br\/wordpress\/author\/acerva-paulista\/","name":"ACervA Paulista","image":{"@type":"ImageObject","@id":"https:\/\/acervapaulista.com.br\/wordpress\/evento\/brassagem-aberta-eap\/#authorImage","url":"https:\/\/secure.gravatar.com\/avatar\/82a53c3dc8c0f95f206cd4b997ac42614436afd1786d7a017ce41c9d259b8309?s=96&d=mm&r=g","width":96,"height":96,"caption":"ACervA Paulista"}},{"@type":"WebPage","@id":"https:\/\/acervapaulista.com.br\/wordpress\/evento\/brassagem-aberta-eap\/#webpage","url":"https:\/\/acervapaulista.com.br\/wordpress\/evento\/brassagem-aberta-eap\/","name":"Brassagem em dupla EAP - ACervA Paulista","description":"Mais uma edi\u00e7\u00e3o da Brassagem em Dupla, iniciativa da ACervA Paulista com o Emp\u00f3rio Alto dos Pinheiros, onde dois cervejeiros que nunca produziram uma cerveja juntos, far\u00e3o uma receita feita especialmente para o evento! Evento gratuito! Haver\u00e1 a degusta\u00e7\u00e3o da cerveja produzida na edi\u00e7\u00e3o anterior por Rodrigo Turini e Sergio M\u00fcller. Participantes desta edi\u00e7\u00e3o: Vinicius Cabral","inLanguage":"pt-BR","isPartOf":{"@id":"https:\/\/acervapaulista.com.br\/wordpress\/#website"},"breadcrumb":{"@id":"https:\/\/acervapaulista.com.br\/wordpress\/evento\/brassagem-aberta-eap\/#breadcrumblist"},"author":{"@id":"https:\/\/acervapaulista.com.br\/wordpress\/author\/acerva-paulista\/#author"},"creator":{"@id":"https:\/\/acervapaulista.com.br\/wordpress\/author\/acerva-paulista\/#author"},"datePublished":"2016-06-14T18:17:01-03:00","dateModified":"2016-06-14T18:18:43-03:00"},{"@type":"WebSite","@id":"https:\/\/acervapaulista.com.br\/wordpress\/#website","url":"https:\/\/acervapaulista.com.br\/wordpress\/","name":"ACervA Paulista","description":"Associa\u00e7\u00e3o dos Cervejeiros Artesanais Paulistas","inLanguage":"pt-BR","publisher":{"@id":"https:\/\/acervapaulista.com.br\/wordpress\/#organization"}}]},"og:locale":"pt_BR","og:site_name":"ACervA Paulista - Associa\u00e7\u00e3o dos Cervejeiros Artesanais Paulistas","og:type":"article","og:title":"Brassagem em dupla EAP - ACervA Paulista","og:description":"Mais uma edi\u00e7\u00e3o da Brassagem em Dupla, iniciativa da ACervA Paulista com o Emp\u00f3rio Alto dos Pinheiros, onde dois cervejeiros que nunca produziram uma cerveja juntos, far\u00e3o uma receita feita especialmente para o evento! Evento gratuito! Haver\u00e1 a degusta\u00e7\u00e3o da cerveja produzida na edi\u00e7\u00e3o anterior por Rodrigo Turini e Sergio M\u00fcller. Participantes desta edi\u00e7\u00e3o: Vinicius Cabral","og:url":"https:\/\/acervapaulista.com.br\/wordpress\/evento\/brassagem-aberta-eap\/","article:published_time":"2016-06-14T21:17:01+00:00","article:modified_time":"2016-06-14T21:18:43+00:00","twitter:card":"summary_large_image","twitter:title":"Brassagem em dupla EAP - ACervA Paulista","twitter:description":"Mais uma edi\u00e7\u00e3o da Brassagem em Dupla, iniciativa da ACervA Paulista com o Emp\u00f3rio Alto dos Pinheiros, onde dois cervejeiros que nunca produziram uma cerveja juntos, far\u00e3o uma receita feita especialmente para o evento! Evento gratuito! Haver\u00e1 a degusta\u00e7\u00e3o da cerveja produzida na edi\u00e7\u00e3o anterior por Rodrigo Turini e Sergio M\u00fcller. Participantes desta edi\u00e7\u00e3o: Vinicius Cabral"},"aioseo_meta_data":{"post_id":"2796","title":null,"description":null,"keywords":null,"keyphrases":null,"primary_term":null,"canonical_url":null,"og_title":null,"og_description":null,"og_object_type":"default","og_image_type":"default","og_image_url":null,"og_image_width":null,"og_image_height":null,"og_image_custom_url":null,"og_image_custom_fields":null,"og_video":null,"og_custom_url":null,"og_article_section":null,"og_article_tags":null,"twitter_use_og":false,"twitter_card":"default","twitter_image_type":"default","twitter_image_url":null,"twitter_image_custom_url":null,"twitter_image_custom_fields":null,"twitter_title":null,"twitter_description":null,"schema":{"blockGraphs":[],"customGraphs":[],"default":{"data":{"Article":[],"Course":[],"Dataset":[],"FAQPage":[],"Movie":[],"Person":[],"Product":[],"ProductReview":[],"Car":[],"Recipe":[],"Service":[],"SoftwareApplication":[],"WebPage":[]},"graphName":"","isEnabled":true},"graphs":[]},"schema_type":"default","schema_type_options":null,"pillar_content":false,"robots_default":true,"robots_noindex":false,"robots_noarchive":false,"robots_nosnippet":false,"robots_nofollow":false,"robots_noimageindex":false,"robots_noodp":false,"robots_notranslate":false,"robots_max_snippet":null,"robots_max_videopreview":null,"robots_max_imagepreview":"large","priority":null,"frequency":null,"local_seo":null,"breadcrumb_settings":null,"limit_modified_date":false,"ai":null,"created":"2023-10-20 05:19:00","updated":"2025-09-06 13:17:56","seo_analyzer_scan_date":null},"aioseo_breadcrumb":"<div class=\"aioseo-breadcrumbs\"><span class=\"aioseo-breadcrumb\">\n\t\t\t<a href=\"https:\/\/acervapaulista.com.br\/wordpress\" title=\"Home\">Home<\/a>\n\t\t<\/span><span class=\"aioseo-breadcrumb-separator\">&raquo;<\/span><span class=\"aioseo-breadcrumb\">\n\t\t\t<a href=\"https:\/\/acervapaulista.com.br\/wordpress\/eventos\/\" title=\"Eventos\">Eventos<\/a>\n\t\t<\/span><span class=\"aioseo-breadcrumb-separator\">&raquo;<\/span><span class=\"aioseo-breadcrumb\">\n\t\t\t<a href=\"https:\/\/acervapaulista.com.br\/wordpress\/tag\/sao-paulo\/\" title=\"S\u00e3o Paulo\">S\u00e3o Paulo<\/a>\n\t\t<\/span><span class=\"aioseo-breadcrumb-separator\">&raquo;<\/span><span class=\"aioseo-breadcrumb\">\n\t\t\tBrassagem em dupla EAP\n\t\t<\/span><\/div>","aioseo_breadcrumb_json":[{"label":"Home","link":"https:\/\/acervapaulista.com.br\/wordpress"},{"label":"Eventos","link":"https:\/\/acervapaulista.com.br\/wordpress\/eventos\/"},{"label":"S\u00e3o Paulo","link":"https:\/\/acervapaulista.com.br\/wordpress\/tag\/sao-paulo\/"},{"label":"Brassagem em dupla EAP","link":"https:\/\/acervapaulista.com.br\/wordpress\/evento\/brassagem-aberta-eap\/"}],"ticketed":false,"_links":{"self":[{"href":"https:\/\/acervapaulista.com.br\/wordpress\/wp-json\/wp\/v2\/tribe_events\/2796","targetHints":{"allow":["GET"]}}],"collection":[{"href":"https:\/\/acervapaulista.com.br\/wordpress\/wp-json\/wp\/v2\/tribe_events"}],"about":[{"href":"https:\/\/acervapaulista.com.br\/wordpress\/wp-json\/wp\/v2\/types\/tribe_events"}],"author":[{"embeddable":true,"href":"https:\/\/acervapaulista.com.br\/wordpress\/wp-json\/wp\/v2\/users\/1"}],"version-history":[{"count":0,"href":"https:\/\/acervapaulista.com.br\/wordpress\/wp-json\/wp\/v2\/tribe_events\/2796\/revisions"}],"wp:attachment":[{"href":"https:\/\/acervapaulista.com.br\/wordpress\/wp-json\/wp\/v2\/media?parent=2796"}],"wp:term":[{"taxonomy":"post_tag","embeddable":true,"href":"https:\/\/acervapaulista.com.br\/wordpress\/wp-json\/wp\/v2\/tags?post=2796"},{"taxonomy":"tribe_events_cat","embeddable":true,"href":"https:\/\/acervapaulista.com.br\/wordpress\/wp-json\/wp\/v2\/tribe_events_cat?post=2796"}],"curies":[{"name":"wp","href":"https:\/\/api.w.org\/{rel}","templated":true}]}}