{"id":2117,"date":"2016-01-06T13:22:05","date_gmt":"2016-01-06T16:22:05","guid":{"rendered":"http:\/\/acervapaulista.com.br\/?post_type=tribe_events&#038;p=2117"},"modified":"2016-01-06T13:22:05","modified_gmt":"2016-01-06T16:22:05","slug":"brassagem-na-areia-2016","status":"publish","type":"tribe_events","link":"https:\/\/acervapaulista.com.br\/wordpress\/evento\/brassagem-na-areia-2016\/","title":{"rendered":"Brassagem na Areia 2016"},"content":{"rendered":"<p>Como j\u00e1 virou tradi\u00e7\u00e3o, abrimos os trabalhos do ano com a Brassagem na Areia na praia do Boqueir\u00e3o, em Santos.<\/p>\n<p>Em 2016 n\u00e3o ser\u00e1 diferente. O evento ser\u00e1 dia 23 de janeiro, s\u00e1bado, \u00e0 partir das 10h, e convidamos todos os s\u00f3cios para participar.<\/p>\n<p>Haver\u00e1 uma brassagem ao longo do dia, praia, comes e bebes!<\/p>\n<p>As regras s\u00e3o as mesmas dos \u00faltimos encontros:<\/p>\n<p>S\u00f3cio e um acompanhante: gratuito;<br \/>\nAcompanhantes extras s\u00e3o pagos (o valor ser\u00e1 de R$ 60 por pessoa)<br \/>\nObrigat\u00f3rio levar 3 litros de cerveja de sua produ\u00e7\u00e3o, por participante. Na aus\u00eancia de produ\u00e7\u00e3o, pode levar r\u00f3tulos de cervejas artesanais. Valorize a cerveja de sua regi\u00e3o: beba local \ud83d\ude42<\/p>\n<p>Inscri\u00e7\u00f5es: http:\/\/acervapaulista.com.br\/eventos-2016\/brassagem-na-areia-2016\/<\/p>\n","protected":false},"excerpt":{"rendered":"<p>Como j\u00e1 virou tradi\u00e7\u00e3o, abrimos os trabalhos do ano com a Brassagem na Areia na praia do Boqueir\u00e3o, em Santos. Em 2016 n\u00e3o ser\u00e1 diferente. O evento ser\u00e1 dia 23 de janeiro, s\u00e1bado, \u00e0 partir das 10h, e convidamos todos os s\u00f3cios para participar. Haver\u00e1 uma brassagem ao longo do dia, praia, comes e bebes! As regras s\u00e3o as mesmas dos \u00faltimos encontros: S\u00f3cio e um acompanhante: gratuito; Acompanhantes extras s\u00e3o pagos (o valor ser\u00e1 de R$ 60 por pessoa) Obrigat\u00f3rio levar 3 litros de cerveja de sua produ\u00e7\u00e3o, por participante. Na aus\u00eancia de produ\u00e7\u00e3o, pode levar r\u00f3tulos de cervejas artesanais. Valorize a cerveja de sua regi\u00e3o: beba local \ud83d\ude42 Inscri\u00e7\u00f5es: http:\/\/acervapaulista.com.br\/eventos-2016\/brassagem-na-areia-2016\/<\/p>\n","protected":false},"author":1,"featured_media":0,"template":"","meta":{"pmpro_default_level":"","_price":"","_stock":"","_tribe_ticket_header":"","_tribe_default_ticket_provider":"","_tribe_ticket_capacity":"0","_ticket_start_date":"","_ticket_end_date":"","_tribe_ticket_show_description":"","_tribe_ticket_show_not_going":false,"_tribe_ticket_use_global_stock":"","_tribe_ticket_global_stock_level":"","_global_stock_mode":"","_global_stock_cap":"","_tribe_rsvp_for_event":"","_tribe_ticket_going_count":"","_tribe_ticket_not_going_count":"","_tribe_tickets_list":"[]","_tribe_ticket_has_attendee_info_fields":false,"_tribe_events_status":"","_tribe_events_status_reason":"","footnotes":"","_tec_slr_enabled":"","_tec_slr_layout":""},"tags":[],"tribe_events_cat":[98,42],"class_list":["post-2117","tribe_events","type-tribe_events","status-publish","hentry","tribe_events_cat-baixada-santista","tribe_events_cat-encontro","pmpro-has-access","cat_baixada-santista","cat_encontro","no-post-thumbnail"],"aioseo_notices":[],"aioseo_head":"\n\t\t<!-- All in One SEO 4.9.10 - aioseo.com -->\n\t<meta name=\"description\" content=\"Como j\u00e1 virou tradi\u00e7\u00e3o, abrimos os trabalhos do ano com a Brassagem na Areia na praia do Boqueir\u00e3o, em Santos. Em 2016 n\u00e3o ser\u00e1 diferente. O evento ser\u00e1 dia 23 de janeiro, s\u00e1bado, \u00e0 partir das 10h, e convidamos todos os s\u00f3cios para participar. Haver\u00e1 uma brassagem ao longo do dia, praia, comes e bebes!\" \/>\n\t<meta name=\"robots\" content=\"max-image-preview:large\" \/>\n\t<meta name=\"author\" content=\"ACervA Paulista\"\/>\n\t<link rel=\"canonical\" href=\"https:\/\/acervapaulista.com.br\/wordpress\/evento\/brassagem-na-areia-2016\/\" \/>\n\t<meta name=\"generator\" content=\"All in One SEO (AIOSEO) 4.9.10\" \/>\n\t\t<meta property=\"og:locale\" content=\"pt_BR\" \/>\n\t\t<meta property=\"og:site_name\" content=\"ACervA Paulista - Associa\u00e7\u00e3o dos Cervejeiros Artesanais Paulistas\" \/>\n\t\t<meta property=\"og:type\" content=\"article\" \/>\n\t\t<meta property=\"og:title\" content=\"Brassagem na Areia 2016 - ACervA Paulista\" \/>\n\t\t<meta property=\"og:description\" content=\"Como j\u00e1 virou tradi\u00e7\u00e3o, abrimos os trabalhos do ano com a Brassagem na Areia na praia do Boqueir\u00e3o, em Santos. Em 2016 n\u00e3o ser\u00e1 diferente. O evento ser\u00e1 dia 23 de janeiro, s\u00e1bado, \u00e0 partir das 10h, e convidamos todos os s\u00f3cios para participar. Haver\u00e1 uma brassagem ao longo do dia, praia, comes e bebes!\" \/>\n\t\t<meta property=\"og:url\" content=\"https:\/\/acervapaulista.com.br\/wordpress\/evento\/brassagem-na-areia-2016\/\" \/>\n\t\t<meta property=\"article:published_time\" content=\"2016-01-06T16:22:05+00:00\" \/>\n\t\t<meta property=\"article:modified_time\" content=\"2016-01-06T16:22:05+00:00\" \/>\n\t\t<meta name=\"twitter:card\" content=\"summary_large_image\" \/>\n\t\t<meta name=\"twitter:title\" content=\"Brassagem na Areia 2016 - ACervA Paulista\" \/>\n\t\t<meta name=\"twitter:description\" content=\"Como j\u00e1 virou tradi\u00e7\u00e3o, abrimos os trabalhos do ano com a Brassagem na Areia na praia do Boqueir\u00e3o, em Santos. Em 2016 n\u00e3o ser\u00e1 diferente. O evento ser\u00e1 dia 23 de janeiro, s\u00e1bado, \u00e0 partir das 10h, e convidamos todos os s\u00f3cios para participar. Haver\u00e1 uma brassagem ao longo do dia, praia, comes e bebes!\" \/>\n\t\t<script type=\"application\/ld+json\" class=\"aioseo-schema\">\n\t\t\t{\"@context\":\"https:\\\/\\\/schema.org\",\"@graph\":[{\"@type\":\"BreadcrumbList\",\"@id\":\"https:\\\/\\\/acervapaulista.com.br\\\/wordpress\\\/evento\\\/brassagem-na-areia-2016\\\/#breadcrumblist\",\"itemListElement\":[{\"@type\":\"ListItem\",\"@id\":\"https:\\\/\\\/acervapaulista.com.br\\\/wordpress#listItem\",\"position\":1,\"name\":\"Home\",\"item\":\"https:\\\/\\\/acervapaulista.com.br\\\/wordpress\",\"nextItem\":{\"@type\":\"ListItem\",\"@id\":\"https:\\\/\\\/acervapaulista.com.br\\\/wordpress\\\/eventos\\\/#listItem\",\"name\":\"Eventos\"}},{\"@type\":\"ListItem\",\"@id\":\"https:\\\/\\\/acervapaulista.com.br\\\/wordpress\\\/eventos\\\/#listItem\",\"position\":2,\"name\":\"Eventos\",\"item\":\"https:\\\/\\\/acervapaulista.com.br\\\/wordpress\\\/eventos\\\/\",\"nextItem\":{\"@type\":\"ListItem\",\"@id\":\"https:\\\/\\\/acervapaulista.com.br\\\/wordpress\\\/eventos\\\/categoria\\\/regional\\\/#listItem\",\"name\":\"Regional\"},\"previousItem\":{\"@type\":\"ListItem\",\"@id\":\"https:\\\/\\\/acervapaulista.com.br\\\/wordpress#listItem\",\"name\":\"Home\"}},{\"@type\":\"ListItem\",\"@id\":\"https:\\\/\\\/acervapaulista.com.br\\\/wordpress\\\/eventos\\\/categoria\\\/regional\\\/#listItem\",\"position\":3,\"name\":\"Regional\",\"item\":\"https:\\\/\\\/acervapaulista.com.br\\\/wordpress\\\/eventos\\\/categoria\\\/regional\\\/\",\"nextItem\":{\"@type\":\"ListItem\",\"@id\":\"https:\\\/\\\/acervapaulista.com.br\\\/wordpress\\\/eventos\\\/categoria\\\/regional\\\/baixada-santista\\\/#listItem\",\"name\":\"Baixada Santista\"},\"previousItem\":{\"@type\":\"ListItem\",\"@id\":\"https:\\\/\\\/acervapaulista.com.br\\\/wordpress\\\/eventos\\\/#listItem\",\"name\":\"Eventos\"}},{\"@type\":\"ListItem\",\"@id\":\"https:\\\/\\\/acervapaulista.com.br\\\/wordpress\\\/eventos\\\/categoria\\\/regional\\\/baixada-santista\\\/#listItem\",\"position\":4,\"name\":\"Baixada Santista\",\"item\":\"https:\\\/\\\/acervapaulista.com.br\\\/wordpress\\\/eventos\\\/categoria\\\/regional\\\/baixada-santista\\\/\",\"nextItem\":{\"@type\":\"ListItem\",\"@id\":\"https:\\\/\\\/acervapaulista.com.br\\\/wordpress\\\/evento\\\/brassagem-na-areia-2016\\\/#listItem\",\"name\":\"Brassagem na Areia 2016\"},\"previousItem\":{\"@type\":\"ListItem\",\"@id\":\"https:\\\/\\\/acervapaulista.com.br\\\/wordpress\\\/eventos\\\/categoria\\\/regional\\\/#listItem\",\"name\":\"Regional\"}},{\"@type\":\"ListItem\",\"@id\":\"https:\\\/\\\/acervapaulista.com.br\\\/wordpress\\\/evento\\\/brassagem-na-areia-2016\\\/#listItem\",\"position\":5,\"name\":\"Brassagem na Areia 2016\",\"previousItem\":{\"@type\":\"ListItem\",\"@id\":\"https:\\\/\\\/acervapaulista.com.br\\\/wordpress\\\/eventos\\\/categoria\\\/regional\\\/baixada-santista\\\/#listItem\",\"name\":\"Baixada Santista\"}}]},{\"@type\":\"Organization\",\"@id\":\"https:\\\/\\\/acervapaulista.com.br\\\/wordpress\\\/#organization\",\"name\":\"ACervA Paulista\",\"description\":\"Associa\\u00e7\\u00e3o dos Cervejeiros Artesanais Paulistas\",\"url\":\"https:\\\/\\\/acervapaulista.com.br\\\/wordpress\\\/\"},{\"@type\":\"Person\",\"@id\":\"https:\\\/\\\/acervapaulista.com.br\\\/wordpress\\\/author\\\/acerva-paulista\\\/#author\",\"url\":\"https:\\\/\\\/acervapaulista.com.br\\\/wordpress\\\/author\\\/acerva-paulista\\\/\",\"name\":\"ACervA Paulista\",\"image\":{\"@type\":\"ImageObject\",\"@id\":\"https:\\\/\\\/acervapaulista.com.br\\\/wordpress\\\/evento\\\/brassagem-na-areia-2016\\\/#authorImage\",\"url\":\"https:\\\/\\\/secure.gravatar.com\\\/avatar\\\/82a53c3dc8c0f95f206cd4b997ac42614436afd1786d7a017ce41c9d259b8309?s=96&d=mm&r=g\",\"width\":96,\"height\":96,\"caption\":\"ACervA Paulista\"}},{\"@type\":\"WebPage\",\"@id\":\"https:\\\/\\\/acervapaulista.com.br\\\/wordpress\\\/evento\\\/brassagem-na-areia-2016\\\/#webpage\",\"url\":\"https:\\\/\\\/acervapaulista.com.br\\\/wordpress\\\/evento\\\/brassagem-na-areia-2016\\\/\",\"name\":\"Brassagem na Areia 2016 - ACervA Paulista\",\"description\":\"Como j\\u00e1 virou tradi\\u00e7\\u00e3o, abrimos os trabalhos do ano com a Brassagem na Areia na praia do Boqueir\\u00e3o, em Santos. Em 2016 n\\u00e3o ser\\u00e1 diferente. O evento ser\\u00e1 dia 23 de janeiro, s\\u00e1bado, \\u00e0 partir das 10h, e convidamos todos os s\\u00f3cios para participar. Haver\\u00e1 uma brassagem ao longo do dia, praia, comes e bebes!\",\"inLanguage\":\"pt-BR\",\"isPartOf\":{\"@id\":\"https:\\\/\\\/acervapaulista.com.br\\\/wordpress\\\/#website\"},\"breadcrumb\":{\"@id\":\"https:\\\/\\\/acervapaulista.com.br\\\/wordpress\\\/evento\\\/brassagem-na-areia-2016\\\/#breadcrumblist\"},\"author\":{\"@id\":\"https:\\\/\\\/acervapaulista.com.br\\\/wordpress\\\/author\\\/acerva-paulista\\\/#author\"},\"creator\":{\"@id\":\"https:\\\/\\\/acervapaulista.com.br\\\/wordpress\\\/author\\\/acerva-paulista\\\/#author\"},\"datePublished\":\"2016-01-06T13:22:05-02:00\",\"dateModified\":\"2016-01-06T13:22:05-02:00\"},{\"@type\":\"WebSite\",\"@id\":\"https:\\\/\\\/acervapaulista.com.br\\\/wordpress\\\/#website\",\"url\":\"https:\\\/\\\/acervapaulista.com.br\\\/wordpress\\\/\",\"name\":\"ACervA Paulista\",\"description\":\"Associa\\u00e7\\u00e3o dos Cervejeiros Artesanais Paulistas\",\"inLanguage\":\"pt-BR\",\"publisher\":{\"@id\":\"https:\\\/\\\/acervapaulista.com.br\\\/wordpress\\\/#organization\"}}]}\n\t\t<\/script>\n\t\t<!-- All in One SEO -->\n\n","aioseo_head_json":{"title":"Brassagem na Areia 2016 - ACervA Paulista","description":"Como j\u00e1 virou tradi\u00e7\u00e3o, abrimos os trabalhos do ano com a Brassagem na Areia na praia do Boqueir\u00e3o, em Santos. Em 2016 n\u00e3o ser\u00e1 diferente. O evento ser\u00e1 dia 23 de janeiro, s\u00e1bado, \u00e0 partir das 10h, e convidamos todos os s\u00f3cios para participar. Haver\u00e1 uma brassagem ao longo do dia, praia, comes e bebes!","canonical_url":"https:\/\/acervapaulista.com.br\/wordpress\/evento\/brassagem-na-areia-2016\/","robots":"max-image-preview:large","keywords":"","webmasterTools":{"miscellaneous":""},"schema":{"@context":"https:\/\/schema.org","@graph":[{"@type":"BreadcrumbList","@id":"https:\/\/acervapaulista.com.br\/wordpress\/evento\/brassagem-na-areia-2016\/#breadcrumblist","itemListElement":[{"@type":"ListItem","@id":"https:\/\/acervapaulista.com.br\/wordpress#listItem","position":1,"name":"Home","item":"https:\/\/acervapaulista.com.br\/wordpress","nextItem":{"@type":"ListItem","@id":"https:\/\/acervapaulista.com.br\/wordpress\/eventos\/#listItem","name":"Eventos"}},{"@type":"ListItem","@id":"https:\/\/acervapaulista.com.br\/wordpress\/eventos\/#listItem","position":2,"name":"Eventos","item":"https:\/\/acervapaulista.com.br\/wordpress\/eventos\/","nextItem":{"@type":"ListItem","@id":"https:\/\/acervapaulista.com.br\/wordpress\/eventos\/categoria\/regional\/#listItem","name":"Regional"},"previousItem":{"@type":"ListItem","@id":"https:\/\/acervapaulista.com.br\/wordpress#listItem","name":"Home"}},{"@type":"ListItem","@id":"https:\/\/acervapaulista.com.br\/wordpress\/eventos\/categoria\/regional\/#listItem","position":3,"name":"Regional","item":"https:\/\/acervapaulista.com.br\/wordpress\/eventos\/categoria\/regional\/","nextItem":{"@type":"ListItem","@id":"https:\/\/acervapaulista.com.br\/wordpress\/eventos\/categoria\/regional\/baixada-santista\/#listItem","name":"Baixada Santista"},"previousItem":{"@type":"ListItem","@id":"https:\/\/acervapaulista.com.br\/wordpress\/eventos\/#listItem","name":"Eventos"}},{"@type":"ListItem","@id":"https:\/\/acervapaulista.com.br\/wordpress\/eventos\/categoria\/regional\/baixada-santista\/#listItem","position":4,"name":"Baixada Santista","item":"https:\/\/acervapaulista.com.br\/wordpress\/eventos\/categoria\/regional\/baixada-santista\/","nextItem":{"@type":"ListItem","@id":"https:\/\/acervapaulista.com.br\/wordpress\/evento\/brassagem-na-areia-2016\/#listItem","name":"Brassagem na Areia 2016"},"previousItem":{"@type":"ListItem","@id":"https:\/\/acervapaulista.com.br\/wordpress\/eventos\/categoria\/regional\/#listItem","name":"Regional"}},{"@type":"ListItem","@id":"https:\/\/acervapaulista.com.br\/wordpress\/evento\/brassagem-na-areia-2016\/#listItem","position":5,"name":"Brassagem na Areia 2016","previousItem":{"@type":"ListItem","@id":"https:\/\/acervapaulista.com.br\/wordpress\/eventos\/categoria\/regional\/baixada-santista\/#listItem","name":"Baixada Santista"}}]},{"@type":"Organization","@id":"https:\/\/acervapaulista.com.br\/wordpress\/#organization","name":"ACervA Paulista","description":"Associa\u00e7\u00e3o dos Cervejeiros Artesanais Paulistas","url":"https:\/\/acervapaulista.com.br\/wordpress\/"},{"@type":"Person","@id":"https:\/\/acervapaulista.com.br\/wordpress\/author\/acerva-paulista\/#author","url":"https:\/\/acervapaulista.com.br\/wordpress\/author\/acerva-paulista\/","name":"ACervA Paulista","image":{"@type":"ImageObject","@id":"https:\/\/acervapaulista.com.br\/wordpress\/evento\/brassagem-na-areia-2016\/#authorImage","url":"https:\/\/secure.gravatar.com\/avatar\/82a53c3dc8c0f95f206cd4b997ac42614436afd1786d7a017ce41c9d259b8309?s=96&d=mm&r=g","width":96,"height":96,"caption":"ACervA Paulista"}},{"@type":"WebPage","@id":"https:\/\/acervapaulista.com.br\/wordpress\/evento\/brassagem-na-areia-2016\/#webpage","url":"https:\/\/acervapaulista.com.br\/wordpress\/evento\/brassagem-na-areia-2016\/","name":"Brassagem na Areia 2016 - ACervA Paulista","description":"Como j\u00e1 virou tradi\u00e7\u00e3o, abrimos os trabalhos do ano com a Brassagem na Areia na praia do Boqueir\u00e3o, em Santos. Em 2016 n\u00e3o ser\u00e1 diferente. O evento ser\u00e1 dia 23 de janeiro, s\u00e1bado, \u00e0 partir das 10h, e convidamos todos os s\u00f3cios para participar. Haver\u00e1 uma brassagem ao longo do dia, praia, comes e bebes!","inLanguage":"pt-BR","isPartOf":{"@id":"https:\/\/acervapaulista.com.br\/wordpress\/#website"},"breadcrumb":{"@id":"https:\/\/acervapaulista.com.br\/wordpress\/evento\/brassagem-na-areia-2016\/#breadcrumblist"},"author":{"@id":"https:\/\/acervapaulista.com.br\/wordpress\/author\/acerva-paulista\/#author"},"creator":{"@id":"https:\/\/acervapaulista.com.br\/wordpress\/author\/acerva-paulista\/#author"},"datePublished":"2016-01-06T13:22:05-02:00","dateModified":"2016-01-06T13:22:05-02:00"},{"@type":"WebSite","@id":"https:\/\/acervapaulista.com.br\/wordpress\/#website","url":"https:\/\/acervapaulista.com.br\/wordpress\/","name":"ACervA Paulista","description":"Associa\u00e7\u00e3o dos Cervejeiros Artesanais Paulistas","inLanguage":"pt-BR","publisher":{"@id":"https:\/\/acervapaulista.com.br\/wordpress\/#organization"}}]},"og:locale":"pt_BR","og:site_name":"ACervA Paulista - Associa\u00e7\u00e3o dos Cervejeiros Artesanais Paulistas","og:type":"article","og:title":"Brassagem na Areia 2016 - ACervA Paulista","og:description":"Como j\u00e1 virou tradi\u00e7\u00e3o, abrimos os trabalhos do ano com a Brassagem na Areia na praia do Boqueir\u00e3o, em Santos. Em 2016 n\u00e3o ser\u00e1 diferente. O evento ser\u00e1 dia 23 de janeiro, s\u00e1bado, \u00e0 partir das 10h, e convidamos todos os s\u00f3cios para participar. Haver\u00e1 uma brassagem ao longo do dia, praia, comes e bebes!","og:url":"https:\/\/acervapaulista.com.br\/wordpress\/evento\/brassagem-na-areia-2016\/","article:published_time":"2016-01-06T16:22:05+00:00","article:modified_time":"2016-01-06T16:22:05+00:00","twitter:card":"summary_large_image","twitter:title":"Brassagem na Areia 2016 - ACervA Paulista","twitter:description":"Como j\u00e1 virou tradi\u00e7\u00e3o, abrimos os trabalhos do ano com a Brassagem na Areia na praia do Boqueir\u00e3o, em Santos. Em 2016 n\u00e3o ser\u00e1 diferente. O evento ser\u00e1 dia 23 de janeiro, s\u00e1bado, \u00e0 partir das 10h, e convidamos todos os s\u00f3cios para participar. Haver\u00e1 uma brassagem ao longo do dia, praia, comes e bebes!"},"aioseo_meta_data":{"post_id":"2117","title":null,"description":null,"keywords":null,"keyphrases":null,"primary_term":null,"canonical_url":null,"og_title":null,"og_description":null,"og_object_type":"default","og_image_type":"default","og_image_url":null,"og_image_width":null,"og_image_height":null,"og_image_custom_url":null,"og_image_custom_fields":null,"og_video":null,"og_custom_url":null,"og_article_section":null,"og_article_tags":null,"twitter_use_og":false,"twitter_card":"default","twitter_image_type":"default","twitter_image_url":null,"twitter_image_custom_url":null,"twitter_image_custom_fields":null,"twitter_title":null,"twitter_description":null,"schema":{"blockGraphs":[],"customGraphs":[],"default":{"data":{"Article":[],"Course":[],"Dataset":[],"FAQPage":[],"Movie":[],"Person":[],"Product":[],"ProductReview":[],"Car":[],"Recipe":[],"Service":[],"SoftwareApplication":[],"WebPage":[]},"graphName":"","isEnabled":true},"graphs":[]},"schema_type":"default","schema_type_options":null,"pillar_content":false,"robots_default":true,"robots_noindex":false,"robots_noarchive":false,"robots_nosnippet":false,"robots_nofollow":false,"robots_noimageindex":false,"robots_noodp":false,"robots_notranslate":false,"robots_max_snippet":null,"robots_max_videopreview":null,"robots_max_imagepreview":"large","priority":null,"frequency":null,"local_seo":null,"breadcrumb_settings":null,"limit_modified_date":false,"ai":null,"created":"2023-10-20 05:17:42","updated":"2025-09-06 13:14:55","seo_analyzer_scan_date":null},"aioseo_breadcrumb":"<div class=\"aioseo-breadcrumbs\"><span class=\"aioseo-breadcrumb\">\n\t\t\t<a href=\"https:\/\/acervapaulista.com.br\/wordpress\" title=\"Home\">Home<\/a>\n\t\t<\/span><span class=\"aioseo-breadcrumb-separator\">&raquo;<\/span><span class=\"aioseo-breadcrumb\">\n\t\t\t<a href=\"https:\/\/acervapaulista.com.br\/wordpress\/eventos\/\" title=\"Eventos\">Eventos<\/a>\n\t\t<\/span><span class=\"aioseo-breadcrumb-separator\">&raquo;<\/span><span class=\"aioseo-breadcrumb\">\n\t\t\t<a href=\"https:\/\/acervapaulista.com.br\/wordpress\/eventos\/categoria\/regional\/\" title=\"Regional\">Regional<\/a>\n\t\t<\/span><span class=\"aioseo-breadcrumb-separator\">&raquo;<\/span><span class=\"aioseo-breadcrumb\">\n\t\t\t<a href=\"https:\/\/acervapaulista.com.br\/wordpress\/eventos\/categoria\/regional\/baixada-santista\/\" title=\"Baixada Santista\">Baixada Santista<\/a>\n\t\t<\/span><span class=\"aioseo-breadcrumb-separator\">&raquo;<\/span><span class=\"aioseo-breadcrumb\">\n\t\t\tBrassagem na Areia 2016\n\t\t<\/span><\/div>","aioseo_breadcrumb_json":[{"label":"Home","link":"https:\/\/acervapaulista.com.br\/wordpress"},{"label":"Eventos","link":"https:\/\/acervapaulista.com.br\/wordpress\/eventos\/"},{"label":"Regional","link":"https:\/\/acervapaulista.com.br\/wordpress\/eventos\/categoria\/regional\/"},{"label":"Baixada Santista","link":"https:\/\/acervapaulista.com.br\/wordpress\/eventos\/categoria\/regional\/baixada-santista\/"},{"label":"Brassagem na Areia 2016","link":"https:\/\/acervapaulista.com.br\/wordpress\/evento\/brassagem-na-areia-2016\/"}],"ticketed":false,"_links":{"self":[{"href":"https:\/\/acervapaulista.com.br\/wordpress\/wp-json\/wp\/v2\/tribe_events\/2117","targetHints":{"allow":["GET"]}}],"collection":[{"href":"https:\/\/acervapaulista.com.br\/wordpress\/wp-json\/wp\/v2\/tribe_events"}],"about":[{"href":"https:\/\/acervapaulista.com.br\/wordpress\/wp-json\/wp\/v2\/types\/tribe_events"}],"author":[{"embeddable":true,"href":"https:\/\/acervapaulista.com.br\/wordpress\/wp-json\/wp\/v2\/users\/1"}],"version-history":[{"count":0,"href":"https:\/\/acervapaulista.com.br\/wordpress\/wp-json\/wp\/v2\/tribe_events\/2117\/revisions"}],"wp:attachment":[{"href":"https:\/\/acervapaulista.com.br\/wordpress\/wp-json\/wp\/v2\/media?parent=2117"}],"wp:term":[{"taxonomy":"post_tag","embeddable":true,"href":"https:\/\/acervapaulista.com.br\/wordpress\/wp-json\/wp\/v2\/tags?post=2117"},{"taxonomy":"tribe_events_cat","embeddable":true,"href":"https:\/\/acervapaulista.com.br\/wordpress\/wp-json\/wp\/v2\/tribe_events_cat?post=2117"}],"curies":[{"name":"wp","href":"https:\/\/api.w.org\/{rel}","templated":true}]}}