{"id":1828,"date":"2015-10-26T16:49:52","date_gmt":"2015-10-26T19:49:52","guid":{"rendered":"http:\/\/acervapaulista.com.br\/?post_type=tribe_events&#038;p=1828"},"modified":"2015-11-11T13:51:13","modified_gmt":"2015-11-11T16:51:13","slug":"hans-muller-na-cervejaria-invicta-festival-de-cervejeiros","status":"publish","type":"tribe_events","link":"https:\/\/acervapaulista.com.br\/wordpress\/evento\/hans-muller-na-cervejaria-invicta-festival-de-cervejeiros\/","title":{"rendered":"Hans M\u00fcller na Cervejaria Invicta &#8211; Festival de Cervejeiros"},"content":{"rendered":"<p>Dentro das festividades do Festival de Cervejeiros, teremos uma palestra em Ribeir\u00e3o Preto.<\/p>\n<p>Hans M\u00fcller, da Hanscraft&#038;Co. na Alemanha, dar\u00e1 uma palestra sobre Reinheitsgebot. Haver\u00e1 tamb\u00e9m degusta\u00e7\u00e3o de cervejas.<\/p>\n<p>Evento gratuito!<\/p>\n","protected":false},"excerpt":{"rendered":"<p>Dentro das festividades do Festival de Cervejeiros, teremos uma palestra em Ribeir\u00e3o Preto. Hans M\u00fcller, da Hanscraft&#038;Co. na Alemanha, dar\u00e1 uma palestra sobre Reinheitsgebot. Haver\u00e1 tamb\u00e9m degusta\u00e7\u00e3o de cervejas. Evento gratuito!<\/p>\n","protected":false},"author":1,"featured_media":0,"template":"","meta":{"pmpro_default_level":"","_price":"","_stock":"","_tribe_ticket_header":"","_tribe_default_ticket_provider":"","_tribe_ticket_capacity":"0","_ticket_start_date":"","_ticket_end_date":"","_tribe_ticket_show_description":"","_tribe_ticket_show_not_going":false,"_tribe_ticket_use_global_stock":"","_tribe_ticket_global_stock_level":"","_global_stock_mode":"","_global_stock_cap":"","_tribe_rsvp_for_event":"","_tribe_ticket_going_count":"","_tribe_ticket_not_going_count":"","_tribe_tickets_list":"[]","_tribe_ticket_has_attendee_info_fields":false,"_tribe_events_status":"","_tribe_events_status_reason":"","footnotes":"","_tec_slr_enabled":"","_tec_slr_layout":""},"tags":[85,92,36,67],"tribe_events_cat":[33,38,66],"class_list":["post-1828","tribe_events","type-tribe_events","status-publish","hentry","tag-cervejeiros","tag-festival-de-cervejeiros","tag-palestras","tag-ribeirao-preto","tribe_events_cat-palestras","tribe_events_cat-regional","tribe_events_cat-ribeirao-preto","pmpro-has-access","cat_palestras","cat_regional","cat_ribeirao-preto","no-post-thumbnail"],"aioseo_notices":[],"aioseo_head":"\n\t\t<!-- All in One SEO 4.9.10 - aioseo.com -->\n\t<meta name=\"description\" content=\"Dentro das festividades do Festival de Cervejeiros, teremos uma palestra em Ribeir\u00e3o Preto. Hans M\u00fcller, da Hanscraft&amp;Co. na Alemanha, dar\u00e1 uma palestra sobre Reinheitsgebot. Haver\u00e1 tamb\u00e9m degusta\u00e7\u00e3o de cervejas. Evento gratuito!\" \/>\n\t<meta name=\"robots\" content=\"max-image-preview:large\" \/>\n\t<meta name=\"author\" content=\"ACervA Paulista\"\/>\n\t<link rel=\"canonical\" href=\"https:\/\/acervapaulista.com.br\/wordpress\/evento\/hans-muller-na-cervejaria-invicta-festival-de-cervejeiros\/\" \/>\n\t<meta name=\"generator\" content=\"All in One SEO (AIOSEO) 4.9.10\" \/>\n\t\t<meta property=\"og:locale\" content=\"pt_BR\" \/>\n\t\t<meta property=\"og:site_name\" content=\"ACervA Paulista - Associa\u00e7\u00e3o dos Cervejeiros Artesanais Paulistas\" \/>\n\t\t<meta property=\"og:type\" content=\"article\" \/>\n\t\t<meta property=\"og:title\" content=\"Hans M\u00fcller na Cervejaria Invicta \u2013 Festival de Cervejeiros - ACervA Paulista\" \/>\n\t\t<meta property=\"og:description\" content=\"Dentro das festividades do Festival de Cervejeiros, teremos uma palestra em Ribeir\u00e3o Preto. Hans M\u00fcller, da Hanscraft&amp;Co. na Alemanha, dar\u00e1 uma palestra sobre Reinheitsgebot. Haver\u00e1 tamb\u00e9m degusta\u00e7\u00e3o de cervejas. Evento gratuito!\" \/>\n\t\t<meta property=\"og:url\" content=\"https:\/\/acervapaulista.com.br\/wordpress\/evento\/hans-muller-na-cervejaria-invicta-festival-de-cervejeiros\/\" \/>\n\t\t<meta property=\"article:published_time\" content=\"2015-10-26T19:49:52+00:00\" \/>\n\t\t<meta property=\"article:modified_time\" content=\"2015-11-11T16:51:13+00:00\" \/>\n\t\t<meta name=\"twitter:card\" content=\"summary_large_image\" \/>\n\t\t<meta name=\"twitter:title\" content=\"Hans M\u00fcller na Cervejaria Invicta \u2013 Festival de Cervejeiros - ACervA Paulista\" \/>\n\t\t<meta name=\"twitter:description\" content=\"Dentro das festividades do Festival de Cervejeiros, teremos uma palestra em Ribeir\u00e3o Preto. Hans M\u00fcller, da Hanscraft&amp;Co. na Alemanha, dar\u00e1 uma palestra sobre Reinheitsgebot. Haver\u00e1 tamb\u00e9m degusta\u00e7\u00e3o de cervejas. Evento gratuito!\" \/>\n\t\t<script type=\"application\/ld+json\" class=\"aioseo-schema\">\n\t\t\t{\"@context\":\"https:\\\/\\\/schema.org\",\"@graph\":[{\"@type\":\"BreadcrumbList\",\"@id\":\"https:\\\/\\\/acervapaulista.com.br\\\/wordpress\\\/evento\\\/hans-muller-na-cervejaria-invicta-festival-de-cervejeiros\\\/#breadcrumblist\",\"itemListElement\":[{\"@type\":\"ListItem\",\"@id\":\"https:\\\/\\\/acervapaulista.com.br\\\/wordpress#listItem\",\"position\":1,\"name\":\"Home\",\"item\":\"https:\\\/\\\/acervapaulista.com.br\\\/wordpress\",\"nextItem\":{\"@type\":\"ListItem\",\"@id\":\"https:\\\/\\\/acervapaulista.com.br\\\/wordpress\\\/eventos\\\/#listItem\",\"name\":\"Eventos\"}},{\"@type\":\"ListItem\",\"@id\":\"https:\\\/\\\/acervapaulista.com.br\\\/wordpress\\\/eventos\\\/#listItem\",\"position\":2,\"name\":\"Eventos\",\"item\":\"https:\\\/\\\/acervapaulista.com.br\\\/wordpress\\\/eventos\\\/\",\"nextItem\":{\"@type\":\"ListItem\",\"@id\":\"https:\\\/\\\/acervapaulista.com.br\\\/wordpress\\\/tag\\\/palestras\\\/#listItem\",\"name\":\"Palestras\"},\"previousItem\":{\"@type\":\"ListItem\",\"@id\":\"https:\\\/\\\/acervapaulista.com.br\\\/wordpress#listItem\",\"name\":\"Home\"}},{\"@type\":\"ListItem\",\"@id\":\"https:\\\/\\\/acervapaulista.com.br\\\/wordpress\\\/tag\\\/palestras\\\/#listItem\",\"position\":3,\"name\":\"Palestras\",\"item\":\"https:\\\/\\\/acervapaulista.com.br\\\/wordpress\\\/tag\\\/palestras\\\/\",\"nextItem\":{\"@type\":\"ListItem\",\"@id\":\"https:\\\/\\\/acervapaulista.com.br\\\/wordpress\\\/evento\\\/hans-muller-na-cervejaria-invicta-festival-de-cervejeiros\\\/#listItem\",\"name\":\"Hans M\\u00fcller na Cervejaria Invicta &#8211; Festival de Cervejeiros\"},\"previousItem\":{\"@type\":\"ListItem\",\"@id\":\"https:\\\/\\\/acervapaulista.com.br\\\/wordpress\\\/eventos\\\/#listItem\",\"name\":\"Eventos\"}},{\"@type\":\"ListItem\",\"@id\":\"https:\\\/\\\/acervapaulista.com.br\\\/wordpress\\\/evento\\\/hans-muller-na-cervejaria-invicta-festival-de-cervejeiros\\\/#listItem\",\"position\":4,\"name\":\"Hans M\\u00fcller na Cervejaria Invicta &#8211; Festival de Cervejeiros\",\"previousItem\":{\"@type\":\"ListItem\",\"@id\":\"https:\\\/\\\/acervapaulista.com.br\\\/wordpress\\\/tag\\\/palestras\\\/#listItem\",\"name\":\"Palestras\"}}]},{\"@type\":\"Organization\",\"@id\":\"https:\\\/\\\/acervapaulista.com.br\\\/wordpress\\\/#organization\",\"name\":\"ACervA Paulista\",\"description\":\"Associa\\u00e7\\u00e3o dos Cervejeiros Artesanais Paulistas\",\"url\":\"https:\\\/\\\/acervapaulista.com.br\\\/wordpress\\\/\"},{\"@type\":\"Person\",\"@id\":\"https:\\\/\\\/acervapaulista.com.br\\\/wordpress\\\/author\\\/acerva-paulista\\\/#author\",\"url\":\"https:\\\/\\\/acervapaulista.com.br\\\/wordpress\\\/author\\\/acerva-paulista\\\/\",\"name\":\"ACervA Paulista\",\"image\":{\"@type\":\"ImageObject\",\"@id\":\"https:\\\/\\\/acervapaulista.com.br\\\/wordpress\\\/evento\\\/hans-muller-na-cervejaria-invicta-festival-de-cervejeiros\\\/#authorImage\",\"url\":\"https:\\\/\\\/secure.gravatar.com\\\/avatar\\\/82a53c3dc8c0f95f206cd4b997ac42614436afd1786d7a017ce41c9d259b8309?s=96&d=mm&r=g\",\"width\":96,\"height\":96,\"caption\":\"ACervA Paulista\"}},{\"@type\":\"WebPage\",\"@id\":\"https:\\\/\\\/acervapaulista.com.br\\\/wordpress\\\/evento\\\/hans-muller-na-cervejaria-invicta-festival-de-cervejeiros\\\/#webpage\",\"url\":\"https:\\\/\\\/acervapaulista.com.br\\\/wordpress\\\/evento\\\/hans-muller-na-cervejaria-invicta-festival-de-cervejeiros\\\/\",\"name\":\"Hans M\\u00fcller na Cervejaria Invicta \\u2013 Festival de Cervejeiros - ACervA Paulista\",\"description\":\"Dentro das festividades do Festival de Cervejeiros, teremos uma palestra em Ribeir\\u00e3o Preto. Hans M\\u00fcller, da Hanscraft&Co. na Alemanha, dar\\u00e1 uma palestra sobre Reinheitsgebot. Haver\\u00e1 tamb\\u00e9m degusta\\u00e7\\u00e3o de cervejas. Evento gratuito!\",\"inLanguage\":\"pt-BR\",\"isPartOf\":{\"@id\":\"https:\\\/\\\/acervapaulista.com.br\\\/wordpress\\\/#website\"},\"breadcrumb\":{\"@id\":\"https:\\\/\\\/acervapaulista.com.br\\\/wordpress\\\/evento\\\/hans-muller-na-cervejaria-invicta-festival-de-cervejeiros\\\/#breadcrumblist\"},\"author\":{\"@id\":\"https:\\\/\\\/acervapaulista.com.br\\\/wordpress\\\/author\\\/acerva-paulista\\\/#author\"},\"creator\":{\"@id\":\"https:\\\/\\\/acervapaulista.com.br\\\/wordpress\\\/author\\\/acerva-paulista\\\/#author\"},\"datePublished\":\"2015-10-26T16:49:52-02:00\",\"dateModified\":\"2015-11-11T13:51:13-02:00\"},{\"@type\":\"WebSite\",\"@id\":\"https:\\\/\\\/acervapaulista.com.br\\\/wordpress\\\/#website\",\"url\":\"https:\\\/\\\/acervapaulista.com.br\\\/wordpress\\\/\",\"name\":\"ACervA Paulista\",\"description\":\"Associa\\u00e7\\u00e3o dos Cervejeiros Artesanais Paulistas\",\"inLanguage\":\"pt-BR\",\"publisher\":{\"@id\":\"https:\\\/\\\/acervapaulista.com.br\\\/wordpress\\\/#organization\"}}]}\n\t\t<\/script>\n\t\t<!-- All in One SEO -->\n\n","aioseo_head_json":{"title":"Hans M\u00fcller na Cervejaria Invicta \u2013 Festival de Cervejeiros - ACervA Paulista","description":"Dentro das festividades do Festival de Cervejeiros, teremos uma palestra em Ribeir\u00e3o Preto. Hans M\u00fcller, da Hanscraft&Co. na Alemanha, dar\u00e1 uma palestra sobre Reinheitsgebot. Haver\u00e1 tamb\u00e9m degusta\u00e7\u00e3o de cervejas. Evento gratuito!","canonical_url":"https:\/\/acervapaulista.com.br\/wordpress\/evento\/hans-muller-na-cervejaria-invicta-festival-de-cervejeiros\/","robots":"max-image-preview:large","keywords":"","webmasterTools":{"miscellaneous":""},"schema":{"@context":"https:\/\/schema.org","@graph":[{"@type":"BreadcrumbList","@id":"https:\/\/acervapaulista.com.br\/wordpress\/evento\/hans-muller-na-cervejaria-invicta-festival-de-cervejeiros\/#breadcrumblist","itemListElement":[{"@type":"ListItem","@id":"https:\/\/acervapaulista.com.br\/wordpress#listItem","position":1,"name":"Home","item":"https:\/\/acervapaulista.com.br\/wordpress","nextItem":{"@type":"ListItem","@id":"https:\/\/acervapaulista.com.br\/wordpress\/eventos\/#listItem","name":"Eventos"}},{"@type":"ListItem","@id":"https:\/\/acervapaulista.com.br\/wordpress\/eventos\/#listItem","position":2,"name":"Eventos","item":"https:\/\/acervapaulista.com.br\/wordpress\/eventos\/","nextItem":{"@type":"ListItem","@id":"https:\/\/acervapaulista.com.br\/wordpress\/tag\/palestras\/#listItem","name":"Palestras"},"previousItem":{"@type":"ListItem","@id":"https:\/\/acervapaulista.com.br\/wordpress#listItem","name":"Home"}},{"@type":"ListItem","@id":"https:\/\/acervapaulista.com.br\/wordpress\/tag\/palestras\/#listItem","position":3,"name":"Palestras","item":"https:\/\/acervapaulista.com.br\/wordpress\/tag\/palestras\/","nextItem":{"@type":"ListItem","@id":"https:\/\/acervapaulista.com.br\/wordpress\/evento\/hans-muller-na-cervejaria-invicta-festival-de-cervejeiros\/#listItem","name":"Hans M\u00fcller na Cervejaria Invicta &#8211; Festival de Cervejeiros"},"previousItem":{"@type":"ListItem","@id":"https:\/\/acervapaulista.com.br\/wordpress\/eventos\/#listItem","name":"Eventos"}},{"@type":"ListItem","@id":"https:\/\/acervapaulista.com.br\/wordpress\/evento\/hans-muller-na-cervejaria-invicta-festival-de-cervejeiros\/#listItem","position":4,"name":"Hans M\u00fcller na Cervejaria Invicta &#8211; Festival de Cervejeiros","previousItem":{"@type":"ListItem","@id":"https:\/\/acervapaulista.com.br\/wordpress\/tag\/palestras\/#listItem","name":"Palestras"}}]},{"@type":"Organization","@id":"https:\/\/acervapaulista.com.br\/wordpress\/#organization","name":"ACervA Paulista","description":"Associa\u00e7\u00e3o dos Cervejeiros Artesanais Paulistas","url":"https:\/\/acervapaulista.com.br\/wordpress\/"},{"@type":"Person","@id":"https:\/\/acervapaulista.com.br\/wordpress\/author\/acerva-paulista\/#author","url":"https:\/\/acervapaulista.com.br\/wordpress\/author\/acerva-paulista\/","name":"ACervA Paulista","image":{"@type":"ImageObject","@id":"https:\/\/acervapaulista.com.br\/wordpress\/evento\/hans-muller-na-cervejaria-invicta-festival-de-cervejeiros\/#authorImage","url":"https:\/\/secure.gravatar.com\/avatar\/82a53c3dc8c0f95f206cd4b997ac42614436afd1786d7a017ce41c9d259b8309?s=96&d=mm&r=g","width":96,"height":96,"caption":"ACervA Paulista"}},{"@type":"WebPage","@id":"https:\/\/acervapaulista.com.br\/wordpress\/evento\/hans-muller-na-cervejaria-invicta-festival-de-cervejeiros\/#webpage","url":"https:\/\/acervapaulista.com.br\/wordpress\/evento\/hans-muller-na-cervejaria-invicta-festival-de-cervejeiros\/","name":"Hans M\u00fcller na Cervejaria Invicta \u2013 Festival de Cervejeiros - ACervA Paulista","description":"Dentro das festividades do Festival de Cervejeiros, teremos uma palestra em Ribeir\u00e3o Preto. Hans M\u00fcller, da Hanscraft&Co. na Alemanha, dar\u00e1 uma palestra sobre Reinheitsgebot. Haver\u00e1 tamb\u00e9m degusta\u00e7\u00e3o de cervejas. Evento gratuito!","inLanguage":"pt-BR","isPartOf":{"@id":"https:\/\/acervapaulista.com.br\/wordpress\/#website"},"breadcrumb":{"@id":"https:\/\/acervapaulista.com.br\/wordpress\/evento\/hans-muller-na-cervejaria-invicta-festival-de-cervejeiros\/#breadcrumblist"},"author":{"@id":"https:\/\/acervapaulista.com.br\/wordpress\/author\/acerva-paulista\/#author"},"creator":{"@id":"https:\/\/acervapaulista.com.br\/wordpress\/author\/acerva-paulista\/#author"},"datePublished":"2015-10-26T16:49:52-02:00","dateModified":"2015-11-11T13:51:13-02:00"},{"@type":"WebSite","@id":"https:\/\/acervapaulista.com.br\/wordpress\/#website","url":"https:\/\/acervapaulista.com.br\/wordpress\/","name":"ACervA Paulista","description":"Associa\u00e7\u00e3o dos Cervejeiros Artesanais Paulistas","inLanguage":"pt-BR","publisher":{"@id":"https:\/\/acervapaulista.com.br\/wordpress\/#organization"}}]},"og:locale":"pt_BR","og:site_name":"ACervA Paulista - Associa\u00e7\u00e3o dos Cervejeiros Artesanais Paulistas","og:type":"article","og:title":"Hans M\u00fcller na Cervejaria Invicta \u2013 Festival de Cervejeiros - ACervA Paulista","og:description":"Dentro das festividades do Festival de Cervejeiros, teremos uma palestra em Ribeir\u00e3o Preto. Hans M\u00fcller, da Hanscraft&amp;Co. na Alemanha, dar\u00e1 uma palestra sobre Reinheitsgebot. Haver\u00e1 tamb\u00e9m degusta\u00e7\u00e3o de cervejas. Evento gratuito!","og:url":"https:\/\/acervapaulista.com.br\/wordpress\/evento\/hans-muller-na-cervejaria-invicta-festival-de-cervejeiros\/","article:published_time":"2015-10-26T19:49:52+00:00","article:modified_time":"2015-11-11T16:51:13+00:00","twitter:card":"summary_large_image","twitter:title":"Hans M\u00fcller na Cervejaria Invicta \u2013 Festival de Cervejeiros - ACervA Paulista","twitter:description":"Dentro das festividades do Festival de Cervejeiros, teremos uma palestra em Ribeir\u00e3o Preto. Hans M\u00fcller, da Hanscraft&amp;Co. na Alemanha, dar\u00e1 uma palestra sobre Reinheitsgebot. Haver\u00e1 tamb\u00e9m degusta\u00e7\u00e3o de cervejas. Evento gratuito!"},"aioseo_meta_data":{"post_id":"1828","title":null,"description":null,"keywords":null,"keyphrases":null,"primary_term":null,"canonical_url":null,"og_title":null,"og_description":null,"og_object_type":"default","og_image_type":"default","og_image_url":null,"og_image_width":null,"og_image_height":null,"og_image_custom_url":null,"og_image_custom_fields":null,"og_video":null,"og_custom_url":null,"og_article_section":null,"og_article_tags":null,"twitter_use_og":false,"twitter_card":"default","twitter_image_type":"default","twitter_image_url":null,"twitter_image_custom_url":null,"twitter_image_custom_fields":null,"twitter_title":null,"twitter_description":null,"schema":{"blockGraphs":[],"customGraphs":[],"default":{"data":{"Article":[],"Course":[],"Dataset":[],"FAQPage":[],"Movie":[],"Person":[],"Product":[],"ProductReview":[],"Car":[],"Recipe":[],"Service":[],"SoftwareApplication":[],"WebPage":[]},"graphName":"","isEnabled":true},"graphs":[]},"schema_type":"default","schema_type_options":null,"pillar_content":false,"robots_default":true,"robots_noindex":false,"robots_noarchive":false,"robots_nosnippet":false,"robots_nofollow":false,"robots_noimageindex":false,"robots_noodp":false,"robots_notranslate":false,"robots_max_snippet":null,"robots_max_videopreview":null,"robots_max_imagepreview":"large","priority":null,"frequency":null,"local_seo":null,"breadcrumb_settings":null,"limit_modified_date":false,"ai":null,"created":"2023-10-20 05:16:46","updated":"2025-09-06 13:14:04","seo_analyzer_scan_date":null},"aioseo_breadcrumb":"<div class=\"aioseo-breadcrumbs\"><span class=\"aioseo-breadcrumb\">\n\t\t\t<a href=\"https:\/\/acervapaulista.com.br\/wordpress\" title=\"Home\">Home<\/a>\n\t\t<\/span><span class=\"aioseo-breadcrumb-separator\">&raquo;<\/span><span class=\"aioseo-breadcrumb\">\n\t\t\t<a href=\"https:\/\/acervapaulista.com.br\/wordpress\/eventos\/\" title=\"Eventos\">Eventos<\/a>\n\t\t<\/span><span class=\"aioseo-breadcrumb-separator\">&raquo;<\/span><span class=\"aioseo-breadcrumb\">\n\t\t\t<a href=\"https:\/\/acervapaulista.com.br\/wordpress\/tag\/palestras\/\" title=\"Palestras\">Palestras<\/a>\n\t\t<\/span><span class=\"aioseo-breadcrumb-separator\">&raquo;<\/span><span class=\"aioseo-breadcrumb\">\n\t\t\tHans M\u00fcller na Cervejaria Invicta \u2013 Festival de Cervejeiros\n\t\t<\/span><\/div>","aioseo_breadcrumb_json":[{"label":"Home","link":"https:\/\/acervapaulista.com.br\/wordpress"},{"label":"Eventos","link":"https:\/\/acervapaulista.com.br\/wordpress\/eventos\/"},{"label":"Palestras","link":"https:\/\/acervapaulista.com.br\/wordpress\/tag\/palestras\/"},{"label":"Hans M\u00fcller na Cervejaria Invicta &#8211; Festival de Cervejeiros","link":"https:\/\/acervapaulista.com.br\/wordpress\/evento\/hans-muller-na-cervejaria-invicta-festival-de-cervejeiros\/"}],"ticketed":false,"_links":{"self":[{"href":"https:\/\/acervapaulista.com.br\/wordpress\/wp-json\/wp\/v2\/tribe_events\/1828","targetHints":{"allow":["GET"]}}],"collection":[{"href":"https:\/\/acervapaulista.com.br\/wordpress\/wp-json\/wp\/v2\/tribe_events"}],"about":[{"href":"https:\/\/acervapaulista.com.br\/wordpress\/wp-json\/wp\/v2\/types\/tribe_events"}],"author":[{"embeddable":true,"href":"https:\/\/acervapaulista.com.br\/wordpress\/wp-json\/wp\/v2\/users\/1"}],"version-history":[{"count":0,"href":"https:\/\/acervapaulista.com.br\/wordpress\/wp-json\/wp\/v2\/tribe_events\/1828\/revisions"}],"wp:attachment":[{"href":"https:\/\/acervapaulista.com.br\/wordpress\/wp-json\/wp\/v2\/media?parent=1828"}],"wp:term":[{"taxonomy":"post_tag","embeddable":true,"href":"https:\/\/acervapaulista.com.br\/wordpress\/wp-json\/wp\/v2\/tags?post=1828"},{"taxonomy":"tribe_events_cat","embeddable":true,"href":"https:\/\/acervapaulista.com.br\/wordpress\/wp-json\/wp\/v2\/tribe_events_cat?post=1828"}],"curies":[{"name":"wp","href":"https:\/\/api.w.org\/{rel}","templated":true}]}}