{"id":1811,"date":"2015-10-23T04:08:02","date_gmt":"2015-10-23T07:08:02","guid":{"rendered":"http:\/\/acervapaulista.com.br\/?post_type=tribe_events&#038;p=1811"},"modified":"2015-10-23T04:08:02","modified_gmt":"2015-10-23T07:08:02","slug":"brassagem-aberta-dos-socios","status":"publish","type":"tribe_events","link":"https:\/\/acervapaulista.com.br\/wordpress\/evento\/brassagem-aberta-dos-socios\/","title":{"rendered":"Brassagem aberta dos s\u00f3cios"},"content":{"rendered":"<p>Vamos juntar os s\u00f3cios e brassar na sede da ACervA Paulista junto com um churrasco!<\/p>\n<p>Levem suas produ\u00e7\u00f5es!<\/p>\n<p>Estilo a ser brassado: n\u00e3o definido ainda<\/p>\n<p>Churrasco: a ser rateado entre os presentes<\/p>\n","protected":false},"excerpt":{"rendered":"<p>Vamos juntar os s\u00f3cios e brassar na sede da ACervA Paulista junto com um churrasco! Levem suas produ\u00e7\u00f5es! Estilo a ser brassado: n\u00e3o definido ainda Churrasco: a ser rateado entre os presentes<\/p>\n","protected":false},"author":1,"featured_media":0,"template":"","meta":{"pmpro_default_level":"","_price":"","_stock":"","_tribe_ticket_header":"","_tribe_default_ticket_provider":"","_tribe_ticket_capacity":"0","_ticket_start_date":"","_ticket_end_date":"","_tribe_ticket_show_description":"","_tribe_ticket_show_not_going":false,"_tribe_ticket_use_global_stock":"","_tribe_ticket_global_stock_level":"","_global_stock_mode":"","_global_stock_cap":"","_tribe_rsvp_for_event":"","_tribe_ticket_going_count":"","_tribe_ticket_not_going_count":"","_tribe_tickets_list":"[]","_tribe_ticket_has_attendee_info_fields":false,"_tribe_events_status":"","_tribe_events_status_reason":"","footnotes":"","_tec_slr_enabled":"","_tec_slr_layout":""},"tags":[84,68],"tribe_events_cat":[42,38,44],"class_list":["post-1811","tribe_events","type-tribe_events","status-publish","hentry","tag-confraternizacao","tag-sao-paulo","tribe_events_cat-encontro","tribe_events_cat-regional","tribe_events_cat-sao-paulo","pmpro-has-access","cat_encontro","cat_regional","cat_sao-paulo","no-post-thumbnail"],"aioseo_notices":[],"aioseo_head":"\n\t\t<!-- All in One SEO 4.9.10 - aioseo.com -->\n\t<meta name=\"description\" content=\"Vamos juntar os s\u00f3cios e brassar na sede da ACervA Paulista junto com um churrasco! Levem suas produ\u00e7\u00f5es! Estilo a ser brassado: n\u00e3o definido ainda Churrasco: a ser rateado entre os presentes\" \/>\n\t<meta name=\"robots\" content=\"max-image-preview:large\" \/>\n\t<meta name=\"author\" content=\"ACervA Paulista\"\/>\n\t<link rel=\"canonical\" href=\"https:\/\/acervapaulista.com.br\/wordpress\/evento\/brassagem-aberta-dos-socios\/\" \/>\n\t<meta name=\"generator\" content=\"All in One SEO (AIOSEO) 4.9.10\" \/>\n\t\t<meta property=\"og:locale\" content=\"pt_BR\" \/>\n\t\t<meta property=\"og:site_name\" content=\"ACervA Paulista - Associa\u00e7\u00e3o dos Cervejeiros Artesanais Paulistas\" \/>\n\t\t<meta property=\"og:type\" content=\"article\" \/>\n\t\t<meta property=\"og:title\" content=\"Brassagem aberta dos s\u00f3cios - ACervA Paulista\" \/>\n\t\t<meta property=\"og:description\" content=\"Vamos juntar os s\u00f3cios e brassar na sede da ACervA Paulista junto com um churrasco! Levem suas produ\u00e7\u00f5es! Estilo a ser brassado: n\u00e3o definido ainda Churrasco: a ser rateado entre os presentes\" \/>\n\t\t<meta property=\"og:url\" content=\"https:\/\/acervapaulista.com.br\/wordpress\/evento\/brassagem-aberta-dos-socios\/\" \/>\n\t\t<meta property=\"article:published_time\" content=\"2015-10-23T07:08:02+00:00\" \/>\n\t\t<meta property=\"article:modified_time\" content=\"2015-10-23T07:08:02+00:00\" \/>\n\t\t<meta name=\"twitter:card\" content=\"summary_large_image\" \/>\n\t\t<meta name=\"twitter:title\" content=\"Brassagem aberta dos s\u00f3cios - ACervA Paulista\" \/>\n\t\t<meta name=\"twitter:description\" content=\"Vamos juntar os s\u00f3cios e brassar na sede da ACervA Paulista junto com um churrasco! Levem suas produ\u00e7\u00f5es! Estilo a ser brassado: n\u00e3o definido ainda Churrasco: a ser rateado entre os presentes\" \/>\n\t\t<script type=\"application\/ld+json\" class=\"aioseo-schema\">\n\t\t\t{\"@context\":\"https:\\\/\\\/schema.org\",\"@graph\":[{\"@type\":\"BreadcrumbList\",\"@id\":\"https:\\\/\\\/acervapaulista.com.br\\\/wordpress\\\/evento\\\/brassagem-aberta-dos-socios\\\/#breadcrumblist\",\"itemListElement\":[{\"@type\":\"ListItem\",\"@id\":\"https:\\\/\\\/acervapaulista.com.br\\\/wordpress#listItem\",\"position\":1,\"name\":\"Home\",\"item\":\"https:\\\/\\\/acervapaulista.com.br\\\/wordpress\",\"nextItem\":{\"@type\":\"ListItem\",\"@id\":\"https:\\\/\\\/acervapaulista.com.br\\\/wordpress\\\/eventos\\\/#listItem\",\"name\":\"Eventos\"}},{\"@type\":\"ListItem\",\"@id\":\"https:\\\/\\\/acervapaulista.com.br\\\/wordpress\\\/eventos\\\/#listItem\",\"position\":2,\"name\":\"Eventos\",\"item\":\"https:\\\/\\\/acervapaulista.com.br\\\/wordpress\\\/eventos\\\/\",\"nextItem\":{\"@type\":\"ListItem\",\"@id\":\"https:\\\/\\\/acervapaulista.com.br\\\/wordpress\\\/tag\\\/sao-paulo\\\/#listItem\",\"name\":\"S\\u00e3o Paulo\"},\"previousItem\":{\"@type\":\"ListItem\",\"@id\":\"https:\\\/\\\/acervapaulista.com.br\\\/wordpress#listItem\",\"name\":\"Home\"}},{\"@type\":\"ListItem\",\"@id\":\"https:\\\/\\\/acervapaulista.com.br\\\/wordpress\\\/tag\\\/sao-paulo\\\/#listItem\",\"position\":3,\"name\":\"S\\u00e3o Paulo\",\"item\":\"https:\\\/\\\/acervapaulista.com.br\\\/wordpress\\\/tag\\\/sao-paulo\\\/\",\"nextItem\":{\"@type\":\"ListItem\",\"@id\":\"https:\\\/\\\/acervapaulista.com.br\\\/wordpress\\\/evento\\\/brassagem-aberta-dos-socios\\\/#listItem\",\"name\":\"Brassagem aberta dos s\\u00f3cios\"},\"previousItem\":{\"@type\":\"ListItem\",\"@id\":\"https:\\\/\\\/acervapaulista.com.br\\\/wordpress\\\/eventos\\\/#listItem\",\"name\":\"Eventos\"}},{\"@type\":\"ListItem\",\"@id\":\"https:\\\/\\\/acervapaulista.com.br\\\/wordpress\\\/evento\\\/brassagem-aberta-dos-socios\\\/#listItem\",\"position\":4,\"name\":\"Brassagem aberta dos s\\u00f3cios\",\"previousItem\":{\"@type\":\"ListItem\",\"@id\":\"https:\\\/\\\/acervapaulista.com.br\\\/wordpress\\\/tag\\\/sao-paulo\\\/#listItem\",\"name\":\"S\\u00e3o Paulo\"}}]},{\"@type\":\"Organization\",\"@id\":\"https:\\\/\\\/acervapaulista.com.br\\\/wordpress\\\/#organization\",\"name\":\"ACervA Paulista\",\"description\":\"Associa\\u00e7\\u00e3o dos Cervejeiros Artesanais Paulistas\",\"url\":\"https:\\\/\\\/acervapaulista.com.br\\\/wordpress\\\/\"},{\"@type\":\"Person\",\"@id\":\"https:\\\/\\\/acervapaulista.com.br\\\/wordpress\\\/author\\\/acerva-paulista\\\/#author\",\"url\":\"https:\\\/\\\/acervapaulista.com.br\\\/wordpress\\\/author\\\/acerva-paulista\\\/\",\"name\":\"ACervA Paulista\",\"image\":{\"@type\":\"ImageObject\",\"@id\":\"https:\\\/\\\/acervapaulista.com.br\\\/wordpress\\\/evento\\\/brassagem-aberta-dos-socios\\\/#authorImage\",\"url\":\"https:\\\/\\\/secure.gravatar.com\\\/avatar\\\/82a53c3dc8c0f95f206cd4b997ac42614436afd1786d7a017ce41c9d259b8309?s=96&d=mm&r=g\",\"width\":96,\"height\":96,\"caption\":\"ACervA Paulista\"}},{\"@type\":\"WebPage\",\"@id\":\"https:\\\/\\\/acervapaulista.com.br\\\/wordpress\\\/evento\\\/brassagem-aberta-dos-socios\\\/#webpage\",\"url\":\"https:\\\/\\\/acervapaulista.com.br\\\/wordpress\\\/evento\\\/brassagem-aberta-dos-socios\\\/\",\"name\":\"Brassagem aberta dos s\\u00f3cios - ACervA Paulista\",\"description\":\"Vamos juntar os s\\u00f3cios e brassar na sede da ACervA Paulista junto com um churrasco! Levem suas produ\\u00e7\\u00f5es! Estilo a ser brassado: n\\u00e3o definido ainda Churrasco: a ser rateado entre os presentes\",\"inLanguage\":\"pt-BR\",\"isPartOf\":{\"@id\":\"https:\\\/\\\/acervapaulista.com.br\\\/wordpress\\\/#website\"},\"breadcrumb\":{\"@id\":\"https:\\\/\\\/acervapaulista.com.br\\\/wordpress\\\/evento\\\/brassagem-aberta-dos-socios\\\/#breadcrumblist\"},\"author\":{\"@id\":\"https:\\\/\\\/acervapaulista.com.br\\\/wordpress\\\/author\\\/acerva-paulista\\\/#author\"},\"creator\":{\"@id\":\"https:\\\/\\\/acervapaulista.com.br\\\/wordpress\\\/author\\\/acerva-paulista\\\/#author\"},\"datePublished\":\"2015-10-23T04:08:02-02:00\",\"dateModified\":\"2015-10-23T04:08:02-02:00\"},{\"@type\":\"WebSite\",\"@id\":\"https:\\\/\\\/acervapaulista.com.br\\\/wordpress\\\/#website\",\"url\":\"https:\\\/\\\/acervapaulista.com.br\\\/wordpress\\\/\",\"name\":\"ACervA Paulista\",\"description\":\"Associa\\u00e7\\u00e3o dos Cervejeiros Artesanais Paulistas\",\"inLanguage\":\"pt-BR\",\"publisher\":{\"@id\":\"https:\\\/\\\/acervapaulista.com.br\\\/wordpress\\\/#organization\"}}]}\n\t\t<\/script>\n\t\t<!-- All in One SEO -->\n\n","aioseo_head_json":{"title":"Brassagem aberta dos s\u00f3cios - ACervA Paulista","description":"Vamos juntar os s\u00f3cios e brassar na sede da ACervA Paulista junto com um churrasco! Levem suas produ\u00e7\u00f5es! Estilo a ser brassado: n\u00e3o definido ainda Churrasco: a ser rateado entre os presentes","canonical_url":"https:\/\/acervapaulista.com.br\/wordpress\/evento\/brassagem-aberta-dos-socios\/","robots":"max-image-preview:large","keywords":"","webmasterTools":{"miscellaneous":""},"schema":{"@context":"https:\/\/schema.org","@graph":[{"@type":"BreadcrumbList","@id":"https:\/\/acervapaulista.com.br\/wordpress\/evento\/brassagem-aberta-dos-socios\/#breadcrumblist","itemListElement":[{"@type":"ListItem","@id":"https:\/\/acervapaulista.com.br\/wordpress#listItem","position":1,"name":"Home","item":"https:\/\/acervapaulista.com.br\/wordpress","nextItem":{"@type":"ListItem","@id":"https:\/\/acervapaulista.com.br\/wordpress\/eventos\/#listItem","name":"Eventos"}},{"@type":"ListItem","@id":"https:\/\/acervapaulista.com.br\/wordpress\/eventos\/#listItem","position":2,"name":"Eventos","item":"https:\/\/acervapaulista.com.br\/wordpress\/eventos\/","nextItem":{"@type":"ListItem","@id":"https:\/\/acervapaulista.com.br\/wordpress\/tag\/sao-paulo\/#listItem","name":"S\u00e3o Paulo"},"previousItem":{"@type":"ListItem","@id":"https:\/\/acervapaulista.com.br\/wordpress#listItem","name":"Home"}},{"@type":"ListItem","@id":"https:\/\/acervapaulista.com.br\/wordpress\/tag\/sao-paulo\/#listItem","position":3,"name":"S\u00e3o Paulo","item":"https:\/\/acervapaulista.com.br\/wordpress\/tag\/sao-paulo\/","nextItem":{"@type":"ListItem","@id":"https:\/\/acervapaulista.com.br\/wordpress\/evento\/brassagem-aberta-dos-socios\/#listItem","name":"Brassagem aberta dos s\u00f3cios"},"previousItem":{"@type":"ListItem","@id":"https:\/\/acervapaulista.com.br\/wordpress\/eventos\/#listItem","name":"Eventos"}},{"@type":"ListItem","@id":"https:\/\/acervapaulista.com.br\/wordpress\/evento\/brassagem-aberta-dos-socios\/#listItem","position":4,"name":"Brassagem aberta dos s\u00f3cios","previousItem":{"@type":"ListItem","@id":"https:\/\/acervapaulista.com.br\/wordpress\/tag\/sao-paulo\/#listItem","name":"S\u00e3o Paulo"}}]},{"@type":"Organization","@id":"https:\/\/acervapaulista.com.br\/wordpress\/#organization","name":"ACervA Paulista","description":"Associa\u00e7\u00e3o dos Cervejeiros Artesanais Paulistas","url":"https:\/\/acervapaulista.com.br\/wordpress\/"},{"@type":"Person","@id":"https:\/\/acervapaulista.com.br\/wordpress\/author\/acerva-paulista\/#author","url":"https:\/\/acervapaulista.com.br\/wordpress\/author\/acerva-paulista\/","name":"ACervA Paulista","image":{"@type":"ImageObject","@id":"https:\/\/acervapaulista.com.br\/wordpress\/evento\/brassagem-aberta-dos-socios\/#authorImage","url":"https:\/\/secure.gravatar.com\/avatar\/82a53c3dc8c0f95f206cd4b997ac42614436afd1786d7a017ce41c9d259b8309?s=96&d=mm&r=g","width":96,"height":96,"caption":"ACervA Paulista"}},{"@type":"WebPage","@id":"https:\/\/acervapaulista.com.br\/wordpress\/evento\/brassagem-aberta-dos-socios\/#webpage","url":"https:\/\/acervapaulista.com.br\/wordpress\/evento\/brassagem-aberta-dos-socios\/","name":"Brassagem aberta dos s\u00f3cios - ACervA Paulista","description":"Vamos juntar os s\u00f3cios e brassar na sede da ACervA Paulista junto com um churrasco! Levem suas produ\u00e7\u00f5es! Estilo a ser brassado: n\u00e3o definido ainda Churrasco: a ser rateado entre os presentes","inLanguage":"pt-BR","isPartOf":{"@id":"https:\/\/acervapaulista.com.br\/wordpress\/#website"},"breadcrumb":{"@id":"https:\/\/acervapaulista.com.br\/wordpress\/evento\/brassagem-aberta-dos-socios\/#breadcrumblist"},"author":{"@id":"https:\/\/acervapaulista.com.br\/wordpress\/author\/acerva-paulista\/#author"},"creator":{"@id":"https:\/\/acervapaulista.com.br\/wordpress\/author\/acerva-paulista\/#author"},"datePublished":"2015-10-23T04:08:02-02:00","dateModified":"2015-10-23T04:08:02-02:00"},{"@type":"WebSite","@id":"https:\/\/acervapaulista.com.br\/wordpress\/#website","url":"https:\/\/acervapaulista.com.br\/wordpress\/","name":"ACervA Paulista","description":"Associa\u00e7\u00e3o dos Cervejeiros Artesanais Paulistas","inLanguage":"pt-BR","publisher":{"@id":"https:\/\/acervapaulista.com.br\/wordpress\/#organization"}}]},"og:locale":"pt_BR","og:site_name":"ACervA Paulista - Associa\u00e7\u00e3o dos Cervejeiros Artesanais Paulistas","og:type":"article","og:title":"Brassagem aberta dos s\u00f3cios - ACervA Paulista","og:description":"Vamos juntar os s\u00f3cios e brassar na sede da ACervA Paulista junto com um churrasco! Levem suas produ\u00e7\u00f5es! Estilo a ser brassado: n\u00e3o definido ainda Churrasco: a ser rateado entre os presentes","og:url":"https:\/\/acervapaulista.com.br\/wordpress\/evento\/brassagem-aberta-dos-socios\/","article:published_time":"2015-10-23T07:08:02+00:00","article:modified_time":"2015-10-23T07:08:02+00:00","twitter:card":"summary_large_image","twitter:title":"Brassagem aberta dos s\u00f3cios - ACervA Paulista","twitter:description":"Vamos juntar os s\u00f3cios e brassar na sede da ACervA Paulista junto com um churrasco! Levem suas produ\u00e7\u00f5es! Estilo a ser brassado: n\u00e3o definido ainda Churrasco: a ser rateado entre os presentes"},"aioseo_meta_data":{"post_id":"1811","title":null,"description":null,"keywords":null,"keyphrases":null,"primary_term":null,"canonical_url":null,"og_title":null,"og_description":null,"og_object_type":"default","og_image_type":"default","og_image_url":null,"og_image_width":null,"og_image_height":null,"og_image_custom_url":null,"og_image_custom_fields":null,"og_video":null,"og_custom_url":null,"og_article_section":null,"og_article_tags":null,"twitter_use_og":false,"twitter_card":"default","twitter_image_type":"default","twitter_image_url":null,"twitter_image_custom_url":null,"twitter_image_custom_fields":null,"twitter_title":null,"twitter_description":null,"schema":{"blockGraphs":[],"customGraphs":[],"default":{"data":{"Article":[],"Course":[],"Dataset":[],"FAQPage":[],"Movie":[],"Person":[],"Product":[],"ProductReview":[],"Car":[],"Recipe":[],"Service":[],"SoftwareApplication":[],"WebPage":[]},"graphName":"","isEnabled":true},"graphs":[]},"schema_type":"default","schema_type_options":null,"pillar_content":false,"robots_default":true,"robots_noindex":false,"robots_noarchive":false,"robots_nosnippet":false,"robots_nofollow":false,"robots_noimageindex":false,"robots_noodp":false,"robots_notranslate":false,"robots_max_snippet":null,"robots_max_videopreview":null,"robots_max_imagepreview":"large","priority":null,"frequency":null,"local_seo":null,"breadcrumb_settings":null,"limit_modified_date":false,"ai":null,"created":"2023-10-20 05:16:46","updated":"2025-09-06 13:14:04","seo_analyzer_scan_date":null},"aioseo_breadcrumb":"<div class=\"aioseo-breadcrumbs\"><span class=\"aioseo-breadcrumb\">\n\t\t\t<a href=\"https:\/\/acervapaulista.com.br\/wordpress\" title=\"Home\">Home<\/a>\n\t\t<\/span><span class=\"aioseo-breadcrumb-separator\">&raquo;<\/span><span class=\"aioseo-breadcrumb\">\n\t\t\t<a href=\"https:\/\/acervapaulista.com.br\/wordpress\/eventos\/\" title=\"Eventos\">Eventos<\/a>\n\t\t<\/span><span class=\"aioseo-breadcrumb-separator\">&raquo;<\/span><span class=\"aioseo-breadcrumb\">\n\t\t\t<a href=\"https:\/\/acervapaulista.com.br\/wordpress\/tag\/sao-paulo\/\" title=\"S\u00e3o Paulo\">S\u00e3o Paulo<\/a>\n\t\t<\/span><span class=\"aioseo-breadcrumb-separator\">&raquo;<\/span><span class=\"aioseo-breadcrumb\">\n\t\t\tBrassagem aberta dos s\u00f3cios\n\t\t<\/span><\/div>","aioseo_breadcrumb_json":[{"label":"Home","link":"https:\/\/acervapaulista.com.br\/wordpress"},{"label":"Eventos","link":"https:\/\/acervapaulista.com.br\/wordpress\/eventos\/"},{"label":"S\u00e3o Paulo","link":"https:\/\/acervapaulista.com.br\/wordpress\/tag\/sao-paulo\/"},{"label":"Brassagem aberta dos s\u00f3cios","link":"https:\/\/acervapaulista.com.br\/wordpress\/evento\/brassagem-aberta-dos-socios\/"}],"ticketed":false,"_links":{"self":[{"href":"https:\/\/acervapaulista.com.br\/wordpress\/wp-json\/wp\/v2\/tribe_events\/1811","targetHints":{"allow":["GET"]}}],"collection":[{"href":"https:\/\/acervapaulista.com.br\/wordpress\/wp-json\/wp\/v2\/tribe_events"}],"about":[{"href":"https:\/\/acervapaulista.com.br\/wordpress\/wp-json\/wp\/v2\/types\/tribe_events"}],"author":[{"embeddable":true,"href":"https:\/\/acervapaulista.com.br\/wordpress\/wp-json\/wp\/v2\/users\/1"}],"version-history":[{"count":0,"href":"https:\/\/acervapaulista.com.br\/wordpress\/wp-json\/wp\/v2\/tribe_events\/1811\/revisions"}],"wp:attachment":[{"href":"https:\/\/acervapaulista.com.br\/wordpress\/wp-json\/wp\/v2\/media?parent=1811"}],"wp:term":[{"taxonomy":"post_tag","embeddable":true,"href":"https:\/\/acervapaulista.com.br\/wordpress\/wp-json\/wp\/v2\/tags?post=1811"},{"taxonomy":"tribe_events_cat","embeddable":true,"href":"https:\/\/acervapaulista.com.br\/wordpress\/wp-json\/wp\/v2\/tribe_events_cat?post=1811"}],"curies":[{"name":"wp","href":"https:\/\/api.w.org\/{rel}","templated":true}]}}